{"id":1016066,"date":"2025-03-28T12:21:04","date_gmt":"2025-03-28T11:21:04","guid":{"rendered":"https:\/\/www.claret.cat\/llibres-sant-jordi-2025\/"},"modified":"2025-04-10T11:02:45","modified_gmt":"2025-04-10T09:02:45","slug":"libros-sant-jordi-2025","status":"publish","type":"page","link":"https:\/\/www.claret.cat\/es\/libros-sant-jordi-2025\/","title":{"rendered":"Sant Jordi 2025"},"content":{"rendered":"<div id=\"pl-1016066\"  class=\"panel-layout\" ><div id=\"pg-1016066-0\"  class=\"panel-grid panel-has-style\" ><div class=\"siteorigin-panels-stretch panel-row-style panel-row-style-for-1016066-0\" data-stretch-type=\"full-width-stretch\" ><div id=\"pgc-1016066-0-0\"  class=\"panel-grid-cell\" ><div id=\"panel-1016066-0-0-0\" class=\"so-panel widget widget_sow-hero panel-first-child panel-last-child\" data-index=\"0\" ><div\n\t\t\t\n\t\t\tclass=\"so-widget-sow-hero so-widget-sow-hero-default-b4767aa0b3ee-1016066 so-widget-fittext-wrapper\"\n\t\t\t data-fit-text-compressor=\"0.85\"\n\t\t>\t\t\t\t<div class=\"sow-slider-base\" style=\"display: none\" tabindex=\"0\">\n\t\t\t\t\t<ul\n\t\t\t\t\tclass=\"sow-slider-images\"\n\t\t\t\t\tdata-settings=\"{&quot;pagination&quot;:true,&quot;speed&quot;:800,&quot;timeout&quot;:8000,&quot;paused&quot;:false,&quot;pause_on_hover&quot;:false,&quot;swipe&quot;:true,&quot;nav_always_show_desktop&quot;:&quot;&quot;,&quot;nav_always_show_mobile&quot;:&quot;&quot;,&quot;breakpoint&quot;:&quot;780px&quot;,&quot;unmute&quot;:false,&quot;anchor&quot;:null}\"\n\t\t\t\t\tstyle=\"min-height: 830px\"\t\t\t\t\tdata-anchor-id=\"\"\n\t\t\t\t>\t\t<li class=\"sow-slider-image  sow-slider-image-cover\" style=\"visibility: visible;;background-color: #413c35\" >\n\t\t\t\t\t<div class=\"sow-slider-image-container\">\n\t\t\t<div class=\"sow-slider-image-wrapper\">\n\t\t\t\t<h1 style=\"text-align: center\"><strong>Sant Jordi 2025<\/strong><\/h1>\n<h3 style=\"text-align: center\"><strong>Libros recomendados y novedades<\/strong><\/h3>\n\t\t\t<\/div>\n\t\t<\/div>\n\t\t<div class=\"sow-slider-image-overlay sow-slider-image-cover\" style=\"opacity: 0.35;background-image: url(https:\/\/www.claret.cat\/wp-content\/uploads\/rosa-sant-jordi-310322.jpg)\"  ><\/div>\t\t<\/li>\n\t\t<\/ul>\t\t\t\t<ol class=\"sow-slider-pagination\">\n\t\t\t\t\t\t\t\t\t\t\t<li><a href=\"#\" data-goto=\"0\" aria-label=\"mostrar diapositiva 1\"><\/a><\/li>\n\t\t\t\t\t\t\t\t\t<\/ol>\n\n\t\t\t\t<div class=\"sow-slide-nav sow-slide-nav-next\">\n\t\t\t\t\t<a href=\"#\" data-goto=\"next\" aria-label=\"diapositiva siguiente\" data-action=\"next\">\n\t\t\t\t\t\t<em class=\"sow-sld-icon-thin-right\"><\/em>\n\t\t\t\t\t<\/a>\n\t\t\t\t<\/div>\n\n\t\t\t\t<div class=\"sow-slide-nav sow-slide-nav-prev\">\n\t\t\t\t\t<a href=\"#\" data-goto=\"previous\" aria-label=\"diapositiva anterior\" data-action=\"prev\">\n\t\t\t\t\t\t<em class=\"sow-sld-icon-thin-left\"><\/em>\n\t\t\t\t\t<\/a>\n\t\t\t\t<\/div>\n\t\t\t\t<\/div><\/div><\/div><\/div><\/div><\/div><div id=\"pg-1016066-1\"  class=\"panel-grid panel-has-style\" ><div class=\"panel-row-style panel-row-style-for-1016066-1\" ><div id=\"pgc-1016066-1-0\"  class=\"panel-grid-cell\" ><div id=\"panel-1016066-1-0-0\" class=\"so-panel widget widget_sow-headline panel-first-child panel-last-child\" data-index=\"1\" ><div\n\t\t\t\n\t\t\tclass=\"so-widget-sow-headline so-widget-sow-headline-default-d077680c1419-1016066 so-widget-fittext-wrapper\"\n\t\t\t data-fit-text-compressor=\"0.85\"\n\t\t><div class=\"sow-headline-container \">\n\t\t\t\t\t\t\t<h1 class=\"sow-headline\">\n\t\t\t\t\t\tLibros Sant Jordi 2025: Todas las novedades y Recomendaciones\t\t\t\t\t\t<\/h1>\n\t\t\t\t\t\t\t\t\t\t\t\t<p class=\"sow-sub-headline\">\n\t\t\t\t\t\tDescubre las novedades literarias de Sant Jordi 2025 y encuentra el libro perfecto para regalar. Explora los \u00faltimos lanzamientos de novela, ensayo, poes\u00eda y literatura infantil de los autores m\u00e1s destacados del momento. No te pierdas las  mejores recomendaciones y tendencias del D\u00eda del Libro en Espa\u00f1a.\t\t\t\t\t\t<\/p>\n\t\t\t\t\t\t<\/div>\n<\/div><\/div><\/div><\/div><\/div><div id=\"pg-1016066-2\"  class=\"panel-grid panel-has-style\" ><div class=\"siteorigin-panels-stretch panel-row-style panel-row-style-for-1016066-2\" data-stretch-type=\"full\" ><div id=\"pgc-1016066-2-0\"  class=\"panel-grid-cell\" ><div id=\"panel-1016066-2-0-0\" class=\"so-panel widget widget_sow-post-carousel panel-first-child panel-last-child\" data-index=\"2\" ><div\n\t\t\t\n\t\t\tclass=\"so-widget-sow-post-carousel so-widget-sow-post-carousel-base-2d10251735c0-1016066\"\n\t\t\t\n\t\t>\t<div\n\t\tclass=\"sow-post-carousel-wrapper sow-post-carousel-theme-base\"\n\t\tstyle=\"overflow: hidden; max-width: 100%; min-height: 182px\"\n\t>\n\t\t<div class=\"sow-carousel-title has-title\">\n\t<h3 class=\"widget-title\">Libros para Sant Jordi - D\u00eda del libro 2025<\/h3>\t\t<div class=\"sow-carousel-navigation sow-carousel-navigation-hidden\">\n\t\t\t\t\t\t<a href=\"#\" class=\"sow-carousel-next\" title=\"Siguiente\" aria-label=\"Entradas siguientes\" role=\"button\"><\/a>\n\t\t\t\t\t\t<a href=\"#\" class=\"sow-carousel-previous\" title=\"Anterior\" aria-label=\"Entradas anteriores\" role=\"button\"><\/a>\n\t\t\t\t\t<\/div>\n\t<\/div>\n\n<div class=\"sow-carousel-container \">\n\t\t<div class=\"sow-carousel-wrapper\"\n\t\tdata-dir=\"ltr\"\n\t\tstyle=\"opacity: 0;\"\n\t\tdata-widget=\"post\" data-fetching=\"false\" data-page=\"1\" data-ajax-url=\"https:\/\/www.claret.cat\/ajax\/admin-ajax.php?_widgets_nonce=0c613153e7\" data-item_count=\"14\" data-carousel_settings=\"{&quot;loop&quot;:true,&quot;animation&quot;:&quot;ease&quot;,&quot;animation_speed&quot;:0,&quot;autoplay&quot;:&quot;off&quot;,&quot;pauseOnHover&quot;:&quot;&quot;,&quot;autoplaySpeed&quot;:8000,&quot;item_overflow&quot;:true,&quot;autoplay_continuous_scroll&quot;:false}\" data-responsive=\"{&quot;desktop_slides_to_scroll&quot;:9,&quot;tablet_landscape_breakpoint&quot;:1366,&quot;tablet_landscape_slides_to_scroll&quot;:2,&quot;tablet_portrait_breakpoint&quot;:1025,&quot;tablet_portrait_slides_to_scroll&quot;:2,&quot;mobile_breakpoint&quot;:480,&quot;mobile_slides_to_scroll&quot;:1}\" data-variable_width=\"true\" \t>\n\t\t<div\n\t\t\tclass=\"sow-carousel-items\"\n\t\t\t\t\t>\n\t\t\t\t<div class=\"sow-carousel-item\" tabindex=\"-1\" style=\"float: left;\">\n\t\t<div class=\"sow-carousel-thumbnail\">\n\t\t\t\t\t\t\t<a\n\t\t\t\t\thref=\"https:\/\/www.claret.cat\/es\/libro\/mi-primera-comunion-estuche-con-misal-9788428572163\/\"\n\t\t\t\t\t\t\t\t\t\tstyle=\"background-image: url( https:\/\/www.claret.cat\/wp-content\/uploads\/.\/9788428572163-250x178.png )\"\n\t\t\t\t\taria-labelledby=\"sow-carousel-id-1090079\"\n\t\t\t\t\ttabindex=\"-1\"\n\t\t\t\t>\n\t\t\t\t\t<span class=\"overlay\"><\/span>\n\t\t\t\t<\/a>\n\t\t\t\t\t<\/div>\n\t\t<h1 class=\"sow-carousel-item-title\">\n\t\t\t<a\n\t\t\t\thref=\"https:\/\/www.claret.cat\/es\/libro\/mi-primera-comunion-estuche-con-misal-9788428572163\/\"\n\t\t\t\tid=\"sow-carousel-id-1090079\"\n\t\t\t\t\t\t\t\ttabindex=\"-1\"\n\t\t\t>\n\n\t\t\t\tMI PRIMERA COMUNI\u00d3N. ESTUCHE CON MISAL\t\t\t<\/a>\n\t\t<\/h1>\n\t<\/div>\n\t\t<div class=\"sow-carousel-item\" tabindex=\"-1\" style=\"float: left;\">\n\t\t<div class=\"sow-carousel-thumbnail\">\n\t\t\t\t\t\t\t<a\n\t\t\t\t\thref=\"https:\/\/www.claret.cat\/es\/libro\/la-comunion-y-el-culto-eucaristico-fuera-de-la-misa-9788491657163\/\"\n\t\t\t\t\t\t\t\t\t\tstyle=\"background-image: url( https:\/\/www.claret.cat\/wp-content\/uploads\/.\/9788491657163-2-250x182.png )\"\n\t\t\t\t\taria-labelledby=\"sow-carousel-id-1065910\"\n\t\t\t\t\ttabindex=\"-1\"\n\t\t\t\t>\n\t\t\t\t\t<span class=\"overlay\"><\/span>\n\t\t\t\t<\/a>\n\t\t\t\t\t<\/div>\n\t\t<h1 class=\"sow-carousel-item-title\">\n\t\t\t<a\n\t\t\t\thref=\"https:\/\/www.claret.cat\/es\/libro\/la-comunion-y-el-culto-eucaristico-fuera-de-la-misa-9788491657163\/\"\n\t\t\t\tid=\"sow-carousel-id-1065910\"\n\t\t\t\t\t\t\t\ttabindex=\"-1\"\n\t\t\t>\n\n\t\t\t\tLA COMUNI\u00d3N Y EL CULTO EUCAR\u00cdSTICO FUERA DE LA MISA\t\t\t<\/a>\n\t\t<\/h1>\n\t<\/div>\n\t\t<div class=\"sow-carousel-item\" tabindex=\"-1\" style=\"float: left;\">\n\t\t<div class=\"sow-carousel-thumbnail\">\n\t\t\t\t\t\t\t<a\n\t\t\t\t\thref=\"https:\/\/www.claret.cat\/es\/libro\/youcat-catequesis-en-dialogo-9788413391991\/\"\n\t\t\t\t\t\t\t\t\t\tstyle=\"background-image: url( https:\/\/www.claret.cat\/wp-content\/uploads\/.\/9788413391991-250x182.jpg )\"\n\t\t\t\t\taria-labelledby=\"sow-carousel-id-976912\"\n\t\t\t\t\ttabindex=\"-1\"\n\t\t\t\t>\n\t\t\t\t\t<span class=\"overlay\"><\/span>\n\t\t\t\t<\/a>\n\t\t\t\t\t<\/div>\n\t\t<h1 class=\"sow-carousel-item-title\">\n\t\t\t<a\n\t\t\t\thref=\"https:\/\/www.claret.cat\/es\/libro\/youcat-catequesis-en-dialogo-9788413391991\/\"\n\t\t\t\tid=\"sow-carousel-id-976912\"\n\t\t\t\t\t\t\t\ttabindex=\"-1\"\n\t\t\t>\n\n\t\t\t\tYOUCAT CATEQUESIS EN DI\u00c1LOGO\t\t\t<\/a>\n\t\t<\/h1>\n\t<\/div>\n\t\t<div class=\"sow-carousel-item\" tabindex=\"-1\" style=\"float: left;\">\n\t\t<div class=\"sow-carousel-thumbnail\">\n\t\t\t\t\t\t\t<a\n\t\t\t\t\thref=\"https:\/\/www.claret.cat\/es\/libro\/mi-primera-comunion-9788419378774\/\"\n\t\t\t\t\t\t\t\t\t\tstyle=\"background-image: url( https:\/\/www.claret.cat\/wp-content\/uploads\/.\/9788419378774.jpg )\"\n\t\t\t\t\taria-labelledby=\"sow-carousel-id-430357\"\n\t\t\t\t\ttabindex=\"-1\"\n\t\t\t\t>\n\t\t\t\t\t<span class=\"overlay\"><\/span>\n\t\t\t\t<\/a>\n\t\t\t\t\t<\/div>\n\t\t<h1 class=\"sow-carousel-item-title\">\n\t\t\t<a\n\t\t\t\thref=\"https:\/\/www.claret.cat\/es\/libro\/mi-primera-comunion-9788419378774\/\"\n\t\t\t\tid=\"sow-carousel-id-430357\"\n\t\t\t\t\t\t\t\ttabindex=\"-1\"\n\t\t\t>\n\n\t\t\t\tMI PRIMERA COMUNI\u00d3N\t\t\t<\/a>\n\t\t<\/h1>\n\t<\/div>\n\t\t<div class=\"sow-carousel-item\" tabindex=\"-1\" style=\"float: left;\">\n\t\t<div class=\"sow-carousel-thumbnail\">\n\t\t\t\t\t\t\t<a\n\t\t\t\t\thref=\"https:\/\/www.claret.cat\/es\/libro\/primera-comunion-9788474677355\/\"\n\t\t\t\t\t\t\t\t\t\tstyle=\"background-image: url( https:\/\/www.claret.cat\/wp-content\/uploads\/.\/9788474677355.jpg )\"\n\t\t\t\t\taria-labelledby=\"sow-carousel-id-352158\"\n\t\t\t\t\ttabindex=\"-1\"\n\t\t\t\t>\n\t\t\t\t\t<span class=\"overlay\"><\/span>\n\t\t\t\t<\/a>\n\t\t\t\t\t<\/div>\n\t\t<h1 class=\"sow-carousel-item-title\">\n\t\t\t<a\n\t\t\t\thref=\"https:\/\/www.claret.cat\/es\/libro\/primera-comunion-9788474677355\/\"\n\t\t\t\tid=\"sow-carousel-id-352158\"\n\t\t\t\t\t\t\t\ttabindex=\"-1\"\n\t\t\t>\n\n\t\t\t\tPRIMERA COMUNION\t\t\t<\/a>\n\t\t<\/h1>\n\t<\/div>\n\t\t<div class=\"sow-carousel-item\" tabindex=\"-1\" style=\"float: left;\">\n\t\t<div class=\"sow-carousel-thumbnail\">\n\t\t\t\t\t\t\t<a\n\t\t\t\t\thref=\"https:\/\/www.claret.cat\/es\/libro\/noe-y-el-diluvio-9788428550833\/\"\n\t\t\t\t\t\t\t\t\t\tstyle=\"background-image: url( https:\/\/www.claret.cat\/wp-content\/uploads\/.\/9788428550833-2.jpg )\"\n\t\t\t\t\taria-labelledby=\"sow-carousel-id-212737\"\n\t\t\t\t\ttabindex=\"-1\"\n\t\t\t\t>\n\t\t\t\t\t<span class=\"overlay\"><\/span>\n\t\t\t\t<\/a>\n\t\t\t\t\t<\/div>\n\t\t<h1 class=\"sow-carousel-item-title\">\n\t\t\t<a\n\t\t\t\thref=\"https:\/\/www.claret.cat\/es\/libro\/noe-y-el-diluvio-9788428550833\/\"\n\t\t\t\tid=\"sow-carousel-id-212737\"\n\t\t\t\t\t\t\t\ttabindex=\"-1\"\n\t\t\t>\n\n\t\t\t\tNO\u00c9 Y EL DILUVIO\t\t\t<\/a>\n\t\t<\/h1>\n\t<\/div>\n\t\t<div class=\"sow-carousel-item\" tabindex=\"-1\" style=\"float: left;\">\n\t\t<div class=\"sow-carousel-thumbnail\">\n\t\t\t\t\t\t\t<a\n\t\t\t\t\thref=\"https:\/\/www.claret.cat\/es\/libro\/recuerdo-de-mi-primera-comunion-misal-pulsera-9788428554145\/\"\n\t\t\t\t\t\t\t\t\t\tstyle=\"background-image: url( https:\/\/www.claret.cat\/wp-content\/uploads\/.\/9788428554145-2.jpg )\"\n\t\t\t\t\taria-labelledby=\"sow-carousel-id-186605\"\n\t\t\t\t\ttabindex=\"-1\"\n\t\t\t\t>\n\t\t\t\t\t<span class=\"overlay\"><\/span>\n\t\t\t\t<\/a>\n\t\t\t\t\t<\/div>\n\t\t<h1 class=\"sow-carousel-item-title\">\n\t\t\t<a\n\t\t\t\thref=\"https:\/\/www.claret.cat\/es\/libro\/recuerdo-de-mi-primera-comunion-misal-pulsera-9788428554145\/\"\n\t\t\t\tid=\"sow-carousel-id-186605\"\n\t\t\t\t\t\t\t\ttabindex=\"-1\"\n\t\t\t>\n\n\t\t\t\tRECUERDO DE MI PRIMERA COMUNI\u00d3N &#8211; MISAL + PULSERA\t\t\t<\/a>\n\t\t<\/h1>\n\t<\/div>\n\t\t<div class=\"sow-carousel-item\" tabindex=\"-1\" style=\"float: left;\">\n\t\t<div class=\"sow-carousel-thumbnail\">\n\t\t\t\t\t\t\t<a\n\t\t\t\t\thref=\"https:\/\/www.claret.cat\/es\/libro\/recuerdo-de-mi-primera-comunion-misal-rosario-9788428554152\/\"\n\t\t\t\t\t\t\t\t\t\tstyle=\"background-image: url( https:\/\/www.claret.cat\/wp-content\/uploads\/.\/9788428554152-2.jpg )\"\n\t\t\t\t\taria-labelledby=\"sow-carousel-id-186593\"\n\t\t\t\t\ttabindex=\"-1\"\n\t\t\t\t>\n\t\t\t\t\t<span class=\"overlay\"><\/span>\n\t\t\t\t<\/a>\n\t\t\t\t\t<\/div>\n\t\t<h1 class=\"sow-carousel-item-title\">\n\t\t\t<a\n\t\t\t\thref=\"https:\/\/www.claret.cat\/es\/libro\/recuerdo-de-mi-primera-comunion-misal-rosario-9788428554152\/\"\n\t\t\t\tid=\"sow-carousel-id-186593\"\n\t\t\t\t\t\t\t\ttabindex=\"-1\"\n\t\t\t>\n\n\t\t\t\tRECUERDO DE MI PRIMERA COMUNI\u00d3N &#8211; MISAL + ROSARIO\t\t\t<\/a>\n\t\t<\/h1>\n\t<\/div>\n\t\t<div class=\"sow-carousel-item\" tabindex=\"-1\" style=\"float: left;\">\n\t\t<div class=\"sow-carousel-thumbnail\">\n\t\t\t\t\t\t\t<a\n\t\t\t\t\thref=\"https:\/\/www.claret.cat\/es\/libro\/youcat-para-ninos-9788490559369\/\"\n\t\t\t\t\t\t\t\t\t\tstyle=\"background-image: url( https:\/\/www.claret.cat\/wp-content\/uploads\/.\/9788490559369-2.jpg )\"\n\t\t\t\t\taria-labelledby=\"sow-carousel-id-178432\"\n\t\t\t\t\ttabindex=\"-1\"\n\t\t\t\t>\n\t\t\t\t\t<span class=\"overlay\"><\/span>\n\t\t\t\t<\/a>\n\t\t\t\t\t<\/div>\n\t\t<h1 class=\"sow-carousel-item-title\">\n\t\t\t<a\n\t\t\t\thref=\"https:\/\/www.claret.cat\/es\/libro\/youcat-para-ninos-9788490559369\/\"\n\t\t\t\tid=\"sow-carousel-id-178432\"\n\t\t\t\t\t\t\t\ttabindex=\"-1\"\n\t\t\t>\n\n\t\t\t\tYOUCAT PARA NI\u00d1OS\t\t\t<\/a>\n\t\t<\/h1>\n\t<\/div>\n\t\t<div class=\"sow-carousel-item\" tabindex=\"-1\" style=\"float: left;\">\n\t\t<div class=\"sow-carousel-thumbnail\">\n\t\t\t\t\t\t\t<a\n\t\t\t\t\thref=\"https:\/\/www.claret.cat\/es\/libro\/mi-primera-comunion-misalitorosario-9788428544177\/\"\n\t\t\t\t\t\t\t\t\t\tstyle=\"background-image: url( https:\/\/www.claret.cat\/wp-content\/uploads\/.\/9788428544177-2.jpg )\"\n\t\t\t\t\taria-labelledby=\"sow-carousel-id-31038\"\n\t\t\t\t\ttabindex=\"-1\"\n\t\t\t\t>\n\t\t\t\t\t<span class=\"overlay\"><\/span>\n\t\t\t\t<\/a>\n\t\t\t\t\t<\/div>\n\t\t<h1 class=\"sow-carousel-item-title\">\n\t\t\t<a\n\t\t\t\thref=\"https:\/\/www.claret.cat\/es\/libro\/mi-primera-comunion-misalitorosario-9788428544177\/\"\n\t\t\t\tid=\"sow-carousel-id-31038\"\n\t\t\t\t\t\t\t\ttabindex=\"-1\"\n\t\t\t>\n\n\t\t\t\tMI PRIMERA COMUNI\u00d3N. (MISALITO+ROSARIO)\t\t\t<\/a>\n\t\t<\/h1>\n\t<\/div>\n\t\t\t<\/div>\n\t\t\t<\/div>\n\n\t<\/div>\n\t\t<input type=\"hidden\" name=\"instance_hash\" value=\"b1f045b9\"\/>\n\t<\/div>\n<\/div><\/div><\/div><\/div><\/div><\/div>","protected":false},"excerpt":{"rendered":"<p>Sant Jordi 2025 Libros recomendados y novedades Libros Sant Jordi 2025: Todas las novedades y Recomendaciones Descubre las novedades literarias de Sant Jordi 2025 y encuentra el libro perfecto para regalar. Explora los \u00faltimos lanzamientos de novela, ensayo, poes\u00eda y literatura infantil de los autores m\u00e1s destacados del momento. No te pierdas las mejores recomendaciones [&hellip;]<\/p>\n","protected":false},"author":4,"featured_media":1006470,"parent":0,"menu_order":0,"comment_status":"closed","ping_status":"closed","template":"","meta":{"_acf_changed":false,"om_disable_all_campaigns":false,"rs_blank_template":"","rs_page_bg_color":"","slide_template_v7":"","inline_featured_image":false,"_monsterinsights_skip_tracking":false,"_monsterinsights_sitenote_active":false,"_monsterinsights_sitenote_note":"","_monsterinsights_sitenote_category":0,"footnotes":""},"class_list":["post-1016066","page","type-page","status-publish","has-post-thumbnail","hentry"],"acf":[],"aioseo_notices":[],"_links":{"self":[{"href":"https:\/\/www.claret.cat\/es\/wp-json\/wp\/v2\/pages\/1016066","targetHints":{"allow":["GET"]}}],"collection":[{"href":"https:\/\/www.claret.cat\/es\/wp-json\/wp\/v2\/pages"}],"about":[{"href":"https:\/\/www.claret.cat\/es\/wp-json\/wp\/v2\/types\/page"}],"author":[{"embeddable":true,"href":"https:\/\/www.claret.cat\/es\/wp-json\/wp\/v2\/users\/4"}],"replies":[{"embeddable":true,"href":"https:\/\/www.claret.cat\/es\/wp-json\/wp\/v2\/comments?post=1016066"}],"version-history":[{"count":6,"href":"https:\/\/www.claret.cat\/es\/wp-json\/wp\/v2\/pages\/1016066\/revisions"}],"predecessor-version":[{"id":1017786,"href":"https:\/\/www.claret.cat\/es\/wp-json\/wp\/v2\/pages\/1016066\/revisions\/1017786"}],"wp:featuredmedia":[{"embeddable":true,"href":"https:\/\/www.claret.cat\/es\/wp-json\/wp\/v2\/media\/1006470"}],"wp:attachment":[{"href":"https:\/\/www.claret.cat\/es\/wp-json\/wp\/v2\/media?parent=1016066"}],"curies":[{"name":"wp","href":"https:\/\/api.w.org\/{rel}","templated":true}]}}