{"id":1004144,"date":"2025-02-07T13:15:32","date_gmt":"2025-02-07T12:15:32","guid":{"rendered":"https:\/\/www.claret.cat\/llibre\/ninos-atrapados-por-las-pantallas-9788413849751\/"},"modified":"2025-02-07T13:55:30","modified_gmt":"2025-02-07T12:55:30","slug":"ninos-atrapados-por-las-pantallas-9788413849751","status":"publish","type":"product","link":"https:\/\/www.claret.cat\/es\/libro\/ninos-atrapados-por-las-pantallas-9788413849751\/","title":{"rendered":"NI\u00d1OS ATRAPADOS POR LAS PANTALLAS"},"content":{"rendered":"<p>\u00bfEstamos criando una generaci\u00f3n de adictos a las pantallas o exageramos un problema que afecta solo a una minor\u00eda de ni\u00f1os y adolescentes?Ni internet tiene por qu\u00e9 ser una amenaza para la educaci\u00f3n de nuestros hijos ni las redes sociales son un veneno sin ant\u00eddoto ni los videojuegos generan actitudes violentas. Rosa Jov\u00e9, una de las mayores expertas en psicolog\u00eda cl\u00ednica infantil, expone en este libro la verdadera dimensi\u00f3n de un riesgo real, pero controlable. Un par de datos ayudan a entender a qu\u00e9 nos enfrentamos: solo un 2,9 por ciento de los menores presenta un comportamiento problem\u00e1tico o adictivo, y un 13,2 por ciento hace un uso inadecuado de los dispositivos. El principal objetivo de los padres es identificar esas conductas y tener las herramientas para prevenirlas o corregirlas. En estas p\u00e1ginas encontrar\u00e1n test y recursos psicol\u00f3gicos con los que afrontar la preocupaci\u00f3n de verlos todo el d\u00eda con el m\u00f3vil.\u00abNo se trata de prohibir porque s\u00ed, sino de saber c\u00f3mo actuar y educar en cada momento\u00bb.<\/p>\n","protected":false},"excerpt":{"rendered":"<p>JOV\u00c9, ROSA<\/p>\n","protected":false},"featured_media":1004185,"template":"","meta":{"_acf_changed":false,"om_disable_all_campaigns":false,"rs_blank_template":"","rs_page_bg_color":"","slide_template_v7":"","inline_featured_image":false,"_monsterinsights_skip_tracking":false},"product_brand":[],"product_cat":[100,550],"product_tag":[],"class_list":["post-1004144","product","type-product","status-publish","has-post-thumbnail","product_cat-escola-de-pares","product_cat-escuela-de-padres-3_infantil-juvenil-spa-spa","first","instock","taxable","shipping-taxable","purchasable","product-type-simple"],"acf":{"autor":"JOV\u00c9, ROSA","codart":"841384975","libros-coleccion":"Psicolog\u00eda y salud","ediciones":"1","encuadernacion":"R\u00fastica","fecha_de_publicacion":"01\/01\/2025","novedad":"1","paginas":"355","subtitulo":"C\u00d3MO SABER SI TU HIJO TIENE UN PROBLEMA","orden":"0","portada":"0","idioma":"spa","editorial":[{"ID":6277,"post_author":"3","post_date":"2022-07-28 17:48:44","post_date_gmt":"2022-07-28 15:48:44","post_content":"","post_title":"LA ESFERA DE LOS LIBROS","post_excerpt":"","post_status":"publish","comment_status":"closed","ping_status":"closed","post_password":"","post_name":"la-esfera-de-los-libros","to_ping":"","pinged":"","post_modified":"2022-07-28 17:48:44","post_modified_gmt":"2022-07-28 15:48:44","post_content_filtered":"","post_parent":0,"guid":"http:\/\/dev.claret.cat\/editorial\/la-esfera-de-los-libros\/","menu_order":0,"post_type":"editorial","post_mime_type":"","comment_count":"0","filter":"raw"}]},"aioseo_notices":[],"aioseo_head":"\n\t\t<!-- All in One SEO Pro 5.0.1.1 - aioseo.com -->\n\t<meta name=\"description\" content=\"NI\u00d1OS ATRAPADOS POR LAS PANTALLAS de JOV\u00c9, ROSA disponible a\/en Llibreria Claret.\" \/>\n\t<meta name=\"robots\" content=\"max-image-preview:large\" \/>\n\t<meta name=\"google-site-verification\" content=\"xVtlFxJ-TfkIu-D-lt7XeLobefg5EIQiXTuqcSf8Rf0\" \/>\n\t<link rel=\"canonical\" href=\"https:\/\/www.claret.cat\/es\/libro\/ninos-atrapados-por-las-pantallas-9788413849751\/\" \/>\n\t<meta name=\"generator\" content=\"All in One SEO Pro (AIOSEO) 5.0.1.1\" \/>\n\t\t<meta property=\"og:locale\" content=\"es_ES\" \/>\n\t\t<meta property=\"og:site_name\" content=\"Llibreria Claret - Llibreria religiosa a Barcelona\" \/>\n\t\t<meta property=\"og:type\" content=\"article\" \/>\n\t\t<meta property=\"og:title\" content=\"NI\u00d1OS ATRAPADOS POR LAS PANTALLAS - JOV\u00c9, ROSA 9788413849751 | Llibreria Claret\" \/>\n\t\t<meta property=\"og:description\" content=\"NI\u00d1OS ATRAPADOS POR LAS PANTALLAS de JOV\u00c9, ROSA disponible a\/en Llibreria Claret.\" \/>\n\t\t<meta property=\"og:url\" content=\"https:\/\/www.claret.cat\/es\/libro\/ninos-atrapados-por-las-pantallas-9788413849751\/\" \/>\n\t\t<meta property=\"og:image\" content=\"https:\/\/dev.claret.cat\/wp-content\/uploads\/logo-claret.svg\" \/>\n\t\t<meta property=\"og:image:secure_url\" content=\"https:\/\/dev.claret.cat\/wp-content\/uploads\/logo-claret.svg\" \/>\n\t\t<meta property=\"article:published_time\" content=\"2025-02-07T12:15:32+00:00\" \/>\n\t\t<meta property=\"article:modified_time\" content=\"2025-02-07T12:55:30+00:00\" \/>\n\t\t<meta property=\"article:publisher\" content=\"https:\/\/www.facebook.com\/LlibreriaClaret\" \/>\n\t\t<meta name=\"twitter:card\" content=\"summary_large_image\" \/>\n\t\t<meta name=\"twitter:site\" content=\"@LlibreriaClaret\" \/>\n\t\t<meta name=\"twitter:title\" content=\"NI\u00d1OS ATRAPADOS POR LAS PANTALLAS - JOV\u00c9, ROSA 9788413849751 | Llibreria Claret\" \/>\n\t\t<meta name=\"twitter:description\" content=\"NI\u00d1OS ATRAPADOS POR LAS PANTALLAS de JOV\u00c9, ROSA disponible a\/en Llibreria Claret.\" \/>\n\t\t<meta name=\"twitter:image\" content=\"http:\/\/dev.claret.cat\/wp-content\/uploads\/logo-claret.svg\" \/>\n\t\t<script type=\"application\/ld+json\" class=\"aioseo-schema\">\n\t\t\t{\"@context\":\"https:\\\/\\\/schema.org\",\"@graph\":[{\"@type\":\"BreadcrumbList\",\"@id\":\"https:\\\/\\\/www.claret.cat\\\/es\\\/libro\\\/ninos-atrapados-por-las-pantallas-9788413849751\\\/#breadcrumblist\",\"itemListElement\":[{\"@type\":\"ListItem\",\"@id\":\"https:\\\/\\\/www.claret.cat\\\/es\\\/#listItem\",\"position\":1,\"name\":\"Home\",\"item\":\"https:\\\/\\\/www.claret.cat\\\/es\\\/\",\"nextItem\":{\"@type\":\"ListItem\",\"@id\":\"https:\\\/\\\/www.claret.cat\\\/?page_id=16#listItem\",\"name\":\"Botiga\"}},{\"@type\":\"ListItem\",\"@id\":\"https:\\\/\\\/www.claret.cat\\\/?page_id=16#listItem\",\"position\":2,\"name\":\"Botiga\",\"item\":\"https:\\\/\\\/www.claret.cat\\\/?page_id=16\",\"nextItem\":{\"@type\":\"ListItem\",\"@id\":\"https:\\\/\\\/www.claret.cat\\\/categoria-producto\\\/cat\\\/#listItem\",\"name\":\"CAT\"},\"previousItem\":{\"@type\":\"ListItem\",\"@id\":\"https:\\\/\\\/www.claret.cat\\\/es\\\/#listItem\",\"name\":\"Home\"}},{\"@type\":\"ListItem\",\"@id\":\"https:\\\/\\\/www.claret.cat\\\/categoria-producto\\\/cat\\\/#listItem\",\"position\":3,\"name\":\"CAT\",\"item\":\"https:\\\/\\\/www.claret.cat\\\/categoria-producto\\\/cat\\\/\",\"nextItem\":{\"@type\":\"ListItem\",\"@id\":\"https:\\\/\\\/www.claret.cat\\\/categoria-producto\\\/cat\\\/3_infantil-juvenil\\\/#listItem\",\"name\":\"Infantil \\\/ Juvenil\"},\"previousItem\":{\"@type\":\"ListItem\",\"@id\":\"https:\\\/\\\/www.claret.cat\\\/?page_id=16#listItem\",\"name\":\"Botiga\"}},{\"@type\":\"ListItem\",\"@id\":\"https:\\\/\\\/www.claret.cat\\\/categoria-producto\\\/cat\\\/3_infantil-juvenil\\\/#listItem\",\"position\":4,\"name\":\"Infantil \\\/ Juvenil\",\"item\":\"https:\\\/\\\/www.claret.cat\\\/categoria-producto\\\/cat\\\/3_infantil-juvenil\\\/\",\"nextItem\":{\"@type\":\"ListItem\",\"@id\":\"https:\\\/\\\/www.claret.cat\\\/categoria-producto\\\/cat\\\/3_infantil-juvenil\\\/escola-de-pares\\\/#listItem\",\"name\":\"Escola de pares\"},\"previousItem\":{\"@type\":\"ListItem\",\"@id\":\"https:\\\/\\\/www.claret.cat\\\/categoria-producto\\\/cat\\\/#listItem\",\"name\":\"CAT\"}},{\"@type\":\"ListItem\",\"@id\":\"https:\\\/\\\/www.claret.cat\\\/categoria-producto\\\/cat\\\/3_infantil-juvenil\\\/escola-de-pares\\\/#listItem\",\"position\":5,\"name\":\"Escola de pares\",\"item\":\"https:\\\/\\\/www.claret.cat\\\/categoria-producto\\\/cat\\\/3_infantil-juvenil\\\/escola-de-pares\\\/\",\"nextItem\":{\"@type\":\"ListItem\",\"@id\":\"https:\\\/\\\/www.claret.cat\\\/es\\\/libro\\\/ninos-atrapados-por-las-pantallas-9788413849751\\\/#listItem\",\"name\":\"NI\\u00d1OS ATRAPADOS POR LAS PANTALLAS\"},\"previousItem\":{\"@type\":\"ListItem\",\"@id\":\"https:\\\/\\\/www.claret.cat\\\/categoria-producto\\\/cat\\\/3_infantil-juvenil\\\/#listItem\",\"name\":\"Infantil \\\/ Juvenil\"}},{\"@type\":\"ListItem\",\"@id\":\"https:\\\/\\\/www.claret.cat\\\/es\\\/libro\\\/ninos-atrapados-por-las-pantallas-9788413849751\\\/#listItem\",\"position\":6,\"name\":\"NI\\u00d1OS ATRAPADOS POR LAS PANTALLAS\",\"previousItem\":{\"@type\":\"ListItem\",\"@id\":\"https:\\\/\\\/www.claret.cat\\\/categoria-producto\\\/cat\\\/3_infantil-juvenil\\\/escola-de-pares\\\/#listItem\",\"name\":\"Escola de pares\"}}]},{\"@type\":\"ItemPage\",\"@id\":\"https:\\\/\\\/www.claret.cat\\\/es\\\/libro\\\/ninos-atrapados-por-las-pantallas-9788413849751\\\/#itempage\",\"url\":\"https:\\\/\\\/www.claret.cat\\\/es\\\/libro\\\/ninos-atrapados-por-las-pantallas-9788413849751\\\/\",\"name\":\"NI\\u00d1OS ATRAPADOS POR LAS PANTALLAS - JOV\\u00c9, ROSA 9788413849751 | Llibreria Claret\",\"description\":\"NI\\u00d1OS ATRAPADOS POR LAS PANTALLAS de JOV\\u00c9, ROSA disponible a\\\/en Llibreria Claret.\",\"inLanguage\":\"es-ES\",\"isPartOf\":{\"@id\":\"https:\\\/\\\/www.claret.cat\\\/es\\\/#website\"},\"breadcrumb\":{\"@id\":\"https:\\\/\\\/www.claret.cat\\\/es\\\/libro\\\/ninos-atrapados-por-las-pantallas-9788413849751\\\/#breadcrumblist\"},\"image\":{\"@type\":\"ImageObject\",\"url\":\"https:\\\/\\\/www.claret.cat\\\/wp-content\\\/uploads\\\/.\\\/9788413849751-1.jpg\",\"@id\":\"https:\\\/\\\/www.claret.cat\\\/es\\\/libro\\\/ninos-atrapados-por-las-pantallas-9788413849751\\\/#mainImage\",\"width\":250,\"height\":385,\"caption\":\"9788413849751.jpg\"},\"primaryImageOfPage\":{\"@id\":\"https:\\\/\\\/www.claret.cat\\\/es\\\/libro\\\/ninos-atrapados-por-las-pantallas-9788413849751\\\/#mainImage\"},\"datePublished\":\"2025-02-07T13:15:32+01:00\",\"dateModified\":\"2025-02-07T13:55:30+01:00\"},{\"@type\":\"Organization\",\"@id\":\"https:\\\/\\\/www.claret.cat\\\/es\\\/#organization\",\"name\":\"Llibreria Claret\",\"description\":\"Llibreria religiosa a Barcelona\",\"url\":\"https:\\\/\\\/www.claret.cat\\\/es\\\/\",\"email\":\"comunicacio@claret.cat\",\"telephone\":\"+34933010887\",\"logo\":{\"@type\":\"ImageObject\",\"url\":\"https:\\\/\\\/www.claret.cat\\\/wp-content\\\/uploads\\\/.\\\/logo-claret-es.png\",\"@id\":\"https:\\\/\\\/www.claret.cat\\\/es\\\/libro\\\/ninos-atrapados-por-las-pantallas-9788413849751\\\/#organizationLogo\",\"width\":195,\"height\":79},\"image\":{\"@id\":\"https:\\\/\\\/www.claret.cat\\\/es\\\/libro\\\/ninos-atrapados-por-las-pantallas-9788413849751\\\/#organizationLogo\"},\"sameAs\":[\"https:\\\/\\\/www.facebook.com\\\/LlibreriaClaret\",\"https:\\\/\\\/twitter.com\\\/LlibreriaClaret\",\"https:\\\/\\\/www.instagram.com\\\/llibreriaclaret\\\/\",\"https:\\\/\\\/www.tiktok.com\\\/@llibreriaclaret\",\"https:\\\/\\\/www.youtube.com\\\/@llibreriaclaret\",\"https:\\\/\\\/ca.wikipedia.org\\\/wiki\\\/Editorial_Claret\"]},{\"@type\":\"WebPage\",\"@id\":\"https:\\\/\\\/www.claret.cat\\\/es\\\/libro\\\/ninos-atrapados-por-las-pantallas-9788413849751\\\/#webpage\",\"url\":\"https:\\\/\\\/www.claret.cat\\\/es\\\/libro\\\/ninos-atrapados-por-las-pantallas-9788413849751\\\/\",\"name\":\"NI\\u00d1OS ATRAPADOS POR LAS PANTALLAS - JOV\\u00c9, ROSA 9788413849751 | Llibreria Claret\",\"description\":\"NI\\u00d1OS ATRAPADOS POR LAS PANTALLAS de JOV\\u00c9, ROSA disponible a\\\/en Llibreria Claret.\",\"inLanguage\":\"es-ES\",\"isPartOf\":{\"@id\":\"https:\\\/\\\/www.claret.cat\\\/es\\\/#website\"},\"breadcrumb\":{\"@id\":\"https:\\\/\\\/www.claret.cat\\\/es\\\/libro\\\/ninos-atrapados-por-las-pantallas-9788413849751\\\/#breadcrumblist\"},\"image\":{\"@type\":\"ImageObject\",\"url\":\"https:\\\/\\\/www.claret.cat\\\/wp-content\\\/uploads\\\/.\\\/9788413849751-1.jpg\",\"@id\":\"https:\\\/\\\/www.claret.cat\\\/es\\\/libro\\\/ninos-atrapados-por-las-pantallas-9788413849751\\\/#mainImage\",\"width\":250,\"height\":385,\"caption\":\"9788413849751.jpg\"},\"primaryImageOfPage\":{\"@id\":\"https:\\\/\\\/www.claret.cat\\\/es\\\/libro\\\/ninos-atrapados-por-las-pantallas-9788413849751\\\/#mainImage\"},\"datePublished\":\"2025-02-07T13:15:32+01:00\",\"dateModified\":\"2025-02-07T13:55:30+01:00\"},{\"@type\":\"WebSite\",\"@id\":\"https:\\\/\\\/www.claret.cat\\\/es\\\/#website\",\"url\":\"https:\\\/\\\/www.claret.cat\\\/es\\\/\",\"name\":\"Llibreria Claret Barcelona\",\"alternateName\":\"Llibreria Claret\",\"description\":\"Llibreria religiosa a Barcelona\",\"inLanguage\":\"es-ES\",\"publisher\":{\"@id\":\"https:\\\/\\\/www.claret.cat\\\/es\\\/#organization\"}}]}\n\t\t<\/script>\n\t\t<!-- All in One SEO Pro -->\r\n\t\t<title>NI\u00d1OS ATRAPADOS POR LAS PANTALLAS - JOV\u00c9, ROSA 9788413849751 | Llibreria Claret<\/title>\n\n","aioseo_head_json":{"title":"NI\u00d1OS ATRAPADOS POR LAS PANTALLAS - JOV\u00c9, ROSA 9788413849751 | Llibreria Claret","description":"NI\u00d1OS ATRAPADOS POR LAS PANTALLAS de JOV\u00c9, ROSA disponible a\/en Llibreria Claret.","canonical_url":"https:\/\/www.claret.cat\/es\/libro\/ninos-atrapados-por-las-pantallas-9788413849751\/","robots":"max-image-preview:large","keywords":"","webmasterTools":{"google-site-verification":"xVtlFxJ-TfkIu-D-lt7XeLobefg5EIQiXTuqcSf8Rf0","miscellaneous":""},"schema":{"@context":"https:\/\/schema.org","@graph":[{"@type":"BreadcrumbList","@id":"https:\/\/www.claret.cat\/es\/libro\/ninos-atrapados-por-las-pantallas-9788413849751\/#breadcrumblist","itemListElement":[{"@type":"ListItem","@id":"https:\/\/www.claret.cat\/es\/#listItem","position":1,"name":"Home","item":"https:\/\/www.claret.cat\/es\/","nextItem":{"@type":"ListItem","@id":"https:\/\/www.claret.cat\/?page_id=16#listItem","name":"Botiga"}},{"@type":"ListItem","@id":"https:\/\/www.claret.cat\/?page_id=16#listItem","position":2,"name":"Botiga","item":"https:\/\/www.claret.cat\/?page_id=16","nextItem":{"@type":"ListItem","@id":"https:\/\/www.claret.cat\/categoria-producto\/cat\/#listItem","name":"CAT"},"previousItem":{"@type":"ListItem","@id":"https:\/\/www.claret.cat\/es\/#listItem","name":"Home"}},{"@type":"ListItem","@id":"https:\/\/www.claret.cat\/categoria-producto\/cat\/#listItem","position":3,"name":"CAT","item":"https:\/\/www.claret.cat\/categoria-producto\/cat\/","nextItem":{"@type":"ListItem","@id":"https:\/\/www.claret.cat\/categoria-producto\/cat\/3_infantil-juvenil\/#listItem","name":"Infantil \/ Juvenil"},"previousItem":{"@type":"ListItem","@id":"https:\/\/www.claret.cat\/?page_id=16#listItem","name":"Botiga"}},{"@type":"ListItem","@id":"https:\/\/www.claret.cat\/categoria-producto\/cat\/3_infantil-juvenil\/#listItem","position":4,"name":"Infantil \/ Juvenil","item":"https:\/\/www.claret.cat\/categoria-producto\/cat\/3_infantil-juvenil\/","nextItem":{"@type":"ListItem","@id":"https:\/\/www.claret.cat\/categoria-producto\/cat\/3_infantil-juvenil\/escola-de-pares\/#listItem","name":"Escola de pares"},"previousItem":{"@type":"ListItem","@id":"https:\/\/www.claret.cat\/categoria-producto\/cat\/#listItem","name":"CAT"}},{"@type":"ListItem","@id":"https:\/\/www.claret.cat\/categoria-producto\/cat\/3_infantil-juvenil\/escola-de-pares\/#listItem","position":5,"name":"Escola de pares","item":"https:\/\/www.claret.cat\/categoria-producto\/cat\/3_infantil-juvenil\/escola-de-pares\/","nextItem":{"@type":"ListItem","@id":"https:\/\/www.claret.cat\/es\/libro\/ninos-atrapados-por-las-pantallas-9788413849751\/#listItem","name":"NI\u00d1OS ATRAPADOS POR LAS PANTALLAS"},"previousItem":{"@type":"ListItem","@id":"https:\/\/www.claret.cat\/categoria-producto\/cat\/3_infantil-juvenil\/#listItem","name":"Infantil \/ Juvenil"}},{"@type":"ListItem","@id":"https:\/\/www.claret.cat\/es\/libro\/ninos-atrapados-por-las-pantallas-9788413849751\/#listItem","position":6,"name":"NI\u00d1OS ATRAPADOS POR LAS PANTALLAS","previousItem":{"@type":"ListItem","@id":"https:\/\/www.claret.cat\/categoria-producto\/cat\/3_infantil-juvenil\/escola-de-pares\/#listItem","name":"Escola de pares"}}]},{"@type":"ItemPage","@id":"https:\/\/www.claret.cat\/es\/libro\/ninos-atrapados-por-las-pantallas-9788413849751\/#itempage","url":"https:\/\/www.claret.cat\/es\/libro\/ninos-atrapados-por-las-pantallas-9788413849751\/","name":"NI\u00d1OS ATRAPADOS POR LAS PANTALLAS - JOV\u00c9, ROSA 9788413849751 | Llibreria Claret","description":"NI\u00d1OS ATRAPADOS POR LAS PANTALLAS de JOV\u00c9, ROSA disponible a\/en Llibreria Claret.","inLanguage":"es-ES","isPartOf":{"@id":"https:\/\/www.claret.cat\/es\/#website"},"breadcrumb":{"@id":"https:\/\/www.claret.cat\/es\/libro\/ninos-atrapados-por-las-pantallas-9788413849751\/#breadcrumblist"},"image":{"@type":"ImageObject","url":"https:\/\/www.claret.cat\/wp-content\/uploads\/.\/9788413849751-1.jpg","@id":"https:\/\/www.claret.cat\/es\/libro\/ninos-atrapados-por-las-pantallas-9788413849751\/#mainImage","width":250,"height":385,"caption":"9788413849751.jpg"},"primaryImageOfPage":{"@id":"https:\/\/www.claret.cat\/es\/libro\/ninos-atrapados-por-las-pantallas-9788413849751\/#mainImage"},"datePublished":"2025-02-07T13:15:32+01:00","dateModified":"2025-02-07T13:55:30+01:00"},{"@type":"Organization","@id":"https:\/\/www.claret.cat\/es\/#organization","name":"Llibreria Claret","description":"Llibreria religiosa a Barcelona","url":"https:\/\/www.claret.cat\/es\/","email":"comunicacio@claret.cat","telephone":"+34933010887","logo":{"@type":"ImageObject","url":"https:\/\/www.claret.cat\/wp-content\/uploads\/.\/logo-claret-es.png","@id":"https:\/\/www.claret.cat\/es\/libro\/ninos-atrapados-por-las-pantallas-9788413849751\/#organizationLogo","width":195,"height":79},"image":{"@id":"https:\/\/www.claret.cat\/es\/libro\/ninos-atrapados-por-las-pantallas-9788413849751\/#organizationLogo"},"sameAs":["https:\/\/www.facebook.com\/LlibreriaClaret","https:\/\/twitter.com\/LlibreriaClaret","https:\/\/www.instagram.com\/llibreriaclaret\/","https:\/\/www.tiktok.com\/@llibreriaclaret","https:\/\/www.youtube.com\/@llibreriaclaret","https:\/\/ca.wikipedia.org\/wiki\/Editorial_Claret"]},{"@type":"WebPage","@id":"https:\/\/www.claret.cat\/es\/libro\/ninos-atrapados-por-las-pantallas-9788413849751\/#webpage","url":"https:\/\/www.claret.cat\/es\/libro\/ninos-atrapados-por-las-pantallas-9788413849751\/","name":"NI\u00d1OS ATRAPADOS POR LAS PANTALLAS - JOV\u00c9, ROSA 9788413849751 | Llibreria Claret","description":"NI\u00d1OS ATRAPADOS POR LAS PANTALLAS de JOV\u00c9, ROSA disponible a\/en Llibreria Claret.","inLanguage":"es-ES","isPartOf":{"@id":"https:\/\/www.claret.cat\/es\/#website"},"breadcrumb":{"@id":"https:\/\/www.claret.cat\/es\/libro\/ninos-atrapados-por-las-pantallas-9788413849751\/#breadcrumblist"},"image":{"@type":"ImageObject","url":"https:\/\/www.claret.cat\/wp-content\/uploads\/.\/9788413849751-1.jpg","@id":"https:\/\/www.claret.cat\/es\/libro\/ninos-atrapados-por-las-pantallas-9788413849751\/#mainImage","width":250,"height":385,"caption":"9788413849751.jpg"},"primaryImageOfPage":{"@id":"https:\/\/www.claret.cat\/es\/libro\/ninos-atrapados-por-las-pantallas-9788413849751\/#mainImage"},"datePublished":"2025-02-07T13:15:32+01:00","dateModified":"2025-02-07T13:55:30+01:00"},{"@type":"WebSite","@id":"https:\/\/www.claret.cat\/es\/#website","url":"https:\/\/www.claret.cat\/es\/","name":"Llibreria Claret Barcelona","alternateName":"Llibreria Claret","description":"Llibreria religiosa a Barcelona","inLanguage":"es-ES","publisher":{"@id":"https:\/\/www.claret.cat\/es\/#organization"}}]},"og:locale":"es_ES","og:site_name":"Llibreria Claret - Llibreria religiosa a Barcelona","og:type":"article","og:title":"NI\u00d1OS ATRAPADOS POR LAS PANTALLAS - JOV\u00c9, ROSA 9788413849751 | Llibreria Claret","og:description":"NI\u00d1OS ATRAPADOS POR LAS PANTALLAS de JOV\u00c9, ROSA disponible a\/en Llibreria Claret.","og:url":"https:\/\/www.claret.cat\/es\/libro\/ninos-atrapados-por-las-pantallas-9788413849751\/","og:image":"https:\/\/dev.claret.cat\/wp-content\/uploads\/logo-claret.svg","og:image:secure_url":"https:\/\/dev.claret.cat\/wp-content\/uploads\/logo-claret.svg","article:published_time":"2025-02-07T12:15:32+00:00","article:modified_time":"2025-02-07T12:55:30+00:00","article:publisher":"https:\/\/www.facebook.com\/LlibreriaClaret","twitter:card":"summary_large_image","twitter:site":"@LlibreriaClaret","twitter:title":"NI\u00d1OS ATRAPADOS POR LAS PANTALLAS - JOV\u00c9, ROSA 9788413849751 | Llibreria Claret","twitter:description":"NI\u00d1OS ATRAPADOS POR LAS PANTALLAS de JOV\u00c9, ROSA disponible a\/en Llibreria Claret.","twitter:image":"http:\/\/dev.claret.cat\/wp-content\/uploads\/logo-claret.svg"},"aioseo_meta_data":{"post_id":"1004144","title":null,"description":null,"keywords":null,"keyphrases":null,"primary_term":null,"canonical_url":null,"og_title":null,"og_description":null,"og_object_type":"default","og_image_type":"default","og_image_url":null,"og_image_width":null,"og_image_height":null,"og_image_custom_url":null,"og_image_custom_fields":null,"og_video":null,"og_custom_url":null,"og_article_section":null,"og_article_tags":null,"twitter_use_og":false,"twitter_card":"default","twitter_image_type":"default","twitter_image_url":null,"twitter_image_custom_url":null,"twitter_image_custom_fields":null,"twitter_title":null,"twitter_description":null,"schema":{"blockGraphs":[],"customGraphs":[],"default":{"data":{"Article":[],"Course":[],"Dataset":[],"FAQPage":[],"Movie":[],"Person":[],"Product":[],"ProductReview":[],"Car":[],"Recipe":[],"Service":[],"SoftwareApplication":[],"WebPage":[]},"graphName":"","isEnabled":true},"graphs":[]},"schema_type":"default","schema_type_options":null,"pillar_content":false,"robots_default":true,"robots_noindex":false,"robots_noarchive":false,"robots_nosnippet":false,"robots_nofollow":false,"robots_noimageindex":false,"robots_noodp":false,"robots_notranslate":false,"robots_max_snippet":null,"robots_max_videopreview":null,"robots_max_imagepreview":"large","priority":null,"frequency":null,"local_seo":null,"seo_analyzer_scan_date":"2025-12-02 12:13:45","breadcrumb_settings":null,"limit_modified_date":false,"open_ai":null,"ai":null,"created":"2025-02-07 12:25:35","updated":"2025-12-02 12:13:45","focus_keyword":null,"additional_keywords":null,"truseo_locale":null},"aioseo_breadcrumb":"<div class=\"aioseo-breadcrumbs\"><span class=\"aioseo-breadcrumb\">\n\t<a href=\"https:\/\/www.claret.cat\/es\/\" title=\"Home\">Home<\/a>\n<\/span><span class=\"aioseo-breadcrumb-separator\">&raquo;<\/span><span class=\"aioseo-breadcrumb\">\n\t<a href=\"https:\/\/www.claret.cat\/?page_id=16\" title=\"Botiga\">Botiga<\/a>\n<\/span><span class=\"aioseo-breadcrumb-separator\">&raquo;<\/span><span class=\"aioseo-breadcrumb\">\n\t<a href=\"https:\/\/www.claret.cat\/categoria-producto\/cat\/\" title=\"CAT\">CAT<\/a>\n<\/span><span class=\"aioseo-breadcrumb-separator\">&raquo;<\/span><span class=\"aioseo-breadcrumb\">\n\t<a href=\"https:\/\/www.claret.cat\/categoria-producto\/cat\/3_infantil-juvenil\/\" title=\"Infantil \/ Juvenil\">Infantil \/ Juvenil<\/a>\n<\/span><span class=\"aioseo-breadcrumb-separator\">&raquo;<\/span><span class=\"aioseo-breadcrumb\">\n\t<a href=\"https:\/\/www.claret.cat\/categoria-producto\/cat\/3_infantil-juvenil\/escola-de-pares\/\" title=\"Escola de pares\">Escola de pares<\/a>\n<\/span><span class=\"aioseo-breadcrumb-separator\">&raquo;<\/span><span class=\"aioseo-breadcrumb\">\n\tNI\u00d1OS ATRAPADOS POR LAS PANTALLAS\n<\/span><\/div>","aioseo_breadcrumb_json":[{"label":"Home","link":"https:\/\/www.claret.cat\/es\/"},{"label":"Botiga","link":"https:\/\/www.claret.cat\/?page_id=16"},{"label":"CAT","link":"https:\/\/www.claret.cat\/categoria-producto\/cat\/"},{"label":"Infantil \/ Juvenil","link":"https:\/\/www.claret.cat\/categoria-producto\/cat\/3_infantil-juvenil\/"},{"label":"Escola de pares","link":"https:\/\/www.claret.cat\/categoria-producto\/cat\/3_infantil-juvenil\/escola-de-pares\/"},{"label":"NI\u00d1OS ATRAPADOS POR LAS PANTALLAS","link":"https:\/\/www.claret.cat\/es\/libro\/ninos-atrapados-por-las-pantallas-9788413849751\/"}],"_links":{"self":[{"href":"https:\/\/www.claret.cat\/es\/wp-json\/wp\/v2\/product\/1004144","targetHints":{"allow":["GET"]}}],"collection":[{"href":"https:\/\/www.claret.cat\/es\/wp-json\/wp\/v2\/product"}],"about":[{"href":"https:\/\/www.claret.cat\/es\/wp-json\/wp\/v2\/types\/product"}],"wp:featuredmedia":[{"embeddable":true,"href":"https:\/\/www.claret.cat\/es\/wp-json\/wp\/v2\/media\/1004185"}],"wp:attachment":[{"href":"https:\/\/www.claret.cat\/es\/wp-json\/wp\/v2\/media?parent=1004144"}],"wp:term":[{"taxonomy":"product_brand","embeddable":true,"href":"https:\/\/www.claret.cat\/es\/wp-json\/wp\/v2\/product_brand?post=1004144"},{"taxonomy":"product_cat","embeddable":true,"href":"https:\/\/www.claret.cat\/es\/wp-json\/wp\/v2\/product_cat?post=1004144"},{"taxonomy":"product_tag","embeddable":true,"href":"https:\/\/www.claret.cat\/es\/wp-json\/wp\/v2\/product_tag?post=1004144"}],"curies":[{"name":"wp","href":"https:\/\/api.w.org\/{rel}","templated":true}]}}