{"id":100423,"date":"2022-10-12T07:53:02","date_gmt":"2022-10-12T05:53:02","guid":{"rendered":"http:\/\/dev.claret.cat\/producte\/la-paradojica-realidad-de-dios\/"},"modified":"2023-01-28T17:39:25","modified_gmt":"2023-01-28T16:39:25","slug":"la-paradojica-realidad-de-dios-9788417796426","status":"publish","type":"product","link":"https:\/\/www.claret.cat\/es\/libro\/la-paradojica-realidad-de-dios-9788417796426\/","title":{"rendered":"LA PARAD\u00d3JICA REALIDAD DE DIOS"},"content":{"rendered":"<p>El monote\u00edsmo signific\u00f3 una ruptura con respecto a la idea religiosa del m\u00e1s all\u00e1: Dios se encuentra presente no como el titiritero que maneja los hilos desde arriba, sino como el Dios que retrocedi\u00f3 m\u00e1s all\u00e1 de lo creado, incluso de los cielos. La parad\u00f3jica realidad de Dios es que su presencia es la de un ausente, la de un Dios que no se deja asimilar como dios. Al fin y al cabo, el Dios b\u00edblico nunca fue homologable a lo que la conciencia religiosa entiende espont\u00e1neamente por divino.<br \/> La cuesti\u00f3n sobre la verdad de Dios puede traducirse como la pregunta por el verdadero poder: en manos de qui\u00e9n estamos. El creyente se dirige a un Dios que a\u00fan no es sin la entrega del hombre. No exige culto, sino respuesta hacia los m\u00e1s d\u00e9biles. Tan solo desde la propia desnudez o desamparo podemos responder a la demanda infinita de los que fueron desnudados por un mundo sin piedad. De ah\u00ed la paradoja: los capaces de Dios no son aquellos que creen contar con el apoyo de la divinidad, sino quienes no parece que cuenten ni siquiera para Dios.<br \/> La parad\u00f3jica realidad de Dios es el segundo t\u00edtulo de una trilog\u00eda cuyo primer volumen es Incapaces de Dios (Fragmenta, 2019). Cada uno de los vol\u00famenes puede ser le\u00eddo de forma independiente.<\/p>\n","protected":false},"excerpt":{"rendered":"<p>COBO CUCURULL, JOS\u00c9<\/p>\n","protected":false},"featured_media":100424,"template":"","meta":{"_acf_changed":false,"om_disable_all_campaigns":false,"rs_blank_template":"","rs_page_bg_color":"","slide_template_v7":"","inline_featured_image":false,"_monsterinsights_skip_tracking":false,"_monsterinsights_sitenote_active":false,"_monsterinsights_sitenote_note":"","_monsterinsights_sitenote_category":0},"product_brand":[],"product_cat":[16],"product_tag":[],"class_list":{"0":"post-100423","1":"product","2":"type-product","3":"status-publish","4":"has-post-thumbnail","6":"product_cat-sense-categoria","8":"first","9":"instock","10":"taxable","11":"shipping-taxable","12":"purchasable","13":"product-type-simple"},"acf":{"editorial":[{"ID":6258,"post_author":"3","post_date":"2022-07-28 17:48:20","post_date_gmt":"2022-07-28 15:48:20","post_content":"","post_title":"FRAGMENTA EDITORIAL","post_excerpt":"","post_status":"publish","comment_status":"closed","ping_status":"closed","post_password":"","post_name":"fragmenta-editorial","to_ping":"","pinged":"","post_modified":"2022-07-28 17:48:20","post_modified_gmt":"2022-07-28 15:48:20","post_content_filtered":"","post_parent":0,"guid":"http:\/\/dev.claret.cat\/editorial\/fragmenta-editorial\/","menu_order":0,"post_type":"editorial","post_mime_type":"","comment_count":"0","filter":"raw"}],"autor":"COBO CUCURULL, JOS\u00c9","codart":"841779642","libros-coleccion":"Fragmentos","ediciones":"1","encuadernacion":"R\u00fastica","fecha_de_publicacion":"01\/11\/2020","novedad":"1","paginas":"330","subtitulo":"","orden":"0","portada":"0","idioma":"spa","autores-libros":[{"ID":160226,"post_author":"3","post_date":"2022-10-14 15:51:19","post_date_gmt":"2022-10-14 13:51:19","post_content":"","post_title":"JOS\u00c9 COBO CUCURULL","post_excerpt":"","post_status":"publish","comment_status":"closed","ping_status":"closed","post_password":"","post_name":"jose-cobo-cucurull","to_ping":"","pinged":"","post_modified":"2022-10-14 15:51:19","post_modified_gmt":"2022-10-14 13:51:19","post_content_filtered":"","post_parent":0,"guid":"http:\/\/dev.claret.cat\/autor\/jose-cobo-cucurull\/","menu_order":0,"post_type":"autor","post_mime_type":"","comment_count":"0","filter":"raw"}]},"aioseo_notices":[],"_links":{"self":[{"href":"https:\/\/www.claret.cat\/es\/wp-json\/wp\/v2\/product\/100423","targetHints":{"allow":["GET"]}}],"collection":[{"href":"https:\/\/www.claret.cat\/es\/wp-json\/wp\/v2\/product"}],"about":[{"href":"https:\/\/www.claret.cat\/es\/wp-json\/wp\/v2\/types\/product"}],"wp:featuredmedia":[{"embeddable":true,"href":"https:\/\/www.claret.cat\/es\/wp-json\/wp\/v2\/media\/100424"}],"wp:attachment":[{"href":"https:\/\/www.claret.cat\/es\/wp-json\/wp\/v2\/media?parent=100423"}],"wp:term":[{"taxonomy":"product_brand","embeddable":true,"href":"https:\/\/www.claret.cat\/es\/wp-json\/wp\/v2\/product_brand?post=100423"},{"taxonomy":"product_cat","embeddable":true,"href":"https:\/\/www.claret.cat\/es\/wp-json\/wp\/v2\/product_cat?post=100423"},{"taxonomy":"product_tag","embeddable":true,"href":"https:\/\/www.claret.cat\/es\/wp-json\/wp\/v2\/product_tag?post=100423"}],"curies":[{"name":"wp","href":"https:\/\/api.w.org\/{rel}","templated":true}]}}