{"id":1004568,"date":"2025-02-11T13:45:39","date_gmt":"2025-02-11T12:45:39","guid":{"rendered":"https:\/\/www.claret.cat\/llibre\/los-ultimos-cien-dias-de-hitler-9788467075809\/"},"modified":"2025-04-23T20:55:17","modified_gmt":"2025-04-23T18:55:17","slug":"los-ultimos-cien-dias-de-hitler-9788467075809","status":"publish","type":"product","link":"https:\/\/www.claret.cat\/es\/libro\/los-ultimos-cien-dias-de-hitler-9788467075809\/","title":{"rendered":"LOS \u00daLTIMOS CIEN D\u00cdAS DE HITLER"},"content":{"rendered":"<p>Un apasionante diario que relata los momentos finales del F\u00fchrer desde su regreso a Berl\u00edn, el 15 de enero de 1945, hasta su muerte, el 30 de abril.Los meses finales de la Segunda Guerra Mundial en Europa fueron el periodo m\u00e1s sangriento y destructivo de todo el conflicto; tambi\u00e9n el m\u00e1s confuso y menos conocido. Cada d\u00eda, por t\u00e9rmino medio, treinta mil seres humanos perd\u00edan la vida en los distintos frentes, en las ciudades bombardeadas, en los convoyes de refugiados que hu\u00edan del Ej\u00e9rcito Rojo, en los nav\u00edos que se arriesgaban a navegar por el mar B\u00e1ltico, en las prisiones y los campos de concentraci\u00f3n, en los trenes, en los caminos por los que se evacuaba a los deportados&#x2026;<br \/> Hitler fue el gran responsable de esta org\u00eda de muerte y destrucci\u00f3n. Mermado por la enfermedad, acorralado, cuestionado u odiado por su propio pueblo, obligado a vivir bajo las bombas en un agujero h\u00famedo, sigui\u00f3 alimentando la hoguera hasta el final.<br \/> Para comprender este horror, Jean Lopez hace una minuciosa reconstrucci\u00f3n de los \u00faltimos d\u00edas del F\u00fchrer, sigui\u00e9ndole desde el 15 de enero de 1945, fecha de su regreso definitivo a Berl\u00edn, hasta su muerte, el 30 de abril, y aborda tambi\u00e9n algunos episodios importantes de ese periodo, como las marchas de la muerte, las verdaderas p\u00e9rdidas militares alemanas o los cr\u00edmenes de guerra sovi\u00e9ticos.<br \/> \u00abUn gran libro que marcar\u00e1 un hito. Jean Lopez relata la cr\u00f3nica \u00edntima, pol\u00edtica, ideol\u00f3gica y militar de los \u00faltimos d\u00edas del F\u00fchrer\u00bb, Le Figaro Magazine<\/p>\n","protected":false},"excerpt":{"rendered":"<p>LOPEZ, JEAN<\/p>\n","protected":false},"featured_media":1004612,"template":"","meta":{"_acf_changed":false,"om_disable_all_campaigns":false,"rs_blank_template":"","rs_page_bg_color":"","slide_template_v7":"","inline_featured_image":false,"_monsterinsights_skip_tracking":false,"_monsterinsights_sitenote_active":false,"_monsterinsights_sitenote_note":"","_monsterinsights_sitenote_category":0},"product_brand":[],"product_cat":[368,151],"product_tag":[],"class_list":{"0":"post-1004568","1":"product","2":"type-product","3":"status-publish","4":"has-post-thumbnail","6":"product_cat-contemporanea","7":"product_cat-contemporania","9":"first","10":"instock","11":"taxable","12":"shipping-taxable","13":"purchasable","14":"product-type-simple"},"acf":{"autor":"LOPEZ, JEAN","codart":"846707580","libros-coleccion":"NO FICCION","ediciones":"1","encuadernacion":"R\u00fastica","fecha_de_publicacion":"01\/02\/2025","novedad":"1","paginas":"312","subtitulo":"CR\u00d3NICA DEL APOCALIPSIS","orden":"0","portada":"0","idioma":"spa","editorial":[{"ID":6247,"post_author":"3","post_date":"2022-07-28 17:48:06","post_date_gmt":"2022-07-28 15:48:06","post_content":"","post_title":"ESPASA, EDITORIAL","post_excerpt":"","post_status":"publish","comment_status":"closed","ping_status":"closed","post_password":"","post_name":"espasa-editorial","to_ping":"","pinged":"","post_modified":"2022-07-28 17:48:06","post_modified_gmt":"2022-07-28 15:48:06","post_content_filtered":"","post_parent":0,"guid":"http:\/\/dev.claret.cat\/editorial\/espasa-editorial\/","menu_order":0,"post_type":"editorial","post_mime_type":"","comment_count":"0","filter":"raw"}],"booktrailer":"","resenas":""},"aioseo_notices":[],"_links":{"self":[{"href":"https:\/\/www.claret.cat\/es\/wp-json\/wp\/v2\/product\/1004568","targetHints":{"allow":["GET"]}}],"collection":[{"href":"https:\/\/www.claret.cat\/es\/wp-json\/wp\/v2\/product"}],"about":[{"href":"https:\/\/www.claret.cat\/es\/wp-json\/wp\/v2\/types\/product"}],"wp:featuredmedia":[{"embeddable":true,"href":"https:\/\/www.claret.cat\/es\/wp-json\/wp\/v2\/media\/1004612"}],"wp:attachment":[{"href":"https:\/\/www.claret.cat\/es\/wp-json\/wp\/v2\/media?parent=1004568"}],"wp:term":[{"taxonomy":"product_brand","embeddable":true,"href":"https:\/\/www.claret.cat\/es\/wp-json\/wp\/v2\/product_brand?post=1004568"},{"taxonomy":"product_cat","embeddable":true,"href":"https:\/\/www.claret.cat\/es\/wp-json\/wp\/v2\/product_cat?post=1004568"},{"taxonomy":"product_tag","embeddable":true,"href":"https:\/\/www.claret.cat\/es\/wp-json\/wp\/v2\/product_tag?post=1004568"}],"curies":[{"name":"wp","href":"https:\/\/api.w.org\/{rel}","templated":true}]}}