{"id":1004678,"date":"2025-02-12T12:25:37","date_gmt":"2025-02-12T11:25:37","guid":{"rendered":"https:\/\/www.claret.cat\/llibre\/trastornos-del-cerebro-9788410320109\/"},"modified":"2025-03-04T11:35:14","modified_gmt":"2025-03-04T10:35:14","slug":"trastornos-del-cerebro-9788410320109","status":"publish","type":"product","link":"https:\/\/www.claret.cat\/es\/libro\/trastornos-del-cerebro-9788410320109\/","title":{"rendered":"TRASTORNOS DEL CEREBRO"},"content":{"rendered":"<p>El ser humano tiene el privilegio de tener el \u00f3rgano m\u00e1s complicado que hay en la naturaleza: el cerebro. A pesar de las investigaciones y de las aproximaciones que se han realizado en cuanto a su funcionamiento, sigue siendo un misterio. Los trastornos cerebrales son m\u00faltiples y variados, pudiendo acontecer en cualquier momento de la vida de una persona. Las observaciones m\u00e9dicas ante ciertos trastornos cerebrales como una demencia ponen de relieve que junto al deterioro cerebral tambi\u00e9n existe una progresiva disoluci\u00f3n del sujeto. Lo mismo puede ocurrir en las enfermedades mentales u otras que tienen repercusiones nefastas.<\/p>\n","protected":false},"excerpt":{"rendered":"<p>MUNTAN\u00c9, AMADEO<\/p>\n","protected":false},"featured_media":1004679,"template":"","meta":{"_acf_changed":false,"om_disable_all_campaigns":false,"rs_blank_template":"","rs_page_bg_color":"","slide_template_v7":"","inline_featured_image":false,"_monsterinsights_skip_tracking":false,"_monsterinsights_sitenote_active":false,"_monsterinsights_sitenote_note":"","_monsterinsights_sitenote_category":0},"product_brand":[],"product_cat":[180,448],"product_tag":[],"class_list":{"0":"post-1004678","1":"product","2":"type-product","3":"status-publish","4":"has-post-thumbnail","6":"product_cat-psiquiatria-i-psicoterapia","7":"product_cat-psiquiatria-y-psicoterapia","9":"first","10":"instock","11":"taxable","12":"shipping-taxable","13":"purchasable","14":"product-type-simple"},"acf":{"autor":"MUNTAN\u00c9, AMADEO","codart":"841032010","libros-coleccion":"UNA INMERSI\u00d3N R\u00c1PIDA","ediciones":"1","encuadernacion":"R\u00fastica","fecha_de_publicacion":"01\/01\/2025","novedad":"1","paginas":"194","subtitulo":"UNA INMERSI\u00d3N R\u00c1PIDA","orden":"0","portada":"0","idioma":"spa","editorial":[{"ID":6375,"post_author":"3","post_date":"2022-07-28 17:50:51","post_date_gmt":"2022-07-28 15:50:51","post_content":"","post_title":"Tibidabo Ediciones","post_excerpt":"","post_status":"publish","comment_status":"closed","ping_status":"closed","post_password":"","post_name":"tibidabo-ediciones","to_ping":"","pinged":"","post_modified":"2022-07-28 17:50:51","post_modified_gmt":"2022-07-28 15:50:51","post_content_filtered":"","post_parent":0,"guid":"http:\/\/dev.claret.cat\/editorial\/tibidabo-ediciones\/","menu_order":0,"post_type":"editorial","post_mime_type":"","comment_count":"0","filter":"raw"}]},"aioseo_notices":[],"_links":{"self":[{"href":"https:\/\/www.claret.cat\/es\/wp-json\/wp\/v2\/product\/1004678","targetHints":{"allow":["GET"]}}],"collection":[{"href":"https:\/\/www.claret.cat\/es\/wp-json\/wp\/v2\/product"}],"about":[{"href":"https:\/\/www.claret.cat\/es\/wp-json\/wp\/v2\/types\/product"}],"wp:featuredmedia":[{"embeddable":true,"href":"https:\/\/www.claret.cat\/es\/wp-json\/wp\/v2\/media\/1004679"}],"wp:attachment":[{"href":"https:\/\/www.claret.cat\/es\/wp-json\/wp\/v2\/media?parent=1004678"}],"wp:term":[{"taxonomy":"product_brand","embeddable":true,"href":"https:\/\/www.claret.cat\/es\/wp-json\/wp\/v2\/product_brand?post=1004678"},{"taxonomy":"product_cat","embeddable":true,"href":"https:\/\/www.claret.cat\/es\/wp-json\/wp\/v2\/product_cat?post=1004678"},{"taxonomy":"product_tag","embeddable":true,"href":"https:\/\/www.claret.cat\/es\/wp-json\/wp\/v2\/product_tag?post=1004678"}],"curies":[{"name":"wp","href":"https:\/\/api.w.org\/{rel}","templated":true}]}}