{"id":1005048,"date":"2025-02-13T16:05:44","date_gmt":"2025-02-13T15:05:44","guid":{"rendered":"https:\/\/www.claret.cat\/llibre\/el-retorn-de-la-magia-9788424675455\/"},"modified":"2025-10-27T13:26:48","modified_gmt":"2025-10-27T12:26:48","slug":"el-retorn-de-la-magia-9788424675455","status":"publish","type":"product","link":"https:\/\/www.claret.cat\/es\/libro\/el-retorn-de-la-magia-9788424675455\/","title":{"rendered":"EL RETORN DE LA M\u00c0GIA"},"content":{"rendered":"<p>Primer t\u00edtol d&#x2019;una s\u00e8rie que actualitza el concepte de \u00abTria la teva aventura\u00bb, amb<br \/> il\u00b7lustracions estil manga i m\u00e9s de 20 decisions per escollir!<\/p>\n<p> Quan l&#x2019;Eko, un adolescent curi\u00f3s i obsessionat amb el m\u00f3n paranormal, funda El Club dels Prodigis amb la Sira i en Soren, els seus millors amics, no hauria dit mai que els seus somnis es tornarien reals. El que comen\u00e7a com una investigaci\u00f3 rutin\u00e0ria per al seu p\u00f2dcast de misteris pren un gir inesperat quan la nit de Sant Joan coneixen la Laia, una noia atrapada en una antiga masia.<\/p>\n<p> Amb l&#x2019;ajuda d&#x2019;un eri\u00e7\u00f3 parlant, la Laia porta el Club a una missi\u00f3 perillosa: obrir un portal i revelar els secrets que la seva fam\u00edlia ha guardat durant generacions. Per\u00f2 entrar al m\u00f3n de la m\u00e0gia no \u00e9s tan senzill, i cada pas que fan podria tenir conseq\u00fc\u00e8ncies irreversibles. Prepara&#x2019;t per creuar el portal cap a un m\u00f3n on la m\u00e0gia existeix, els herois porten ulleres de sol i els prodigis no s\u00f3n un mite.<\/p>\n<p> Tu decideixes el dest\u00ed de la seva aventura!<\/p>\n","protected":false},"excerpt":{"rendered":"<p>MORAL, ERIC<\/p>\n","protected":false},"featured_media":1018537,"template":"","meta":{"_acf_changed":false,"om_disable_all_campaigns":false,"rs_blank_template":"","rs_page_bg_color":"","slide_template_v7":"","inline_featured_image":false,"_monsterinsights_skip_tracking":false,"_monsterinsights_sitenote_active":false,"_monsterinsights_sitenote_note":"","_monsterinsights_sitenote_category":0},"product_brand":[],"product_cat":[132,362],"product_tag":[],"class_list":{"0":"post-1005048","1":"product","2":"type-product","3":"status-publish","4":"has-post-thumbnail","6":"product_cat-lectures-per-preadolescents-6-12-anys","7":"product_cat-libros-preadolescentes-6-12-anos","9":"first","10":"instock","11":"taxable","12":"shipping-taxable","13":"purchasable","14":"product-type-simple"},"acf":{"autor":"MORAL, ERIC","codart":"842467545","libros-coleccion":"FORA DE COL.LECCI\u00d3","ediciones":"1","encuadernacion":"R\u00fastica","fecha_de_publicacion":"01\/02\/2025","novedad":"1","paginas":"304","subtitulo":"","orden":"0","portada":"0","idioma":"cat","editorial":[{"ID":148189,"post_author":"3","post_date":"2022-10-14 11:56:19","post_date_gmt":"2022-10-14 09:56:19","post_content":"","post_title":"GALERA, EDITORIAL","post_excerpt":"","post_status":"publish","comment_status":"closed","ping_status":"closed","post_password":"","post_name":"galera-editorial","to_ping":"","pinged":"","post_modified":"2022-10-14 11:56:19","post_modified_gmt":"2022-10-14 09:56:19","post_content_filtered":"","post_parent":0,"guid":"http:\/\/dev.claret.cat\/editorial\/galera-editorial\/","menu_order":0,"post_type":"editorial","post_mime_type":"","comment_count":"0","filter":"raw"}],"booktrailer":"","resenas":""},"aioseo_notices":[],"_links":{"self":[{"href":"https:\/\/www.claret.cat\/es\/wp-json\/wp\/v2\/product\/1005048","targetHints":{"allow":["GET"]}}],"collection":[{"href":"https:\/\/www.claret.cat\/es\/wp-json\/wp\/v2\/product"}],"about":[{"href":"https:\/\/www.claret.cat\/es\/wp-json\/wp\/v2\/types\/product"}],"wp:featuredmedia":[{"embeddable":true,"href":"https:\/\/www.claret.cat\/es\/wp-json\/wp\/v2\/media\/1018537"}],"wp:attachment":[{"href":"https:\/\/www.claret.cat\/es\/wp-json\/wp\/v2\/media?parent=1005048"}],"wp:term":[{"taxonomy":"product_brand","embeddable":true,"href":"https:\/\/www.claret.cat\/es\/wp-json\/wp\/v2\/product_brand?post=1005048"},{"taxonomy":"product_cat","embeddable":true,"href":"https:\/\/www.claret.cat\/es\/wp-json\/wp\/v2\/product_cat?post=1005048"},{"taxonomy":"product_tag","embeddable":true,"href":"https:\/\/www.claret.cat\/es\/wp-json\/wp\/v2\/product_tag?post=1005048"}],"curies":[{"name":"wp","href":"https:\/\/api.w.org\/{rel}","templated":true}]}}