{"id":1005416,"date":"2025-02-14T17:02:02","date_gmt":"2025-02-14T16:02:02","guid":{"rendered":"https:\/\/www.claret.cat\/llibre\/quien-decis-que-soy-yo-9788415022640\/"},"modified":"2025-02-14T17:02:11","modified_gmt":"2025-02-14T16:02:11","slug":"quien-decis-que-soy-yo-9788415022640","status":"publish","type":"product","link":"https:\/\/www.claret.cat\/es\/libro\/quien-decis-que-soy-yo-9788415022640\/","title":{"rendered":"\u00bfQUI\u00c9N DEC\u00cdS QUE SOY YO?"},"content":{"rendered":"<p>\u00bfQu\u00e9 actitud tom\u00f3 Jes\u00fas ante su vida? \u00bfY ante su muerte? \u00bfQu\u00e9 nos piden sus opciones que hagamos? Pero, sobre todo, \u00bfqui\u00e9n es este Jes\u00fas para nosotros hoy? El Evangelio de Marcos nos ayuda a dar una respuesta a estas preguntas, una respuesta que se hace profesi\u00f3n de fe, que afecta a toda nuestra vida.<\/p>\n","protected":false},"excerpt":{"rendered":"<p>FORTE, BRUNO<\/p>\n","protected":false},"featured_media":1005417,"template":"","meta":{"_acf_changed":false,"om_disable_all_campaigns":false,"rs_blank_template":"","rs_page_bg_color":"","slide_template_v7":"","inline_featured_image":false,"_monsterinsights_skip_tracking":false},"product_brand":[],"product_cat":[90,540],"product_tag":[],"class_list":["post-1005416","product","type-product","status-publish","has-post-thumbnail","product_cat-altres","product_cat-otros","first","instock","taxable","shipping-taxable","purchasable","product-type-simple"],"acf":{"autor":"FORTE, BRUNO","codart":"841502264","libros-coleccion":"","ediciones":"1","encuadernacion":"R\u00fastica","fecha_de_publicacion":"01\/06\/2013","novedad":"0","paginas":"84","subtitulo":"CAMINAMOS CON JES\u00daS EN EL EVANGELIO DE MARCOS","orden":"999","portada":"0","idioma":"spa","editorial":[{"ID":148648,"post_author":"3","post_date":"2022-10-14 11:59:53","post_date_gmt":"2022-10-14 09:59:53","post_content":"","post_title":"PAULINAS","post_excerpt":"","post_status":"publish","comment_status":"closed","ping_status":"closed","post_password":"","post_name":"paulinas","to_ping":"","pinged":"","post_modified":"2022-10-14 11:59:53","post_modified_gmt":"2022-10-14 09:59:53","post_content_filtered":"","post_parent":0,"guid":"http:\/\/dev.claret.cat\/editorial\/paulinas\/","menu_order":0,"post_type":"editorial","post_mime_type":"","comment_count":"0","filter":"raw"}],"autores-libros":[{"ID":151932,"post_author":"3","post_date":"2022-10-14 14:44:47","post_date_gmt":"2022-10-14 12:44:47","post_content":"","post_title":"BRUNO FORTE","post_excerpt":"","post_status":"publish","comment_status":"closed","ping_status":"closed","post_password":"","post_name":"bruno-forte-2","to_ping":"","pinged":"","post_modified":"2022-10-14 14:44:47","post_modified_gmt":"2022-10-14 12:44:47","post_content_filtered":"","post_parent":0,"guid":"http:\/\/dev.claret.cat\/autor\/bruno-forte-2\/","menu_order":0,"post_type":"autor","post_mime_type":"","comment_count":"0","filter":"raw"}]},"aioseo_notices":[],"aioseo_head":"\n\t\t<!-- All in One SEO Pro 5.0.1.1 - aioseo.com -->\n\t<meta name=\"description\" content=\"\u00bfQUI\u00c9N DEC\u00cdS QUE SOY YO? de FORTE, BRUNO disponible a\/en Llibreria Claret.\" \/>\n\t<meta name=\"robots\" content=\"max-image-preview:large\" \/>\n\t<meta name=\"google-site-verification\" content=\"xVtlFxJ-TfkIu-D-lt7XeLobefg5EIQiXTuqcSf8Rf0\" \/>\n\t<link rel=\"canonical\" href=\"https:\/\/www.claret.cat\/es\/libro\/quien-decis-que-soy-yo-9788415022640\/\" \/>\n\t<meta name=\"generator\" content=\"All in One SEO Pro (AIOSEO) 5.0.1.1\" \/>\n\t\t<meta property=\"og:locale\" content=\"es_ES\" \/>\n\t\t<meta property=\"og:site_name\" content=\"Llibreria Claret - Llibreria religiosa a Barcelona\" \/>\n\t\t<meta property=\"og:type\" content=\"article\" \/>\n\t\t<meta property=\"og:title\" content=\"\u00bfQUI\u00c9N DEC\u00cdS QUE SOY YO? - FORTE, BRUNO 9788415022640 | Llibreria Claret\" \/>\n\t\t<meta property=\"og:description\" content=\"\u00bfQUI\u00c9N DEC\u00cdS QUE SOY YO? de FORTE, BRUNO disponible a\/en Llibreria Claret.\" \/>\n\t\t<meta property=\"og:url\" content=\"https:\/\/www.claret.cat\/es\/libro\/quien-decis-que-soy-yo-9788415022640\/\" \/>\n\t\t<meta property=\"og:image\" content=\"https:\/\/dev.claret.cat\/wp-content\/uploads\/logo-claret.svg\" \/>\n\t\t<meta property=\"og:image:secure_url\" content=\"https:\/\/dev.claret.cat\/wp-content\/uploads\/logo-claret.svg\" \/>\n\t\t<meta property=\"article:published_time\" content=\"2025-02-14T16:02:02+00:00\" \/>\n\t\t<meta property=\"article:modified_time\" content=\"2025-02-14T16:02:11+00:00\" \/>\n\t\t<meta property=\"article:publisher\" content=\"https:\/\/www.facebook.com\/LlibreriaClaret\" \/>\n\t\t<meta name=\"twitter:card\" content=\"summary_large_image\" \/>\n\t\t<meta name=\"twitter:site\" content=\"@LlibreriaClaret\" \/>\n\t\t<meta name=\"twitter:title\" content=\"\u00bfQUI\u00c9N DEC\u00cdS QUE SOY YO? - FORTE, BRUNO 9788415022640 | Llibreria Claret\" \/>\n\t\t<meta name=\"twitter:description\" content=\"\u00bfQUI\u00c9N DEC\u00cdS QUE SOY YO? de FORTE, BRUNO disponible a\/en Llibreria Claret.\" \/>\n\t\t<meta name=\"twitter:image\" content=\"http:\/\/dev.claret.cat\/wp-content\/uploads\/logo-claret.svg\" \/>\n\t\t<script type=\"application\/ld+json\" class=\"aioseo-schema\">\n\t\t\t{\"@context\":\"https:\\\/\\\/schema.org\",\"@graph\":[{\"@type\":\"BreadcrumbList\",\"@id\":\"https:\\\/\\\/www.claret.cat\\\/es\\\/libro\\\/quien-decis-que-soy-yo-9788415022640\\\/#breadcrumblist\",\"itemListElement\":[{\"@type\":\"ListItem\",\"@id\":\"https:\\\/\\\/www.claret.cat\\\/es\\\/#listItem\",\"position\":1,\"name\":\"Home\",\"item\":\"https:\\\/\\\/www.claret.cat\\\/es\\\/\",\"nextItem\":{\"@type\":\"ListItem\",\"@id\":\"https:\\\/\\\/www.claret.cat\\\/?page_id=16#listItem\",\"name\":\"Botiga\"}},{\"@type\":\"ListItem\",\"@id\":\"https:\\\/\\\/www.claret.cat\\\/?page_id=16#listItem\",\"position\":2,\"name\":\"Botiga\",\"item\":\"https:\\\/\\\/www.claret.cat\\\/?page_id=16\",\"nextItem\":{\"@type\":\"ListItem\",\"@id\":\"https:\\\/\\\/www.claret.cat\\\/categoria-producto\\\/cat\\\/#listItem\",\"name\":\"CAT\"},\"previousItem\":{\"@type\":\"ListItem\",\"@id\":\"https:\\\/\\\/www.claret.cat\\\/es\\\/#listItem\",\"name\":\"Home\"}},{\"@type\":\"ListItem\",\"@id\":\"https:\\\/\\\/www.claret.cat\\\/categoria-producto\\\/cat\\\/#listItem\",\"position\":3,\"name\":\"CAT\",\"item\":\"https:\\\/\\\/www.claret.cat\\\/categoria-producto\\\/cat\\\/\",\"nextItem\":{\"@type\":\"ListItem\",\"@id\":\"https:\\\/\\\/www.claret.cat\\\/categoria-producto\\\/cat\\\/5_altres\\\/#listItem\",\"name\":\"Altres\"},\"previousItem\":{\"@type\":\"ListItem\",\"@id\":\"https:\\\/\\\/www.claret.cat\\\/?page_id=16#listItem\",\"name\":\"Botiga\"}},{\"@type\":\"ListItem\",\"@id\":\"https:\\\/\\\/www.claret.cat\\\/categoria-producto\\\/cat\\\/5_altres\\\/#listItem\",\"position\":4,\"name\":\"Altres\",\"item\":\"https:\\\/\\\/www.claret.cat\\\/categoria-producto\\\/cat\\\/5_altres\\\/\",\"nextItem\":{\"@type\":\"ListItem\",\"@id\":\"https:\\\/\\\/www.claret.cat\\\/categoria-producto\\\/cat\\\/5_altres\\\/altres\\\/#listItem\",\"name\":\"Altres\"},\"previousItem\":{\"@type\":\"ListItem\",\"@id\":\"https:\\\/\\\/www.claret.cat\\\/categoria-producto\\\/cat\\\/#listItem\",\"name\":\"CAT\"}},{\"@type\":\"ListItem\",\"@id\":\"https:\\\/\\\/www.claret.cat\\\/categoria-producto\\\/cat\\\/5_altres\\\/altres\\\/#listItem\",\"position\":5,\"name\":\"Altres\",\"item\":\"https:\\\/\\\/www.claret.cat\\\/categoria-producto\\\/cat\\\/5_altres\\\/altres\\\/\",\"nextItem\":{\"@type\":\"ListItem\",\"@id\":\"https:\\\/\\\/www.claret.cat\\\/es\\\/libro\\\/quien-decis-que-soy-yo-9788415022640\\\/#listItem\",\"name\":\"\\u00bfQUI\\u00c9N DEC\\u00cdS QUE SOY YO?\"},\"previousItem\":{\"@type\":\"ListItem\",\"@id\":\"https:\\\/\\\/www.claret.cat\\\/categoria-producto\\\/cat\\\/5_altres\\\/#listItem\",\"name\":\"Altres\"}},{\"@type\":\"ListItem\",\"@id\":\"https:\\\/\\\/www.claret.cat\\\/es\\\/libro\\\/quien-decis-que-soy-yo-9788415022640\\\/#listItem\",\"position\":6,\"name\":\"\\u00bfQUI\\u00c9N DEC\\u00cdS QUE SOY YO?\",\"previousItem\":{\"@type\":\"ListItem\",\"@id\":\"https:\\\/\\\/www.claret.cat\\\/categoria-producto\\\/cat\\\/5_altres\\\/altres\\\/#listItem\",\"name\":\"Altres\"}}]},{\"@type\":\"ItemPage\",\"@id\":\"https:\\\/\\\/www.claret.cat\\\/es\\\/libro\\\/quien-decis-que-soy-yo-9788415022640\\\/#itempage\",\"url\":\"https:\\\/\\\/www.claret.cat\\\/es\\\/libro\\\/quien-decis-que-soy-yo-9788415022640\\\/\",\"name\":\"\\u00bfQUI\\u00c9N DEC\\u00cdS QUE SOY YO? - FORTE, BRUNO 9788415022640 | Llibreria Claret\",\"description\":\"\\u00bfQUI\\u00c9N DEC\\u00cdS QUE SOY YO? de FORTE, BRUNO disponible a\\\/en Llibreria Claret.\",\"inLanguage\":\"es-ES\",\"isPartOf\":{\"@id\":\"https:\\\/\\\/www.claret.cat\\\/es\\\/#website\"},\"breadcrumb\":{\"@id\":\"https:\\\/\\\/www.claret.cat\\\/es\\\/libro\\\/quien-decis-que-soy-yo-9788415022640\\\/#breadcrumblist\"},\"image\":{\"@type\":\"ImageObject\",\"url\":\"https:\\\/\\\/www.claret.cat\\\/wp-content\\\/uploads\\\/.\\\/9788415022640.jpg\",\"@id\":\"https:\\\/\\\/www.claret.cat\\\/es\\\/libro\\\/quien-decis-que-soy-yo-9788415022640\\\/#mainImage\",\"width\":250,\"height\":399,\"caption\":\"9788415022640.jpg\"},\"primaryImageOfPage\":{\"@id\":\"https:\\\/\\\/www.claret.cat\\\/es\\\/libro\\\/quien-decis-que-soy-yo-9788415022640\\\/#mainImage\"},\"datePublished\":\"2025-02-14T17:02:02+01:00\",\"dateModified\":\"2025-02-14T17:02:11+01:00\"},{\"@type\":\"Organization\",\"@id\":\"https:\\\/\\\/www.claret.cat\\\/es\\\/#organization\",\"name\":\"Llibreria Claret\",\"description\":\"Llibreria religiosa a Barcelona\",\"url\":\"https:\\\/\\\/www.claret.cat\\\/es\\\/\",\"email\":\"comunicacio@claret.cat\",\"telephone\":\"+34933010887\",\"logo\":{\"@type\":\"ImageObject\",\"url\":\"https:\\\/\\\/www.claret.cat\\\/wp-content\\\/uploads\\\/.\\\/logo-claret-es.png\",\"@id\":\"https:\\\/\\\/www.claret.cat\\\/es\\\/libro\\\/quien-decis-que-soy-yo-9788415022640\\\/#organizationLogo\",\"width\":195,\"height\":79},\"image\":{\"@id\":\"https:\\\/\\\/www.claret.cat\\\/es\\\/libro\\\/quien-decis-que-soy-yo-9788415022640\\\/#organizationLogo\"},\"sameAs\":[\"https:\\\/\\\/www.facebook.com\\\/LlibreriaClaret\",\"https:\\\/\\\/twitter.com\\\/LlibreriaClaret\",\"https:\\\/\\\/www.instagram.com\\\/llibreriaclaret\\\/\",\"https:\\\/\\\/www.tiktok.com\\\/@llibreriaclaret\",\"https:\\\/\\\/www.youtube.com\\\/@llibreriaclaret\",\"https:\\\/\\\/ca.wikipedia.org\\\/wiki\\\/Editorial_Claret\"]},{\"@type\":\"WebPage\",\"@id\":\"https:\\\/\\\/www.claret.cat\\\/es\\\/libro\\\/quien-decis-que-soy-yo-9788415022640\\\/#webpage\",\"url\":\"https:\\\/\\\/www.claret.cat\\\/es\\\/libro\\\/quien-decis-que-soy-yo-9788415022640\\\/\",\"name\":\"\\u00bfQUI\\u00c9N DEC\\u00cdS QUE SOY YO? - FORTE, BRUNO 9788415022640 | Llibreria Claret\",\"description\":\"\\u00bfQUI\\u00c9N DEC\\u00cdS QUE SOY YO? de FORTE, BRUNO disponible a\\\/en Llibreria Claret.\",\"inLanguage\":\"es-ES\",\"isPartOf\":{\"@id\":\"https:\\\/\\\/www.claret.cat\\\/es\\\/#website\"},\"breadcrumb\":{\"@id\":\"https:\\\/\\\/www.claret.cat\\\/es\\\/libro\\\/quien-decis-que-soy-yo-9788415022640\\\/#breadcrumblist\"},\"image\":{\"@type\":\"ImageObject\",\"url\":\"https:\\\/\\\/www.claret.cat\\\/wp-content\\\/uploads\\\/.\\\/9788415022640.jpg\",\"@id\":\"https:\\\/\\\/www.claret.cat\\\/es\\\/libro\\\/quien-decis-que-soy-yo-9788415022640\\\/#mainImage\",\"width\":250,\"height\":399,\"caption\":\"9788415022640.jpg\"},\"primaryImageOfPage\":{\"@id\":\"https:\\\/\\\/www.claret.cat\\\/es\\\/libro\\\/quien-decis-que-soy-yo-9788415022640\\\/#mainImage\"},\"datePublished\":\"2025-02-14T17:02:02+01:00\",\"dateModified\":\"2025-02-14T17:02:11+01:00\"},{\"@type\":\"WebSite\",\"@id\":\"https:\\\/\\\/www.claret.cat\\\/es\\\/#website\",\"url\":\"https:\\\/\\\/www.claret.cat\\\/es\\\/\",\"name\":\"Llibreria Claret Barcelona\",\"alternateName\":\"Llibreria Claret\",\"description\":\"Llibreria religiosa a Barcelona\",\"inLanguage\":\"es-ES\",\"publisher\":{\"@id\":\"https:\\\/\\\/www.claret.cat\\\/es\\\/#organization\"}}]}\n\t\t<\/script>\n\t\t<!-- All in One SEO Pro -->\r\n\t\t<title>\u00bfQUI\u00c9N DEC\u00cdS QUE SOY YO? - FORTE, BRUNO 9788415022640 | Llibreria Claret<\/title>\n\n","aioseo_head_json":{"title":"\u00bfQUI\u00c9N DEC\u00cdS QUE SOY YO? - FORTE, BRUNO 9788415022640 | Llibreria Claret","description":"\u00bfQUI\u00c9N DEC\u00cdS QUE SOY YO? de FORTE, BRUNO disponible a\/en Llibreria Claret.","canonical_url":"https:\/\/www.claret.cat\/es\/libro\/quien-decis-que-soy-yo-9788415022640\/","robots":"max-image-preview:large","keywords":"","webmasterTools":{"google-site-verification":"xVtlFxJ-TfkIu-D-lt7XeLobefg5EIQiXTuqcSf8Rf0","miscellaneous":""},"schema":{"@context":"https:\/\/schema.org","@graph":[{"@type":"BreadcrumbList","@id":"https:\/\/www.claret.cat\/es\/libro\/quien-decis-que-soy-yo-9788415022640\/#breadcrumblist","itemListElement":[{"@type":"ListItem","@id":"https:\/\/www.claret.cat\/es\/#listItem","position":1,"name":"Home","item":"https:\/\/www.claret.cat\/es\/","nextItem":{"@type":"ListItem","@id":"https:\/\/www.claret.cat\/?page_id=16#listItem","name":"Botiga"}},{"@type":"ListItem","@id":"https:\/\/www.claret.cat\/?page_id=16#listItem","position":2,"name":"Botiga","item":"https:\/\/www.claret.cat\/?page_id=16","nextItem":{"@type":"ListItem","@id":"https:\/\/www.claret.cat\/categoria-producto\/cat\/#listItem","name":"CAT"},"previousItem":{"@type":"ListItem","@id":"https:\/\/www.claret.cat\/es\/#listItem","name":"Home"}},{"@type":"ListItem","@id":"https:\/\/www.claret.cat\/categoria-producto\/cat\/#listItem","position":3,"name":"CAT","item":"https:\/\/www.claret.cat\/categoria-producto\/cat\/","nextItem":{"@type":"ListItem","@id":"https:\/\/www.claret.cat\/categoria-producto\/cat\/5_altres\/#listItem","name":"Altres"},"previousItem":{"@type":"ListItem","@id":"https:\/\/www.claret.cat\/?page_id=16#listItem","name":"Botiga"}},{"@type":"ListItem","@id":"https:\/\/www.claret.cat\/categoria-producto\/cat\/5_altres\/#listItem","position":4,"name":"Altres","item":"https:\/\/www.claret.cat\/categoria-producto\/cat\/5_altres\/","nextItem":{"@type":"ListItem","@id":"https:\/\/www.claret.cat\/categoria-producto\/cat\/5_altres\/altres\/#listItem","name":"Altres"},"previousItem":{"@type":"ListItem","@id":"https:\/\/www.claret.cat\/categoria-producto\/cat\/#listItem","name":"CAT"}},{"@type":"ListItem","@id":"https:\/\/www.claret.cat\/categoria-producto\/cat\/5_altres\/altres\/#listItem","position":5,"name":"Altres","item":"https:\/\/www.claret.cat\/categoria-producto\/cat\/5_altres\/altres\/","nextItem":{"@type":"ListItem","@id":"https:\/\/www.claret.cat\/es\/libro\/quien-decis-que-soy-yo-9788415022640\/#listItem","name":"\u00bfQUI\u00c9N DEC\u00cdS QUE SOY YO?"},"previousItem":{"@type":"ListItem","@id":"https:\/\/www.claret.cat\/categoria-producto\/cat\/5_altres\/#listItem","name":"Altres"}},{"@type":"ListItem","@id":"https:\/\/www.claret.cat\/es\/libro\/quien-decis-que-soy-yo-9788415022640\/#listItem","position":6,"name":"\u00bfQUI\u00c9N DEC\u00cdS QUE SOY YO?","previousItem":{"@type":"ListItem","@id":"https:\/\/www.claret.cat\/categoria-producto\/cat\/5_altres\/altres\/#listItem","name":"Altres"}}]},{"@type":"ItemPage","@id":"https:\/\/www.claret.cat\/es\/libro\/quien-decis-que-soy-yo-9788415022640\/#itempage","url":"https:\/\/www.claret.cat\/es\/libro\/quien-decis-que-soy-yo-9788415022640\/","name":"\u00bfQUI\u00c9N DEC\u00cdS QUE SOY YO? - FORTE, BRUNO 9788415022640 | Llibreria Claret","description":"\u00bfQUI\u00c9N DEC\u00cdS QUE SOY YO? de FORTE, BRUNO disponible a\/en Llibreria Claret.","inLanguage":"es-ES","isPartOf":{"@id":"https:\/\/www.claret.cat\/es\/#website"},"breadcrumb":{"@id":"https:\/\/www.claret.cat\/es\/libro\/quien-decis-que-soy-yo-9788415022640\/#breadcrumblist"},"image":{"@type":"ImageObject","url":"https:\/\/www.claret.cat\/wp-content\/uploads\/.\/9788415022640.jpg","@id":"https:\/\/www.claret.cat\/es\/libro\/quien-decis-que-soy-yo-9788415022640\/#mainImage","width":250,"height":399,"caption":"9788415022640.jpg"},"primaryImageOfPage":{"@id":"https:\/\/www.claret.cat\/es\/libro\/quien-decis-que-soy-yo-9788415022640\/#mainImage"},"datePublished":"2025-02-14T17:02:02+01:00","dateModified":"2025-02-14T17:02:11+01:00"},{"@type":"Organization","@id":"https:\/\/www.claret.cat\/es\/#organization","name":"Llibreria Claret","description":"Llibreria religiosa a Barcelona","url":"https:\/\/www.claret.cat\/es\/","email":"comunicacio@claret.cat","telephone":"+34933010887","logo":{"@type":"ImageObject","url":"https:\/\/www.claret.cat\/wp-content\/uploads\/.\/logo-claret-es.png","@id":"https:\/\/www.claret.cat\/es\/libro\/quien-decis-que-soy-yo-9788415022640\/#organizationLogo","width":195,"height":79},"image":{"@id":"https:\/\/www.claret.cat\/es\/libro\/quien-decis-que-soy-yo-9788415022640\/#organizationLogo"},"sameAs":["https:\/\/www.facebook.com\/LlibreriaClaret","https:\/\/twitter.com\/LlibreriaClaret","https:\/\/www.instagram.com\/llibreriaclaret\/","https:\/\/www.tiktok.com\/@llibreriaclaret","https:\/\/www.youtube.com\/@llibreriaclaret","https:\/\/ca.wikipedia.org\/wiki\/Editorial_Claret"]},{"@type":"WebPage","@id":"https:\/\/www.claret.cat\/es\/libro\/quien-decis-que-soy-yo-9788415022640\/#webpage","url":"https:\/\/www.claret.cat\/es\/libro\/quien-decis-que-soy-yo-9788415022640\/","name":"\u00bfQUI\u00c9N DEC\u00cdS QUE SOY YO? - FORTE, BRUNO 9788415022640 | Llibreria Claret","description":"\u00bfQUI\u00c9N DEC\u00cdS QUE SOY YO? de FORTE, BRUNO disponible a\/en Llibreria Claret.","inLanguage":"es-ES","isPartOf":{"@id":"https:\/\/www.claret.cat\/es\/#website"},"breadcrumb":{"@id":"https:\/\/www.claret.cat\/es\/libro\/quien-decis-que-soy-yo-9788415022640\/#breadcrumblist"},"image":{"@type":"ImageObject","url":"https:\/\/www.claret.cat\/wp-content\/uploads\/.\/9788415022640.jpg","@id":"https:\/\/www.claret.cat\/es\/libro\/quien-decis-que-soy-yo-9788415022640\/#mainImage","width":250,"height":399,"caption":"9788415022640.jpg"},"primaryImageOfPage":{"@id":"https:\/\/www.claret.cat\/es\/libro\/quien-decis-que-soy-yo-9788415022640\/#mainImage"},"datePublished":"2025-02-14T17:02:02+01:00","dateModified":"2025-02-14T17:02:11+01:00"},{"@type":"WebSite","@id":"https:\/\/www.claret.cat\/es\/#website","url":"https:\/\/www.claret.cat\/es\/","name":"Llibreria Claret Barcelona","alternateName":"Llibreria Claret","description":"Llibreria religiosa a Barcelona","inLanguage":"es-ES","publisher":{"@id":"https:\/\/www.claret.cat\/es\/#organization"}}]},"og:locale":"es_ES","og:site_name":"Llibreria Claret - Llibreria religiosa a Barcelona","og:type":"article","og:title":"\u00bfQUI\u00c9N DEC\u00cdS QUE SOY YO? - FORTE, BRUNO 9788415022640 | Llibreria Claret","og:description":"\u00bfQUI\u00c9N DEC\u00cdS QUE SOY YO? de FORTE, BRUNO disponible a\/en Llibreria Claret.","og:url":"https:\/\/www.claret.cat\/es\/libro\/quien-decis-que-soy-yo-9788415022640\/","og:image":"https:\/\/dev.claret.cat\/wp-content\/uploads\/logo-claret.svg","og:image:secure_url":"https:\/\/dev.claret.cat\/wp-content\/uploads\/logo-claret.svg","article:published_time":"2025-02-14T16:02:02+00:00","article:modified_time":"2025-02-14T16:02:11+00:00","article:publisher":"https:\/\/www.facebook.com\/LlibreriaClaret","twitter:card":"summary_large_image","twitter:site":"@LlibreriaClaret","twitter:title":"\u00bfQUI\u00c9N DEC\u00cdS QUE SOY YO? - FORTE, BRUNO 9788415022640 | Llibreria Claret","twitter:description":"\u00bfQUI\u00c9N DEC\u00cdS QUE SOY YO? de FORTE, BRUNO disponible a\/en Llibreria Claret.","twitter:image":"http:\/\/dev.claret.cat\/wp-content\/uploads\/logo-claret.svg"},"aioseo_meta_data":{"post_id":"1005416","title":null,"description":null,"keywords":null,"keyphrases":null,"primary_term":null,"canonical_url":null,"og_title":null,"og_description":null,"og_object_type":"default","og_image_type":"default","og_image_url":null,"og_image_width":null,"og_image_height":null,"og_image_custom_url":null,"og_image_custom_fields":null,"og_video":null,"og_custom_url":null,"og_article_section":null,"og_article_tags":null,"twitter_use_og":false,"twitter_card":"default","twitter_image_type":"default","twitter_image_url":null,"twitter_image_custom_url":null,"twitter_image_custom_fields":null,"twitter_title":null,"twitter_description":null,"schema":{"blockGraphs":[],"customGraphs":[],"default":{"data":{"Article":[],"Course":[],"Dataset":[],"FAQPage":[],"Movie":[],"Person":[],"Product":[],"ProductReview":[],"Car":[],"Recipe":[],"Service":[],"SoftwareApplication":[],"WebPage":[]},"graphName":"","isEnabled":true},"graphs":[]},"schema_type":"default","schema_type_options":null,"pillar_content":false,"robots_default":true,"robots_noindex":false,"robots_noarchive":false,"robots_nosnippet":false,"robots_nofollow":false,"robots_noimageindex":false,"robots_noodp":false,"robots_notranslate":false,"robots_max_snippet":null,"robots_max_videopreview":null,"robots_max_imagepreview":"large","priority":null,"frequency":null,"local_seo":null,"seo_analyzer_scan_date":"2025-12-02 13:30:04","breadcrumb_settings":null,"limit_modified_date":false,"open_ai":null,"ai":null,"created":"2025-02-14 16:04:59","updated":"2025-12-02 13:30:04","focus_keyword":null,"additional_keywords":null,"truseo_locale":null},"aioseo_breadcrumb":"<div class=\"aioseo-breadcrumbs\"><span class=\"aioseo-breadcrumb\">\n\t<a href=\"https:\/\/www.claret.cat\/es\/\" title=\"Home\">Home<\/a>\n<\/span><span class=\"aioseo-breadcrumb-separator\">&raquo;<\/span><span class=\"aioseo-breadcrumb\">\n\t<a href=\"https:\/\/www.claret.cat\/?page_id=16\" title=\"Botiga\">Botiga<\/a>\n<\/span><span class=\"aioseo-breadcrumb-separator\">&raquo;<\/span><span class=\"aioseo-breadcrumb\">\n\t<a href=\"https:\/\/www.claret.cat\/categoria-producto\/cat\/\" title=\"CAT\">CAT<\/a>\n<\/span><span class=\"aioseo-breadcrumb-separator\">&raquo;<\/span><span class=\"aioseo-breadcrumb\">\n\t<a href=\"https:\/\/www.claret.cat\/categoria-producto\/cat\/5_altres\/\" title=\"Altres\">Altres<\/a>\n<\/span><span class=\"aioseo-breadcrumb-separator\">&raquo;<\/span><span class=\"aioseo-breadcrumb\">\n\t<a href=\"https:\/\/www.claret.cat\/categoria-producto\/cat\/5_altres\/altres\/\" title=\"Altres\">Altres<\/a>\n<\/span><span class=\"aioseo-breadcrumb-separator\">&raquo;<\/span><span class=\"aioseo-breadcrumb\">\n\t\u00bfQUI\u00c9N DEC\u00cdS QUE SOY YO?\n<\/span><\/div>","aioseo_breadcrumb_json":[{"label":"Home","link":"https:\/\/www.claret.cat\/es\/"},{"label":"Botiga","link":"https:\/\/www.claret.cat\/?page_id=16"},{"label":"CAT","link":"https:\/\/www.claret.cat\/categoria-producto\/cat\/"},{"label":"Altres","link":"https:\/\/www.claret.cat\/categoria-producto\/cat\/5_altres\/"},{"label":"Altres","link":"https:\/\/www.claret.cat\/categoria-producto\/cat\/5_altres\/altres\/"},{"label":"\u00bfQUI\u00c9N DEC\u00cdS QUE SOY YO?","link":"https:\/\/www.claret.cat\/es\/libro\/quien-decis-que-soy-yo-9788415022640\/"}],"_links":{"self":[{"href":"https:\/\/www.claret.cat\/es\/wp-json\/wp\/v2\/product\/1005416","targetHints":{"allow":["GET"]}}],"collection":[{"href":"https:\/\/www.claret.cat\/es\/wp-json\/wp\/v2\/product"}],"about":[{"href":"https:\/\/www.claret.cat\/es\/wp-json\/wp\/v2\/types\/product"}],"wp:featuredmedia":[{"embeddable":true,"href":"https:\/\/www.claret.cat\/es\/wp-json\/wp\/v2\/media\/1005417"}],"wp:attachment":[{"href":"https:\/\/www.claret.cat\/es\/wp-json\/wp\/v2\/media?parent=1005416"}],"wp:term":[{"taxonomy":"product_brand","embeddable":true,"href":"https:\/\/www.claret.cat\/es\/wp-json\/wp\/v2\/product_brand?post=1005416"},{"taxonomy":"product_cat","embeddable":true,"href":"https:\/\/www.claret.cat\/es\/wp-json\/wp\/v2\/product_cat?post=1005416"},{"taxonomy":"product_tag","embeddable":true,"href":"https:\/\/www.claret.cat\/es\/wp-json\/wp\/v2\/product_tag?post=1005416"}],"curies":[{"name":"wp","href":"https:\/\/api.w.org\/{rel}","templated":true}]}}