{"id":1005589,"date":"2025-02-17T12:45:51","date_gmt":"2025-02-17T11:45:51","guid":{"rendered":"https:\/\/www.claret.cat\/llibre\/les-orquidies-del-mal-9788419836434\/"},"modified":"2025-04-24T12:41:32","modified_gmt":"2025-04-24T10:41:32","slug":"les-orquidies-del-mal-9788419836434","status":"publish","type":"product","link":"https:\/\/www.claret.cat\/es\/libro\/les-orquidies-del-mal-9788419836434\/","title":{"rendered":"LES ORQU\u00cdDIES DEL MAL"},"content":{"rendered":"<p>Un misteri que implicar\u00e0 tots els habitants de l&#8217;Albada, pagesos i ramaders que passaran a ser possibles v\u00edctimes o sospitosos. A l&#8217;Albada fa mesos que no hi plou. Els ve\u00efns miren el cel sense cap esperan\u00e7a de rebre aigua fins que una tarda, de manera del tot inesperada, arriba una gran tempesta, i amb la pluja tamb\u00e9 apareix un cad\u00e0ver. La vida d&#8217;aquest poble tranquil es veur\u00e0 totalment alterada: qui \u00e9s la noia morta? I quina relaci\u00f3 t\u00e9 amb cadascun dels seus habitants? Aquesta hist\u00f2ria barreja l&#8217;especulaci\u00f3 urban\u00edstica per l&#8217;aven\u00e7 de les fotovoltaiques, la corrupci\u00f3 de la pol\u00edtica catalana i una investigaci\u00f3 cient\u00edfica que podria descobrir el tractament per curar l&#8217;ELA mitjan\u00e7ant unes curioses i rares orqu\u00eddies que nom\u00e9s creixen en aquesta vila.<\/p>\n","protected":false},"excerpt":{"rendered":"<p>BACARDIT, N\u00daRIA<\/p>\n","protected":false},"featured_media":1015396,"template":"","meta":{"_acf_changed":false,"om_disable_all_campaigns":false,"rs_blank_template":"","rs_page_bg_color":"","slide_template_v7":"","inline_featured_image":false,"_monsterinsights_skip_tracking":false,"_monsterinsights_sitenote_active":false,"_monsterinsights_sitenote_note":"","_monsterinsights_sitenote_category":0},"product_brand":[],"product_cat":[127,357],"product_tag":[],"class_list":{"0":"post-1005589","1":"product","2":"type-product","3":"status-publish","4":"has-post-thumbnail","6":"product_cat-novella-contemporania","7":"product_cat-novela-contemporanea","9":"first","10":"instock","11":"taxable","12":"shipping-taxable","13":"purchasable","14":"product-type-simple"},"acf":{"autor":"BACARDIT, N\u00daRIA","codart":"841983643","libros-coleccion":"NARRATIVA CATALANA","ediciones":"1","encuadernacion":"R\u00fastica","fecha_de_publicacion":"01\/02\/2025","novedad":"1","paginas":"254","subtitulo":"","orden":"0","portada":"0","idioma":"cat","editorial":[{"ID":6276,"post_author":"3","post_date":"2022-07-28 17:48:43","post_date_gmt":"2022-07-28 15:48:43","post_content":"","post_title":"LA CAMPANA","post_excerpt":"","post_status":"publish","comment_status":"closed","ping_status":"closed","post_password":"","post_name":"la-campana","to_ping":"","pinged":"","post_modified":"2022-07-28 17:48:43","post_modified_gmt":"2022-07-28 15:48:43","post_content_filtered":"","post_parent":0,"guid":"http:\/\/dev.claret.cat\/editorial\/la-campana\/","menu_order":0,"post_type":"editorial","post_mime_type":"","comment_count":"0","filter":"raw"}],"booktrailer":"","resenas":""},"aioseo_notices":[],"_links":{"self":[{"href":"https:\/\/www.claret.cat\/es\/wp-json\/wp\/v2\/product\/1005589","targetHints":{"allow":["GET"]}}],"collection":[{"href":"https:\/\/www.claret.cat\/es\/wp-json\/wp\/v2\/product"}],"about":[{"href":"https:\/\/www.claret.cat\/es\/wp-json\/wp\/v2\/types\/product"}],"wp:featuredmedia":[{"embeddable":true,"href":"https:\/\/www.claret.cat\/es\/wp-json\/wp\/v2\/media\/1015396"}],"wp:attachment":[{"href":"https:\/\/www.claret.cat\/es\/wp-json\/wp\/v2\/media?parent=1005589"}],"wp:term":[{"taxonomy":"product_brand","embeddable":true,"href":"https:\/\/www.claret.cat\/es\/wp-json\/wp\/v2\/product_brand?post=1005589"},{"taxonomy":"product_cat","embeddable":true,"href":"https:\/\/www.claret.cat\/es\/wp-json\/wp\/v2\/product_cat?post=1005589"},{"taxonomy":"product_tag","embeddable":true,"href":"https:\/\/www.claret.cat\/es\/wp-json\/wp\/v2\/product_tag?post=1005589"}],"curies":[{"name":"wp","href":"https:\/\/api.w.org\/{rel}","templated":true}]}}