{"id":1007016,"date":"2025-02-20T13:35:08","date_gmt":"2025-02-20T12:35:08","guid":{"rendered":"https:\/\/www.claret.cat\/llibre\/topadentro-con-slow-cooker-9788417720483\/"},"modified":"2025-02-26T16:32:25","modified_gmt":"2025-02-26T15:32:25","slug":"topadentro-con-slow-cooker-9788417720483","status":"publish","type":"product","link":"https:\/\/www.claret.cat\/es\/libro\/topadentro-con-slow-cooker-9788417720483\/","title":{"rendered":"#TOPADENTRO CON SLOW COOKER"},"content":{"rendered":"<p>Despu\u00e9s de la magn\u00edfica acogida de sus dos primeros libros, Slow cooker. Recetas para olla de cocci\u00f3n lenta y Mundo dulce con slow cooker, Marta Miranda, una de las personas que m\u00e1s sabe en nuestro pa\u00eds de cocinar con una olla de cocci\u00f3n lenta, nos propone un conjunto de recetas a\u00fan m\u00e1s f\u00e1ciles, elaboradas, como siempre, con el mimo, el sabor y la textura que solo se alcanza cuando se cocina sin prisas y con buenos ingredientes.<br \/> #Topadentro se refiere a recetas en las que solo hay una elaboraci\u00f3n: se ponen los ingredientes en el slow cooker y se cocinan, sin pochar, dorar, reducir&#8230; M\u00e1s f\u00e1cil, imposible. <br \/> Todas las recetas llevan dos fotograf\u00edas: una de los ingredientes dentro de la olla de cocci\u00f3n y otra del plato terminado. En el texto se indican los ingredientes y las cantidades, un breve paso a paso de la preparaci\u00f3n, la temperatura y el tiempo de cocci\u00f3n, y los consejos tan caracter\u00edsticos y \u00fatiles de la autora.<\/p>\n","protected":false},"excerpt":{"rendered":"<p>MIRANDA ARBIZU, MARTA<\/p>\n","protected":false},"featured_media":1007017,"template":"","meta":{"_acf_changed":false,"om_disable_all_campaigns":false,"rs_blank_template":"","rs_page_bg_color":"","slide_template_v7":"","inline_featured_image":false,"_monsterinsights_skip_tracking":false,"_monsterinsights_sitenote_active":false,"_monsterinsights_sitenote_note":"","_monsterinsights_sitenote_category":0},"product_brand":[],"product_cat":[553,103],"product_tag":[],"class_list":{"0":"post-1007016","1":"product","2":"type-product","3":"status-publish","4":"has-post-thumbnail","6":"product_cat-cocina","7":"product_cat-cuina","9":"first","10":"instock","11":"taxable","12":"shipping-taxable","13":"purchasable","14":"product-type-simple"},"acf":{"autor":"MIRANDA ARBIZU, MARTA","codart":"841772048","libros-coleccion":"Larousse - Libros Ilustrados\/ Pr\u00e1cticos","ediciones":"1","encuadernacion":"R\u00fastica","fecha_de_publicacion":"01\/09\/2019","novedad":"1","paginas":"224","subtitulo":"LAS RECETAS M\u00c1S F\u00c1CILES CON OLLA DE COCCI\u00d3N LENTA","orden":"0","portada":"0","idioma":"spa","editorial":[{"ID":148398,"post_author":"3","post_date":"2022-10-14 11:57:56","post_date_gmt":"2022-10-14 09:57:56","post_content":"","post_title":"Larousse","post_excerpt":"","post_status":"publish","comment_status":"closed","ping_status":"closed","post_password":"","post_name":"larousse","to_ping":"","pinged":"","post_modified":"2022-10-14 11:57:56","post_modified_gmt":"2022-10-14 09:57:56","post_content_filtered":"","post_parent":0,"guid":"http:\/\/dev.claret.cat\/editorial\/larousse\/","menu_order":0,"post_type":"editorial","post_mime_type":"","comment_count":"0","filter":"raw"}]},"aioseo_notices":[],"_links":{"self":[{"href":"https:\/\/www.claret.cat\/es\/wp-json\/wp\/v2\/product\/1007016","targetHints":{"allow":["GET"]}}],"collection":[{"href":"https:\/\/www.claret.cat\/es\/wp-json\/wp\/v2\/product"}],"about":[{"href":"https:\/\/www.claret.cat\/es\/wp-json\/wp\/v2\/types\/product"}],"wp:featuredmedia":[{"embeddable":true,"href":"https:\/\/www.claret.cat\/es\/wp-json\/wp\/v2\/media\/1007017"}],"wp:attachment":[{"href":"https:\/\/www.claret.cat\/es\/wp-json\/wp\/v2\/media?parent=1007016"}],"wp:term":[{"taxonomy":"product_brand","embeddable":true,"href":"https:\/\/www.claret.cat\/es\/wp-json\/wp\/v2\/product_brand?post=1007016"},{"taxonomy":"product_cat","embeddable":true,"href":"https:\/\/www.claret.cat\/es\/wp-json\/wp\/v2\/product_cat?post=1007016"},{"taxonomy":"product_tag","embeddable":true,"href":"https:\/\/www.claret.cat\/es\/wp-json\/wp\/v2\/product_tag?post=1007016"}],"curies":[{"name":"wp","href":"https:\/\/api.w.org\/{rel}","templated":true}]}}