{"id":100765,"date":"2022-10-12T07:57:42","date_gmt":"2022-10-12T05:57:42","guid":{"rendered":"http:\/\/dev.claret.cat\/producte\/caminar-entre-la-niebla\/"},"modified":"2023-01-28T22:00:19","modified_gmt":"2023-01-28T21:00:19","slug":"caminar-entre-la-niebla-9788498755015","status":"publish","type":"product","link":"https:\/\/www.claret.cat\/es\/libro\/caminar-entre-la-niebla-9788498755015\/","title":{"rendered":"CAMINAR ENTRE LA NIEBLA"},"content":{"rendered":"<p>La cultura de la organizaci\u00f3n, la motivaci\u00f3n por el cambio, la necesidad de seguridad en el futuro, las resistencias a los cambios, la inercia\u2026 son muchos los factores que se ponen en juego cuando una organizaci\u00f3n intenta transformarse.<br \/> Partiendo de la visi\u00f3n de que todas las organizaciones son sistemas vivos que no responden a un sistema racional y mecanicista sino a un modelo org\u00e1nico y din\u00e1mico, y de sus m\u00e1s de 20 a\u00f1os de experiencia pr\u00e1ctica en m\u00faltiples procesos de cambio con empresas, fundaciones, ONG&#8221;s y administraciones p\u00fablicas, David Cortes nos propone en este libro estrategias que nos permitir\u00e1n liderar y acompa\u00f1ar con \u00e9xito cualquier proceso de transformaci\u00f3n.<br \/> Caminar entre la niebla es un libro para l\u00edderes, directivos y personas con responsabilidad sobre cualquier proyecto de transformaci\u00f3n en el que intervengan varios jugadores, una red de colaboradores, una organizaci\u00f3n en su totalidad, un departamento o un equipo. Una gu\u00eda para afrontar todos los procesos de transformaci\u00f3n de las organizaciones que, ante un momento de grandes cambios como el que estamos viviendo en la actualidad, toma un valor especial.<\/p>\n","protected":false},"excerpt":{"rendered":"<p>CORT\u00c9S GIMENO, DAVID<\/p>\n","protected":false},"featured_media":100766,"template":"","meta":{"_acf_changed":false,"om_disable_all_campaigns":false,"rs_blank_template":"","rs_page_bg_color":"","slide_template_v7":"","inline_featured_image":false,"_monsterinsights_skip_tracking":false,"_monsterinsights_sitenote_active":false,"_monsterinsights_sitenote_note":"","_monsterinsights_sitenote_category":0},"product_brand":[],"product_cat":[182],"product_tag":[],"class_list":{"0":"post-100765","1":"product","2":"type-product","3":"status-publish","4":"has-post-thumbnail","6":"product_cat-social-i-economica","8":"first","9":"instock","10":"taxable","11":"shipping-taxable","12":"purchasable","13":"product-type-simple"},"acf":{"editorial":[{"ID":148208,"post_author":"3","post_date":"2022-10-14 11:56:28","post_date_gmt":"2022-10-14 09:56:28","post_content":"","post_title":"Gesti\u00f3n 2000","post_excerpt":"","post_status":"publish","comment_status":"closed","ping_status":"closed","post_password":"","post_name":"gestion-2000","to_ping":"","pinged":"","post_modified":"2022-10-14 11:56:28","post_modified_gmt":"2022-10-14 09:56:28","post_content_filtered":"","post_parent":0,"guid":"http:\/\/dev.claret.cat\/editorial\/gestion-2000\/","menu_order":0,"post_type":"editorial","post_mime_type":"","comment_count":"0","filter":"raw"}],"autor":"CORT\u00c9S GIMENO, DAVID","codart":"849875501","libros-coleccion":"SIN COLECCI\u00d3N","ediciones":"1","encuadernacion":"R\u00fastica","fecha_de_publicacion":"01\/11\/2020","novedad":"1","paginas":"166","subtitulo":"C\u00d3MO LIDERAR Y ACOMPA\u00d1AR CON \u00c9XITO EL DESARROLLO Y LA TRANSFORMACI\u00d3N DE ORGANIZA","orden":"0","portada":"0","idioma":"spa","autores-libros":[{"ID":153785,"post_author":"3","post_date":"2022-10-14 14:59:31","post_date_gmt":"2022-10-14 12:59:31","post_content":"","post_title":"DAVID CORT\u00c9S GIMENO","post_excerpt":"","post_status":"publish","comment_status":"closed","ping_status":"closed","post_password":"","post_name":"david-cortes-gimeno","to_ping":"","pinged":"","post_modified":"2022-10-14 14:59:31","post_modified_gmt":"2022-10-14 12:59:31","post_content_filtered":"","post_parent":0,"guid":"http:\/\/dev.claret.cat\/autor\/david-cortes-gimeno\/","menu_order":0,"post_type":"autor","post_mime_type":"","comment_count":"0","filter":"raw"}]},"aioseo_notices":[],"_links":{"self":[{"href":"https:\/\/www.claret.cat\/es\/wp-json\/wp\/v2\/product\/100765","targetHints":{"allow":["GET"]}}],"collection":[{"href":"https:\/\/www.claret.cat\/es\/wp-json\/wp\/v2\/product"}],"about":[{"href":"https:\/\/www.claret.cat\/es\/wp-json\/wp\/v2\/types\/product"}],"wp:featuredmedia":[{"embeddable":true,"href":"https:\/\/www.claret.cat\/es\/wp-json\/wp\/v2\/media\/100766"}],"wp:attachment":[{"href":"https:\/\/www.claret.cat\/es\/wp-json\/wp\/v2\/media?parent=100765"}],"wp:term":[{"taxonomy":"product_brand","embeddable":true,"href":"https:\/\/www.claret.cat\/es\/wp-json\/wp\/v2\/product_brand?post=100765"},{"taxonomy":"product_cat","embeddable":true,"href":"https:\/\/www.claret.cat\/es\/wp-json\/wp\/v2\/product_cat?post=100765"},{"taxonomy":"product_tag","embeddable":true,"href":"https:\/\/www.claret.cat\/es\/wp-json\/wp\/v2\/product_tag?post=100765"}],"curies":[{"name":"wp","href":"https:\/\/api.w.org\/{rel}","templated":true}]}}