{"id":1009731,"date":"2025-03-06T17:25:26","date_gmt":"2025-03-06T16:25:26","guid":{"rendered":"https:\/\/www.claret.cat\/llibre\/nacida-de-sangre-y-cenizas-9788410239241\/"},"modified":"2025-03-20T16:15:46","modified_gmt":"2025-03-20T15:15:46","slug":"nacida-de-sangre-y-cenizas-9788410239241","status":"publish","type":"product","link":"https:\/\/www.claret.cat\/es\/libro\/nacida-de-sangre-y-cenizas-9788410239241\/","title":{"rendered":"NACIDA DE SANGRE Y CENIZAS"},"content":{"rendered":"<p>La l\u00ednea entre el amor y la obsesi\u00f3n\u00a0nunca ha sido tan amplia&#8230;Aunque Sera se ha liberado de las garras de Kolis y ha regresado\u00a0con sus seres queridos, no todo est\u00e1 en calma. Los recuerdos todav\u00eda\u00a0la atormentan, pero Sera, por fin, tiene esperanza en un futuro\u00a0con la otra mitad de su coraz\u00f3n y de su alma. Nyktos desea, ama y\u00a0acepta todas las partes de ella&#8230; incluso las m\u00e1s monstruosas.Sera y Ash tienen que luchar por todo lo que hay en los mundos,\u00a0y Nyktos no tiene ninguna duda de que Sera puede ser la Reina de\u00a0los Dioses. No obstante, ella debe tener fe en s\u00ed misma si quieren\u00a0convencer a las otras cortes para que los apoyen contra Kolis, y poder\u00a0hacer as\u00ed de Iliseeum y del mundo mortal lugares mejores y\u00a0m\u00e1s seguros para todos.A medida que Sera empieza a desentra\u00f1ar la importancia de su\u00a0estirpe y del verdadero significado detr\u00e1s de la profec\u00eda, queda claro\u00a0que todo lo que ha ocurrido y lo que todav\u00eda est\u00e1 por venir es\u00a0mucho m\u00e1s grande que Kolis y sus retorcidas obsesiones.Se est\u00e1 gestando una batalla entre los dioses y est\u00e1n a punto de\u00a0producirse p\u00e9rdidas devastadoras ahora que el verdadero Primigenio\u00a0de la Muerte es cada vez m\u00e1s fuerte. Con una familia del coraz\u00f3n\u00a0dispuesta a luchar a su lado, \u00bfpodr\u00e1n Sera y Nyktos detener a\u00a0Kolis antes de que destruya los mundos, o desaparecer\u00e1 todo en un\u00a0ardiente infierno de sangre y cenizas?&#8230; y la l\u00ednea entre la justicia y la venganza\u00a0nunca ha sido tan estrecha.<\/p>\n","protected":false},"excerpt":{"rendered":"<p>ARMENTROUT, JENNIFER<\/p>\n","protected":false},"featured_media":1013154,"template":"","meta":{"_acf_changed":false,"om_disable_all_campaigns":false,"rs_blank_template":"","rs_page_bg_color":"","slide_template_v7":"","inline_featured_image":false,"_monsterinsights_skip_tracking":false},"product_brand":[],"product_cat":[133,117,566,363],"product_tag":[],"class_list":["post-1009731","product","type-product","status-publish","has-post-thumbnail","product_cat-lectures-per-adolescents-12-18-anys","product_cat-juvenil","product_cat-juvenil-3_infantil-juvenil-spa-spa","product_cat-lecturas-por-adolescentes-12-18-anos","first","instock","taxable","shipping-taxable","purchasable","product-type-simple"],"acf":{"autor":"ARMENTROUT, JENNIFER","codart":"841023924","libros-coleccion":"FORA DE COL.LECCI\u00d3","ediciones":"1","encuadernacion":"R\u00fastica","fecha_de_publicacion":"01\/03\/2025","novedad":"1","paginas":"1020","subtitulo":"","orden":"0","portada":"0","idioma":"spa","editorial":[{"ID":148715,"post_author":"3","post_date":"2022-10-14 12:00:25","post_date_gmt":"2022-10-14 10:00:25","post_content":"","post_title":"Puck","post_excerpt":"","post_status":"publish","comment_status":"closed","ping_status":"closed","post_password":"","post_name":"puck","to_ping":"","pinged":"","post_modified":"2022-10-14 12:00:25","post_modified_gmt":"2022-10-14 10:00:25","post_content_filtered":"","post_parent":0,"guid":"http:\/\/dev.claret.cat\/editorial\/puck\/","menu_order":0,"post_type":"editorial","post_mime_type":"","comment_count":"0","filter":"raw"}]},"aioseo_notices":[],"aioseo_head":"\n\t\t<!-- All in One SEO Pro 5.0.1.1 - aioseo.com -->\n\t<meta name=\"description\" content=\"NACIDA DE SANGRE Y CENIZAS de ARMENTROUT, JENNIFER disponible a\/en Llibreria Claret.\" \/>\n\t<meta name=\"robots\" content=\"max-image-preview:large\" \/>\n\t<meta name=\"google-site-verification\" content=\"xVtlFxJ-TfkIu-D-lt7XeLobefg5EIQiXTuqcSf8Rf0\" \/>\n\t<link rel=\"canonical\" href=\"https:\/\/www.claret.cat\/es\/libro\/nacida-de-sangre-y-cenizas-9788410239241\/\" \/>\n\t<meta name=\"generator\" content=\"All in One SEO Pro (AIOSEO) 5.0.1.1\" \/>\n\t\t<meta property=\"og:locale\" content=\"es_ES\" \/>\n\t\t<meta property=\"og:site_name\" content=\"Llibreria Claret - Llibreria religiosa a Barcelona\" \/>\n\t\t<meta property=\"og:type\" content=\"article\" \/>\n\t\t<meta property=\"og:title\" content=\"NACIDA DE SANGRE Y CENIZAS - ARMENTROUT, JENNIFER 9788410239241 | Llibreria Claret\" \/>\n\t\t<meta property=\"og:description\" content=\"NACIDA DE SANGRE Y CENIZAS de ARMENTROUT, JENNIFER disponible a\/en Llibreria Claret.\" \/>\n\t\t<meta property=\"og:url\" content=\"https:\/\/www.claret.cat\/es\/libro\/nacida-de-sangre-y-cenizas-9788410239241\/\" \/>\n\t\t<meta property=\"og:image\" content=\"https:\/\/dev.claret.cat\/wp-content\/uploads\/logo-claret.svg\" \/>\n\t\t<meta property=\"og:image:secure_url\" content=\"https:\/\/dev.claret.cat\/wp-content\/uploads\/logo-claret.svg\" \/>\n\t\t<meta property=\"article:published_time\" content=\"2025-03-06T16:25:26+00:00\" \/>\n\t\t<meta property=\"article:modified_time\" content=\"2025-03-20T15:15:46+00:00\" \/>\n\t\t<meta property=\"article:publisher\" content=\"https:\/\/www.facebook.com\/LlibreriaClaret\" \/>\n\t\t<meta name=\"twitter:card\" content=\"summary_large_image\" \/>\n\t\t<meta name=\"twitter:site\" content=\"@LlibreriaClaret\" \/>\n\t\t<meta name=\"twitter:title\" content=\"NACIDA DE SANGRE Y CENIZAS - ARMENTROUT, JENNIFER 9788410239241 | Llibreria Claret\" \/>\n\t\t<meta name=\"twitter:description\" content=\"NACIDA DE SANGRE Y CENIZAS de ARMENTROUT, JENNIFER disponible a\/en Llibreria Claret.\" \/>\n\t\t<meta name=\"twitter:image\" content=\"http:\/\/dev.claret.cat\/wp-content\/uploads\/logo-claret.svg\" \/>\n\t\t<script type=\"application\/ld+json\" class=\"aioseo-schema\">\n\t\t\t{\"@context\":\"https:\\\/\\\/schema.org\",\"@graph\":[{\"@type\":\"BreadcrumbList\",\"@id\":\"https:\\\/\\\/www.claret.cat\\\/es\\\/libro\\\/nacida-de-sangre-y-cenizas-9788410239241\\\/#breadcrumblist\",\"itemListElement\":[{\"@type\":\"ListItem\",\"@id\":\"https:\\\/\\\/www.claret.cat\\\/es\\\/#listItem\",\"position\":1,\"name\":\"Home\",\"item\":\"https:\\\/\\\/www.claret.cat\\\/es\\\/\",\"nextItem\":{\"@type\":\"ListItem\",\"@id\":\"https:\\\/\\\/www.claret.cat\\\/?page_id=16#listItem\",\"name\":\"Botiga\"}},{\"@type\":\"ListItem\",\"@id\":\"https:\\\/\\\/www.claret.cat\\\/?page_id=16#listItem\",\"position\":2,\"name\":\"Botiga\",\"item\":\"https:\\\/\\\/www.claret.cat\\\/?page_id=16\",\"nextItem\":{\"@type\":\"ListItem\",\"@id\":\"https:\\\/\\\/www.claret.cat\\\/categoria-producto\\\/cat\\\/#listItem\",\"name\":\"CAT\"},\"previousItem\":{\"@type\":\"ListItem\",\"@id\":\"https:\\\/\\\/www.claret.cat\\\/es\\\/#listItem\",\"name\":\"Home\"}},{\"@type\":\"ListItem\",\"@id\":\"https:\\\/\\\/www.claret.cat\\\/categoria-producto\\\/cat\\\/#listItem\",\"position\":3,\"name\":\"CAT\",\"item\":\"https:\\\/\\\/www.claret.cat\\\/categoria-producto\\\/cat\\\/\",\"nextItem\":{\"@type\":\"ListItem\",\"@id\":\"https:\\\/\\\/www.claret.cat\\\/categoria-producto\\\/cat\\\/3_infantil-juvenil\\\/#listItem\",\"name\":\"Infantil \\\/ Juvenil\"},\"previousItem\":{\"@type\":\"ListItem\",\"@id\":\"https:\\\/\\\/www.claret.cat\\\/?page_id=16#listItem\",\"name\":\"Botiga\"}},{\"@type\":\"ListItem\",\"@id\":\"https:\\\/\\\/www.claret.cat\\\/categoria-producto\\\/cat\\\/3_infantil-juvenil\\\/#listItem\",\"position\":4,\"name\":\"Infantil \\\/ Juvenil\",\"item\":\"https:\\\/\\\/www.claret.cat\\\/categoria-producto\\\/cat\\\/3_infantil-juvenil\\\/\",\"nextItem\":{\"@type\":\"ListItem\",\"@id\":\"https:\\\/\\\/www.claret.cat\\\/categoria-producto\\\/cat\\\/3_infantil-juvenil\\\/infantil\\\/#listItem\",\"name\":\"Infantil\"},\"previousItem\":{\"@type\":\"ListItem\",\"@id\":\"https:\\\/\\\/www.claret.cat\\\/categoria-producto\\\/cat\\\/#listItem\",\"name\":\"CAT\"}},{\"@type\":\"ListItem\",\"@id\":\"https:\\\/\\\/www.claret.cat\\\/categoria-producto\\\/cat\\\/3_infantil-juvenil\\\/infantil\\\/#listItem\",\"position\":5,\"name\":\"Infantil\",\"item\":\"https:\\\/\\\/www.claret.cat\\\/categoria-producto\\\/cat\\\/3_infantil-juvenil\\\/infantil\\\/\",\"nextItem\":{\"@type\":\"ListItem\",\"@id\":\"https:\\\/\\\/www.claret.cat\\\/categoria-producto\\\/cat\\\/3_infantil-juvenil\\\/infantil\\\/lectures-per-adolescents-12-18-anys\\\/#listItem\",\"name\":\"12 - 18 anys\"},\"previousItem\":{\"@type\":\"ListItem\",\"@id\":\"https:\\\/\\\/www.claret.cat\\\/categoria-producto\\\/cat\\\/3_infantil-juvenil\\\/#listItem\",\"name\":\"Infantil \\\/ Juvenil\"}},{\"@type\":\"ListItem\",\"@id\":\"https:\\\/\\\/www.claret.cat\\\/categoria-producto\\\/cat\\\/3_infantil-juvenil\\\/infantil\\\/lectures-per-adolescents-12-18-anys\\\/#listItem\",\"position\":6,\"name\":\"12 - 18 anys\",\"item\":\"https:\\\/\\\/www.claret.cat\\\/categoria-producto\\\/cat\\\/3_infantil-juvenil\\\/infantil\\\/lectures-per-adolescents-12-18-anys\\\/\",\"nextItem\":{\"@type\":\"ListItem\",\"@id\":\"https:\\\/\\\/www.claret.cat\\\/es\\\/libro\\\/nacida-de-sangre-y-cenizas-9788410239241\\\/#listItem\",\"name\":\"NACIDA DE SANGRE Y CENIZAS\"},\"previousItem\":{\"@type\":\"ListItem\",\"@id\":\"https:\\\/\\\/www.claret.cat\\\/categoria-producto\\\/cat\\\/3_infantil-juvenil\\\/infantil\\\/#listItem\",\"name\":\"Infantil\"}},{\"@type\":\"ListItem\",\"@id\":\"https:\\\/\\\/www.claret.cat\\\/es\\\/libro\\\/nacida-de-sangre-y-cenizas-9788410239241\\\/#listItem\",\"position\":7,\"name\":\"NACIDA DE SANGRE Y CENIZAS\",\"previousItem\":{\"@type\":\"ListItem\",\"@id\":\"https:\\\/\\\/www.claret.cat\\\/categoria-producto\\\/cat\\\/3_infantil-juvenil\\\/infantil\\\/lectures-per-adolescents-12-18-anys\\\/#listItem\",\"name\":\"12 - 18 anys\"}}]},{\"@type\":\"ItemPage\",\"@id\":\"https:\\\/\\\/www.claret.cat\\\/es\\\/libro\\\/nacida-de-sangre-y-cenizas-9788410239241\\\/#itempage\",\"url\":\"https:\\\/\\\/www.claret.cat\\\/es\\\/libro\\\/nacida-de-sangre-y-cenizas-9788410239241\\\/\",\"name\":\"NACIDA DE SANGRE Y CENIZAS - ARMENTROUT, JENNIFER 9788410239241 | Llibreria Claret\",\"description\":\"NACIDA DE SANGRE Y CENIZAS de ARMENTROUT, JENNIFER disponible a\\\/en Llibreria Claret.\",\"inLanguage\":\"es-ES\",\"isPartOf\":{\"@id\":\"https:\\\/\\\/www.claret.cat\\\/es\\\/#website\"},\"breadcrumb\":{\"@id\":\"https:\\\/\\\/www.claret.cat\\\/es\\\/libro\\\/nacida-de-sangre-y-cenizas-9788410239241\\\/#breadcrumblist\"},\"image\":{\"@type\":\"ImageObject\",\"url\":\"https:\\\/\\\/www.claret.cat\\\/wp-content\\\/uploads\\\/.\\\/9788410239241-1.jpg\",\"@id\":\"https:\\\/\\\/www.claret.cat\\\/es\\\/libro\\\/nacida-de-sangre-y-cenizas-9788410239241\\\/#mainImage\",\"width\":250,\"height\":394,\"caption\":\"9788410239241.jpg\"},\"primaryImageOfPage\":{\"@id\":\"https:\\\/\\\/www.claret.cat\\\/es\\\/libro\\\/nacida-de-sangre-y-cenizas-9788410239241\\\/#mainImage\"},\"datePublished\":\"2025-03-06T17:25:26+01:00\",\"dateModified\":\"2025-03-20T16:15:46+01:00\"},{\"@type\":\"Organization\",\"@id\":\"https:\\\/\\\/www.claret.cat\\\/es\\\/#organization\",\"name\":\"Llibreria Claret\",\"description\":\"Llibreria religiosa a Barcelona\",\"url\":\"https:\\\/\\\/www.claret.cat\\\/es\\\/\",\"email\":\"comunicacio@claret.cat\",\"telephone\":\"+34933010887\",\"logo\":{\"@type\":\"ImageObject\",\"url\":\"https:\\\/\\\/www.claret.cat\\\/wp-content\\\/uploads\\\/.\\\/logo-claret-es.png\",\"@id\":\"https:\\\/\\\/www.claret.cat\\\/es\\\/libro\\\/nacida-de-sangre-y-cenizas-9788410239241\\\/#organizationLogo\",\"width\":195,\"height\":79},\"image\":{\"@id\":\"https:\\\/\\\/www.claret.cat\\\/es\\\/libro\\\/nacida-de-sangre-y-cenizas-9788410239241\\\/#organizationLogo\"},\"sameAs\":[\"https:\\\/\\\/www.facebook.com\\\/LlibreriaClaret\",\"https:\\\/\\\/twitter.com\\\/LlibreriaClaret\",\"https:\\\/\\\/www.instagram.com\\\/llibreriaclaret\\\/\",\"https:\\\/\\\/www.tiktok.com\\\/@llibreriaclaret\",\"https:\\\/\\\/www.youtube.com\\\/@llibreriaclaret\",\"https:\\\/\\\/ca.wikipedia.org\\\/wiki\\\/Editorial_Claret\"]},{\"@type\":\"WebPage\",\"@id\":\"https:\\\/\\\/www.claret.cat\\\/es\\\/libro\\\/nacida-de-sangre-y-cenizas-9788410239241\\\/#webpage\",\"url\":\"https:\\\/\\\/www.claret.cat\\\/es\\\/libro\\\/nacida-de-sangre-y-cenizas-9788410239241\\\/\",\"name\":\"NACIDA DE SANGRE Y CENIZAS - ARMENTROUT, JENNIFER 9788410239241 | Llibreria Claret\",\"description\":\"NACIDA DE SANGRE Y CENIZAS de ARMENTROUT, JENNIFER disponible a\\\/en Llibreria Claret.\",\"inLanguage\":\"es-ES\",\"isPartOf\":{\"@id\":\"https:\\\/\\\/www.claret.cat\\\/es\\\/#website\"},\"breadcrumb\":{\"@id\":\"https:\\\/\\\/www.claret.cat\\\/es\\\/libro\\\/nacida-de-sangre-y-cenizas-9788410239241\\\/#breadcrumblist\"},\"image\":{\"@type\":\"ImageObject\",\"url\":\"https:\\\/\\\/www.claret.cat\\\/wp-content\\\/uploads\\\/.\\\/9788410239241-1.jpg\",\"@id\":\"https:\\\/\\\/www.claret.cat\\\/es\\\/libro\\\/nacida-de-sangre-y-cenizas-9788410239241\\\/#mainImage\",\"width\":250,\"height\":394,\"caption\":\"9788410239241.jpg\"},\"primaryImageOfPage\":{\"@id\":\"https:\\\/\\\/www.claret.cat\\\/es\\\/libro\\\/nacida-de-sangre-y-cenizas-9788410239241\\\/#mainImage\"},\"datePublished\":\"2025-03-06T17:25:26+01:00\",\"dateModified\":\"2025-03-20T16:15:46+01:00\"},{\"@type\":\"WebSite\",\"@id\":\"https:\\\/\\\/www.claret.cat\\\/es\\\/#website\",\"url\":\"https:\\\/\\\/www.claret.cat\\\/es\\\/\",\"name\":\"Llibreria Claret Barcelona\",\"alternateName\":\"Llibreria Claret\",\"description\":\"Llibreria religiosa a Barcelona\",\"inLanguage\":\"es-ES\",\"publisher\":{\"@id\":\"https:\\\/\\\/www.claret.cat\\\/es\\\/#organization\"}}]}\n\t\t<\/script>\n\t\t<!-- All in One SEO Pro -->\r\n\t\t<title>NACIDA DE SANGRE Y CENIZAS - ARMENTROUT, JENNIFER 9788410239241 | Llibreria Claret<\/title>\n\n","aioseo_head_json":{"title":"NACIDA DE SANGRE Y CENIZAS - ARMENTROUT, JENNIFER 9788410239241 | Llibreria Claret","description":"NACIDA DE SANGRE Y CENIZAS de ARMENTROUT, JENNIFER disponible a\/en Llibreria Claret.","canonical_url":"https:\/\/www.claret.cat\/es\/libro\/nacida-de-sangre-y-cenizas-9788410239241\/","robots":"max-image-preview:large","keywords":"","webmasterTools":{"google-site-verification":"xVtlFxJ-TfkIu-D-lt7XeLobefg5EIQiXTuqcSf8Rf0","miscellaneous":""},"schema":{"@context":"https:\/\/schema.org","@graph":[{"@type":"BreadcrumbList","@id":"https:\/\/www.claret.cat\/es\/libro\/nacida-de-sangre-y-cenizas-9788410239241\/#breadcrumblist","itemListElement":[{"@type":"ListItem","@id":"https:\/\/www.claret.cat\/es\/#listItem","position":1,"name":"Home","item":"https:\/\/www.claret.cat\/es\/","nextItem":{"@type":"ListItem","@id":"https:\/\/www.claret.cat\/?page_id=16#listItem","name":"Botiga"}},{"@type":"ListItem","@id":"https:\/\/www.claret.cat\/?page_id=16#listItem","position":2,"name":"Botiga","item":"https:\/\/www.claret.cat\/?page_id=16","nextItem":{"@type":"ListItem","@id":"https:\/\/www.claret.cat\/categoria-producto\/cat\/#listItem","name":"CAT"},"previousItem":{"@type":"ListItem","@id":"https:\/\/www.claret.cat\/es\/#listItem","name":"Home"}},{"@type":"ListItem","@id":"https:\/\/www.claret.cat\/categoria-producto\/cat\/#listItem","position":3,"name":"CAT","item":"https:\/\/www.claret.cat\/categoria-producto\/cat\/","nextItem":{"@type":"ListItem","@id":"https:\/\/www.claret.cat\/categoria-producto\/cat\/3_infantil-juvenil\/#listItem","name":"Infantil \/ Juvenil"},"previousItem":{"@type":"ListItem","@id":"https:\/\/www.claret.cat\/?page_id=16#listItem","name":"Botiga"}},{"@type":"ListItem","@id":"https:\/\/www.claret.cat\/categoria-producto\/cat\/3_infantil-juvenil\/#listItem","position":4,"name":"Infantil \/ Juvenil","item":"https:\/\/www.claret.cat\/categoria-producto\/cat\/3_infantil-juvenil\/","nextItem":{"@type":"ListItem","@id":"https:\/\/www.claret.cat\/categoria-producto\/cat\/3_infantil-juvenil\/infantil\/#listItem","name":"Infantil"},"previousItem":{"@type":"ListItem","@id":"https:\/\/www.claret.cat\/categoria-producto\/cat\/#listItem","name":"CAT"}},{"@type":"ListItem","@id":"https:\/\/www.claret.cat\/categoria-producto\/cat\/3_infantil-juvenil\/infantil\/#listItem","position":5,"name":"Infantil","item":"https:\/\/www.claret.cat\/categoria-producto\/cat\/3_infantil-juvenil\/infantil\/","nextItem":{"@type":"ListItem","@id":"https:\/\/www.claret.cat\/categoria-producto\/cat\/3_infantil-juvenil\/infantil\/lectures-per-adolescents-12-18-anys\/#listItem","name":"12 - 18 anys"},"previousItem":{"@type":"ListItem","@id":"https:\/\/www.claret.cat\/categoria-producto\/cat\/3_infantil-juvenil\/#listItem","name":"Infantil \/ Juvenil"}},{"@type":"ListItem","@id":"https:\/\/www.claret.cat\/categoria-producto\/cat\/3_infantil-juvenil\/infantil\/lectures-per-adolescents-12-18-anys\/#listItem","position":6,"name":"12 - 18 anys","item":"https:\/\/www.claret.cat\/categoria-producto\/cat\/3_infantil-juvenil\/infantil\/lectures-per-adolescents-12-18-anys\/","nextItem":{"@type":"ListItem","@id":"https:\/\/www.claret.cat\/es\/libro\/nacida-de-sangre-y-cenizas-9788410239241\/#listItem","name":"NACIDA DE SANGRE Y CENIZAS"},"previousItem":{"@type":"ListItem","@id":"https:\/\/www.claret.cat\/categoria-producto\/cat\/3_infantil-juvenil\/infantil\/#listItem","name":"Infantil"}},{"@type":"ListItem","@id":"https:\/\/www.claret.cat\/es\/libro\/nacida-de-sangre-y-cenizas-9788410239241\/#listItem","position":7,"name":"NACIDA DE SANGRE Y CENIZAS","previousItem":{"@type":"ListItem","@id":"https:\/\/www.claret.cat\/categoria-producto\/cat\/3_infantil-juvenil\/infantil\/lectures-per-adolescents-12-18-anys\/#listItem","name":"12 - 18 anys"}}]},{"@type":"ItemPage","@id":"https:\/\/www.claret.cat\/es\/libro\/nacida-de-sangre-y-cenizas-9788410239241\/#itempage","url":"https:\/\/www.claret.cat\/es\/libro\/nacida-de-sangre-y-cenizas-9788410239241\/","name":"NACIDA DE SANGRE Y CENIZAS - ARMENTROUT, JENNIFER 9788410239241 | Llibreria Claret","description":"NACIDA DE SANGRE Y CENIZAS de ARMENTROUT, JENNIFER disponible a\/en Llibreria Claret.","inLanguage":"es-ES","isPartOf":{"@id":"https:\/\/www.claret.cat\/es\/#website"},"breadcrumb":{"@id":"https:\/\/www.claret.cat\/es\/libro\/nacida-de-sangre-y-cenizas-9788410239241\/#breadcrumblist"},"image":{"@type":"ImageObject","url":"https:\/\/www.claret.cat\/wp-content\/uploads\/.\/9788410239241-1.jpg","@id":"https:\/\/www.claret.cat\/es\/libro\/nacida-de-sangre-y-cenizas-9788410239241\/#mainImage","width":250,"height":394,"caption":"9788410239241.jpg"},"primaryImageOfPage":{"@id":"https:\/\/www.claret.cat\/es\/libro\/nacida-de-sangre-y-cenizas-9788410239241\/#mainImage"},"datePublished":"2025-03-06T17:25:26+01:00","dateModified":"2025-03-20T16:15:46+01:00"},{"@type":"Organization","@id":"https:\/\/www.claret.cat\/es\/#organization","name":"Llibreria Claret","description":"Llibreria religiosa a Barcelona","url":"https:\/\/www.claret.cat\/es\/","email":"comunicacio@claret.cat","telephone":"+34933010887","logo":{"@type":"ImageObject","url":"https:\/\/www.claret.cat\/wp-content\/uploads\/.\/logo-claret-es.png","@id":"https:\/\/www.claret.cat\/es\/libro\/nacida-de-sangre-y-cenizas-9788410239241\/#organizationLogo","width":195,"height":79},"image":{"@id":"https:\/\/www.claret.cat\/es\/libro\/nacida-de-sangre-y-cenizas-9788410239241\/#organizationLogo"},"sameAs":["https:\/\/www.facebook.com\/LlibreriaClaret","https:\/\/twitter.com\/LlibreriaClaret","https:\/\/www.instagram.com\/llibreriaclaret\/","https:\/\/www.tiktok.com\/@llibreriaclaret","https:\/\/www.youtube.com\/@llibreriaclaret","https:\/\/ca.wikipedia.org\/wiki\/Editorial_Claret"]},{"@type":"WebPage","@id":"https:\/\/www.claret.cat\/es\/libro\/nacida-de-sangre-y-cenizas-9788410239241\/#webpage","url":"https:\/\/www.claret.cat\/es\/libro\/nacida-de-sangre-y-cenizas-9788410239241\/","name":"NACIDA DE SANGRE Y CENIZAS - ARMENTROUT, JENNIFER 9788410239241 | Llibreria Claret","description":"NACIDA DE SANGRE Y CENIZAS de ARMENTROUT, JENNIFER disponible a\/en Llibreria Claret.","inLanguage":"es-ES","isPartOf":{"@id":"https:\/\/www.claret.cat\/es\/#website"},"breadcrumb":{"@id":"https:\/\/www.claret.cat\/es\/libro\/nacida-de-sangre-y-cenizas-9788410239241\/#breadcrumblist"},"image":{"@type":"ImageObject","url":"https:\/\/www.claret.cat\/wp-content\/uploads\/.\/9788410239241-1.jpg","@id":"https:\/\/www.claret.cat\/es\/libro\/nacida-de-sangre-y-cenizas-9788410239241\/#mainImage","width":250,"height":394,"caption":"9788410239241.jpg"},"primaryImageOfPage":{"@id":"https:\/\/www.claret.cat\/es\/libro\/nacida-de-sangre-y-cenizas-9788410239241\/#mainImage"},"datePublished":"2025-03-06T17:25:26+01:00","dateModified":"2025-03-20T16:15:46+01:00"},{"@type":"WebSite","@id":"https:\/\/www.claret.cat\/es\/#website","url":"https:\/\/www.claret.cat\/es\/","name":"Llibreria Claret Barcelona","alternateName":"Llibreria Claret","description":"Llibreria religiosa a Barcelona","inLanguage":"es-ES","publisher":{"@id":"https:\/\/www.claret.cat\/es\/#organization"}}]},"og:locale":"es_ES","og:site_name":"Llibreria Claret - Llibreria religiosa a Barcelona","og:type":"article","og:title":"NACIDA DE SANGRE Y CENIZAS - ARMENTROUT, JENNIFER 9788410239241 | Llibreria Claret","og:description":"NACIDA DE SANGRE Y CENIZAS de ARMENTROUT, JENNIFER disponible a\/en Llibreria Claret.","og:url":"https:\/\/www.claret.cat\/es\/libro\/nacida-de-sangre-y-cenizas-9788410239241\/","og:image":"https:\/\/dev.claret.cat\/wp-content\/uploads\/logo-claret.svg","og:image:secure_url":"https:\/\/dev.claret.cat\/wp-content\/uploads\/logo-claret.svg","article:published_time":"2025-03-06T16:25:26+00:00","article:modified_time":"2025-03-20T15:15:46+00:00","article:publisher":"https:\/\/www.facebook.com\/LlibreriaClaret","twitter:card":"summary_large_image","twitter:site":"@LlibreriaClaret","twitter:title":"NACIDA DE SANGRE Y CENIZAS - ARMENTROUT, JENNIFER 9788410239241 | Llibreria Claret","twitter:description":"NACIDA DE SANGRE Y CENIZAS de ARMENTROUT, JENNIFER disponible a\/en Llibreria Claret.","twitter:image":"http:\/\/dev.claret.cat\/wp-content\/uploads\/logo-claret.svg"},"aioseo_meta_data":{"post_id":"1009731","title":null,"description":null,"keywords":null,"keyphrases":null,"primary_term":null,"canonical_url":null,"og_title":null,"og_description":null,"og_object_type":"default","og_image_type":"default","og_image_url":null,"og_image_width":null,"og_image_height":null,"og_image_custom_url":null,"og_image_custom_fields":null,"og_video":null,"og_custom_url":null,"og_article_section":null,"og_article_tags":null,"twitter_use_og":false,"twitter_card":"default","twitter_image_type":"default","twitter_image_url":null,"twitter_image_custom_url":null,"twitter_image_custom_fields":null,"twitter_title":null,"twitter_description":null,"schema":{"blockGraphs":[],"customGraphs":[],"default":{"data":{"Article":[],"Course":[],"Dataset":[],"FAQPage":[],"Movie":[],"Person":[],"Product":[],"ProductReview":[],"Car":[],"Recipe":[],"Service":[],"SoftwareApplication":[],"WebPage":[]},"graphName":"","isEnabled":true},"graphs":[]},"schema_type":"default","schema_type_options":null,"pillar_content":false,"robots_default":true,"robots_noindex":false,"robots_noarchive":false,"robots_nosnippet":false,"robots_nofollow":false,"robots_noimageindex":false,"robots_noodp":false,"robots_notranslate":false,"robots_max_snippet":null,"robots_max_videopreview":null,"robots_max_imagepreview":"large","priority":null,"frequency":null,"local_seo":null,"seo_analyzer_scan_date":"2025-12-02 17:50:03","breadcrumb_settings":null,"limit_modified_date":false,"open_ai":null,"ai":null,"created":"2025-03-06 16:29:05","updated":"2025-12-02 17:50:03","focus_keyword":null,"additional_keywords":null,"truseo_locale":null},"aioseo_breadcrumb":"<div class=\"aioseo-breadcrumbs\"><span class=\"aioseo-breadcrumb\">\n\t<a href=\"https:\/\/www.claret.cat\/es\/\" title=\"Home\">Home<\/a>\n<\/span><span class=\"aioseo-breadcrumb-separator\">&raquo;<\/span><span class=\"aioseo-breadcrumb\">\n\t<a href=\"https:\/\/www.claret.cat\/?page_id=16\" title=\"Botiga\">Botiga<\/a>\n<\/span><span class=\"aioseo-breadcrumb-separator\">&raquo;<\/span><span class=\"aioseo-breadcrumb\">\n\t<a href=\"https:\/\/www.claret.cat\/categoria-producto\/cat\/\" title=\"CAT\">CAT<\/a>\n<\/span><span class=\"aioseo-breadcrumb-separator\">&raquo;<\/span><span class=\"aioseo-breadcrumb\">\n\t<a href=\"https:\/\/www.claret.cat\/categoria-producto\/cat\/3_infantil-juvenil\/\" title=\"Infantil \/ Juvenil\">Infantil \/ Juvenil<\/a>\n<\/span><span class=\"aioseo-breadcrumb-separator\">&raquo;<\/span><span class=\"aioseo-breadcrumb\">\n\t<a href=\"https:\/\/www.claret.cat\/categoria-producto\/cat\/3_infantil-juvenil\/infantil\/\" title=\"Infantil\">Infantil<\/a>\n<\/span><span class=\"aioseo-breadcrumb-separator\">&raquo;<\/span><span class=\"aioseo-breadcrumb\">\n\t<a href=\"https:\/\/www.claret.cat\/categoria-producto\/cat\/3_infantil-juvenil\/infantil\/lectures-per-adolescents-12-18-anys\/\" title=\"12 - 18 anys\">12 - 18 anys<\/a>\n<\/span><span class=\"aioseo-breadcrumb-separator\">&raquo;<\/span><span class=\"aioseo-breadcrumb\">\n\tNACIDA DE SANGRE Y CENIZAS\n<\/span><\/div>","aioseo_breadcrumb_json":[{"label":"Home","link":"https:\/\/www.claret.cat\/es\/"},{"label":"Botiga","link":"https:\/\/www.claret.cat\/?page_id=16"},{"label":"CAT","link":"https:\/\/www.claret.cat\/categoria-producto\/cat\/"},{"label":"Infantil \/ Juvenil","link":"https:\/\/www.claret.cat\/categoria-producto\/cat\/3_infantil-juvenil\/"},{"label":"Infantil","link":"https:\/\/www.claret.cat\/categoria-producto\/cat\/3_infantil-juvenil\/infantil\/"},{"label":"12 - 18 anys","link":"https:\/\/www.claret.cat\/categoria-producto\/cat\/3_infantil-juvenil\/infantil\/lectures-per-adolescents-12-18-anys\/"},{"label":"NACIDA DE SANGRE Y CENIZAS","link":"https:\/\/www.claret.cat\/es\/libro\/nacida-de-sangre-y-cenizas-9788410239241\/"}],"_links":{"self":[{"href":"https:\/\/www.claret.cat\/es\/wp-json\/wp\/v2\/product\/1009731","targetHints":{"allow":["GET"]}}],"collection":[{"href":"https:\/\/www.claret.cat\/es\/wp-json\/wp\/v2\/product"}],"about":[{"href":"https:\/\/www.claret.cat\/es\/wp-json\/wp\/v2\/types\/product"}],"wp:featuredmedia":[{"embeddable":true,"href":"https:\/\/www.claret.cat\/es\/wp-json\/wp\/v2\/media\/1013154"}],"wp:attachment":[{"href":"https:\/\/www.claret.cat\/es\/wp-json\/wp\/v2\/media?parent=1009731"}],"wp:term":[{"taxonomy":"product_brand","embeddable":true,"href":"https:\/\/www.claret.cat\/es\/wp-json\/wp\/v2\/product_brand?post=1009731"},{"taxonomy":"product_cat","embeddable":true,"href":"https:\/\/www.claret.cat\/es\/wp-json\/wp\/v2\/product_cat?post=1009731"},{"taxonomy":"product_tag","embeddable":true,"href":"https:\/\/www.claret.cat\/es\/wp-json\/wp\/v2\/product_tag?post=1009731"}],"curies":[{"name":"wp","href":"https:\/\/api.w.org\/{rel}","templated":true}]}}