{"id":1010146,"date":"2025-03-10T17:10:43","date_gmt":"2025-03-10T16:10:43","guid":{"rendered":"https:\/\/www.claret.cat\/llibre\/por-fin-llevo-calzoncillos-9788419511898\/"},"modified":"2025-03-11T09:40:14","modified_gmt":"2025-03-11T08:40:14","slug":"por-fin-llevo-calzoncillos-9788419511898","status":"publish","type":"product","link":"https:\/\/www.claret.cat\/es\/libro\/por-fin-llevo-calzoncillos-9788419511898\/","title":{"rendered":"\u00a1POR FIN LLEVO CALZONCILLOS!"},"content":{"rendered":"<p>\u00a1Un libro ideal para ayudar a que el peque\u00f1o de la casa d\u00e9 f\u00e1cilmente el paso de dejar los pa\u00f1ales! A Milo le encanta su pa\u00f1al: es s\u00faper c\u00f3modo y le permite jugar sin parar\u2026 pero un d\u00eda descubre que los ni\u00f1os mayores llevan calzoncillos\u2026 \u00bfY si les da una oportunidad? De la mano de Alicia Acosta, una voz experta en psicolog\u00eda infantil, este libro le da un enfoque positivo y empoderante al paso del pa\u00f1al a los calzoncillos. Pronto, todos los ni\u00f1os podr\u00e1n decir: &#8216;\u00a1Por fin llevo calzoncillos!&#8217;.<\/p>\n","protected":false},"excerpt":{"rendered":"<p>ACOSTA, ALICIA<\/p>\n","protected":false},"featured_media":1010325,"template":"","meta":{"_acf_changed":false,"om_disable_all_campaigns":false,"rs_blank_template":"","rs_page_bg_color":"","slide_template_v7":"","inline_featured_image":false,"_monsterinsights_skip_tracking":false,"_monsterinsights_sitenote_active":false,"_monsterinsights_sitenote_note":"","_monsterinsights_sitenote_category":0},"product_brand":[],"product_cat":[131,361],"product_tag":[],"class_list":{"0":"post-1010146","1":"product","2":"type-product","3":"status-publish","4":"has-post-thumbnail","6":"product_cat-contes-per-infants-0-6-anys","7":"product_cat-cuentos-para-ninos-0-6-anos","9":"first","10":"instock","11":"taxable","12":"shipping-taxable","13":"purchasable","14":"product-type-simple"},"acf":{"autor":"ACOSTA, ALICIA","codart":"841951189","libros-coleccion":"IMPRESCINDIBLES","ediciones":"1","encuadernacion":"Carton\u00e9","fecha_de_publicacion":"01\/03\/2025","novedad":"1","paginas":"48","subtitulo":"","orden":"0","portada":"0","idioma":"spa","editorial":[{"ID":148657,"post_author":"3","post_date":"2022-10-14 11:59:58","post_date_gmt":"2022-10-14 09:59:58","post_content":"","post_title":"Penguin Kids","post_excerpt":"","post_status":"publish","comment_status":"closed","ping_status":"closed","post_password":"","post_name":"penguin-kids","to_ping":"","pinged":"","post_modified":"2022-10-14 11:59:58","post_modified_gmt":"2022-10-14 09:59:58","post_content_filtered":"","post_parent":0,"guid":"http:\/\/dev.claret.cat\/editorial\/penguin-kids\/","menu_order":0,"post_type":"editorial","post_mime_type":"","comment_count":"0","filter":"raw"}]},"aioseo_notices":[],"_links":{"self":[{"href":"https:\/\/www.claret.cat\/es\/wp-json\/wp\/v2\/product\/1010146","targetHints":{"allow":["GET"]}}],"collection":[{"href":"https:\/\/www.claret.cat\/es\/wp-json\/wp\/v2\/product"}],"about":[{"href":"https:\/\/www.claret.cat\/es\/wp-json\/wp\/v2\/types\/product"}],"wp:featuredmedia":[{"embeddable":true,"href":"https:\/\/www.claret.cat\/es\/wp-json\/wp\/v2\/media\/1010325"}],"wp:attachment":[{"href":"https:\/\/www.claret.cat\/es\/wp-json\/wp\/v2\/media?parent=1010146"}],"wp:term":[{"taxonomy":"product_brand","embeddable":true,"href":"https:\/\/www.claret.cat\/es\/wp-json\/wp\/v2\/product_brand?post=1010146"},{"taxonomy":"product_cat","embeddable":true,"href":"https:\/\/www.claret.cat\/es\/wp-json\/wp\/v2\/product_cat?post=1010146"},{"taxonomy":"product_tag","embeddable":true,"href":"https:\/\/www.claret.cat\/es\/wp-json\/wp\/v2\/product_tag?post=1010146"}],"curies":[{"name":"wp","href":"https:\/\/api.w.org\/{rel}","templated":true}]}}