{"id":1011973,"date":"2025-03-17T13:10:01","date_gmt":"2025-03-17T12:10:01","guid":{"rendered":"https:\/\/www.claret.cat\/llibre\/cien-anos-de-soledad-9788466379717\/"},"modified":"2025-04-23T17:10:14","modified_gmt":"2025-04-23T15:10:14","slug":"cien-anos-de-soledad-9788466379717","status":"publish","type":"product","link":"https:\/\/www.claret.cat\/es\/libro\/cien-anos-de-soledad-9788466379717\/","title":{"rendered":"CIEN A\u00d1OS DE SOLEDAD"},"content":{"rendered":"<p>Se\u00f1alada como \u00abcatedral g\u00f3tica del lenguaje\u00bb, este cl\u00e1sico del siglo XX es el enorme y espl\u00e9ndido tapiz de la saga de la familia Buend\u00eda, en la m\u00edtica aldea de Macondo.  UNO DE LOS 5 LIBROS M\u00c1S IMPORTANTES DE LOS \u00daLTIMOS 125 A\u00d1OS SEG\u00daN THE NEW YORK TIMES  Un referente imprescindible de la vida y la narrativa latinoamericana. \u00abMuchos a\u00f1os despu\u00e9s, frente al pelot\u00f3n de fusilamiento, el coronel Aureliano Buend\u00eda hab\u00eda de recordar aquella tarde remota en que su padre lo llev\u00f3 a conocer el hielo. Macondo era entonces una aldea de veinte casas de barro y ca\u00f1abrava construidas a la orilla de un r\u00edo de aguas di\u00e1fanas que se precipitaban por un lecho de piedras pulidas, blancas y enormes como huevos prehist\u00f3ricos. El mundo era tan reciente, que muchas cosas carec\u00edan de nombre, y para mencionarlas hab\u00eda que se\u00f1alarlas con el dedo\u00bb. Con estas palabras empieza la novela ya legendaria en los anales de la literatura universal, una de las aventuras literarias m\u00e1s fascinantes de nuestro siglo. Millones de ejemplares de Cien a\u00f1os de soledad le\u00eddos en todas las lenguas y el Premio Nobel de Literatura coronando una obra que se hab\u00eda abierto paso \u00abboca a boca\u00bb -como gusta decir al escritor- son la m\u00e1s palpable demostraci\u00f3n de que la aventura fabulosa de la familia Buend\u00eda-Iguar\u00e1n, con sus milagros, fantas\u00edas, obsesiones, tragedias, incestos, adulterios, rebeld\u00edas, descubrimientos y condenas, representaba al mismo tiempo el mito y la historia, la tragedia y el amor del mundo entero.Pablo Neruda dijo&#8230;<br \/>\u00abEl Quijote de nuestro tiempo.\u00bb<\/p>\n","protected":false},"excerpt":{"rendered":"<p>GARC\u00cdA M\u00c1RQUEZ, GABRIEL<\/p>\n","protected":false},"featured_media":1012037,"template":"","meta":{"_acf_changed":false,"om_disable_all_campaigns":false,"rs_blank_template":"","rs_page_bg_color":"","slide_template_v7":"","inline_featured_image":false,"_monsterinsights_skip_tracking":false},"product_brand":[],"product_cat":[127,357],"product_tag":[],"class_list":["post-1011973","product","type-product","status-publish","has-post-thumbnail","product_cat-novella-contemporania","product_cat-novela-contemporanea","first","instock","taxable","shipping-taxable","purchasable","product-type-simple"],"acf":{"autor":"GARC\u00cdA M\u00c1RQUEZ, GABRIEL","codart":"846637971","libros-coleccion":"CONTEMPORANEA","ediciones":"1","encuadernacion":"Carton\u00e9","fecha_de_publicacion":"01\/10\/2024","novedad":"1","paginas":"503","subtitulo":"","orden":"0","portada":"0","idioma":"spa","editorial":[{"ID":6178,"post_author":"3","post_date":"2022-07-28 17:46:34","post_date_gmt":"2022-07-28 15:46:34","post_content":"","post_title":"DEBOLSILLO","post_excerpt":"","post_status":"publish","comment_status":"closed","ping_status":"closed","post_password":"","post_name":"debolsillo","to_ping":"","pinged":"","post_modified":"2022-07-28 17:46:34","post_modified_gmt":"2022-07-28 15:46:34","post_content_filtered":"","post_parent":0,"guid":"http:\/\/dev.claret.cat\/editorial\/debolsillo\/","menu_order":0,"post_type":"editorial","post_mime_type":"","comment_count":"0","filter":"raw"}],"booktrailer":"","resenas":""},"aioseo_notices":[],"aioseo_head":"\n\t\t<!-- All in One SEO Pro 5.0.1.1 - aioseo.com -->\n\t<meta name=\"description\" content=\"CIEN A\u00d1OS DE SOLEDAD de GARC\u00cdA M\u00c1RQUEZ, GABRIEL disponible a\/en Llibreria Claret.\" \/>\n\t<meta name=\"robots\" content=\"max-image-preview:large\" \/>\n\t<meta name=\"google-site-verification\" content=\"xVtlFxJ-TfkIu-D-lt7XeLobefg5EIQiXTuqcSf8Rf0\" \/>\n\t<link rel=\"canonical\" href=\"https:\/\/www.claret.cat\/es\/libro\/cien-anos-de-soledad-9788466379717\/\" \/>\n\t<meta name=\"generator\" content=\"All in One SEO Pro (AIOSEO) 5.0.1.1\" \/>\n\t\t<meta property=\"og:locale\" content=\"es_ES\" \/>\n\t\t<meta property=\"og:site_name\" content=\"Llibreria Claret - Llibreria religiosa a Barcelona\" \/>\n\t\t<meta property=\"og:type\" content=\"article\" \/>\n\t\t<meta property=\"og:title\" content=\"CIEN A\u00d1OS DE SOLEDAD - GARC\u00cdA M\u00c1RQUEZ, GABRIEL 9788466379717 | Llibreria Claret\" \/>\n\t\t<meta property=\"og:description\" content=\"CIEN A\u00d1OS DE SOLEDAD de GARC\u00cdA M\u00c1RQUEZ, GABRIEL disponible a\/en Llibreria Claret.\" \/>\n\t\t<meta property=\"og:url\" content=\"https:\/\/www.claret.cat\/es\/libro\/cien-anos-de-soledad-9788466379717\/\" \/>\n\t\t<meta property=\"og:image\" content=\"https:\/\/dev.claret.cat\/wp-content\/uploads\/logo-claret.svg\" \/>\n\t\t<meta property=\"og:image:secure_url\" content=\"https:\/\/dev.claret.cat\/wp-content\/uploads\/logo-claret.svg\" \/>\n\t\t<meta property=\"article:published_time\" content=\"2025-03-17T12:10:01+00:00\" \/>\n\t\t<meta property=\"article:modified_time\" content=\"2025-04-23T15:10:14+00:00\" \/>\n\t\t<meta property=\"article:publisher\" content=\"https:\/\/www.facebook.com\/LlibreriaClaret\" \/>\n\t\t<meta name=\"twitter:card\" content=\"summary_large_image\" \/>\n\t\t<meta name=\"twitter:site\" content=\"@LlibreriaClaret\" \/>\n\t\t<meta name=\"twitter:title\" content=\"CIEN A\u00d1OS DE SOLEDAD - GARC\u00cdA M\u00c1RQUEZ, GABRIEL 9788466379717 | Llibreria Claret\" \/>\n\t\t<meta name=\"twitter:description\" content=\"CIEN A\u00d1OS DE SOLEDAD de GARC\u00cdA M\u00c1RQUEZ, GABRIEL disponible a\/en Llibreria Claret.\" \/>\n\t\t<meta name=\"twitter:image\" content=\"http:\/\/dev.claret.cat\/wp-content\/uploads\/logo-claret.svg\" \/>\n\t\t<script type=\"application\/ld+json\" class=\"aioseo-schema\">\n\t\t\t{\"@context\":\"https:\\\/\\\/schema.org\",\"@graph\":[{\"@type\":\"BreadcrumbList\",\"@id\":\"https:\\\/\\\/www.claret.cat\\\/es\\\/libro\\\/cien-anos-de-soledad-9788466379717\\\/#breadcrumblist\",\"itemListElement\":[{\"@type\":\"ListItem\",\"@id\":\"https:\\\/\\\/www.claret.cat\\\/es\\\/#listItem\",\"position\":1,\"name\":\"Home\",\"item\":\"https:\\\/\\\/www.claret.cat\\\/es\\\/\",\"nextItem\":{\"@type\":\"ListItem\",\"@id\":\"https:\\\/\\\/www.claret.cat\\\/?page_id=16#listItem\",\"name\":\"Botiga\"}},{\"@type\":\"ListItem\",\"@id\":\"https:\\\/\\\/www.claret.cat\\\/?page_id=16#listItem\",\"position\":2,\"name\":\"Botiga\",\"item\":\"https:\\\/\\\/www.claret.cat\\\/?page_id=16\",\"nextItem\":{\"@type\":\"ListItem\",\"@id\":\"https:\\\/\\\/www.claret.cat\\\/categoria-producto\\\/cat\\\/#listItem\",\"name\":\"CAT\"},\"previousItem\":{\"@type\":\"ListItem\",\"@id\":\"https:\\\/\\\/www.claret.cat\\\/es\\\/#listItem\",\"name\":\"Home\"}},{\"@type\":\"ListItem\",\"@id\":\"https:\\\/\\\/www.claret.cat\\\/categoria-producto\\\/cat\\\/#listItem\",\"position\":3,\"name\":\"CAT\",\"item\":\"https:\\\/\\\/www.claret.cat\\\/categoria-producto\\\/cat\\\/\",\"nextItem\":{\"@type\":\"ListItem\",\"@id\":\"https:\\\/\\\/www.claret.cat\\\/categoria-producto\\\/cat\\\/2_humanitats\\\/#listItem\",\"name\":\"Humanitats\"},\"previousItem\":{\"@type\":\"ListItem\",\"@id\":\"https:\\\/\\\/www.claret.cat\\\/?page_id=16#listItem\",\"name\":\"Botiga\"}},{\"@type\":\"ListItem\",\"@id\":\"https:\\\/\\\/www.claret.cat\\\/categoria-producto\\\/cat\\\/2_humanitats\\\/#listItem\",\"position\":4,\"name\":\"Humanitats\",\"item\":\"https:\\\/\\\/www.claret.cat\\\/categoria-producto\\\/cat\\\/2_humanitats\\\/\",\"nextItem\":{\"@type\":\"ListItem\",\"@id\":\"https:\\\/\\\/www.claret.cat\\\/categoria-producto\\\/cat\\\/2_humanitats\\\/literatura\\\/#listItem\",\"name\":\"Literatura\"},\"previousItem\":{\"@type\":\"ListItem\",\"@id\":\"https:\\\/\\\/www.claret.cat\\\/categoria-producto\\\/cat\\\/#listItem\",\"name\":\"CAT\"}},{\"@type\":\"ListItem\",\"@id\":\"https:\\\/\\\/www.claret.cat\\\/categoria-producto\\\/cat\\\/2_humanitats\\\/literatura\\\/#listItem\",\"position\":5,\"name\":\"Literatura\",\"item\":\"https:\\\/\\\/www.claret.cat\\\/categoria-producto\\\/cat\\\/2_humanitats\\\/literatura\\\/\",\"nextItem\":{\"@type\":\"ListItem\",\"@id\":\"https:\\\/\\\/www.claret.cat\\\/categoria-producto\\\/cat\\\/2_humanitats\\\/literatura\\\/novella-contemporania\\\/#listItem\",\"name\":\"Novel\\u00b7la contempor\\u00e0nia\"},\"previousItem\":{\"@type\":\"ListItem\",\"@id\":\"https:\\\/\\\/www.claret.cat\\\/categoria-producto\\\/cat\\\/2_humanitats\\\/#listItem\",\"name\":\"Humanitats\"}},{\"@type\":\"ListItem\",\"@id\":\"https:\\\/\\\/www.claret.cat\\\/categoria-producto\\\/cat\\\/2_humanitats\\\/literatura\\\/novella-contemporania\\\/#listItem\",\"position\":6,\"name\":\"Novel\\u00b7la contempor\\u00e0nia\",\"item\":\"https:\\\/\\\/www.claret.cat\\\/categoria-producto\\\/cat\\\/2_humanitats\\\/literatura\\\/novella-contemporania\\\/\",\"nextItem\":{\"@type\":\"ListItem\",\"@id\":\"https:\\\/\\\/www.claret.cat\\\/es\\\/libro\\\/cien-anos-de-soledad-9788466379717\\\/#listItem\",\"name\":\"CIEN A\\u00d1OS DE SOLEDAD\"},\"previousItem\":{\"@type\":\"ListItem\",\"@id\":\"https:\\\/\\\/www.claret.cat\\\/categoria-producto\\\/cat\\\/2_humanitats\\\/literatura\\\/#listItem\",\"name\":\"Literatura\"}},{\"@type\":\"ListItem\",\"@id\":\"https:\\\/\\\/www.claret.cat\\\/es\\\/libro\\\/cien-anos-de-soledad-9788466379717\\\/#listItem\",\"position\":7,\"name\":\"CIEN A\\u00d1OS DE SOLEDAD\",\"previousItem\":{\"@type\":\"ListItem\",\"@id\":\"https:\\\/\\\/www.claret.cat\\\/categoria-producto\\\/cat\\\/2_humanitats\\\/literatura\\\/novella-contemporania\\\/#listItem\",\"name\":\"Novel\\u00b7la contempor\\u00e0nia\"}}]},{\"@type\":\"ItemPage\",\"@id\":\"https:\\\/\\\/www.claret.cat\\\/es\\\/libro\\\/cien-anos-de-soledad-9788466379717\\\/#itempage\",\"url\":\"https:\\\/\\\/www.claret.cat\\\/es\\\/libro\\\/cien-anos-de-soledad-9788466379717\\\/\",\"name\":\"CIEN A\\u00d1OS DE SOLEDAD - GARC\\u00cdA M\\u00c1RQUEZ, GABRIEL 9788466379717 | Llibreria Claret\",\"description\":\"CIEN A\\u00d1OS DE SOLEDAD de GARC\\u00cdA M\\u00c1RQUEZ, GABRIEL disponible a\\\/en Llibreria Claret.\",\"inLanguage\":\"es-ES\",\"isPartOf\":{\"@id\":\"https:\\\/\\\/www.claret.cat\\\/es\\\/#website\"},\"breadcrumb\":{\"@id\":\"https:\\\/\\\/www.claret.cat\\\/es\\\/libro\\\/cien-anos-de-soledad-9788466379717\\\/#breadcrumblist\"},\"image\":{\"@type\":\"ImageObject\",\"url\":\"https:\\\/\\\/www.claret.cat\\\/wp-content\\\/uploads\\\/.\\\/9788466379717-1.jpg\",\"@id\":\"https:\\\/\\\/www.claret.cat\\\/es\\\/libro\\\/cien-anos-de-soledad-9788466379717\\\/#mainImage\",\"width\":250,\"height\":383,\"caption\":\"9788466379717.jpg\"},\"primaryImageOfPage\":{\"@id\":\"https:\\\/\\\/www.claret.cat\\\/es\\\/libro\\\/cien-anos-de-soledad-9788466379717\\\/#mainImage\"},\"datePublished\":\"2025-03-17T13:10:01+01:00\",\"dateModified\":\"2025-04-23T17:10:14+02:00\"},{\"@type\":\"Organization\",\"@id\":\"https:\\\/\\\/www.claret.cat\\\/es\\\/#organization\",\"name\":\"Llibreria Claret\",\"description\":\"Llibreria religiosa a Barcelona\",\"url\":\"https:\\\/\\\/www.claret.cat\\\/es\\\/\",\"email\":\"comunicacio@claret.cat\",\"telephone\":\"+34933010887\",\"logo\":{\"@type\":\"ImageObject\",\"url\":\"https:\\\/\\\/www.claret.cat\\\/wp-content\\\/uploads\\\/.\\\/logo-claret-es.png\",\"@id\":\"https:\\\/\\\/www.claret.cat\\\/es\\\/libro\\\/cien-anos-de-soledad-9788466379717\\\/#organizationLogo\",\"width\":195,\"height\":79},\"image\":{\"@id\":\"https:\\\/\\\/www.claret.cat\\\/es\\\/libro\\\/cien-anos-de-soledad-9788466379717\\\/#organizationLogo\"},\"sameAs\":[\"https:\\\/\\\/www.facebook.com\\\/LlibreriaClaret\",\"https:\\\/\\\/twitter.com\\\/LlibreriaClaret\",\"https:\\\/\\\/www.instagram.com\\\/llibreriaclaret\\\/\",\"https:\\\/\\\/www.tiktok.com\\\/@llibreriaclaret\",\"https:\\\/\\\/www.youtube.com\\\/@llibreriaclaret\",\"https:\\\/\\\/ca.wikipedia.org\\\/wiki\\\/Editorial_Claret\"]},{\"@type\":\"WebPage\",\"@id\":\"https:\\\/\\\/www.claret.cat\\\/es\\\/libro\\\/cien-anos-de-soledad-9788466379717\\\/#webpage\",\"url\":\"https:\\\/\\\/www.claret.cat\\\/es\\\/libro\\\/cien-anos-de-soledad-9788466379717\\\/\",\"name\":\"CIEN A\\u00d1OS DE SOLEDAD - GARC\\u00cdA M\\u00c1RQUEZ, GABRIEL 9788466379717 | Llibreria Claret\",\"description\":\"CIEN A\\u00d1OS DE SOLEDAD de GARC\\u00cdA M\\u00c1RQUEZ, GABRIEL disponible a\\\/en Llibreria Claret.\",\"inLanguage\":\"es-ES\",\"isPartOf\":{\"@id\":\"https:\\\/\\\/www.claret.cat\\\/es\\\/#website\"},\"breadcrumb\":{\"@id\":\"https:\\\/\\\/www.claret.cat\\\/es\\\/libro\\\/cien-anos-de-soledad-9788466379717\\\/#breadcrumblist\"},\"image\":{\"@type\":\"ImageObject\",\"url\":\"https:\\\/\\\/www.claret.cat\\\/wp-content\\\/uploads\\\/.\\\/9788466379717-1.jpg\",\"@id\":\"https:\\\/\\\/www.claret.cat\\\/es\\\/libro\\\/cien-anos-de-soledad-9788466379717\\\/#mainImage\",\"width\":250,\"height\":383,\"caption\":\"9788466379717.jpg\"},\"primaryImageOfPage\":{\"@id\":\"https:\\\/\\\/www.claret.cat\\\/es\\\/libro\\\/cien-anos-de-soledad-9788466379717\\\/#mainImage\"},\"datePublished\":\"2025-03-17T13:10:01+01:00\",\"dateModified\":\"2025-04-23T17:10:14+02:00\"},{\"@type\":\"WebSite\",\"@id\":\"https:\\\/\\\/www.claret.cat\\\/es\\\/#website\",\"url\":\"https:\\\/\\\/www.claret.cat\\\/es\\\/\",\"name\":\"Llibreria Claret Barcelona\",\"alternateName\":\"Llibreria Claret\",\"description\":\"Llibreria religiosa a Barcelona\",\"inLanguage\":\"es-ES\",\"publisher\":{\"@id\":\"https:\\\/\\\/www.claret.cat\\\/es\\\/#organization\"}}]}\n\t\t<\/script>\n\t\t<!-- All in One SEO Pro -->\r\n\t\t<title>CIEN A\u00d1OS DE SOLEDAD - GARC\u00cdA M\u00c1RQUEZ, GABRIEL 9788466379717 | Llibreria Claret<\/title>\n\n","aioseo_head_json":{"title":"CIEN A\u00d1OS DE SOLEDAD - GARC\u00cdA M\u00c1RQUEZ, GABRIEL 9788466379717 | Llibreria Claret","description":"CIEN A\u00d1OS DE SOLEDAD de GARC\u00cdA M\u00c1RQUEZ, GABRIEL disponible a\/en Llibreria Claret.","canonical_url":"https:\/\/www.claret.cat\/es\/libro\/cien-anos-de-soledad-9788466379717\/","robots":"max-image-preview:large","keywords":"","webmasterTools":{"google-site-verification":"xVtlFxJ-TfkIu-D-lt7XeLobefg5EIQiXTuqcSf8Rf0","miscellaneous":""},"schema":{"@context":"https:\/\/schema.org","@graph":[{"@type":"BreadcrumbList","@id":"https:\/\/www.claret.cat\/es\/libro\/cien-anos-de-soledad-9788466379717\/#breadcrumblist","itemListElement":[{"@type":"ListItem","@id":"https:\/\/www.claret.cat\/es\/#listItem","position":1,"name":"Home","item":"https:\/\/www.claret.cat\/es\/","nextItem":{"@type":"ListItem","@id":"https:\/\/www.claret.cat\/?page_id=16#listItem","name":"Botiga"}},{"@type":"ListItem","@id":"https:\/\/www.claret.cat\/?page_id=16#listItem","position":2,"name":"Botiga","item":"https:\/\/www.claret.cat\/?page_id=16","nextItem":{"@type":"ListItem","@id":"https:\/\/www.claret.cat\/categoria-producto\/cat\/#listItem","name":"CAT"},"previousItem":{"@type":"ListItem","@id":"https:\/\/www.claret.cat\/es\/#listItem","name":"Home"}},{"@type":"ListItem","@id":"https:\/\/www.claret.cat\/categoria-producto\/cat\/#listItem","position":3,"name":"CAT","item":"https:\/\/www.claret.cat\/categoria-producto\/cat\/","nextItem":{"@type":"ListItem","@id":"https:\/\/www.claret.cat\/categoria-producto\/cat\/2_humanitats\/#listItem","name":"Humanitats"},"previousItem":{"@type":"ListItem","@id":"https:\/\/www.claret.cat\/?page_id=16#listItem","name":"Botiga"}},{"@type":"ListItem","@id":"https:\/\/www.claret.cat\/categoria-producto\/cat\/2_humanitats\/#listItem","position":4,"name":"Humanitats","item":"https:\/\/www.claret.cat\/categoria-producto\/cat\/2_humanitats\/","nextItem":{"@type":"ListItem","@id":"https:\/\/www.claret.cat\/categoria-producto\/cat\/2_humanitats\/literatura\/#listItem","name":"Literatura"},"previousItem":{"@type":"ListItem","@id":"https:\/\/www.claret.cat\/categoria-producto\/cat\/#listItem","name":"CAT"}},{"@type":"ListItem","@id":"https:\/\/www.claret.cat\/categoria-producto\/cat\/2_humanitats\/literatura\/#listItem","position":5,"name":"Literatura","item":"https:\/\/www.claret.cat\/categoria-producto\/cat\/2_humanitats\/literatura\/","nextItem":{"@type":"ListItem","@id":"https:\/\/www.claret.cat\/categoria-producto\/cat\/2_humanitats\/literatura\/novella-contemporania\/#listItem","name":"Novel\u00b7la contempor\u00e0nia"},"previousItem":{"@type":"ListItem","@id":"https:\/\/www.claret.cat\/categoria-producto\/cat\/2_humanitats\/#listItem","name":"Humanitats"}},{"@type":"ListItem","@id":"https:\/\/www.claret.cat\/categoria-producto\/cat\/2_humanitats\/literatura\/novella-contemporania\/#listItem","position":6,"name":"Novel\u00b7la contempor\u00e0nia","item":"https:\/\/www.claret.cat\/categoria-producto\/cat\/2_humanitats\/literatura\/novella-contemporania\/","nextItem":{"@type":"ListItem","@id":"https:\/\/www.claret.cat\/es\/libro\/cien-anos-de-soledad-9788466379717\/#listItem","name":"CIEN A\u00d1OS DE SOLEDAD"},"previousItem":{"@type":"ListItem","@id":"https:\/\/www.claret.cat\/categoria-producto\/cat\/2_humanitats\/literatura\/#listItem","name":"Literatura"}},{"@type":"ListItem","@id":"https:\/\/www.claret.cat\/es\/libro\/cien-anos-de-soledad-9788466379717\/#listItem","position":7,"name":"CIEN A\u00d1OS DE SOLEDAD","previousItem":{"@type":"ListItem","@id":"https:\/\/www.claret.cat\/categoria-producto\/cat\/2_humanitats\/literatura\/novella-contemporania\/#listItem","name":"Novel\u00b7la contempor\u00e0nia"}}]},{"@type":"ItemPage","@id":"https:\/\/www.claret.cat\/es\/libro\/cien-anos-de-soledad-9788466379717\/#itempage","url":"https:\/\/www.claret.cat\/es\/libro\/cien-anos-de-soledad-9788466379717\/","name":"CIEN A\u00d1OS DE SOLEDAD - GARC\u00cdA M\u00c1RQUEZ, GABRIEL 9788466379717 | Llibreria Claret","description":"CIEN A\u00d1OS DE SOLEDAD de GARC\u00cdA M\u00c1RQUEZ, GABRIEL disponible a\/en Llibreria Claret.","inLanguage":"es-ES","isPartOf":{"@id":"https:\/\/www.claret.cat\/es\/#website"},"breadcrumb":{"@id":"https:\/\/www.claret.cat\/es\/libro\/cien-anos-de-soledad-9788466379717\/#breadcrumblist"},"image":{"@type":"ImageObject","url":"https:\/\/www.claret.cat\/wp-content\/uploads\/.\/9788466379717-1.jpg","@id":"https:\/\/www.claret.cat\/es\/libro\/cien-anos-de-soledad-9788466379717\/#mainImage","width":250,"height":383,"caption":"9788466379717.jpg"},"primaryImageOfPage":{"@id":"https:\/\/www.claret.cat\/es\/libro\/cien-anos-de-soledad-9788466379717\/#mainImage"},"datePublished":"2025-03-17T13:10:01+01:00","dateModified":"2025-04-23T17:10:14+02:00"},{"@type":"Organization","@id":"https:\/\/www.claret.cat\/es\/#organization","name":"Llibreria Claret","description":"Llibreria religiosa a Barcelona","url":"https:\/\/www.claret.cat\/es\/","email":"comunicacio@claret.cat","telephone":"+34933010887","logo":{"@type":"ImageObject","url":"https:\/\/www.claret.cat\/wp-content\/uploads\/.\/logo-claret-es.png","@id":"https:\/\/www.claret.cat\/es\/libro\/cien-anos-de-soledad-9788466379717\/#organizationLogo","width":195,"height":79},"image":{"@id":"https:\/\/www.claret.cat\/es\/libro\/cien-anos-de-soledad-9788466379717\/#organizationLogo"},"sameAs":["https:\/\/www.facebook.com\/LlibreriaClaret","https:\/\/twitter.com\/LlibreriaClaret","https:\/\/www.instagram.com\/llibreriaclaret\/","https:\/\/www.tiktok.com\/@llibreriaclaret","https:\/\/www.youtube.com\/@llibreriaclaret","https:\/\/ca.wikipedia.org\/wiki\/Editorial_Claret"]},{"@type":"WebPage","@id":"https:\/\/www.claret.cat\/es\/libro\/cien-anos-de-soledad-9788466379717\/#webpage","url":"https:\/\/www.claret.cat\/es\/libro\/cien-anos-de-soledad-9788466379717\/","name":"CIEN A\u00d1OS DE SOLEDAD - GARC\u00cdA M\u00c1RQUEZ, GABRIEL 9788466379717 | Llibreria Claret","description":"CIEN A\u00d1OS DE SOLEDAD de GARC\u00cdA M\u00c1RQUEZ, GABRIEL disponible a\/en Llibreria Claret.","inLanguage":"es-ES","isPartOf":{"@id":"https:\/\/www.claret.cat\/es\/#website"},"breadcrumb":{"@id":"https:\/\/www.claret.cat\/es\/libro\/cien-anos-de-soledad-9788466379717\/#breadcrumblist"},"image":{"@type":"ImageObject","url":"https:\/\/www.claret.cat\/wp-content\/uploads\/.\/9788466379717-1.jpg","@id":"https:\/\/www.claret.cat\/es\/libro\/cien-anos-de-soledad-9788466379717\/#mainImage","width":250,"height":383,"caption":"9788466379717.jpg"},"primaryImageOfPage":{"@id":"https:\/\/www.claret.cat\/es\/libro\/cien-anos-de-soledad-9788466379717\/#mainImage"},"datePublished":"2025-03-17T13:10:01+01:00","dateModified":"2025-04-23T17:10:14+02:00"},{"@type":"WebSite","@id":"https:\/\/www.claret.cat\/es\/#website","url":"https:\/\/www.claret.cat\/es\/","name":"Llibreria Claret Barcelona","alternateName":"Llibreria Claret","description":"Llibreria religiosa a Barcelona","inLanguage":"es-ES","publisher":{"@id":"https:\/\/www.claret.cat\/es\/#organization"}}]},"og:locale":"es_ES","og:site_name":"Llibreria Claret - Llibreria religiosa a Barcelona","og:type":"article","og:title":"CIEN A\u00d1OS DE SOLEDAD - GARC\u00cdA M\u00c1RQUEZ, GABRIEL 9788466379717 | Llibreria Claret","og:description":"CIEN A\u00d1OS DE SOLEDAD de GARC\u00cdA M\u00c1RQUEZ, GABRIEL disponible a\/en Llibreria Claret.","og:url":"https:\/\/www.claret.cat\/es\/libro\/cien-anos-de-soledad-9788466379717\/","og:image":"https:\/\/dev.claret.cat\/wp-content\/uploads\/logo-claret.svg","og:image:secure_url":"https:\/\/dev.claret.cat\/wp-content\/uploads\/logo-claret.svg","article:published_time":"2025-03-17T12:10:01+00:00","article:modified_time":"2025-04-23T15:10:14+00:00","article:publisher":"https:\/\/www.facebook.com\/LlibreriaClaret","twitter:card":"summary_large_image","twitter:site":"@LlibreriaClaret","twitter:title":"CIEN A\u00d1OS DE SOLEDAD - GARC\u00cdA M\u00c1RQUEZ, GABRIEL 9788466379717 | Llibreria Claret","twitter:description":"CIEN A\u00d1OS DE SOLEDAD de GARC\u00cdA M\u00c1RQUEZ, GABRIEL disponible a\/en Llibreria Claret.","twitter:image":"http:\/\/dev.claret.cat\/wp-content\/uploads\/logo-claret.svg"},"aioseo_meta_data":{"post_id":"1011973","title":null,"description":null,"keywords":null,"keyphrases":null,"primary_term":null,"canonical_url":null,"og_title":null,"og_description":null,"og_object_type":"default","og_image_type":"default","og_image_url":null,"og_image_width":null,"og_image_height":null,"og_image_custom_url":null,"og_image_custom_fields":null,"og_video":null,"og_custom_url":null,"og_article_section":null,"og_article_tags":null,"twitter_use_og":false,"twitter_card":"default","twitter_image_type":"default","twitter_image_url":null,"twitter_image_custom_url":null,"twitter_image_custom_fields":null,"twitter_title":null,"twitter_description":null,"schema":{"blockGraphs":[],"customGraphs":[],"default":{"data":{"Article":[],"Course":[],"Dataset":[],"FAQPage":[],"Movie":[],"Person":[],"Product":[],"ProductReview":[],"Car":[],"Recipe":[],"Service":[],"SoftwareApplication":[],"WebPage":[]},"graphName":"","isEnabled":true},"graphs":[]},"schema_type":"default","schema_type_options":null,"pillar_content":false,"robots_default":true,"robots_noindex":false,"robots_noarchive":false,"robots_nosnippet":false,"robots_nofollow":false,"robots_noimageindex":false,"robots_noodp":false,"robots_notranslate":false,"robots_max_snippet":null,"robots_max_videopreview":null,"robots_max_imagepreview":"large","priority":null,"frequency":null,"local_seo":null,"seo_analyzer_scan_date":"2025-12-02 20:09:04","breadcrumb_settings":null,"limit_modified_date":false,"open_ai":null,"ai":null,"created":"2025-03-17 12:14:20","updated":"2025-12-02 20:09:04","focus_keyword":null,"additional_keywords":null,"truseo_locale":null},"aioseo_breadcrumb":"<div class=\"aioseo-breadcrumbs\"><span class=\"aioseo-breadcrumb\">\n\t<a href=\"https:\/\/www.claret.cat\/es\/\" title=\"Home\">Home<\/a>\n<\/span><span class=\"aioseo-breadcrumb-separator\">&raquo;<\/span><span class=\"aioseo-breadcrumb\">\n\t<a href=\"https:\/\/www.claret.cat\/?page_id=16\" title=\"Botiga\">Botiga<\/a>\n<\/span><span class=\"aioseo-breadcrumb-separator\">&raquo;<\/span><span class=\"aioseo-breadcrumb\">\n\t<a href=\"https:\/\/www.claret.cat\/categoria-producto\/cat\/\" title=\"CAT\">CAT<\/a>\n<\/span><span class=\"aioseo-breadcrumb-separator\">&raquo;<\/span><span class=\"aioseo-breadcrumb\">\n\t<a href=\"https:\/\/www.claret.cat\/categoria-producto\/cat\/2_humanitats\/\" title=\"Humanitats\">Humanitats<\/a>\n<\/span><span class=\"aioseo-breadcrumb-separator\">&raquo;<\/span><span class=\"aioseo-breadcrumb\">\n\t<a href=\"https:\/\/www.claret.cat\/categoria-producto\/cat\/2_humanitats\/literatura\/\" title=\"Literatura\">Literatura<\/a>\n<\/span><span class=\"aioseo-breadcrumb-separator\">&raquo;<\/span><span class=\"aioseo-breadcrumb\">\n\t<a href=\"https:\/\/www.claret.cat\/categoria-producto\/cat\/2_humanitats\/literatura\/novella-contemporania\/\" title=\"Novel\u00b7la contempor\u00e0nia\">Novel\u00b7la contempor\u00e0nia<\/a>\n<\/span><span class=\"aioseo-breadcrumb-separator\">&raquo;<\/span><span class=\"aioseo-breadcrumb\">\n\tCIEN A\u00d1OS DE SOLEDAD\n<\/span><\/div>","aioseo_breadcrumb_json":[{"label":"Home","link":"https:\/\/www.claret.cat\/es\/"},{"label":"Botiga","link":"https:\/\/www.claret.cat\/?page_id=16"},{"label":"CAT","link":"https:\/\/www.claret.cat\/categoria-producto\/cat\/"},{"label":"Humanitats","link":"https:\/\/www.claret.cat\/categoria-producto\/cat\/2_humanitats\/"},{"label":"Literatura","link":"https:\/\/www.claret.cat\/categoria-producto\/cat\/2_humanitats\/literatura\/"},{"label":"Novel\u00b7la contempor\u00e0nia","link":"https:\/\/www.claret.cat\/categoria-producto\/cat\/2_humanitats\/literatura\/novella-contemporania\/"},{"label":"CIEN A\u00d1OS DE SOLEDAD","link":"https:\/\/www.claret.cat\/es\/libro\/cien-anos-de-soledad-9788466379717\/"}],"_links":{"self":[{"href":"https:\/\/www.claret.cat\/es\/wp-json\/wp\/v2\/product\/1011973","targetHints":{"allow":["GET"]}}],"collection":[{"href":"https:\/\/www.claret.cat\/es\/wp-json\/wp\/v2\/product"}],"about":[{"href":"https:\/\/www.claret.cat\/es\/wp-json\/wp\/v2\/types\/product"}],"wp:featuredmedia":[{"embeddable":true,"href":"https:\/\/www.claret.cat\/es\/wp-json\/wp\/v2\/media\/1012037"}],"wp:attachment":[{"href":"https:\/\/www.claret.cat\/es\/wp-json\/wp\/v2\/media?parent=1011973"}],"wp:term":[{"taxonomy":"product_brand","embeddable":true,"href":"https:\/\/www.claret.cat\/es\/wp-json\/wp\/v2\/product_brand?post=1011973"},{"taxonomy":"product_cat","embeddable":true,"href":"https:\/\/www.claret.cat\/es\/wp-json\/wp\/v2\/product_cat?post=1011973"},{"taxonomy":"product_tag","embeddable":true,"href":"https:\/\/www.claret.cat\/es\/wp-json\/wp\/v2\/product_tag?post=1011973"}],"curies":[{"name":"wp","href":"https:\/\/api.w.org\/{rel}","templated":true}]}}