{"id":1015142,"date":"2025-03-28T18:55:01","date_gmt":"2025-03-28T17:55:01","guid":{"rendered":"https:\/\/www.claret.cat\/llibre\/hay-alguien-ahi-fuera-9788418735776\/"},"modified":"2025-03-28T19:35:17","modified_gmt":"2025-03-28T18:35:17","slug":"hay-alguien-ahi-fuera-9788418735776","status":"publish","type":"product","link":"https:\/\/www.claret.cat\/es\/libro\/hay-alguien-ahi-fuera-9788418735776\/","title":{"rendered":"\u00bfHAY ALGUIEN, AH\u00cd FUERA?"},"content":{"rendered":"<p>Una mirada cient\u00edfica, rigurosa y amena sobre la fascinante b\u00fasqueda de vida no terrestre.  \u00bfTe imaginas el d\u00eda en que se descubra vida fuera de la Tierra? Certificar que la vida no puede ser propiedad exclusiva de nuestro planeta ser\u00e1 uno de los momentos m\u00e1s importantes de la historia de la humanidad. Gracias a los avances cient\u00edficos de las \u00faltimas d\u00e9cadas, ahora nos podr\u00edamos encontrar, por primera vez, a las puertas de este hallazgo. Quiz\u00e1 sea en Marte, o en alguna luna de J\u00fapiter o Saturno, o en uno de los miles de exoplanetas que conocemos.  \u00bfC\u00f3mo ser\u00e1n los primeros microorganismos extraterrestres que descubriremos? \u00bfEstar\u00e1n hechos con los mismos ingredientes que en la Tierra? \u00bfC\u00f3mo los estamos buscando?  \u00bfY te imaginas el d\u00eda en que recibiremos una se\u00f1al proveniente de otra civilizaci\u00f3n? \u00c9sta s\u00ed que ser\u00e1 una revoluci\u00f3n: la confirmaci\u00f3n de que no hemos estado solos en este universo. Un hito extraordinario que podr\u00eda tener lugar m\u00e1s pronto de lo que imaginamos.  \u00bfC\u00f3mo ser\u00e1 la civilizaci\u00f3n que detectaremos? \u00bfExistir\u00e1 todav\u00eda? \u00bfSabremos interpretar su mensaje? \u00bfC\u00f3mo la estamos buscando?<\/p>\n","protected":false},"excerpt":{"rendered":"<p>CATAL\u00c0 AMIG\u00d3, JOAN ANTON<\/p>\n","protected":false},"featured_media":1015202,"template":"","meta":{"_acf_changed":false,"om_disable_all_campaigns":false,"rs_blank_template":"","rs_page_bg_color":"","slide_template_v7":"","inline_featured_image":false,"_monsterinsights_skip_tracking":false,"_monsterinsights_sitenote_active":false,"_monsterinsights_sitenote_note":"","_monsterinsights_sitenote_category":0},"product_brand":[],"product_cat":[104,554],"product_tag":[],"class_list":{"0":"post-1015142","1":"product","2":"type-product","3":"status-publish","4":"has-post-thumbnail","6":"product_cat-ciencia","7":"product_cat-ciencia-5_otras-spa","9":"first","10":"instock","11":"taxable","12":"shipping-taxable","13":"purchasable","14":"product-type-simple"},"acf":{"autor":"CATAL\u00c0 AMIG\u00d3, JOAN ANTON","codart":"841873577","libros-coleccion":"Otros","ediciones":"1","encuadernacion":"R\u00fastica","fecha_de_publicacion":"01\/03\/2025","novedad":"1","paginas":"292","subtitulo":"BUSCANDO VIDA ENTRE EL VAC\u00cdO Y EL SILENCIO DEL UNIVERSO","orden":"0","portada":"0","idioma":"spa","editorial":[{"ID":148408,"post_author":"3","post_date":"2022-10-14 11:58:01","post_date_gmt":"2022-10-14 09:58:01","post_content":"","post_title":"Lectio Ediciones","post_excerpt":"","post_status":"publish","comment_status":"closed","ping_status":"closed","post_password":"","post_name":"lectio-ediciones","to_ping":"","pinged":"","post_modified":"2022-10-14 11:58:01","post_modified_gmt":"2022-10-14 09:58:01","post_content_filtered":"","post_parent":0,"guid":"http:\/\/dev.claret.cat\/editorial\/lectio-ediciones\/","menu_order":0,"post_type":"editorial","post_mime_type":"","comment_count":"0","filter":"raw"}]},"aioseo_notices":[],"_links":{"self":[{"href":"https:\/\/www.claret.cat\/es\/wp-json\/wp\/v2\/product\/1015142","targetHints":{"allow":["GET"]}}],"collection":[{"href":"https:\/\/www.claret.cat\/es\/wp-json\/wp\/v2\/product"}],"about":[{"href":"https:\/\/www.claret.cat\/es\/wp-json\/wp\/v2\/types\/product"}],"wp:featuredmedia":[{"embeddable":true,"href":"https:\/\/www.claret.cat\/es\/wp-json\/wp\/v2\/media\/1015202"}],"wp:attachment":[{"href":"https:\/\/www.claret.cat\/es\/wp-json\/wp\/v2\/media?parent=1015142"}],"wp:term":[{"taxonomy":"product_brand","embeddable":true,"href":"https:\/\/www.claret.cat\/es\/wp-json\/wp\/v2\/product_brand?post=1015142"},{"taxonomy":"product_cat","embeddable":true,"href":"https:\/\/www.claret.cat\/es\/wp-json\/wp\/v2\/product_cat?post=1015142"},{"taxonomy":"product_tag","embeddable":true,"href":"https:\/\/www.claret.cat\/es\/wp-json\/wp\/v2\/product_tag?post=1015142"}],"curies":[{"name":"wp","href":"https:\/\/api.w.org\/{rel}","templated":true}]}}