{"id":1016917,"date":"2025-04-07T13:11:07","date_gmt":"2025-04-07T11:11:07","guid":{"rendered":"https:\/\/www.claret.cat\/llibre\/donostia-san-sebastian-9788491584605\/"},"modified":"2025-04-07T15:50:36","modified_gmt":"2025-04-07T13:50:36","slug":"donostia-san-sebastian-9788491584605","status":"publish","type":"product","link":"https:\/\/www.claret.cat\/es\/libro\/donostia-san-sebastian-9788491584605\/","title":{"rendered":"DONOSTIA SAN SEBASTI\u00c1N"},"content":{"rendered":"<p>Una gu\u00eda pr\u00e1ctica y actualizada para realizar un corto viaje a San Sebasti\u00e1n y sus alrededores. En el primer cap\u00edtulo (Diez Indispensables), se propone una selecci\u00f3n de los lugares, curiosidades y tradiciones de la zona que no hay que perderse: El monte Igeldo, La Concha, La Parte Vieja, El Urumea y los puentes, San Sebasti\u00e1n en fiestas&#8230; El segundo apartado (Visita a San Sebasti\u00e1n), consta de dos itinerarios donde se proporciona informaci\u00f3n detallada de los lugares con mayor inter\u00e9s. Tambi\u00e9n se incluye un plano de la ciudad con los monumentos m\u00e1s importantes. El siguiente apartado (Excursiones desde San Sebasti\u00e1n), hace un recorrido por los lugares m\u00e1s emblem\u00e1ticos de la zona: El Pa\u00eds Vasco Franc\u00e9s, Por la costa vasca y Tres santuarios guipuzcoanos. Un \u00fatil mapa de carreteras facilita la planificaci\u00f3n de los desplazamientos. Finalmente, se incluye una amplia selecci\u00f3n de restaurantes y alojamientos, as\u00ed como informaci\u00f3n pr\u00e1ctica para preparar el viaje.<\/p>\n","protected":false},"excerpt":{"rendered":"<p>ALONSO IBARROLA, JOS\u00c9 MANUEL \/ DOMENCH, JOS\u00c9 MAR\u00cdA \/ AZPILICUETA, LUIS \/ MEDINA<\/p>\n","protected":false},"featured_media":1017048,"template":"","meta":{"_acf_changed":false,"om_disable_all_campaigns":false,"rs_blank_template":"","rs_page_bg_color":"","slide_template_v7":"","inline_featured_image":false,"_monsterinsights_skip_tracking":false,"_monsterinsights_sitenote_active":false,"_monsterinsights_sitenote_note":"","_monsterinsights_sitenote_category":0},"product_brand":[],"product_cat":[557,107],"product_tag":[],"class_list":{"0":"post-1016917","1":"product","2":"type-product","3":"status-publish","4":"has-post-thumbnail","6":"product_cat-guias-de-viaje","7":"product_cat-guies-de-viatge","9":"first","10":"instock","11":"taxable","12":"shipping-taxable","13":"purchasable","14":"product-type-simple"},"acf":{"autor":"ALONSO IBARROLA, JOS\u00c9 MANUEL \/ DOMENCH, JOS\u00c9 MAR\u00cdA \/ AZPILICUETA, LUIS \/ MEDINA","codart":"849158460","libros-coleccion":"Guiarama Compact - Espa\u00f1a","ediciones":"1","encuadernacion":"R\u00fastica","fecha_de_publicacion":"01\/05\/2022","novedad":"1","paginas":"144","subtitulo":"","orden":"0","portada":"0","idioma":"spa","editorial":[{"ID":147435,"post_author":"3","post_date":"2022-10-14 11:50:33","post_date_gmt":"2022-10-14 09:50:33","post_content":"","post_title":"Anaya Touring","post_excerpt":"","post_status":"publish","comment_status":"closed","ping_status":"closed","post_password":"","post_name":"anaya-touring","to_ping":"","pinged":"","post_modified":"2022-10-14 11:50:33","post_modified_gmt":"2022-10-14 09:50:33","post_content_filtered":"","post_parent":0,"guid":"http:\/\/dev.claret.cat\/editorial\/anaya-touring\/","menu_order":0,"post_type":"editorial","post_mime_type":"","comment_count":"0","filter":"raw"}]},"aioseo_notices":[],"_links":{"self":[{"href":"https:\/\/www.claret.cat\/es\/wp-json\/wp\/v2\/product\/1016917","targetHints":{"allow":["GET"]}}],"collection":[{"href":"https:\/\/www.claret.cat\/es\/wp-json\/wp\/v2\/product"}],"about":[{"href":"https:\/\/www.claret.cat\/es\/wp-json\/wp\/v2\/types\/product"}],"wp:featuredmedia":[{"embeddable":true,"href":"https:\/\/www.claret.cat\/es\/wp-json\/wp\/v2\/media\/1017048"}],"wp:attachment":[{"href":"https:\/\/www.claret.cat\/es\/wp-json\/wp\/v2\/media?parent=1016917"}],"wp:term":[{"taxonomy":"product_brand","embeddable":true,"href":"https:\/\/www.claret.cat\/es\/wp-json\/wp\/v2\/product_brand?post=1016917"},{"taxonomy":"product_cat","embeddable":true,"href":"https:\/\/www.claret.cat\/es\/wp-json\/wp\/v2\/product_cat?post=1016917"},{"taxonomy":"product_tag","embeddable":true,"href":"https:\/\/www.claret.cat\/es\/wp-json\/wp\/v2\/product_tag?post=1016917"}],"curies":[{"name":"wp","href":"https:\/\/api.w.org\/{rel}","templated":true}]}}