{"id":1017264,"date":"2025-04-08T12:11:09","date_gmt":"2025-04-08T10:11:09","guid":{"rendered":"https:\/\/www.claret.cat\/llibre\/ancilla-dominimaria-de-la-redencion-9789872133382\/"},"modified":"2025-04-08T12:11:26","modified_gmt":"2025-04-08T10:11:26","slug":"ancilla-dominimaria-de-la-redencion-9789872133382","status":"publish","type":"product","link":"https:\/\/www.claret.cat\/es\/libro\/ancilla-dominimaria-de-la-redencion-9789872133382\/","title":{"rendered":"ANCILLA DOMINI-MARIA DE LA REDENCION"},"content":{"rendered":"<p>Como una gavilla se recoge en su centro y se expande en sus extremos, as\u00ed la vida de Mar\u00eda se concentra en su s\u00ed. A partir de \u00e9l, su vida recibe su sentido y su forma, se despliega hacia adelante y hacia atr\u00e1s. Lo que resume su vida de un modo \u00fanico, a la vez la acompa\u00f1a en cada instante de su existencia, ilumina cada vuelta de su vida, otorga su sentido determinado a cada situaci\u00f3n, le regala a ella misma la gracia de la comprensi\u00f3n de un modo siempre nuevo en cada situaci\u00f3n. Su s\u00ed llena de sentido todo respiro, todo movimiento, toda oraci\u00f3n de la Madre del Se\u00f1or.<\/p>\n<p>(Adrienne von Speyr, Ancilla Domini)<\/p>\n<p>Estas primeras palabras de la autora nos indican el sentido de este libro: presentar la vida y la misi\u00f3n de Mar\u00eda como el desarrollo unitario y polifac\u00e9tico de su s\u00ed.<\/p>\n","protected":false},"excerpt":{"rendered":"<p>SPEYR, ADRIENNE VON<\/p>\n","protected":false},"featured_media":1017265,"template":"","meta":{"_acf_changed":false,"om_disable_all_campaigns":false,"rs_blank_template":"","rs_page_bg_color":"","slide_template_v7":"","inline_featured_image":false,"_monsterinsights_skip_tracking":false,"_monsterinsights_sitenote_active":false,"_monsterinsights_sitenote_note":"","_monsterinsights_sitenote_category":0},"product_brand":[],"product_cat":[90,540],"product_tag":[],"class_list":{"0":"post-1017264","1":"product","2":"type-product","3":"status-publish","4":"has-post-thumbnail","6":"product_cat-altres","7":"product_cat-otros","9":"first","10":"outofstock","11":"taxable","12":"shipping-taxable","13":"purchasable","14":"product-type-simple"},"acf":{"autor":"SPEYR, ADRIENNE VON","codart":"987213338","libros-coleccion":"","ediciones":"1","encuadernacion":"R\u00fastica","fecha_de_publicacion":"10\/07\/2015","novedad":"0","paginas":"299","subtitulo":"","orden":"999","portada":"0","idioma":"spa","editorial":[{"ID":147849,"post_author":"3","post_date":"2022-10-14 11:53:41","post_date_gmt":"2022-10-14 09:53:41","post_content":"","post_title":"EDICIONES SAN JUAN","post_excerpt":"","post_status":"publish","comment_status":"closed","ping_status":"closed","post_password":"","post_name":"ediciones-san-juan","to_ping":"","pinged":"","post_modified":"2022-10-14 11:53:41","post_modified_gmt":"2022-10-14 09:53:41","post_content_filtered":"","post_parent":0,"guid":"http:\/\/dev.claret.cat\/editorial\/ediciones-san-juan\/","menu_order":0,"post_type":"editorial","post_mime_type":"","comment_count":"0","filter":"raw"}],"autores-libros":[{"ID":401414,"post_author":"3","post_date":"2023-02-27 05:31:44","post_date_gmt":"2023-02-27 04:31:44","post_content":"","post_title":"ADRIENNE VON SPEYR","post_excerpt":"","post_status":"publish","comment_status":"closed","ping_status":"closed","post_password":"","post_name":"adrienne-von-speyr","to_ping":"","pinged":"","post_modified":"2023-02-27 05:31:44","post_modified_gmt":"2023-02-27 04:31:44","post_content_filtered":"","post_parent":0,"guid":"https:\/\/www.claret.cat\/autor\/adrienne-von-speyr\/","menu_order":0,"post_type":"autor","post_mime_type":"","comment_count":"0","filter":"raw"}]},"aioseo_notices":[],"_links":{"self":[{"href":"https:\/\/www.claret.cat\/es\/wp-json\/wp\/v2\/product\/1017264","targetHints":{"allow":["GET"]}}],"collection":[{"href":"https:\/\/www.claret.cat\/es\/wp-json\/wp\/v2\/product"}],"about":[{"href":"https:\/\/www.claret.cat\/es\/wp-json\/wp\/v2\/types\/product"}],"wp:featuredmedia":[{"embeddable":true,"href":"https:\/\/www.claret.cat\/es\/wp-json\/wp\/v2\/media\/1017265"}],"wp:attachment":[{"href":"https:\/\/www.claret.cat\/es\/wp-json\/wp\/v2\/media?parent=1017264"}],"wp:term":[{"taxonomy":"product_brand","embeddable":true,"href":"https:\/\/www.claret.cat\/es\/wp-json\/wp\/v2\/product_brand?post=1017264"},{"taxonomy":"product_cat","embeddable":true,"href":"https:\/\/www.claret.cat\/es\/wp-json\/wp\/v2\/product_cat?post=1017264"},{"taxonomy":"product_tag","embeddable":true,"href":"https:\/\/www.claret.cat\/es\/wp-json\/wp\/v2\/product_tag?post=1017264"}],"curies":[{"name":"wp","href":"https:\/\/api.w.org\/{rel}","templated":true}]}}