{"id":102053,"date":"2022-10-12T08:15:35","date_gmt":"2022-10-12T06:15:35","guid":{"rendered":"http:\/\/dev.claret.cat\/producte\/tot-allo-que-vaig-aprendre-dels-meus-fills\/"},"modified":"2025-02-24T19:31:21","modified_gmt":"2025-02-24T18:31:21","slug":"tot-allo-que-vaig-aprendre-dels-meus-fills-9788416372775","status":"publish","type":"product","link":"https:\/\/www.claret.cat\/es\/libro\/tot-allo-que-vaig-aprendre-dels-meus-fills-9788416372775\/","title":{"rendered":"TOT ALL\u00d2 QUE VAIG APRENDRE DELS MEUS FILLS"},"content":{"rendered":"<p>Un llibre revolucionari, que extreu lli\u00e7ons de la vida familiar per aplicar a la vida professional. T\u00e9 una perspectiva femenina, la mateixa que sempre ha sospitat que la vida familiar no est\u00e0 prou valorada. Una l\u00edder empresarial reconeguda com Helena Guardans recull aqu\u00ed experi\u00e8ncies personals amb els seus fills que li han inspirat la millor manera d&#8221;organitzar equips o de resoldre conflictes a la feina.<\/p>\n","protected":false},"excerpt":{"rendered":"<p>GUARDANS CAMB\u00d3, HELENA<\/p>\n","protected":false},"featured_media":102054,"template":"","meta":{"_acf_changed":false,"om_disable_all_campaigns":false,"rs_blank_template":"","rs_page_bg_color":"","slide_template_v7":"","inline_featured_image":false,"_monsterinsights_skip_tracking":false,"_monsterinsights_sitenote_active":false,"_monsterinsights_sitenote_note":"","_monsterinsights_sitenote_category":0},"product_brand":[],"product_cat":[188,381],"product_tag":[],"class_list":{"0":"post-102053","1":"product","2":"type-product","3":"status-publish","4":"has-post-thumbnail","6":"product_cat-psicopedagogia","7":"product_cat-psicopedagogia-pedagogia-2_humanidades","9":"first","10":"instock","11":"taxable","12":"shipping-taxable","13":"purchasable","14":"product-type-simple"},"acf":{"editorial":[{"ID":148381,"post_author":"3","post_date":"2022-10-14 11:57:48","post_date_gmt":"2022-10-14 09:57:48","post_content":"","post_title":"LA VANGUARDIA EDICIONES","post_excerpt":"","post_status":"publish","comment_status":"closed","ping_status":"closed","post_password":"","post_name":"la-vanguardia-ediciones","to_ping":"","pinged":"","post_modified":"2022-10-14 11:57:48","post_modified_gmt":"2022-10-14 09:57:48","post_content_filtered":"","post_parent":0,"guid":"http:\/\/dev.claret.cat\/editorial\/la-vanguardia-ediciones\/","menu_order":0,"post_type":"editorial","post_mime_type":"","comment_count":"0","filter":"raw"}],"autores-libros":[{"ID":157470,"post_author":"3","post_date":"2022-10-14 15:29:05","post_date_gmt":"2022-10-14 13:29:05","post_content":"","post_title":"HELENA GUARDANS CAMB\u00d3","post_excerpt":"","post_status":"publish","comment_status":"closed","ping_status":"closed","post_password":"","post_name":"helena-guardans-cambo","to_ping":"","pinged":"","post_modified":"2022-10-14 15:29:05","post_modified_gmt":"2022-10-14 13:29:05","post_content_filtered":"","post_parent":0,"guid":"http:\/\/dev.claret.cat\/autor\/helena-guardans-cambo\/","menu_order":0,"post_type":"autor","post_mime_type":"","comment_count":"0","filter":"raw"}],"autor":"GUARDANS CAMB\u00d3, HELENA","codart":"841637277","libros-coleccion":"","ediciones":"1","encuadernacion":"R\u00fastica","fecha_de_publicacion":"01\/10\/2020","novedad":"1","paginas":"208","subtitulo":"I NO EM VAN ENSENYAR A L''ESCOLA DE NEGOCIS","orden":"0","portada":"0","idioma":"cat"},"aioseo_notices":[],"_links":{"self":[{"href":"https:\/\/www.claret.cat\/es\/wp-json\/wp\/v2\/product\/102053","targetHints":{"allow":["GET"]}}],"collection":[{"href":"https:\/\/www.claret.cat\/es\/wp-json\/wp\/v2\/product"}],"about":[{"href":"https:\/\/www.claret.cat\/es\/wp-json\/wp\/v2\/types\/product"}],"wp:featuredmedia":[{"embeddable":true,"href":"https:\/\/www.claret.cat\/es\/wp-json\/wp\/v2\/media\/102054"}],"wp:attachment":[{"href":"https:\/\/www.claret.cat\/es\/wp-json\/wp\/v2\/media?parent=102053"}],"wp:term":[{"taxonomy":"product_brand","embeddable":true,"href":"https:\/\/www.claret.cat\/es\/wp-json\/wp\/v2\/product_brand?post=102053"},{"taxonomy":"product_cat","embeddable":true,"href":"https:\/\/www.claret.cat\/es\/wp-json\/wp\/v2\/product_cat?post=102053"},{"taxonomy":"product_tag","embeddable":true,"href":"https:\/\/www.claret.cat\/es\/wp-json\/wp\/v2\/product_tag?post=102053"}],"curies":[{"name":"wp","href":"https:\/\/api.w.org\/{rel}","templated":true}]}}