{"id":102146,"date":"2022-10-12T08:16:54","date_gmt":"2022-10-12T06:16:54","guid":{"rendered":"http:\/\/dev.claret.cat\/producte\/ternura-de-dios-y-fraternura-humana\/"},"modified":"2024-05-02T05:46:05","modified_gmt":"2024-05-02T03:46:05","slug":"ternura-de-dios-y-fraternura-humana-9788428836296","status":"publish","type":"product","link":"https:\/\/www.claret.cat\/es\/libro\/ternura-de-dios-y-fraternura-humana-9788428836296\/","title":{"rendered":"TERNURA DE DIOS Y FRATERNURA HUMANA"},"content":{"rendered":"<p>Estas cartas de Navidad recorren un itinerario cuyos jalones son la vida, el deseo, el Emmanuel, el Dios humanizado, la ternura, la fraternidad, el amor, la alegr\u00eda, la belleza, el sue\u00f1o de Dios \u2013el Reino\u2013, Jes\u00fas de Nazaret, Mar\u00eda, Francisco de As\u00eds, lo peque\u00f1o, lo menor, las v\u00edctimas\u2026Son cartas de Navidad, porque la Navidad es la expresi\u00f3n m\u00e1xima de la ternura. Constituye el inicio de la revoluci\u00f3n de la ternura del Evangelio de Jes\u00fas de Nazaret, todav\u00eda sin explotar. En esta hora de la globalizaci\u00f3n, la dote b\u00edblica de la compasi\u00f3n, de la ternura, es lo m\u00e1s significativo en la vida humana y apost\u00f3lica, que viene a ser la aplicaci\u00f3n del \u00abprincipio de humanidad\u00bb: \u00abTodo ser humano, mujer o var\u00f3n, soldado o prisionero de guerra, ha de ser tratado humanamente, esto es, con humanidad, y no de modo inhumano y bestial\u00bb.<\/p>\n","protected":false},"excerpt":{"rendered":"<p>CALDER\u00d3N MART\u00cdNEZ, SEVERINO; OFM<\/p>\n","protected":false},"featured_media":338129,"template":"","meta":{"_acf_changed":false,"om_disable_all_campaigns":false,"rs_blank_template":"","rs_page_bg_color":"","slide_template_v7":"","inline_featured_image":false,"_monsterinsights_skip_tracking":false},"product_brand":[],"product_cat":[90,540],"product_tag":[],"class_list":["post-102146","product","type-product","status-publish","has-post-thumbnail","product_cat-altres","product_cat-otros","first","instock","taxable","shipping-taxable","purchasable","product-type-simple"],"acf":{"editorial":[{"ID":6335,"post_author":"3","post_date":"2022-07-28 17:49:59","post_date_gmt":"2022-07-28 15:49:59","post_content":"","post_title":"PPC altres","post_excerpt":"","post_status":"publish","comment_status":"closed","ping_status":"closed","post_password":"","post_name":"ppc-altres","to_ping":"","pinged":"","post_modified":"2022-07-28 17:49:59","post_modified_gmt":"2022-07-28 15:49:59","post_content_filtered":"","post_parent":0,"guid":"http:\/\/dev.claret.cat\/editorial\/ppc-altres\/","menu_order":0,"post_type":"editorial","post_mime_type":"","comment_count":"0","filter":"raw"}],"autor":"CALDER\u00d3N MART\u00cdNEZ, SEVERINO; OFM","codart":"842883629","libros-coleccion":"Pastoral Aplicada","ediciones":"1","encuadernacion":"R\u00fastica","fecha_de_publicacion":"10\/11\/2020","novedad":"1","paginas":"192","subtitulo":"CARTAS PARA VIVIR DESDE LA HUMANIZACI\u00d3N","orden":"0","portada":"0","idioma":"spa","autores-libros":[{"ID":169383,"post_author":"3","post_date":"2022-10-14 22:26:48","post_date_gmt":"2022-10-14 20:26:48","post_content":"","post_title":"SEVERINO CALDER\u00d3N MART\u00cdNEZ","post_excerpt":"","post_status":"publish","comment_status":"closed","ping_status":"closed","post_password":"","post_name":"severino-calderon-martinez","to_ping":"","pinged":"","post_modified":"2022-10-14 22:26:48","post_modified_gmt":"2022-10-14 20:26:48","post_content_filtered":"","post_parent":0,"guid":"http:\/\/dev.claret.cat\/autor\/severino-calderon-martinez\/","menu_order":0,"post_type":"autor","post_mime_type":"","comment_count":"0","filter":"raw"},{"ID":166109,"post_author":"3","post_date":"2022-10-14 18:00:30","post_date_gmt":"2022-10-14 16:00:30","post_content":"","post_title":"ofm","post_excerpt":"","post_status":"publish","comment_status":"closed","ping_status":"closed","post_password":"","post_name":"ofm","to_ping":"","pinged":"","post_modified":"2022-10-14 18:00:30","post_modified_gmt":"2022-10-14 16:00:30","post_content_filtered":"","post_parent":0,"guid":"http:\/\/dev.claret.cat\/autor\/ofm\/","menu_order":0,"post_type":"autor","post_mime_type":"","comment_count":"0","filter":"raw"}]},"aioseo_notices":[],"aioseo_head":"\n\t\t<!-- All in One SEO Pro 5.0.1.1 - aioseo.com -->\n\t<meta name=\"description\" content=\"TERNURA DE DIOS Y FRATERNURA HUMANA de CALDER\u00d3N MART\u00cdNEZ, SEVERINO; OFM disponible a\/en Llibreria Claret.\" \/>\n\t<meta name=\"robots\" content=\"max-image-preview:large\" \/>\n\t<meta name=\"google-site-verification\" content=\"xVtlFxJ-TfkIu-D-lt7XeLobefg5EIQiXTuqcSf8Rf0\" \/>\n\t<link rel=\"canonical\" href=\"https:\/\/www.claret.cat\/es\/libro\/ternura-de-dios-y-fraternura-humana-9788428836296\/\" \/>\n\t<meta name=\"generator\" content=\"All in One SEO Pro (AIOSEO) 5.0.1.1\" \/>\n\t\t<meta property=\"og:locale\" content=\"es_ES\" \/>\n\t\t<meta property=\"og:site_name\" content=\"Llibreria Claret - Llibreria religiosa a Barcelona\" \/>\n\t\t<meta property=\"og:type\" content=\"article\" \/>\n\t\t<meta property=\"og:title\" content=\"TERNURA DE DIOS Y FRATERNURA HUMANA - CALDER\u00d3N MART\u00cdNEZ, SEVERINO; OFM 9788428836296 | Llibreria Claret\" \/>\n\t\t<meta property=\"og:description\" content=\"TERNURA DE DIOS Y FRATERNURA HUMANA de CALDER\u00d3N MART\u00cdNEZ, SEVERINO; OFM disponible a\/en Llibreria Claret.\" \/>\n\t\t<meta property=\"og:url\" content=\"https:\/\/www.claret.cat\/es\/libro\/ternura-de-dios-y-fraternura-humana-9788428836296\/\" \/>\n\t\t<meta property=\"og:image\" content=\"https:\/\/dev.claret.cat\/wp-content\/uploads\/logo-claret.svg\" \/>\n\t\t<meta property=\"og:image:secure_url\" content=\"https:\/\/dev.claret.cat\/wp-content\/uploads\/logo-claret.svg\" \/>\n\t\t<meta property=\"article:published_time\" content=\"2022-10-12T06:16:54+00:00\" \/>\n\t\t<meta property=\"article:modified_time\" content=\"2024-05-02T03:46:05+00:00\" \/>\n\t\t<meta property=\"article:publisher\" content=\"https:\/\/www.facebook.com\/LlibreriaClaret\" \/>\n\t\t<meta name=\"twitter:card\" content=\"summary_large_image\" \/>\n\t\t<meta name=\"twitter:site\" content=\"@LlibreriaClaret\" \/>\n\t\t<meta name=\"twitter:title\" content=\"TERNURA DE DIOS Y FRATERNURA HUMANA - CALDER\u00d3N MART\u00cdNEZ, SEVERINO; OFM 9788428836296 | Llibreria Claret\" \/>\n\t\t<meta name=\"twitter:description\" content=\"TERNURA DE DIOS Y FRATERNURA HUMANA de CALDER\u00d3N MART\u00cdNEZ, SEVERINO; OFM disponible a\/en Llibreria Claret.\" \/>\n\t\t<meta name=\"twitter:image\" content=\"http:\/\/dev.claret.cat\/wp-content\/uploads\/logo-claret.svg\" \/>\n\t\t<script type=\"application\/ld+json\" class=\"aioseo-schema\">\n\t\t\t{\"@context\":\"https:\\\/\\\/schema.org\",\"@graph\":[{\"@type\":\"BreadcrumbList\",\"@id\":\"https:\\\/\\\/www.claret.cat\\\/es\\\/libro\\\/ternura-de-dios-y-fraternura-humana-9788428836296\\\/#breadcrumblist\",\"itemListElement\":[{\"@type\":\"ListItem\",\"@id\":\"https:\\\/\\\/www.claret.cat\\\/es\\\/#listItem\",\"position\":1,\"name\":\"Home\",\"item\":\"https:\\\/\\\/www.claret.cat\\\/es\\\/\",\"nextItem\":{\"@type\":\"ListItem\",\"@id\":\"https:\\\/\\\/www.claret.cat\\\/?page_id=16#listItem\",\"name\":\"Botiga\"}},{\"@type\":\"ListItem\",\"@id\":\"https:\\\/\\\/www.claret.cat\\\/?page_id=16#listItem\",\"position\":2,\"name\":\"Botiga\",\"item\":\"https:\\\/\\\/www.claret.cat\\\/?page_id=16\",\"nextItem\":{\"@type\":\"ListItem\",\"@id\":\"https:\\\/\\\/www.claret.cat\\\/categoria-producto\\\/cat\\\/#listItem\",\"name\":\"CAT\"},\"previousItem\":{\"@type\":\"ListItem\",\"@id\":\"https:\\\/\\\/www.claret.cat\\\/es\\\/#listItem\",\"name\":\"Home\"}},{\"@type\":\"ListItem\",\"@id\":\"https:\\\/\\\/www.claret.cat\\\/categoria-producto\\\/cat\\\/#listItem\",\"position\":3,\"name\":\"CAT\",\"item\":\"https:\\\/\\\/www.claret.cat\\\/categoria-producto\\\/cat\\\/\",\"nextItem\":{\"@type\":\"ListItem\",\"@id\":\"https:\\\/\\\/www.claret.cat\\\/categoria-producto\\\/cat\\\/5_altres\\\/#listItem\",\"name\":\"Altres\"},\"previousItem\":{\"@type\":\"ListItem\",\"@id\":\"https:\\\/\\\/www.claret.cat\\\/?page_id=16#listItem\",\"name\":\"Botiga\"}},{\"@type\":\"ListItem\",\"@id\":\"https:\\\/\\\/www.claret.cat\\\/categoria-producto\\\/cat\\\/5_altres\\\/#listItem\",\"position\":4,\"name\":\"Altres\",\"item\":\"https:\\\/\\\/www.claret.cat\\\/categoria-producto\\\/cat\\\/5_altres\\\/\",\"nextItem\":{\"@type\":\"ListItem\",\"@id\":\"https:\\\/\\\/www.claret.cat\\\/categoria-producto\\\/cat\\\/5_altres\\\/altres\\\/#listItem\",\"name\":\"Altres\"},\"previousItem\":{\"@type\":\"ListItem\",\"@id\":\"https:\\\/\\\/www.claret.cat\\\/categoria-producto\\\/cat\\\/#listItem\",\"name\":\"CAT\"}},{\"@type\":\"ListItem\",\"@id\":\"https:\\\/\\\/www.claret.cat\\\/categoria-producto\\\/cat\\\/5_altres\\\/altres\\\/#listItem\",\"position\":5,\"name\":\"Altres\",\"item\":\"https:\\\/\\\/www.claret.cat\\\/categoria-producto\\\/cat\\\/5_altres\\\/altres\\\/\",\"nextItem\":{\"@type\":\"ListItem\",\"@id\":\"https:\\\/\\\/www.claret.cat\\\/es\\\/libro\\\/ternura-de-dios-y-fraternura-humana-9788428836296\\\/#listItem\",\"name\":\"TERNURA DE DIOS Y FRATERNURA HUMANA\"},\"previousItem\":{\"@type\":\"ListItem\",\"@id\":\"https:\\\/\\\/www.claret.cat\\\/categoria-producto\\\/cat\\\/5_altres\\\/#listItem\",\"name\":\"Altres\"}},{\"@type\":\"ListItem\",\"@id\":\"https:\\\/\\\/www.claret.cat\\\/es\\\/libro\\\/ternura-de-dios-y-fraternura-humana-9788428836296\\\/#listItem\",\"position\":6,\"name\":\"TERNURA DE DIOS Y FRATERNURA HUMANA\",\"previousItem\":{\"@type\":\"ListItem\",\"@id\":\"https:\\\/\\\/www.claret.cat\\\/categoria-producto\\\/cat\\\/5_altres\\\/altres\\\/#listItem\",\"name\":\"Altres\"}}]},{\"@type\":\"ItemPage\",\"@id\":\"https:\\\/\\\/www.claret.cat\\\/es\\\/libro\\\/ternura-de-dios-y-fraternura-humana-9788428836296\\\/#itempage\",\"url\":\"https:\\\/\\\/www.claret.cat\\\/es\\\/libro\\\/ternura-de-dios-y-fraternura-humana-9788428836296\\\/\",\"name\":\"TERNURA DE DIOS Y FRATERNURA HUMANA - CALDER\\u00d3N MART\\u00cdNEZ, SEVERINO; OFM 9788428836296 | Llibreria Claret\",\"description\":\"TERNURA DE DIOS Y FRATERNURA HUMANA de CALDER\\u00d3N MART\\u00cdNEZ, SEVERINO; OFM disponible a\\\/en Llibreria Claret.\",\"inLanguage\":\"es-ES\",\"isPartOf\":{\"@id\":\"https:\\\/\\\/www.claret.cat\\\/es\\\/#website\"},\"breadcrumb\":{\"@id\":\"https:\\\/\\\/www.claret.cat\\\/es\\\/libro\\\/ternura-de-dios-y-fraternura-humana-9788428836296\\\/#breadcrumblist\"},\"image\":{\"@type\":\"ImageObject\",\"url\":\"https:\\\/\\\/www.claret.cat\\\/wp-content\\\/uploads\\\/.\\\/9788428836296-2.jpg\",\"@id\":\"https:\\\/\\\/www.claret.cat\\\/es\\\/libro\\\/ternura-de-dios-y-fraternura-humana-9788428836296\\\/#mainImage\",\"width\":225,\"height\":318,\"caption\":\"9788428836296.jpg\"},\"primaryImageOfPage\":{\"@id\":\"https:\\\/\\\/www.claret.cat\\\/es\\\/libro\\\/ternura-de-dios-y-fraternura-humana-9788428836296\\\/#mainImage\"},\"datePublished\":\"2022-10-12T08:16:54+02:00\",\"dateModified\":\"2024-05-02T05:46:05+02:00\"},{\"@type\":\"Organization\",\"@id\":\"https:\\\/\\\/www.claret.cat\\\/es\\\/#organization\",\"name\":\"Llibreria Claret\",\"description\":\"Llibreria religiosa a Barcelona\",\"url\":\"https:\\\/\\\/www.claret.cat\\\/es\\\/\",\"email\":\"comunicacio@claret.cat\",\"telephone\":\"+34933010887\",\"logo\":{\"@type\":\"ImageObject\",\"url\":\"https:\\\/\\\/www.claret.cat\\\/wp-content\\\/uploads\\\/.\\\/logo-claret-es.png\",\"@id\":\"https:\\\/\\\/www.claret.cat\\\/es\\\/libro\\\/ternura-de-dios-y-fraternura-humana-9788428836296\\\/#organizationLogo\",\"width\":195,\"height\":79},\"image\":{\"@id\":\"https:\\\/\\\/www.claret.cat\\\/es\\\/libro\\\/ternura-de-dios-y-fraternura-humana-9788428836296\\\/#organizationLogo\"},\"sameAs\":[\"https:\\\/\\\/www.facebook.com\\\/LlibreriaClaret\",\"https:\\\/\\\/twitter.com\\\/LlibreriaClaret\",\"https:\\\/\\\/www.instagram.com\\\/llibreriaclaret\\\/\",\"https:\\\/\\\/www.tiktok.com\\\/@llibreriaclaret\",\"https:\\\/\\\/www.youtube.com\\\/@llibreriaclaret\",\"https:\\\/\\\/ca.wikipedia.org\\\/wiki\\\/Editorial_Claret\"]},{\"@type\":\"WebPage\",\"@id\":\"https:\\\/\\\/www.claret.cat\\\/es\\\/libro\\\/ternura-de-dios-y-fraternura-humana-9788428836296\\\/#webpage\",\"url\":\"https:\\\/\\\/www.claret.cat\\\/es\\\/libro\\\/ternura-de-dios-y-fraternura-humana-9788428836296\\\/\",\"name\":\"TERNURA DE DIOS Y FRATERNURA HUMANA - CALDER\\u00d3N MART\\u00cdNEZ, SEVERINO; OFM 9788428836296 | Llibreria Claret\",\"description\":\"TERNURA DE DIOS Y FRATERNURA HUMANA de CALDER\\u00d3N MART\\u00cdNEZ, SEVERINO; OFM disponible a\\\/en Llibreria Claret.\",\"inLanguage\":\"es-ES\",\"isPartOf\":{\"@id\":\"https:\\\/\\\/www.claret.cat\\\/es\\\/#website\"},\"breadcrumb\":{\"@id\":\"https:\\\/\\\/www.claret.cat\\\/es\\\/libro\\\/ternura-de-dios-y-fraternura-humana-9788428836296\\\/#breadcrumblist\"},\"image\":{\"@type\":\"ImageObject\",\"url\":\"https:\\\/\\\/www.claret.cat\\\/wp-content\\\/uploads\\\/.\\\/9788428836296-2.jpg\",\"@id\":\"https:\\\/\\\/www.claret.cat\\\/es\\\/libro\\\/ternura-de-dios-y-fraternura-humana-9788428836296\\\/#mainImage\",\"width\":225,\"height\":318,\"caption\":\"9788428836296.jpg\"},\"primaryImageOfPage\":{\"@id\":\"https:\\\/\\\/www.claret.cat\\\/es\\\/libro\\\/ternura-de-dios-y-fraternura-humana-9788428836296\\\/#mainImage\"},\"datePublished\":\"2022-10-12T08:16:54+02:00\",\"dateModified\":\"2024-05-02T05:46:05+02:00\"},{\"@type\":\"WebSite\",\"@id\":\"https:\\\/\\\/www.claret.cat\\\/es\\\/#website\",\"url\":\"https:\\\/\\\/www.claret.cat\\\/es\\\/\",\"name\":\"Llibreria Claret Barcelona\",\"alternateName\":\"Llibreria Claret\",\"description\":\"Llibreria religiosa a Barcelona\",\"inLanguage\":\"es-ES\",\"publisher\":{\"@id\":\"https:\\\/\\\/www.claret.cat\\\/es\\\/#organization\"}}]}\n\t\t<\/script>\n\t\t<!-- All in One SEO Pro -->\r\n\t\t<title>TERNURA DE DIOS Y FRATERNURA HUMANA - CALDER\u00d3N MART\u00cdNEZ, SEVERINO; OFM 9788428836296 | Llibreria Claret<\/title>\n\n","aioseo_head_json":{"title":"TERNURA DE DIOS Y FRATERNURA HUMANA - CALDER\u00d3N MART\u00cdNEZ, SEVERINO; OFM 9788428836296 | Llibreria Claret","description":"TERNURA DE DIOS Y FRATERNURA HUMANA de CALDER\u00d3N MART\u00cdNEZ, SEVERINO; OFM disponible a\/en Llibreria Claret.","canonical_url":"https:\/\/www.claret.cat\/es\/libro\/ternura-de-dios-y-fraternura-humana-9788428836296\/","robots":"max-image-preview:large","keywords":"","webmasterTools":{"google-site-verification":"xVtlFxJ-TfkIu-D-lt7XeLobefg5EIQiXTuqcSf8Rf0","miscellaneous":""},"schema":{"@context":"https:\/\/schema.org","@graph":[{"@type":"BreadcrumbList","@id":"https:\/\/www.claret.cat\/es\/libro\/ternura-de-dios-y-fraternura-humana-9788428836296\/#breadcrumblist","itemListElement":[{"@type":"ListItem","@id":"https:\/\/www.claret.cat\/es\/#listItem","position":1,"name":"Home","item":"https:\/\/www.claret.cat\/es\/","nextItem":{"@type":"ListItem","@id":"https:\/\/www.claret.cat\/?page_id=16#listItem","name":"Botiga"}},{"@type":"ListItem","@id":"https:\/\/www.claret.cat\/?page_id=16#listItem","position":2,"name":"Botiga","item":"https:\/\/www.claret.cat\/?page_id=16","nextItem":{"@type":"ListItem","@id":"https:\/\/www.claret.cat\/categoria-producto\/cat\/#listItem","name":"CAT"},"previousItem":{"@type":"ListItem","@id":"https:\/\/www.claret.cat\/es\/#listItem","name":"Home"}},{"@type":"ListItem","@id":"https:\/\/www.claret.cat\/categoria-producto\/cat\/#listItem","position":3,"name":"CAT","item":"https:\/\/www.claret.cat\/categoria-producto\/cat\/","nextItem":{"@type":"ListItem","@id":"https:\/\/www.claret.cat\/categoria-producto\/cat\/5_altres\/#listItem","name":"Altres"},"previousItem":{"@type":"ListItem","@id":"https:\/\/www.claret.cat\/?page_id=16#listItem","name":"Botiga"}},{"@type":"ListItem","@id":"https:\/\/www.claret.cat\/categoria-producto\/cat\/5_altres\/#listItem","position":4,"name":"Altres","item":"https:\/\/www.claret.cat\/categoria-producto\/cat\/5_altres\/","nextItem":{"@type":"ListItem","@id":"https:\/\/www.claret.cat\/categoria-producto\/cat\/5_altres\/altres\/#listItem","name":"Altres"},"previousItem":{"@type":"ListItem","@id":"https:\/\/www.claret.cat\/categoria-producto\/cat\/#listItem","name":"CAT"}},{"@type":"ListItem","@id":"https:\/\/www.claret.cat\/categoria-producto\/cat\/5_altres\/altres\/#listItem","position":5,"name":"Altres","item":"https:\/\/www.claret.cat\/categoria-producto\/cat\/5_altres\/altres\/","nextItem":{"@type":"ListItem","@id":"https:\/\/www.claret.cat\/es\/libro\/ternura-de-dios-y-fraternura-humana-9788428836296\/#listItem","name":"TERNURA DE DIOS Y FRATERNURA HUMANA"},"previousItem":{"@type":"ListItem","@id":"https:\/\/www.claret.cat\/categoria-producto\/cat\/5_altres\/#listItem","name":"Altres"}},{"@type":"ListItem","@id":"https:\/\/www.claret.cat\/es\/libro\/ternura-de-dios-y-fraternura-humana-9788428836296\/#listItem","position":6,"name":"TERNURA DE DIOS Y FRATERNURA HUMANA","previousItem":{"@type":"ListItem","@id":"https:\/\/www.claret.cat\/categoria-producto\/cat\/5_altres\/altres\/#listItem","name":"Altres"}}]},{"@type":"ItemPage","@id":"https:\/\/www.claret.cat\/es\/libro\/ternura-de-dios-y-fraternura-humana-9788428836296\/#itempage","url":"https:\/\/www.claret.cat\/es\/libro\/ternura-de-dios-y-fraternura-humana-9788428836296\/","name":"TERNURA DE DIOS Y FRATERNURA HUMANA - CALDER\u00d3N MART\u00cdNEZ, SEVERINO; OFM 9788428836296 | Llibreria Claret","description":"TERNURA DE DIOS Y FRATERNURA HUMANA de CALDER\u00d3N MART\u00cdNEZ, SEVERINO; OFM disponible a\/en Llibreria Claret.","inLanguage":"es-ES","isPartOf":{"@id":"https:\/\/www.claret.cat\/es\/#website"},"breadcrumb":{"@id":"https:\/\/www.claret.cat\/es\/libro\/ternura-de-dios-y-fraternura-humana-9788428836296\/#breadcrumblist"},"image":{"@type":"ImageObject","url":"https:\/\/www.claret.cat\/wp-content\/uploads\/.\/9788428836296-2.jpg","@id":"https:\/\/www.claret.cat\/es\/libro\/ternura-de-dios-y-fraternura-humana-9788428836296\/#mainImage","width":225,"height":318,"caption":"9788428836296.jpg"},"primaryImageOfPage":{"@id":"https:\/\/www.claret.cat\/es\/libro\/ternura-de-dios-y-fraternura-humana-9788428836296\/#mainImage"},"datePublished":"2022-10-12T08:16:54+02:00","dateModified":"2024-05-02T05:46:05+02:00"},{"@type":"Organization","@id":"https:\/\/www.claret.cat\/es\/#organization","name":"Llibreria Claret","description":"Llibreria religiosa a Barcelona","url":"https:\/\/www.claret.cat\/es\/","email":"comunicacio@claret.cat","telephone":"+34933010887","logo":{"@type":"ImageObject","url":"https:\/\/www.claret.cat\/wp-content\/uploads\/.\/logo-claret-es.png","@id":"https:\/\/www.claret.cat\/es\/libro\/ternura-de-dios-y-fraternura-humana-9788428836296\/#organizationLogo","width":195,"height":79},"image":{"@id":"https:\/\/www.claret.cat\/es\/libro\/ternura-de-dios-y-fraternura-humana-9788428836296\/#organizationLogo"},"sameAs":["https:\/\/www.facebook.com\/LlibreriaClaret","https:\/\/twitter.com\/LlibreriaClaret","https:\/\/www.instagram.com\/llibreriaclaret\/","https:\/\/www.tiktok.com\/@llibreriaclaret","https:\/\/www.youtube.com\/@llibreriaclaret","https:\/\/ca.wikipedia.org\/wiki\/Editorial_Claret"]},{"@type":"WebPage","@id":"https:\/\/www.claret.cat\/es\/libro\/ternura-de-dios-y-fraternura-humana-9788428836296\/#webpage","url":"https:\/\/www.claret.cat\/es\/libro\/ternura-de-dios-y-fraternura-humana-9788428836296\/","name":"TERNURA DE DIOS Y FRATERNURA HUMANA - CALDER\u00d3N MART\u00cdNEZ, SEVERINO; OFM 9788428836296 | Llibreria Claret","description":"TERNURA DE DIOS Y FRATERNURA HUMANA de CALDER\u00d3N MART\u00cdNEZ, SEVERINO; OFM disponible a\/en Llibreria Claret.","inLanguage":"es-ES","isPartOf":{"@id":"https:\/\/www.claret.cat\/es\/#website"},"breadcrumb":{"@id":"https:\/\/www.claret.cat\/es\/libro\/ternura-de-dios-y-fraternura-humana-9788428836296\/#breadcrumblist"},"image":{"@type":"ImageObject","url":"https:\/\/www.claret.cat\/wp-content\/uploads\/.\/9788428836296-2.jpg","@id":"https:\/\/www.claret.cat\/es\/libro\/ternura-de-dios-y-fraternura-humana-9788428836296\/#mainImage","width":225,"height":318,"caption":"9788428836296.jpg"},"primaryImageOfPage":{"@id":"https:\/\/www.claret.cat\/es\/libro\/ternura-de-dios-y-fraternura-humana-9788428836296\/#mainImage"},"datePublished":"2022-10-12T08:16:54+02:00","dateModified":"2024-05-02T05:46:05+02:00"},{"@type":"WebSite","@id":"https:\/\/www.claret.cat\/es\/#website","url":"https:\/\/www.claret.cat\/es\/","name":"Llibreria Claret Barcelona","alternateName":"Llibreria Claret","description":"Llibreria religiosa a Barcelona","inLanguage":"es-ES","publisher":{"@id":"https:\/\/www.claret.cat\/es\/#organization"}}]},"og:locale":"es_ES","og:site_name":"Llibreria Claret - Llibreria religiosa a Barcelona","og:type":"article","og:title":"TERNURA DE DIOS Y FRATERNURA HUMANA - CALDER\u00d3N MART\u00cdNEZ, SEVERINO; OFM 9788428836296 | Llibreria Claret","og:description":"TERNURA DE DIOS Y FRATERNURA HUMANA de CALDER\u00d3N MART\u00cdNEZ, SEVERINO; OFM disponible a\/en Llibreria Claret.","og:url":"https:\/\/www.claret.cat\/es\/libro\/ternura-de-dios-y-fraternura-humana-9788428836296\/","og:image":"https:\/\/dev.claret.cat\/wp-content\/uploads\/logo-claret.svg","og:image:secure_url":"https:\/\/dev.claret.cat\/wp-content\/uploads\/logo-claret.svg","article:published_time":"2022-10-12T06:16:54+00:00","article:modified_time":"2024-05-02T03:46:05+00:00","article:publisher":"https:\/\/www.facebook.com\/LlibreriaClaret","twitter:card":"summary_large_image","twitter:site":"@LlibreriaClaret","twitter:title":"TERNURA DE DIOS Y FRATERNURA HUMANA - CALDER\u00d3N MART\u00cdNEZ, SEVERINO; OFM 9788428836296 | Llibreria Claret","twitter:description":"TERNURA DE DIOS Y FRATERNURA HUMANA de CALDER\u00d3N MART\u00cdNEZ, SEVERINO; OFM disponible a\/en Llibreria Claret.","twitter:image":"http:\/\/dev.claret.cat\/wp-content\/uploads\/logo-claret.svg"},"aioseo_meta_data":{"post_id":"102146","title":null,"description":null,"keywords":null,"keyphrases":null,"primary_term":null,"canonical_url":null,"og_title":null,"og_description":null,"og_object_type":"default","og_image_type":"default","og_image_url":null,"og_image_width":null,"og_image_height":null,"og_image_custom_url":null,"og_image_custom_fields":null,"og_video":null,"og_custom_url":null,"og_article_section":null,"og_article_tags":null,"twitter_use_og":false,"twitter_card":"default","twitter_image_type":"default","twitter_image_url":null,"twitter_image_custom_url":null,"twitter_image_custom_fields":null,"twitter_title":null,"twitter_description":null,"schema":{"blockGraphs":[],"customGraphs":[],"default":{"data":{"Article":[],"Course":[],"Dataset":[],"FAQPage":[],"Movie":[],"Person":[],"Product":[],"ProductReview":[],"Car":[],"Recipe":[],"Service":[],"SoftwareApplication":[],"WebPage":[]},"graphName":"","isEnabled":true},"graphs":[]},"schema_type":"default","schema_type_options":null,"pillar_content":false,"robots_default":true,"robots_noindex":false,"robots_noarchive":false,"robots_nosnippet":false,"robots_nofollow":false,"robots_noimageindex":false,"robots_noodp":false,"robots_notranslate":false,"robots_max_snippet":null,"robots_max_videopreview":null,"robots_max_imagepreview":"large","priority":null,"frequency":null,"local_seo":null,"seo_analyzer_scan_date":"2025-11-27 22:57:05","breadcrumb_settings":null,"limit_modified_date":false,"open_ai":null,"ai":null,"created":"2022-12-19 09:51:31","updated":"2025-11-27 22:57:05","focus_keyword":null,"additional_keywords":null,"truseo_locale":null},"aioseo_breadcrumb":"<div class=\"aioseo-breadcrumbs\"><span class=\"aioseo-breadcrumb\">\n\t<a href=\"https:\/\/www.claret.cat\/es\/\" title=\"Home\">Home<\/a>\n<\/span><span class=\"aioseo-breadcrumb-separator\">&raquo;<\/span><span class=\"aioseo-breadcrumb\">\n\t<a href=\"https:\/\/www.claret.cat\/?page_id=16\" title=\"Botiga\">Botiga<\/a>\n<\/span><span class=\"aioseo-breadcrumb-separator\">&raquo;<\/span><span class=\"aioseo-breadcrumb\">\n\t<a href=\"https:\/\/www.claret.cat\/categoria-producto\/cat\/\" title=\"CAT\">CAT<\/a>\n<\/span><span class=\"aioseo-breadcrumb-separator\">&raquo;<\/span><span class=\"aioseo-breadcrumb\">\n\t<a href=\"https:\/\/www.claret.cat\/categoria-producto\/cat\/5_altres\/\" title=\"Altres\">Altres<\/a>\n<\/span><span class=\"aioseo-breadcrumb-separator\">&raquo;<\/span><span class=\"aioseo-breadcrumb\">\n\t<a href=\"https:\/\/www.claret.cat\/categoria-producto\/cat\/5_altres\/altres\/\" title=\"Altres\">Altres<\/a>\n<\/span><span class=\"aioseo-breadcrumb-separator\">&raquo;<\/span><span class=\"aioseo-breadcrumb\">\n\tTERNURA DE DIOS Y FRATERNURA HUMANA\n<\/span><\/div>","aioseo_breadcrumb_json":[{"label":"Home","link":"https:\/\/www.claret.cat\/es\/"},{"label":"Botiga","link":"https:\/\/www.claret.cat\/?page_id=16"},{"label":"CAT","link":"https:\/\/www.claret.cat\/categoria-producto\/cat\/"},{"label":"Altres","link":"https:\/\/www.claret.cat\/categoria-producto\/cat\/5_altres\/"},{"label":"Altres","link":"https:\/\/www.claret.cat\/categoria-producto\/cat\/5_altres\/altres\/"},{"label":"TERNURA DE DIOS Y FRATERNURA HUMANA","link":"https:\/\/www.claret.cat\/es\/libro\/ternura-de-dios-y-fraternura-humana-9788428836296\/"}],"_links":{"self":[{"href":"https:\/\/www.claret.cat\/es\/wp-json\/wp\/v2\/product\/102146","targetHints":{"allow":["GET"]}}],"collection":[{"href":"https:\/\/www.claret.cat\/es\/wp-json\/wp\/v2\/product"}],"about":[{"href":"https:\/\/www.claret.cat\/es\/wp-json\/wp\/v2\/types\/product"}],"wp:featuredmedia":[{"embeddable":true,"href":"https:\/\/www.claret.cat\/es\/wp-json\/wp\/v2\/media\/338129"}],"wp:attachment":[{"href":"https:\/\/www.claret.cat\/es\/wp-json\/wp\/v2\/media?parent=102146"}],"wp:term":[{"taxonomy":"product_brand","embeddable":true,"href":"https:\/\/www.claret.cat\/es\/wp-json\/wp\/v2\/product_brand?post=102146"},{"taxonomy":"product_cat","embeddable":true,"href":"https:\/\/www.claret.cat\/es\/wp-json\/wp\/v2\/product_cat?post=102146"},{"taxonomy":"product_tag","embeddable":true,"href":"https:\/\/www.claret.cat\/es\/wp-json\/wp\/v2\/product_tag?post=102146"}],"curies":[{"name":"wp","href":"https:\/\/api.w.org\/{rel}","templated":true}]}}