{"id":1022148,"date":"2025-05-19T13:26:21","date_gmt":"2025-05-19T11:26:21","guid":{"rendered":"https:\/\/www.claret.cat\/llibre\/catalanofobia-9791387633073\/"},"modified":"2026-04-08T13:10:11","modified_gmt":"2026-04-08T11:10:11","slug":"catalanofobia-9791387633073","status":"publish","type":"product","link":"https:\/\/www.claret.cat\/es\/libro\/catalanofobia-9791387633073\/","title":{"rendered":"CATALANOF\u00d2BIA"},"content":{"rendered":"<p>Catalanof\u00f2bia. Una immersi\u00f3 r\u00e0pida t\u00e9 com a objectiu analitzar les causes i l&#x2019;evoluci\u00f3 hist\u00f2rica de la catalanof\u00f2bia, entesa com l&#x2019;aversi\u00f3 cap a tot all\u00f2 que forma part de la identitat catalana. El llibre defensa que les arrels d&#x2019;aquesta catalanof\u00f2bia es troben en el xoc entre dos models de construcci\u00f3 d&#x2019;Estat-naci\u00f3: el model centralista i el que promou l&#x2019;autogovern catal\u00e0. Aquesta confrontaci\u00f3 entre els dos projectes d&#x2019;Estat-naci\u00f3 s&#x2019;inicia durant l&#x2019;Antic R\u00e8gim, molt abans que sorg\u00eds el nacionalisme contemporani. Per tant, el conflicte que perdura fins als nostres dies t\u00e9 arrels centen\u00e0ries, les quals han anat evolucionant des dels seus or\u00edgens fins a l&#x2019;actualitat.<br \/> El llibre explora com el xoc entre aquests dos models de construcci\u00f3 d&#x2019;Estat-naci\u00f3 ha tingut repercussions profundes en l&#x2019;organitzaci\u00f3 pol\u00edtica, administrativa, judicial i cultural, aix\u00ed com en la concepci\u00f3 mateixa de l&#x2019;Estat espanyol. El conflicte que persisteix fins a l&#x2019;actualitat i que alimenta la catalanof\u00f2bia en una part significativa de la societat espanyola contempor\u00e0nia no \u00e9s una invenci\u00f3 ni una construcci\u00f3 imagin\u00e0ria, sin\u00f3 que t\u00e9 unes arrels hist\u00f2riques profundes i complexes.<\/p>\n","protected":false},"excerpt":{"rendered":"<p>PICH MITJANA, JOSEP<\/p>\n","protected":false},"featured_media":1022149,"template":"","meta":{"_acf_changed":false,"om_disable_all_campaigns":false,"rs_blank_template":"","rs_page_bg_color":"","slide_template_v7":"","inline_featured_image":false,"_monsterinsights_skip_tracking":false,"_monsterinsights_sitenote_active":false,"_monsterinsights_sitenote_note":"","_monsterinsights_sitenote_category":0},"product_brand":[],"product_cat":[90,540],"product_tag":[],"class_list":{"0":"post-1022148","1":"product","2":"type-product","3":"status-publish","4":"has-post-thumbnail","6":"product_cat-altres","7":"product_cat-otros","9":"first","10":"instock","11":"taxable","12":"shipping-taxable","13":"purchasable","14":"product-type-simple"},"acf":{"autor":"PICH MITJANA, JOSEP","codart":"138763307","libros-coleccion":"FORA DE COL.LECCI\u00d3","ediciones":"1","encuadernacion":"R\u00fastica","fecha_de_publicacion":"01\/05\/2025","novedad":"1","paginas":"0","subtitulo":"UNA IMMERSI\u00d3 R\u00c0PIDA","orden":"0","portada":"0","idioma":"cat","booktrailer":"","resenas":"","editorial":[{"ID":6375,"post_author":"3","post_date":"2022-07-28 17:50:51","post_date_gmt":"2022-07-28 15:50:51","post_content":"","post_title":"Tibidabo Ediciones","post_excerpt":"","post_status":"publish","comment_status":"closed","ping_status":"closed","post_password":"","post_name":"tibidabo-ediciones","to_ping":"","pinged":"","post_modified":"2022-07-28 17:50:51","post_modified_gmt":"2022-07-28 15:50:51","post_content_filtered":"","post_parent":0,"guid":"http:\/\/dev.claret.cat\/editorial\/tibidabo-ediciones\/","menu_order":0,"post_type":"editorial","post_mime_type":"","comment_count":"0","filter":"raw"}]},"aioseo_notices":[],"_links":{"self":[{"href":"https:\/\/www.claret.cat\/es\/wp-json\/wp\/v2\/product\/1022148","targetHints":{"allow":["GET"]}}],"collection":[{"href":"https:\/\/www.claret.cat\/es\/wp-json\/wp\/v2\/product"}],"about":[{"href":"https:\/\/www.claret.cat\/es\/wp-json\/wp\/v2\/types\/product"}],"wp:featuredmedia":[{"embeddable":true,"href":"https:\/\/www.claret.cat\/es\/wp-json\/wp\/v2\/media\/1022149"}],"wp:attachment":[{"href":"https:\/\/www.claret.cat\/es\/wp-json\/wp\/v2\/media?parent=1022148"}],"wp:term":[{"taxonomy":"product_brand","embeddable":true,"href":"https:\/\/www.claret.cat\/es\/wp-json\/wp\/v2\/product_brand?post=1022148"},{"taxonomy":"product_cat","embeddable":true,"href":"https:\/\/www.claret.cat\/es\/wp-json\/wp\/v2\/product_cat?post=1022148"},{"taxonomy":"product_tag","embeddable":true,"href":"https:\/\/www.claret.cat\/es\/wp-json\/wp\/v2\/product_tag?post=1022148"}],"curies":[{"name":"wp","href":"https:\/\/api.w.org\/{rel}","templated":true}]}}