{"id":1022556,"date":"2025-05-20T12:27:00","date_gmt":"2025-05-20T10:27:00","guid":{"rendered":"https:\/\/www.claret.cat\/llibre\/sempiterno-edicion-especial-limitada-en-tapa-dura-y-con-cantos-tintados-bilog-9788410396401\/"},"modified":"2026-02-11T16:40:12","modified_gmt":"2026-02-11T15:40:12","slug":"sempiterno-edicion-especial-limitada-en-tapa-dura-y-con-cantos-tintados-bilog-9788410396401","status":"publish","type":"product","link":"https:\/\/www.claret.cat\/es\/libro\/sempiterno-edicion-especial-limitada-en-tapa-dura-y-con-cantos-tintados-bilog-9788410396401\/","title":{"rendered":"SEMPITERNO (EDICI\u00d3N ESPECIAL LIMITADA EN TAPA DURA Y CON CANTOS TINTADOS) (BILOG"},"content":{"rendered":"<p>El final de la bilog\u00eda \u00abExtra\u00f1os\u00bb de Joana Marc\u00fas: el desenlace de una historia de amor inolvidable. Tras varios meses en las sombras, la familia de extra\u00f1os intenta recomponerse. El mundo de Caleb se ha desmoronado. El tiempo transcurre, pero \u00e9l sigue viviendo en esa misma noche. Sigue paralizado en ese mismo dolor. Su familia necesita que despierte. \u00c9l necesita buscarla. Y necesita encontrarla. El mundo de Victoria se ha transformado. Intenta descubrir qui\u00e9n es, pero su antiguo yo sigue fragmentado en cientos de pedazos. El chico que la acompa\u00f1a necesita que ella sea fuerte. Ella necesita entender por qu\u00e9 siente esa conexi\u00f3n con \u00e9l. Y por qu\u00e9 una voz en lo m\u00e1s profundo de su cabeza le dice que tiene un hogar al que volver. Huir ya no es una opci\u00f3n para nadie. La \u00fanica posibilidad de supervivencia es enfrentar el pasado y desafiar el olvido. \u00bfSe puede cambiar el destino cuando ya ha sido escrito?<br \/>\u00bfSe puede encontrar aquello que ya se ha perdido?<\/p>\n","protected":false},"excerpt":{"rendered":"<p>MARC\u00daS, JOANA<\/p>\n","protected":false},"featured_media":1022557,"template":"","meta":{"_acf_changed":false,"om_disable_all_campaigns":false,"rs_blank_template":"","rs_page_bg_color":"","slide_template_v7":"","inline_featured_image":false,"_monsterinsights_skip_tracking":false,"_monsterinsights_sitenote_active":false,"_monsterinsights_sitenote_note":"","_monsterinsights_sitenote_category":0},"product_brand":[],"product_cat":[133,566,117,363],"product_tag":[],"class_list":{"0":"post-1022556","1":"product","2":"type-product","3":"status-publish","4":"has-post-thumbnail","6":"product_cat-lectures-per-adolescents-12-18-anys","7":"product_cat-juvenil-3_infantil-juvenil-spa-spa","8":"product_cat-juvenil","9":"product_cat-lecturas-por-adolescentes-12-18-anos","11":"first","12":"instock","13":"taxable","14":"shipping-taxable","15":"purchasable","16":"product-type-simple"},"acf":{"autor":"MARC\u00daS, JOANA","codart":"841039640","libros-coleccion":"Montena","ediciones":"1","encuadernacion":"Carton\u00e9","fecha_de_publicacion":"22\/05\/2025","novedad":"1","paginas":"576","subtitulo":"","orden":"0","portada":"0","idioma":"spa","booktrailer":"","resenas":"","editorial":[{"ID":6310,"post_author":"3","post_date":"2022-07-28 17:49:26","post_date_gmt":"2022-07-28 15:49:26","post_content":"","post_title":"MONTENA","post_excerpt":"","post_status":"publish","comment_status":"closed","ping_status":"closed","post_password":"","post_name":"montena","to_ping":"","pinged":"","post_modified":"2022-07-28 17:49:26","post_modified_gmt":"2022-07-28 15:49:26","post_content_filtered":"","post_parent":0,"guid":"http:\/\/dev.claret.cat\/editorial\/montena\/","menu_order":0,"post_type":"editorial","post_mime_type":"","comment_count":"0","filter":"raw"}]},"aioseo_notices":[],"_links":{"self":[{"href":"https:\/\/www.claret.cat\/es\/wp-json\/wp\/v2\/product\/1022556","targetHints":{"allow":["GET"]}}],"collection":[{"href":"https:\/\/www.claret.cat\/es\/wp-json\/wp\/v2\/product"}],"about":[{"href":"https:\/\/www.claret.cat\/es\/wp-json\/wp\/v2\/types\/product"}],"wp:featuredmedia":[{"embeddable":true,"href":"https:\/\/www.claret.cat\/es\/wp-json\/wp\/v2\/media\/1022557"}],"wp:attachment":[{"href":"https:\/\/www.claret.cat\/es\/wp-json\/wp\/v2\/media?parent=1022556"}],"wp:term":[{"taxonomy":"product_brand","embeddable":true,"href":"https:\/\/www.claret.cat\/es\/wp-json\/wp\/v2\/product_brand?post=1022556"},{"taxonomy":"product_cat","embeddable":true,"href":"https:\/\/www.claret.cat\/es\/wp-json\/wp\/v2\/product_cat?post=1022556"},{"taxonomy":"product_tag","embeddable":true,"href":"https:\/\/www.claret.cat\/es\/wp-json\/wp\/v2\/product_tag?post=1022556"}],"curies":[{"name":"wp","href":"https:\/\/api.w.org\/{rel}","templated":true}]}}