{"id":1022586,"date":"2025-05-20T13:03:35","date_gmt":"2025-05-20T11:03:35","guid":{"rendered":"https:\/\/www.claret.cat\/llibre\/oid-alemanes-9788409707300\/"},"modified":"2025-10-02T13:46:45","modified_gmt":"2025-10-02T11:46:45","slug":"oid-alemanes-9788409707300","status":"publish","type":"product","link":"https:\/\/www.claret.cat\/es\/libro\/oid-alemanes-9788409707300\/","title":{"rendered":"\u00a1O\u00cdD, ALEMANES!"},"content":{"rendered":"<p>\u00abDesde el primer d\u00eda he trabajado con toda mi alma para derrotar esa mamarrachada, a ese engendro, que es la verg\u00fcenza de la humanidad, y no solo con mis mensajes radiof\u00f3nicos emitidos para Alemania, que eran una excepcional y vehemente exhortaci\u00f3n al pueblo alem\u00e1n para deshacerse de \u00e9l\u00bb.<\/p>\n<p> \u00a1O\u00edd, alemanes! As\u00ed comienza Thomas Mann cada una de las 59 emisiones de radio que realiz\u00f3 desde su exilio en Estados Unidos, entre 1940 y 1945, y en las que, con su autoridad moral y un tono persuasivo, apelaba a la conciencia de los alemanes, a la de aquellos que \u00aba\u00fan tienen o\u00eddos para o\u00edr\u00bb. <\/p>\n<p> El receptor de radio, popularizado por Hitler para los hogares alemanes, hizo posible que la BBC pudiera transmitir los discursos de Mann directamente a sus salas de estar. Aunque no se sabe a ciencia cierta cu\u00e1ntos alemanes pudieron escucharlos, contribuyeron, sin duda, en el mantenimiento de la oposici\u00f3n intelectual al r\u00e9gimen. Las transmisiones de Thomas Mann son las de un alem\u00e1n que, en el exilio, se llev\u00f3 consigo su germanidad, y procur\u00f3 que, quienes a\u00fan resid\u00edan en Alemania, recordaran la suya. Convencido de que la \u00fanica salida posible era la derrota del nazismo, sorprenden cu\u00e1nto nos dicen, todav\u00eda hoy, estos documentos \u00fanicos.<\/p>\n","protected":false},"excerpt":{"rendered":"<p>MANN, THOMAS<\/p>\n","protected":false},"featured_media":1056915,"template":"","meta":{"_acf_changed":false,"om_disable_all_campaigns":false,"rs_blank_template":"","rs_page_bg_color":"","slide_template_v7":"","inline_featured_image":false,"_monsterinsights_skip_tracking":false},"product_brand":[],"product_cat":[368,151],"product_tag":[],"class_list":["post-1022586","product","type-product","status-publish","has-post-thumbnail","product_cat-contemporanea","product_cat-contemporania","first","instock","taxable","shipping-taxable","purchasable","product-type-simple"],"acf":{"autor":"MANN, THOMAS","codart":"840970730","libros-coleccion":"FORA DE COL.LECCI\u00d3","ediciones":"1","encuadernacion":"R\u00fastica","fecha_de_publicacion":"01\/05\/2025","novedad":"1","paginas":"300","subtitulo":"","orden":"0","portada":"0","idioma":"spa","booktrailer":"","resenas":"","editorial":[{"ID":1022623,"post_author":"3","post_date":"2025-05-20 13:35:51","post_date_gmt":"2025-05-20 11:35:51","post_content":"","post_title":"NOTA AL MARGEN","post_excerpt":"","post_status":"publish","comment_status":"closed","ping_status":"closed","post_password":"","post_name":"nota-al-margen","to_ping":"","pinged":"","post_modified":"2025-05-20 13:35:51","post_modified_gmt":"2025-05-20 11:35:51","post_content_filtered":"","post_parent":0,"guid":"https:\/\/www.claret.cat\/editorial\/nota-al-margen\/","menu_order":0,"post_type":"editorial","post_mime_type":"","comment_count":"0","filter":"raw"}]},"aioseo_notices":[],"aioseo_head":"\n\t\t<!-- All in One SEO Pro 5.0.1.1 - aioseo.com -->\n\t<meta name=\"description\" content=\"\u00a1O\u00cdD, ALEMANES! de MANN, THOMAS disponible a\/en Llibreria Claret.\" \/>\n\t<meta name=\"robots\" content=\"max-image-preview:large\" \/>\n\t<meta name=\"google-site-verification\" content=\"xVtlFxJ-TfkIu-D-lt7XeLobefg5EIQiXTuqcSf8Rf0\" \/>\n\t<link rel=\"canonical\" href=\"https:\/\/www.claret.cat\/es\/libro\/oid-alemanes-9788409707300\/\" \/>\n\t<meta name=\"generator\" content=\"All in One SEO Pro (AIOSEO) 5.0.1.1\" \/>\n\t\t<meta property=\"og:locale\" content=\"es_ES\" \/>\n\t\t<meta property=\"og:site_name\" content=\"Llibreria Claret - Llibreria religiosa a Barcelona\" \/>\n\t\t<meta property=\"og:type\" content=\"article\" \/>\n\t\t<meta property=\"og:title\" content=\"\u00a1O\u00cdD, ALEMANES! - MANN, THOMAS 9788409707300 | Llibreria Claret\" \/>\n\t\t<meta property=\"og:description\" content=\"\u00a1O\u00cdD, ALEMANES! de MANN, THOMAS disponible a\/en Llibreria Claret.\" \/>\n\t\t<meta property=\"og:url\" content=\"https:\/\/www.claret.cat\/es\/libro\/oid-alemanes-9788409707300\/\" \/>\n\t\t<meta property=\"og:image\" content=\"https:\/\/dev.claret.cat\/wp-content\/uploads\/logo-claret.svg\" \/>\n\t\t<meta property=\"og:image:secure_url\" content=\"https:\/\/dev.claret.cat\/wp-content\/uploads\/logo-claret.svg\" \/>\n\t\t<meta property=\"article:published_time\" content=\"2025-05-20T11:03:35+00:00\" \/>\n\t\t<meta property=\"article:modified_time\" content=\"2025-10-02T11:46:45+00:00\" \/>\n\t\t<meta property=\"article:publisher\" content=\"https:\/\/www.facebook.com\/LlibreriaClaret\" \/>\n\t\t<meta name=\"twitter:card\" content=\"summary_large_image\" \/>\n\t\t<meta name=\"twitter:site\" content=\"@LlibreriaClaret\" \/>\n\t\t<meta name=\"twitter:title\" content=\"\u00a1O\u00cdD, ALEMANES! - MANN, THOMAS 9788409707300 | Llibreria Claret\" \/>\n\t\t<meta name=\"twitter:description\" content=\"\u00a1O\u00cdD, ALEMANES! de MANN, THOMAS disponible a\/en Llibreria Claret.\" \/>\n\t\t<meta name=\"twitter:image\" content=\"http:\/\/dev.claret.cat\/wp-content\/uploads\/logo-claret.svg\" \/>\n\t\t<script type=\"application\/ld+json\" class=\"aioseo-schema\">\n\t\t\t{\"@context\":\"https:\\\/\\\/schema.org\",\"@graph\":[{\"@type\":\"BreadcrumbList\",\"@id\":\"https:\\\/\\\/www.claret.cat\\\/es\\\/libro\\\/oid-alemanes-9788409707300\\\/#breadcrumblist\",\"itemListElement\":[{\"@type\":\"ListItem\",\"@id\":\"https:\\\/\\\/www.claret.cat\\\/es\\\/#listItem\",\"position\":1,\"name\":\"Home\",\"item\":\"https:\\\/\\\/www.claret.cat\\\/es\\\/\",\"nextItem\":{\"@type\":\"ListItem\",\"@id\":\"https:\\\/\\\/www.claret.cat\\\/?page_id=16#listItem\",\"name\":\"Botiga\"}},{\"@type\":\"ListItem\",\"@id\":\"https:\\\/\\\/www.claret.cat\\\/?page_id=16#listItem\",\"position\":2,\"name\":\"Botiga\",\"item\":\"https:\\\/\\\/www.claret.cat\\\/?page_id=16\",\"nextItem\":{\"@type\":\"ListItem\",\"@id\":\"https:\\\/\\\/www.claret.cat\\\/categoria-producto\\\/cat\\\/#listItem\",\"name\":\"CAT\"},\"previousItem\":{\"@type\":\"ListItem\",\"@id\":\"https:\\\/\\\/www.claret.cat\\\/es\\\/#listItem\",\"name\":\"Home\"}},{\"@type\":\"ListItem\",\"@id\":\"https:\\\/\\\/www.claret.cat\\\/categoria-producto\\\/cat\\\/#listItem\",\"position\":3,\"name\":\"CAT\",\"item\":\"https:\\\/\\\/www.claret.cat\\\/categoria-producto\\\/cat\\\/\",\"nextItem\":{\"@type\":\"ListItem\",\"@id\":\"https:\\\/\\\/www.claret.cat\\\/categoria-producto\\\/cat\\\/2_humanitats\\\/#listItem\",\"name\":\"Humanitats\"},\"previousItem\":{\"@type\":\"ListItem\",\"@id\":\"https:\\\/\\\/www.claret.cat\\\/?page_id=16#listItem\",\"name\":\"Botiga\"}},{\"@type\":\"ListItem\",\"@id\":\"https:\\\/\\\/www.claret.cat\\\/categoria-producto\\\/cat\\\/2_humanitats\\\/#listItem\",\"position\":4,\"name\":\"Humanitats\",\"item\":\"https:\\\/\\\/www.claret.cat\\\/categoria-producto\\\/cat\\\/2_humanitats\\\/\",\"nextItem\":{\"@type\":\"ListItem\",\"@id\":\"https:\\\/\\\/www.claret.cat\\\/categoria-producto\\\/cat\\\/2_humanitats\\\/historia\\\/#listItem\",\"name\":\"Hist\\u00f2ria\"},\"previousItem\":{\"@type\":\"ListItem\",\"@id\":\"https:\\\/\\\/www.claret.cat\\\/categoria-producto\\\/cat\\\/#listItem\",\"name\":\"CAT\"}},{\"@type\":\"ListItem\",\"@id\":\"https:\\\/\\\/www.claret.cat\\\/categoria-producto\\\/cat\\\/2_humanitats\\\/historia\\\/#listItem\",\"position\":5,\"name\":\"Hist\\u00f2ria\",\"item\":\"https:\\\/\\\/www.claret.cat\\\/categoria-producto\\\/cat\\\/2_humanitats\\\/historia\\\/\",\"nextItem\":{\"@type\":\"ListItem\",\"@id\":\"https:\\\/\\\/www.claret.cat\\\/categoria-producto\\\/cat\\\/2_humanitats\\\/historia\\\/contemporania\\\/#listItem\",\"name\":\"Contempor\\u00e0nia\"},\"previousItem\":{\"@type\":\"ListItem\",\"@id\":\"https:\\\/\\\/www.claret.cat\\\/categoria-producto\\\/cat\\\/2_humanitats\\\/#listItem\",\"name\":\"Humanitats\"}},{\"@type\":\"ListItem\",\"@id\":\"https:\\\/\\\/www.claret.cat\\\/categoria-producto\\\/cat\\\/2_humanitats\\\/historia\\\/contemporania\\\/#listItem\",\"position\":6,\"name\":\"Contempor\\u00e0nia\",\"item\":\"https:\\\/\\\/www.claret.cat\\\/categoria-producto\\\/cat\\\/2_humanitats\\\/historia\\\/contemporania\\\/\",\"nextItem\":{\"@type\":\"ListItem\",\"@id\":\"https:\\\/\\\/www.claret.cat\\\/es\\\/libro\\\/oid-alemanes-9788409707300\\\/#listItem\",\"name\":\"\\u00a1O\\u00cdD, ALEMANES!\"},\"previousItem\":{\"@type\":\"ListItem\",\"@id\":\"https:\\\/\\\/www.claret.cat\\\/categoria-producto\\\/cat\\\/2_humanitats\\\/historia\\\/#listItem\",\"name\":\"Hist\\u00f2ria\"}},{\"@type\":\"ListItem\",\"@id\":\"https:\\\/\\\/www.claret.cat\\\/es\\\/libro\\\/oid-alemanes-9788409707300\\\/#listItem\",\"position\":7,\"name\":\"\\u00a1O\\u00cdD, ALEMANES!\",\"previousItem\":{\"@type\":\"ListItem\",\"@id\":\"https:\\\/\\\/www.claret.cat\\\/categoria-producto\\\/cat\\\/2_humanitats\\\/historia\\\/contemporania\\\/#listItem\",\"name\":\"Contempor\\u00e0nia\"}}]},{\"@type\":\"ItemPage\",\"@id\":\"https:\\\/\\\/www.claret.cat\\\/es\\\/libro\\\/oid-alemanes-9788409707300\\\/#itempage\",\"url\":\"https:\\\/\\\/www.claret.cat\\\/es\\\/libro\\\/oid-alemanes-9788409707300\\\/\",\"name\":\"\\u00a1O\\u00cdD, ALEMANES! - MANN, THOMAS 9788409707300 | Llibreria Claret\",\"description\":\"\\u00a1O\\u00cdD, ALEMANES! de MANN, THOMAS disponible a\\\/en Llibreria Claret.\",\"inLanguage\":\"es-ES\",\"isPartOf\":{\"@id\":\"https:\\\/\\\/www.claret.cat\\\/es\\\/#website\"},\"breadcrumb\":{\"@id\":\"https:\\\/\\\/www.claret.cat\\\/es\\\/libro\\\/oid-alemanes-9788409707300\\\/#breadcrumblist\"},\"image\":{\"@type\":\"ImageObject\",\"url\":\"https:\\\/\\\/www.claret.cat\\\/wp-content\\\/uploads\\\/.\\\/9788409707300-2.jpg\",\"@id\":\"https:\\\/\\\/www.claret.cat\\\/es\\\/libro\\\/oid-alemanes-9788409707300\\\/#mainImage\",\"width\":250,\"height\":389,\"caption\":\"9788409707300.jpg\"},\"primaryImageOfPage\":{\"@id\":\"https:\\\/\\\/www.claret.cat\\\/es\\\/libro\\\/oid-alemanes-9788409707300\\\/#mainImage\"},\"datePublished\":\"2025-05-20T13:03:35+02:00\",\"dateModified\":\"2025-10-02T13:46:45+02:00\"},{\"@type\":\"Organization\",\"@id\":\"https:\\\/\\\/www.claret.cat\\\/es\\\/#organization\",\"name\":\"Llibreria Claret\",\"description\":\"Llibreria religiosa a Barcelona\",\"url\":\"https:\\\/\\\/www.claret.cat\\\/es\\\/\",\"email\":\"comunicacio@claret.cat\",\"telephone\":\"+34933010887\",\"logo\":{\"@type\":\"ImageObject\",\"url\":\"https:\\\/\\\/www.claret.cat\\\/wp-content\\\/uploads\\\/.\\\/logo-claret-es.png\",\"@id\":\"https:\\\/\\\/www.claret.cat\\\/es\\\/libro\\\/oid-alemanes-9788409707300\\\/#organizationLogo\",\"width\":195,\"height\":79},\"image\":{\"@id\":\"https:\\\/\\\/www.claret.cat\\\/es\\\/libro\\\/oid-alemanes-9788409707300\\\/#organizationLogo\"},\"sameAs\":[\"https:\\\/\\\/www.facebook.com\\\/LlibreriaClaret\",\"https:\\\/\\\/twitter.com\\\/LlibreriaClaret\",\"https:\\\/\\\/www.instagram.com\\\/llibreriaclaret\\\/\",\"https:\\\/\\\/www.tiktok.com\\\/@llibreriaclaret\",\"https:\\\/\\\/www.youtube.com\\\/@llibreriaclaret\",\"https:\\\/\\\/ca.wikipedia.org\\\/wiki\\\/Editorial_Claret\"]},{\"@type\":\"WebPage\",\"@id\":\"https:\\\/\\\/www.claret.cat\\\/es\\\/libro\\\/oid-alemanes-9788409707300\\\/#webpage\",\"url\":\"https:\\\/\\\/www.claret.cat\\\/es\\\/libro\\\/oid-alemanes-9788409707300\\\/\",\"name\":\"\\u00a1O\\u00cdD, ALEMANES! - MANN, THOMAS 9788409707300 | Llibreria Claret\",\"description\":\"\\u00a1O\\u00cdD, ALEMANES! de MANN, THOMAS disponible a\\\/en Llibreria Claret.\",\"inLanguage\":\"es-ES\",\"isPartOf\":{\"@id\":\"https:\\\/\\\/www.claret.cat\\\/es\\\/#website\"},\"breadcrumb\":{\"@id\":\"https:\\\/\\\/www.claret.cat\\\/es\\\/libro\\\/oid-alemanes-9788409707300\\\/#breadcrumblist\"},\"image\":{\"@type\":\"ImageObject\",\"url\":\"https:\\\/\\\/www.claret.cat\\\/wp-content\\\/uploads\\\/.\\\/9788409707300-2.jpg\",\"@id\":\"https:\\\/\\\/www.claret.cat\\\/es\\\/libro\\\/oid-alemanes-9788409707300\\\/#mainImage\",\"width\":250,\"height\":389,\"caption\":\"9788409707300.jpg\"},\"primaryImageOfPage\":{\"@id\":\"https:\\\/\\\/www.claret.cat\\\/es\\\/libro\\\/oid-alemanes-9788409707300\\\/#mainImage\"},\"datePublished\":\"2025-05-20T13:03:35+02:00\",\"dateModified\":\"2025-10-02T13:46:45+02:00\"},{\"@type\":\"WebSite\",\"@id\":\"https:\\\/\\\/www.claret.cat\\\/es\\\/#website\",\"url\":\"https:\\\/\\\/www.claret.cat\\\/es\\\/\",\"name\":\"Llibreria Claret Barcelona\",\"alternateName\":\"Llibreria Claret\",\"description\":\"Llibreria religiosa a Barcelona\",\"inLanguage\":\"es-ES\",\"publisher\":{\"@id\":\"https:\\\/\\\/www.claret.cat\\\/es\\\/#organization\"}}]}\n\t\t<\/script>\n\t\t<!-- All in One SEO Pro -->\r\n\t\t<title>\u00a1O\u00cdD, ALEMANES! - MANN, THOMAS 9788409707300 | Llibreria Claret<\/title>\n\n","aioseo_head_json":{"title":"\u00a1O\u00cdD, ALEMANES! - MANN, THOMAS 9788409707300 | Llibreria Claret","description":"\u00a1O\u00cdD, ALEMANES! de MANN, THOMAS disponible a\/en Llibreria Claret.","canonical_url":"https:\/\/www.claret.cat\/es\/libro\/oid-alemanes-9788409707300\/","robots":"max-image-preview:large","keywords":"","webmasterTools":{"google-site-verification":"xVtlFxJ-TfkIu-D-lt7XeLobefg5EIQiXTuqcSf8Rf0","miscellaneous":""},"schema":{"@context":"https:\/\/schema.org","@graph":[{"@type":"BreadcrumbList","@id":"https:\/\/www.claret.cat\/es\/libro\/oid-alemanes-9788409707300\/#breadcrumblist","itemListElement":[{"@type":"ListItem","@id":"https:\/\/www.claret.cat\/es\/#listItem","position":1,"name":"Home","item":"https:\/\/www.claret.cat\/es\/","nextItem":{"@type":"ListItem","@id":"https:\/\/www.claret.cat\/?page_id=16#listItem","name":"Botiga"}},{"@type":"ListItem","@id":"https:\/\/www.claret.cat\/?page_id=16#listItem","position":2,"name":"Botiga","item":"https:\/\/www.claret.cat\/?page_id=16","nextItem":{"@type":"ListItem","@id":"https:\/\/www.claret.cat\/categoria-producto\/cat\/#listItem","name":"CAT"},"previousItem":{"@type":"ListItem","@id":"https:\/\/www.claret.cat\/es\/#listItem","name":"Home"}},{"@type":"ListItem","@id":"https:\/\/www.claret.cat\/categoria-producto\/cat\/#listItem","position":3,"name":"CAT","item":"https:\/\/www.claret.cat\/categoria-producto\/cat\/","nextItem":{"@type":"ListItem","@id":"https:\/\/www.claret.cat\/categoria-producto\/cat\/2_humanitats\/#listItem","name":"Humanitats"},"previousItem":{"@type":"ListItem","@id":"https:\/\/www.claret.cat\/?page_id=16#listItem","name":"Botiga"}},{"@type":"ListItem","@id":"https:\/\/www.claret.cat\/categoria-producto\/cat\/2_humanitats\/#listItem","position":4,"name":"Humanitats","item":"https:\/\/www.claret.cat\/categoria-producto\/cat\/2_humanitats\/","nextItem":{"@type":"ListItem","@id":"https:\/\/www.claret.cat\/categoria-producto\/cat\/2_humanitats\/historia\/#listItem","name":"Hist\u00f2ria"},"previousItem":{"@type":"ListItem","@id":"https:\/\/www.claret.cat\/categoria-producto\/cat\/#listItem","name":"CAT"}},{"@type":"ListItem","@id":"https:\/\/www.claret.cat\/categoria-producto\/cat\/2_humanitats\/historia\/#listItem","position":5,"name":"Hist\u00f2ria","item":"https:\/\/www.claret.cat\/categoria-producto\/cat\/2_humanitats\/historia\/","nextItem":{"@type":"ListItem","@id":"https:\/\/www.claret.cat\/categoria-producto\/cat\/2_humanitats\/historia\/contemporania\/#listItem","name":"Contempor\u00e0nia"},"previousItem":{"@type":"ListItem","@id":"https:\/\/www.claret.cat\/categoria-producto\/cat\/2_humanitats\/#listItem","name":"Humanitats"}},{"@type":"ListItem","@id":"https:\/\/www.claret.cat\/categoria-producto\/cat\/2_humanitats\/historia\/contemporania\/#listItem","position":6,"name":"Contempor\u00e0nia","item":"https:\/\/www.claret.cat\/categoria-producto\/cat\/2_humanitats\/historia\/contemporania\/","nextItem":{"@type":"ListItem","@id":"https:\/\/www.claret.cat\/es\/libro\/oid-alemanes-9788409707300\/#listItem","name":"\u00a1O\u00cdD, ALEMANES!"},"previousItem":{"@type":"ListItem","@id":"https:\/\/www.claret.cat\/categoria-producto\/cat\/2_humanitats\/historia\/#listItem","name":"Hist\u00f2ria"}},{"@type":"ListItem","@id":"https:\/\/www.claret.cat\/es\/libro\/oid-alemanes-9788409707300\/#listItem","position":7,"name":"\u00a1O\u00cdD, ALEMANES!","previousItem":{"@type":"ListItem","@id":"https:\/\/www.claret.cat\/categoria-producto\/cat\/2_humanitats\/historia\/contemporania\/#listItem","name":"Contempor\u00e0nia"}}]},{"@type":"ItemPage","@id":"https:\/\/www.claret.cat\/es\/libro\/oid-alemanes-9788409707300\/#itempage","url":"https:\/\/www.claret.cat\/es\/libro\/oid-alemanes-9788409707300\/","name":"\u00a1O\u00cdD, ALEMANES! - MANN, THOMAS 9788409707300 | Llibreria Claret","description":"\u00a1O\u00cdD, ALEMANES! de MANN, THOMAS disponible a\/en Llibreria Claret.","inLanguage":"es-ES","isPartOf":{"@id":"https:\/\/www.claret.cat\/es\/#website"},"breadcrumb":{"@id":"https:\/\/www.claret.cat\/es\/libro\/oid-alemanes-9788409707300\/#breadcrumblist"},"image":{"@type":"ImageObject","url":"https:\/\/www.claret.cat\/wp-content\/uploads\/.\/9788409707300-2.jpg","@id":"https:\/\/www.claret.cat\/es\/libro\/oid-alemanes-9788409707300\/#mainImage","width":250,"height":389,"caption":"9788409707300.jpg"},"primaryImageOfPage":{"@id":"https:\/\/www.claret.cat\/es\/libro\/oid-alemanes-9788409707300\/#mainImage"},"datePublished":"2025-05-20T13:03:35+02:00","dateModified":"2025-10-02T13:46:45+02:00"},{"@type":"Organization","@id":"https:\/\/www.claret.cat\/es\/#organization","name":"Llibreria Claret","description":"Llibreria religiosa a Barcelona","url":"https:\/\/www.claret.cat\/es\/","email":"comunicacio@claret.cat","telephone":"+34933010887","logo":{"@type":"ImageObject","url":"https:\/\/www.claret.cat\/wp-content\/uploads\/.\/logo-claret-es.png","@id":"https:\/\/www.claret.cat\/es\/libro\/oid-alemanes-9788409707300\/#organizationLogo","width":195,"height":79},"image":{"@id":"https:\/\/www.claret.cat\/es\/libro\/oid-alemanes-9788409707300\/#organizationLogo"},"sameAs":["https:\/\/www.facebook.com\/LlibreriaClaret","https:\/\/twitter.com\/LlibreriaClaret","https:\/\/www.instagram.com\/llibreriaclaret\/","https:\/\/www.tiktok.com\/@llibreriaclaret","https:\/\/www.youtube.com\/@llibreriaclaret","https:\/\/ca.wikipedia.org\/wiki\/Editorial_Claret"]},{"@type":"WebPage","@id":"https:\/\/www.claret.cat\/es\/libro\/oid-alemanes-9788409707300\/#webpage","url":"https:\/\/www.claret.cat\/es\/libro\/oid-alemanes-9788409707300\/","name":"\u00a1O\u00cdD, ALEMANES! - MANN, THOMAS 9788409707300 | Llibreria Claret","description":"\u00a1O\u00cdD, ALEMANES! de MANN, THOMAS disponible a\/en Llibreria Claret.","inLanguage":"es-ES","isPartOf":{"@id":"https:\/\/www.claret.cat\/es\/#website"},"breadcrumb":{"@id":"https:\/\/www.claret.cat\/es\/libro\/oid-alemanes-9788409707300\/#breadcrumblist"},"image":{"@type":"ImageObject","url":"https:\/\/www.claret.cat\/wp-content\/uploads\/.\/9788409707300-2.jpg","@id":"https:\/\/www.claret.cat\/es\/libro\/oid-alemanes-9788409707300\/#mainImage","width":250,"height":389,"caption":"9788409707300.jpg"},"primaryImageOfPage":{"@id":"https:\/\/www.claret.cat\/es\/libro\/oid-alemanes-9788409707300\/#mainImage"},"datePublished":"2025-05-20T13:03:35+02:00","dateModified":"2025-10-02T13:46:45+02:00"},{"@type":"WebSite","@id":"https:\/\/www.claret.cat\/es\/#website","url":"https:\/\/www.claret.cat\/es\/","name":"Llibreria Claret Barcelona","alternateName":"Llibreria Claret","description":"Llibreria religiosa a Barcelona","inLanguage":"es-ES","publisher":{"@id":"https:\/\/www.claret.cat\/es\/#organization"}}]},"og:locale":"es_ES","og:site_name":"Llibreria Claret - Llibreria religiosa a Barcelona","og:type":"article","og:title":"\u00a1O\u00cdD, ALEMANES! - MANN, THOMAS 9788409707300 | Llibreria Claret","og:description":"\u00a1O\u00cdD, ALEMANES! de MANN, THOMAS disponible a\/en Llibreria Claret.","og:url":"https:\/\/www.claret.cat\/es\/libro\/oid-alemanes-9788409707300\/","og:image":"https:\/\/dev.claret.cat\/wp-content\/uploads\/logo-claret.svg","og:image:secure_url":"https:\/\/dev.claret.cat\/wp-content\/uploads\/logo-claret.svg","article:published_time":"2025-05-20T11:03:35+00:00","article:modified_time":"2025-10-02T11:46:45+00:00","article:publisher":"https:\/\/www.facebook.com\/LlibreriaClaret","twitter:card":"summary_large_image","twitter:site":"@LlibreriaClaret","twitter:title":"\u00a1O\u00cdD, ALEMANES! - MANN, THOMAS 9788409707300 | Llibreria Claret","twitter:description":"\u00a1O\u00cdD, ALEMANES! de MANN, THOMAS disponible a\/en Llibreria Claret.","twitter:image":"http:\/\/dev.claret.cat\/wp-content\/uploads\/logo-claret.svg"},"aioseo_meta_data":{"post_id":"1022586","title":null,"description":null,"keywords":null,"keyphrases":null,"primary_term":null,"canonical_url":null,"og_title":null,"og_description":null,"og_object_type":"default","og_image_type":"default","og_image_url":null,"og_image_width":null,"og_image_height":null,"og_image_custom_url":null,"og_image_custom_fields":null,"og_video":null,"og_custom_url":null,"og_article_section":null,"og_article_tags":null,"twitter_use_og":false,"twitter_card":"default","twitter_image_type":"default","twitter_image_url":null,"twitter_image_custom_url":null,"twitter_image_custom_fields":null,"twitter_title":null,"twitter_description":null,"schema":{"blockGraphs":[],"customGraphs":[],"default":{"data":{"Article":[],"Course":[],"Dataset":[],"FAQPage":[],"Movie":[],"Person":[],"Product":[],"ProductReview":[],"Car":[],"Recipe":[],"Service":[],"SoftwareApplication":[],"WebPage":[]},"graphName":"","isEnabled":true},"graphs":[]},"schema_type":"default","schema_type_options":null,"pillar_content":false,"robots_default":true,"robots_noindex":false,"robots_noarchive":false,"robots_nosnippet":false,"robots_nofollow":false,"robots_noimageindex":false,"robots_noodp":false,"robots_notranslate":false,"robots_max_snippet":null,"robots_max_videopreview":null,"robots_max_imagepreview":"large","priority":null,"frequency":null,"local_seo":null,"seo_analyzer_scan_date":"2025-12-03 05:55:04","breadcrumb_settings":null,"limit_modified_date":false,"open_ai":null,"ai":null,"created":"2025-05-20 11:10:20","updated":"2025-12-03 05:55:04","focus_keyword":null,"additional_keywords":null,"truseo_locale":null},"aioseo_breadcrumb":"<div class=\"aioseo-breadcrumbs\"><span class=\"aioseo-breadcrumb\">\n\t<a href=\"https:\/\/www.claret.cat\/es\/\" title=\"Home\">Home<\/a>\n<\/span><span class=\"aioseo-breadcrumb-separator\">&raquo;<\/span><span class=\"aioseo-breadcrumb\">\n\t<a href=\"https:\/\/www.claret.cat\/?page_id=16\" title=\"Botiga\">Botiga<\/a>\n<\/span><span class=\"aioseo-breadcrumb-separator\">&raquo;<\/span><span class=\"aioseo-breadcrumb\">\n\t<a href=\"https:\/\/www.claret.cat\/categoria-producto\/cat\/\" title=\"CAT\">CAT<\/a>\n<\/span><span class=\"aioseo-breadcrumb-separator\">&raquo;<\/span><span class=\"aioseo-breadcrumb\">\n\t<a href=\"https:\/\/www.claret.cat\/categoria-producto\/cat\/2_humanitats\/\" title=\"Humanitats\">Humanitats<\/a>\n<\/span><span class=\"aioseo-breadcrumb-separator\">&raquo;<\/span><span class=\"aioseo-breadcrumb\">\n\t<a href=\"https:\/\/www.claret.cat\/categoria-producto\/cat\/2_humanitats\/historia\/\" title=\"Hist\u00f2ria\">Hist\u00f2ria<\/a>\n<\/span><span class=\"aioseo-breadcrumb-separator\">&raquo;<\/span><span class=\"aioseo-breadcrumb\">\n\t<a href=\"https:\/\/www.claret.cat\/categoria-producto\/cat\/2_humanitats\/historia\/contemporania\/\" title=\"Contempor\u00e0nia\">Contempor\u00e0nia<\/a>\n<\/span><span class=\"aioseo-breadcrumb-separator\">&raquo;<\/span><span class=\"aioseo-breadcrumb\">\n\t\u00a1O\u00cdD, ALEMANES!\n<\/span><\/div>","aioseo_breadcrumb_json":[{"label":"Home","link":"https:\/\/www.claret.cat\/es\/"},{"label":"Botiga","link":"https:\/\/www.claret.cat\/?page_id=16"},{"label":"CAT","link":"https:\/\/www.claret.cat\/categoria-producto\/cat\/"},{"label":"Humanitats","link":"https:\/\/www.claret.cat\/categoria-producto\/cat\/2_humanitats\/"},{"label":"Hist\u00f2ria","link":"https:\/\/www.claret.cat\/categoria-producto\/cat\/2_humanitats\/historia\/"},{"label":"Contempor\u00e0nia","link":"https:\/\/www.claret.cat\/categoria-producto\/cat\/2_humanitats\/historia\/contemporania\/"},{"label":"\u00a1O\u00cdD, ALEMANES!","link":"https:\/\/www.claret.cat\/es\/libro\/oid-alemanes-9788409707300\/"}],"_links":{"self":[{"href":"https:\/\/www.claret.cat\/es\/wp-json\/wp\/v2\/product\/1022586","targetHints":{"allow":["GET"]}}],"collection":[{"href":"https:\/\/www.claret.cat\/es\/wp-json\/wp\/v2\/product"}],"about":[{"href":"https:\/\/www.claret.cat\/es\/wp-json\/wp\/v2\/types\/product"}],"wp:featuredmedia":[{"embeddable":true,"href":"https:\/\/www.claret.cat\/es\/wp-json\/wp\/v2\/media\/1056915"}],"wp:attachment":[{"href":"https:\/\/www.claret.cat\/es\/wp-json\/wp\/v2\/media?parent=1022586"}],"wp:term":[{"taxonomy":"product_brand","embeddable":true,"href":"https:\/\/www.claret.cat\/es\/wp-json\/wp\/v2\/product_brand?post=1022586"},{"taxonomy":"product_cat","embeddable":true,"href":"https:\/\/www.claret.cat\/es\/wp-json\/wp\/v2\/product_cat?post=1022586"},{"taxonomy":"product_tag","embeddable":true,"href":"https:\/\/www.claret.cat\/es\/wp-json\/wp\/v2\/product_tag?post=1022586"}],"curies":[{"name":"wp","href":"https:\/\/api.w.org\/{rel}","templated":true}]}}