{"id":102308,"date":"2022-10-12T08:19:13","date_gmt":"2022-10-12T06:19:13","guid":{"rendered":"http:\/\/dev.claret.cat\/producte\/aprender-el-arte-de-acompanar\/"},"modified":"2026-04-01T08:13:57","modified_gmt":"2026-04-01T06:13:57","slug":"aprender-el-arte-de-acompanar-9788429330052","status":"publish","type":"product","link":"https:\/\/www.claret.cat\/es\/libro\/aprender-el-arte-de-acompanar-9788429330052\/","title":{"rendered":"APRENDER EL ARTE DE ACOMPA\u00d1AR"},"content":{"rendered":"<p>Hoy todo el mundo habla de acompa\u00f1amiento: padres, educadores, sacerdotes, terapeutas&#8230; Cada vez son m\u00e1s los que reconocen la importancia del acompa\u00f1amiento, pero no todos utilizan esta palabra con el mismo significado. Acompa\u00f1ar es una tarea connatural al ser humano, porque acompa\u00f1ar es una forma de amar, pero tambi\u00e9ne es un arte que hay que aprender. Y se requiere algo m\u00e1s que buena voluntad.<\/p>\n<p> Este libro, con su profundizaci\u00f3n en el acompa\u00f1amiento en la vida cristiana puede ser una herramiento perfecta para todos aquellos que trabajan en espiritualidad, pastoral vocacional, familiar, de la salud o apostolado seglar.<\/p>\n","protected":false},"excerpt":{"rendered":"<p>S\u00c1NCHEZ MONGE, MANUEL<\/p>\n","protected":false},"featured_media":340833,"template":"","meta":{"_acf_changed":false,"om_disable_all_campaigns":false,"rs_blank_template":"","rs_page_bg_color":"","slide_template_v7":"","inline_featured_image":false,"_monsterinsights_skip_tracking":false,"_monsterinsights_sitenote_active":false,"_monsterinsights_sitenote_note":"","_monsterinsights_sitenote_category":0},"product_brand":[],"product_cat":[90,540],"product_tag":[],"class_list":{"0":"post-102308","1":"product","2":"type-product","3":"status-publish","4":"has-post-thumbnail","6":"product_cat-altres","7":"product_cat-otros","9":"first","10":"instock","11":"taxable","12":"shipping-taxable","13":"purchasable","14":"product-type-simple"},"acf":{"editorial":[{"ID":6351,"post_author":"3","post_date":"2022-07-28 17:50:19","post_date_gmt":"2022-07-28 15:50:19","post_content":"","post_title":"Sal Terrae","post_excerpt":"","post_status":"publish","comment_status":"closed","ping_status":"closed","post_password":"","post_name":"sal-terrae","to_ping":"","pinged":"","post_modified":"2022-07-28 17:50:19","post_modified_gmt":"2022-07-28 15:50:19","post_content_filtered":"","post_parent":0,"guid":"http:\/\/dev.claret.cat\/editorial\/sal-terrae\/","menu_order":0,"post_type":"editorial","post_mime_type":"","comment_count":"0","filter":"raw"}],"autor":"S\u00c1NCHEZ MONGE, MANUEL","codart":"842933005","libros-coleccion":"Pozo de Siquen","ediciones":"1","encuadernacion":"R\u00fastica","fecha_de_publicacion":"09\/11\/2020","novedad":"1","paginas":"228","subtitulo":"GU\u00cdA PARA ACOMPA\u00d1ANTES Y ACOMPA\u00d1ADOS","orden":"0","portada":"0","idioma":"spa","autores-libros":[{"ID":163224,"post_author":"3","post_date":"2022-10-14 17:37:19","post_date_gmt":"2022-10-14 15:37:19","post_content":"","post_title":"MANUEL S\u00c1NCHEZ MONGE","post_excerpt":"","post_status":"publish","comment_status":"closed","ping_status":"closed","post_password":"","post_name":"manuel-sanchez-monge","to_ping":"","pinged":"","post_modified":"2022-10-14 17:37:19","post_modified_gmt":"2022-10-14 15:37:19","post_content_filtered":"","post_parent":0,"guid":"http:\/\/dev.claret.cat\/autor\/manuel-sanchez-monge\/","menu_order":0,"post_type":"autor","post_mime_type":"","comment_count":"0","filter":"raw"}],"booktrailer":"","resenas":""},"aioseo_notices":[],"_links":{"self":[{"href":"https:\/\/www.claret.cat\/es\/wp-json\/wp\/v2\/product\/102308","targetHints":{"allow":["GET"]}}],"collection":[{"href":"https:\/\/www.claret.cat\/es\/wp-json\/wp\/v2\/product"}],"about":[{"href":"https:\/\/www.claret.cat\/es\/wp-json\/wp\/v2\/types\/product"}],"wp:featuredmedia":[{"embeddable":true,"href":"https:\/\/www.claret.cat\/es\/wp-json\/wp\/v2\/media\/340833"}],"wp:attachment":[{"href":"https:\/\/www.claret.cat\/es\/wp-json\/wp\/v2\/media?parent=102308"}],"wp:term":[{"taxonomy":"product_brand","embeddable":true,"href":"https:\/\/www.claret.cat\/es\/wp-json\/wp\/v2\/product_brand?post=102308"},{"taxonomy":"product_cat","embeddable":true,"href":"https:\/\/www.claret.cat\/es\/wp-json\/wp\/v2\/product_cat?post=102308"},{"taxonomy":"product_tag","embeddable":true,"href":"https:\/\/www.claret.cat\/es\/wp-json\/wp\/v2\/product_tag?post=102308"}],"curies":[{"name":"wp","href":"https:\/\/api.w.org\/{rel}","templated":true}]}}