{"id":1026062,"date":"2025-06-05T12:45:19","date_gmt":"2025-06-05T10:45:19","guid":{"rendered":"https:\/\/www.claret.cat\/llibre\/el-cuerpo-de-jesus-9788413392370\/"},"modified":"2026-01-31T11:15:23","modified_gmt":"2026-01-31T10:15:23","slug":"el-cuerpo-de-jesus-9788413392370","status":"publish","type":"product","link":"https:\/\/www.claret.cat\/es\/libro\/el-cuerpo-de-jesus-9788413392370\/","title":{"rendered":"EL CUERPO DE JES\u00daS"},"content":{"rendered":"<p>Este ensayo se adentra en preguntas tan simples como decisivas: \u00bfqu\u00e9 significa que Dios se ha hecho un cuerpo de carne? \u00bfC\u00f3mo pens\u00f3 Joseph Ratzinger el cuerpo de Jes\u00fas? No como un detalle m\u00e1s de la fe cristiana, sino como una clave para entender toda su vida, su pensamiento y su misi\u00f3n.<br \/> Lejos de enfoques abstractos, el autor explora c\u00f3mo, en los textos de Ratzinger, el cuerpo de Jes\u00fas aparece como algo sensato, pensado, lleno de sentido, y tambi\u00e9n persuasivo, porque es por medio de su cuerpo que realiza la salvaci\u00f3n del hombre.<br \/> Un libro que invita a los cristianos y a los laicos a redescubrir la encarnaci\u00f3n con una mirada nueva, y que ofrece herramientas para pensar hoy, con seriedad, sin prejuicios y de modo razonable en un Dios que se hizo carne.<\/p>\n","protected":false},"excerpt":{"rendered":"<p>MOLTENI, AGOSTINO<\/p>\n","protected":false},"featured_media":1080089,"template":"","meta":{"_acf_changed":false,"om_disable_all_campaigns":false,"rs_blank_template":"","rs_page_bg_color":"","slide_template_v7":"","inline_featured_image":false,"_monsterinsights_skip_tracking":false,"_monsterinsights_sitenote_active":false,"_monsterinsights_sitenote_note":"","_monsterinsights_sitenote_category":0},"product_brand":[],"product_cat":[276,414],"product_tag":[],"class_list":{"0":"post-1026062","1":"product","2":"type-product","3":"status-publish","4":"has-post-thumbnail","6":"product_cat-cristologia-teologia","7":"product_cat-cristologia-teologia-1_espiritualidad","9":"first","10":"instock","11":"taxable","12":"shipping-taxable","13":"purchasable","14":"product-type-simple"},"acf":{"autor":"MOLTENI, AGOSTINO","codart":"841339237","libros-coleccion":"100XUNO","ediciones":"1","encuadernacion":"R\u00fastica","fecha_de_publicacion":"01\/05\/2025","novedad":"1","paginas":"215","subtitulo":"LA REFLEXI\u00d3N DE JOSEPH RATZINGER","orden":"0","portada":"1","idioma":"spa","booktrailer":"","resenas":"","editorial":[{"ID":6201,"post_author":"3","post_date":"2022-07-28 17:47:01","post_date_gmt":"2022-07-28 15:47:01","post_content":"","post_title":"Ediciones Encuentro","post_excerpt":"","post_status":"publish","comment_status":"closed","ping_status":"closed","post_password":"","post_name":"ediciones-encuentro","to_ping":"","pinged":"","post_modified":"2022-07-28 17:47:01","post_modified_gmt":"2022-07-28 15:47:01","post_content_filtered":"","post_parent":0,"guid":"http:\/\/dev.claret.cat\/editorial\/ediciones-encuentro\/","menu_order":0,"post_type":"editorial","post_mime_type":"","comment_count":"0","filter":"raw"}]},"aioseo_notices":[],"_links":{"self":[{"href":"https:\/\/www.claret.cat\/es\/wp-json\/wp\/v2\/product\/1026062","targetHints":{"allow":["GET"]}}],"collection":[{"href":"https:\/\/www.claret.cat\/es\/wp-json\/wp\/v2\/product"}],"about":[{"href":"https:\/\/www.claret.cat\/es\/wp-json\/wp\/v2\/types\/product"}],"wp:featuredmedia":[{"embeddable":true,"href":"https:\/\/www.claret.cat\/es\/wp-json\/wp\/v2\/media\/1080089"}],"wp:attachment":[{"href":"https:\/\/www.claret.cat\/es\/wp-json\/wp\/v2\/media?parent=1026062"}],"wp:term":[{"taxonomy":"product_brand","embeddable":true,"href":"https:\/\/www.claret.cat\/es\/wp-json\/wp\/v2\/product_brand?post=1026062"},{"taxonomy":"product_cat","embeddable":true,"href":"https:\/\/www.claret.cat\/es\/wp-json\/wp\/v2\/product_cat?post=1026062"},{"taxonomy":"product_tag","embeddable":true,"href":"https:\/\/www.claret.cat\/es\/wp-json\/wp\/v2\/product_tag?post=1026062"}],"curies":[{"name":"wp","href":"https:\/\/api.w.org\/{rel}","templated":true}]}}