{"id":1035969,"date":"2025-06-25T17:10:28","date_gmt":"2025-06-25T15:10:28","guid":{"rendered":"https:\/\/www.claret.cat\/llibre\/misterio-en-el-barrio-gotico-9788408305910\/"},"modified":"2026-06-03T18:15:27","modified_gmt":"2026-06-03T16:15:27","slug":"misterio-en-el-barrio-gotico-9788408305910","status":"publish","type":"product","link":"https:\/\/www.claret.cat\/es\/libro\/misterio-en-el-barrio-gotico-9788408305910\/","title":{"rendered":"MISTERIO EN EL BARRIO G\u00d3TICO"},"content":{"rendered":"<p><strong>Cartas an\u00f3nimas<\/strong>, un <strong>cad\u00e1ver oculto<\/strong> y una <strong>ciudad que nunca olvida<\/strong>:<\/p>\n<p> <strong><em>Misterio en el Barrio G\u00f3tico<\/em><\/strong> es la apasionante novela de <strong>Sergio Vila-Sanju\u00e1n<\/strong> que recorre el <strong>alma secreta de Barcelona<\/strong>.<\/p>\n<p><strong>V\u00edctor Balmoral<\/strong>, un <strong>periodista cercano a la jubilaci\u00f3n<\/strong>, comienza a recibir <strong>cartas amenazantes<\/strong> que lo arrastran a una investigaci\u00f3n llena de intrigas en el <strong>emblem\u00e1tico Barrio G\u00f3tico de Barcelona<\/strong>. Mientras intenta descifrar el contenido de esas cartas, tambi\u00e9n se enfrenta a las misteriosas apariciones del <strong>fantasma de su mejor amigo<\/strong> y al enigma sin resolver de una <strong>mujer desaparecida hace d\u00e9cadas<\/strong>.<\/p>\n<p>En una <strong>Barcelona enigm\u00e1tica y vibrante<\/strong>, V\u00edctor se adentra en un laberinto de <strong>instituciones culturales<\/strong>, <strong>cr\u00edmenes olvidados<\/strong> y <strong>secretos antiguos<\/strong> que siguen vivos bajo los cimientos de los viejos palacios. Esta historia entrelaza las vivencias de <strong>personajes singulares<\/strong> con la <strong>memoria emocional de un barrio hist\u00f3rico<\/strong> en constante transformaci\u00f3n.<\/p>\n<p><strong><em>Misterio en el Barrio G\u00f3tico<\/em><\/strong> es mucho m\u00e1s que una novela de misterio: es una profunda reflexi\u00f3n sobre c\u00f3mo, igual que las ciudades, las personas solo sanamos y avanzamos cuando aprendemos de nuestras <strong>heridas del pasado<\/strong>.<\/p>\n","protected":false},"excerpt":{"rendered":"<p>VILA-SANJU\u00c1N, SERGIO<\/p>\n","protected":false},"featured_media":1036772,"template":"","meta":{"_acf_changed":false,"om_disable_all_campaigns":false,"rs_blank_template":"","rs_page_bg_color":"","slide_template_v7":"","inline_featured_image":false,"_monsterinsights_skip_tracking":false},"product_brand":[],"product_cat":[308,127,357],"product_tag":[],"class_list":["post-1035969","product","type-product","status-publish","has-post-thumbnail","product_cat-castella","product_cat-novella-contemporania","product_cat-novela-contemporanea","first","instock","taxable","shipping-taxable","purchasable","product-type-simple"],"acf":{"autor":"VILA-SANJU\u00c1N, SERGIO","codart":"840830591","libros-coleccion":"Autores Espa\u00f1oles e Iberoamericanos","ediciones":"1","encuadernacion":"Carton\u00e9","fecha_de_publicacion":"25\/06\/2025","novedad":"1","paginas":"256","subtitulo":"PREMIO DE NOVELA FERNANDO LARA 2025","orden":"5","portada":"1","idioma":"spa","booktrailer":"","resenas":"","editorial":[{"ID":6233,"post_author":"3","post_date":"2022-07-28 17:47:48","post_date_gmt":"2022-07-28 15:47:48","post_content":"","post_title":"EDITORIAL PLANETA","post_excerpt":"","post_status":"publish","comment_status":"closed","ping_status":"closed","post_password":"","post_name":"editorial-planeta","to_ping":"","pinged":"","post_modified":"2022-07-28 17:47:48","post_modified_gmt":"2022-07-28 15:47:48","post_content_filtered":"","post_parent":0,"guid":"http:\/\/dev.claret.cat\/editorial\/editorial-planeta\/","menu_order":0,"post_type":"editorial","post_mime_type":"","comment_count":"0","filter":"raw"}],"linkebook":"","ficha":"","muestra":"","precioebook":"0","presentacion":""},"aioseo_notices":[],"aioseo_head":"\n\t\t<!-- All in One SEO Pro 5.0.0.1 - aioseo.com -->\n\t<meta name=\"description\" content=\"MISTERIO EN EL BARRIO G\u00d3TICO de VILA-SANJU\u00c1N, SERGIO disponible a\/en Llibreria Claret.\" \/>\n\t<meta name=\"robots\" content=\"max-image-preview:large\" \/>\n\t<meta name=\"google-site-verification\" content=\"xVtlFxJ-TfkIu-D-lt7XeLobefg5EIQiXTuqcSf8Rf0\" \/>\n\t<link rel=\"canonical\" href=\"https:\/\/www.claret.cat\/es\/libro\/misterio-en-el-barrio-gotico-9788408305910\/\" \/>\n\t<meta name=\"generator\" content=\"All in One SEO Pro (AIOSEO) 5.0.0.1\" \/>\n\t\t<meta property=\"og:locale\" content=\"es_ES\" \/>\n\t\t<meta property=\"og:site_name\" content=\"Llibreria Claret - Llibreria religiosa a Barcelona\" \/>\n\t\t<meta property=\"og:type\" content=\"article\" \/>\n\t\t<meta property=\"og:title\" content=\"MISTERIO EN EL BARRIO G\u00d3TICO - VILA-SANJU\u00c1N, SERGIO 9788408305910 | Llibreria Claret\" \/>\n\t\t<meta property=\"og:description\" content=\"MISTERIO EN EL BARRIO G\u00d3TICO de VILA-SANJU\u00c1N, SERGIO disponible a\/en Llibreria Claret.\" \/>\n\t\t<meta property=\"og:url\" content=\"https:\/\/www.claret.cat\/es\/libro\/misterio-en-el-barrio-gotico-9788408305910\/\" \/>\n\t\t<meta property=\"og:image\" content=\"https:\/\/dev.claret.cat\/wp-content\/uploads\/logo-claret.svg\" \/>\n\t\t<meta property=\"og:image:secure_url\" content=\"https:\/\/dev.claret.cat\/wp-content\/uploads\/logo-claret.svg\" \/>\n\t\t<meta property=\"article:published_time\" content=\"2025-06-25T15:10:28+00:00\" \/>\n\t\t<meta property=\"article:modified_time\" content=\"2026-06-03T16:15:27+00:00\" \/>\n\t\t<meta property=\"article:publisher\" content=\"https:\/\/www.facebook.com\/LlibreriaClaret\" \/>\n\t\t<meta name=\"twitter:card\" content=\"summary_large_image\" \/>\n\t\t<meta name=\"twitter:site\" content=\"@LlibreriaClaret\" \/>\n\t\t<meta name=\"twitter:title\" content=\"MISTERIO EN EL BARRIO G\u00d3TICO - VILA-SANJU\u00c1N, SERGIO 9788408305910 | Llibreria Claret\" \/>\n\t\t<meta name=\"twitter:description\" content=\"MISTERIO EN EL BARRIO G\u00d3TICO de VILA-SANJU\u00c1N, SERGIO disponible a\/en Llibreria Claret.\" \/>\n\t\t<meta name=\"twitter:image\" content=\"http:\/\/dev.claret.cat\/wp-content\/uploads\/logo-claret.svg\" \/>\n\t\t<script type=\"application\/ld+json\" class=\"aioseo-schema\">\n\t\t\t{\"@context\":\"https:\\\/\\\/schema.org\",\"@graph\":[{\"@type\":\"BreadcrumbList\",\"@id\":\"https:\\\/\\\/www.claret.cat\\\/es\\\/libro\\\/misterio-en-el-barrio-gotico-9788408305910\\\/#breadcrumblist\",\"itemListElement\":[{\"@type\":\"ListItem\",\"@id\":\"https:\\\/\\\/www.claret.cat\\\/es\\\/#listItem\",\"position\":1,\"name\":\"Home\",\"item\":\"https:\\\/\\\/www.claret.cat\\\/es\\\/\",\"nextItem\":{\"@type\":\"ListItem\",\"@id\":\"https:\\\/\\\/www.claret.cat\\\/?page_id=16#listItem\",\"name\":\"Botiga\"}},{\"@type\":\"ListItem\",\"@id\":\"https:\\\/\\\/www.claret.cat\\\/?page_id=16#listItem\",\"position\":2,\"name\":\"Botiga\",\"item\":\"https:\\\/\\\/www.claret.cat\\\/?page_id=16\",\"nextItem\":{\"@type\":\"ListItem\",\"@id\":\"https:\\\/\\\/www.claret.cat\\\/categoria-producto\\\/cat\\\/#listItem\",\"name\":\"CAT\"},\"previousItem\":{\"@type\":\"ListItem\",\"@id\":\"https:\\\/\\\/www.claret.cat\\\/es\\\/#listItem\",\"name\":\"Home\"}},{\"@type\":\"ListItem\",\"@id\":\"https:\\\/\\\/www.claret.cat\\\/categoria-producto\\\/cat\\\/#listItem\",\"position\":3,\"name\":\"CAT\",\"item\":\"https:\\\/\\\/www.claret.cat\\\/categoria-producto\\\/cat\\\/\",\"nextItem\":{\"@type\":\"ListItem\",\"@id\":\"https:\\\/\\\/www.claret.cat\\\/categoria-producto\\\/cat\\\/1_espiritualitat\\\/#listItem\",\"name\":\"Espiritualitat\"},\"previousItem\":{\"@type\":\"ListItem\",\"@id\":\"https:\\\/\\\/www.claret.cat\\\/?page_id=16#listItem\",\"name\":\"Botiga\"}},{\"@type\":\"ListItem\",\"@id\":\"https:\\\/\\\/www.claret.cat\\\/categoria-producto\\\/cat\\\/1_espiritualitat\\\/#listItem\",\"position\":4,\"name\":\"Espiritualitat\",\"item\":\"https:\\\/\\\/www.claret.cat\\\/categoria-producto\\\/cat\\\/1_espiritualitat\\\/\",\"nextItem\":{\"@type\":\"ListItem\",\"@id\":\"https:\\\/\\\/www.claret.cat\\\/categoria-producto\\\/cat\\\/1_espiritualitat\\\/pastoral\\\/#listItem\",\"name\":\"Pastoral\"},\"previousItem\":{\"@type\":\"ListItem\",\"@id\":\"https:\\\/\\\/www.claret.cat\\\/categoria-producto\\\/cat\\\/#listItem\",\"name\":\"CAT\"}},{\"@type\":\"ListItem\",\"@id\":\"https:\\\/\\\/www.claret.cat\\\/categoria-producto\\\/cat\\\/1_espiritualitat\\\/pastoral\\\/#listItem\",\"position\":5,\"name\":\"Pastoral\",\"item\":\"https:\\\/\\\/www.claret.cat\\\/categoria-producto\\\/cat\\\/1_espiritualitat\\\/pastoral\\\/\",\"nextItem\":{\"@type\":\"ListItem\",\"@id\":\"https:\\\/\\\/www.claret.cat\\\/categoria-producto\\\/cat\\\/1_espiritualitat\\\/pastoral\\\/en-general\\\/#listItem\",\"name\":\"En general\"},\"previousItem\":{\"@type\":\"ListItem\",\"@id\":\"https:\\\/\\\/www.claret.cat\\\/categoria-producto\\\/cat\\\/1_espiritualitat\\\/#listItem\",\"name\":\"Espiritualitat\"}},{\"@type\":\"ListItem\",\"@id\":\"https:\\\/\\\/www.claret.cat\\\/categoria-producto\\\/cat\\\/1_espiritualitat\\\/pastoral\\\/en-general\\\/#listItem\",\"position\":6,\"name\":\"En general\",\"item\":\"https:\\\/\\\/www.claret.cat\\\/categoria-producto\\\/cat\\\/1_espiritualitat\\\/pastoral\\\/en-general\\\/\",\"nextItem\":{\"@type\":\"ListItem\",\"@id\":\"https:\\\/\\\/www.claret.cat\\\/categoria-producto\\\/cat\\\/1_espiritualitat\\\/pastoral\\\/en-general\\\/els-mes-venuts\\\/#listItem\",\"name\":\"Llibres m\\u00e9s venuts en catal\\u00e0 - Febrer 2026\"},\"previousItem\":{\"@type\":\"ListItem\",\"@id\":\"https:\\\/\\\/www.claret.cat\\\/categoria-producto\\\/cat\\\/1_espiritualitat\\\/pastoral\\\/#listItem\",\"name\":\"Pastoral\"}},{\"@type\":\"ListItem\",\"@id\":\"https:\\\/\\\/www.claret.cat\\\/categoria-producto\\\/cat\\\/1_espiritualitat\\\/pastoral\\\/en-general\\\/els-mes-venuts\\\/#listItem\",\"position\":7,\"name\":\"Llibres m\\u00e9s venuts en catal\\u00e0 - Febrer 2026\",\"item\":\"https:\\\/\\\/www.claret.cat\\\/categoria-producto\\\/cat\\\/1_espiritualitat\\\/pastoral\\\/en-general\\\/els-mes-venuts\\\/\",\"nextItem\":{\"@type\":\"ListItem\",\"@id\":\"https:\\\/\\\/www.claret.cat\\\/categoria-producto\\\/cat\\\/1_espiritualitat\\\/pastoral\\\/en-general\\\/els-mes-venuts\\\/castella\\\/#listItem\",\"name\":\"Los m\\u00e1s vendidos\"},\"previousItem\":{\"@type\":\"ListItem\",\"@id\":\"https:\\\/\\\/www.claret.cat\\\/categoria-producto\\\/cat\\\/1_espiritualitat\\\/pastoral\\\/en-general\\\/#listItem\",\"name\":\"En general\"}},{\"@type\":\"ListItem\",\"@id\":\"https:\\\/\\\/www.claret.cat\\\/categoria-producto\\\/cat\\\/1_espiritualitat\\\/pastoral\\\/en-general\\\/els-mes-venuts\\\/castella\\\/#listItem\",\"position\":8,\"name\":\"Los m\\u00e1s vendidos\",\"item\":\"https:\\\/\\\/www.claret.cat\\\/categoria-producto\\\/cat\\\/1_espiritualitat\\\/pastoral\\\/en-general\\\/els-mes-venuts\\\/castella\\\/\",\"nextItem\":{\"@type\":\"ListItem\",\"@id\":\"https:\\\/\\\/www.claret.cat\\\/es\\\/libro\\\/misterio-en-el-barrio-gotico-9788408305910\\\/#listItem\",\"name\":\"MISTERIO EN EL BARRIO G\\u00d3TICO\"},\"previousItem\":{\"@type\":\"ListItem\",\"@id\":\"https:\\\/\\\/www.claret.cat\\\/categoria-producto\\\/cat\\\/1_espiritualitat\\\/pastoral\\\/en-general\\\/els-mes-venuts\\\/#listItem\",\"name\":\"Llibres m\\u00e9s venuts en catal\\u00e0 - Febrer 2026\"}},{\"@type\":\"ListItem\",\"@id\":\"https:\\\/\\\/www.claret.cat\\\/es\\\/libro\\\/misterio-en-el-barrio-gotico-9788408305910\\\/#listItem\",\"position\":9,\"name\":\"MISTERIO EN EL BARRIO G\\u00d3TICO\",\"previousItem\":{\"@type\":\"ListItem\",\"@id\":\"https:\\\/\\\/www.claret.cat\\\/categoria-producto\\\/cat\\\/1_espiritualitat\\\/pastoral\\\/en-general\\\/els-mes-venuts\\\/castella\\\/#listItem\",\"name\":\"Los m\\u00e1s vendidos\"}}]},{\"@type\":\"ItemPage\",\"@id\":\"https:\\\/\\\/www.claret.cat\\\/es\\\/libro\\\/misterio-en-el-barrio-gotico-9788408305910\\\/#itempage\",\"url\":\"https:\\\/\\\/www.claret.cat\\\/es\\\/libro\\\/misterio-en-el-barrio-gotico-9788408305910\\\/\",\"name\":\"MISTERIO EN EL BARRIO G\\u00d3TICO - VILA-SANJU\\u00c1N, SERGIO 9788408305910 | Llibreria Claret\",\"description\":\"MISTERIO EN EL BARRIO G\\u00d3TICO de VILA-SANJU\\u00c1N, SERGIO disponible a\\\/en Llibreria Claret.\",\"inLanguage\":\"es-ES\",\"isPartOf\":{\"@id\":\"https:\\\/\\\/www.claret.cat\\\/es\\\/#website\"},\"breadcrumb\":{\"@id\":\"https:\\\/\\\/www.claret.cat\\\/es\\\/libro\\\/misterio-en-el-barrio-gotico-9788408305910\\\/#breadcrumblist\"},\"image\":{\"@type\":\"ImageObject\",\"url\":\"https:\\\/\\\/www.claret.cat\\\/wp-content\\\/uploads\\\/.\\\/9788408305910-2.jpg\",\"@id\":\"https:\\\/\\\/www.claret.cat\\\/es\\\/libro\\\/misterio-en-el-barrio-gotico-9788408305910\\\/#mainImage\",\"width\":250,\"height\":381,\"caption\":\"9788408305910.jpg\"},\"primaryImageOfPage\":{\"@id\":\"https:\\\/\\\/www.claret.cat\\\/es\\\/libro\\\/misterio-en-el-barrio-gotico-9788408305910\\\/#mainImage\"},\"datePublished\":\"2025-06-25T17:10:28+02:00\",\"dateModified\":\"2026-06-03T18:15:27+02:00\"},{\"@type\":\"Organization\",\"@id\":\"https:\\\/\\\/www.claret.cat\\\/es\\\/#organization\",\"name\":\"Llibreria Claret\",\"description\":\"Llibreria religiosa a Barcelona\",\"url\":\"https:\\\/\\\/www.claret.cat\\\/es\\\/\",\"email\":\"comunicacio@claret.cat\",\"telephone\":\"+34933010887\",\"logo\":{\"@type\":\"ImageObject\",\"url\":\"https:\\\/\\\/www.claret.cat\\\/wp-content\\\/uploads\\\/.\\\/logo-claret-es.png\",\"@id\":\"https:\\\/\\\/www.claret.cat\\\/es\\\/libro\\\/misterio-en-el-barrio-gotico-9788408305910\\\/#organizationLogo\",\"width\":195,\"height\":79},\"image\":{\"@id\":\"https:\\\/\\\/www.claret.cat\\\/es\\\/libro\\\/misterio-en-el-barrio-gotico-9788408305910\\\/#organizationLogo\"},\"sameAs\":[\"https:\\\/\\\/www.facebook.com\\\/LlibreriaClaret\",\"https:\\\/\\\/twitter.com\\\/LlibreriaClaret\",\"https:\\\/\\\/www.instagram.com\\\/llibreriaclaret\\\/\",\"https:\\\/\\\/www.tiktok.com\\\/@llibreriaclaret\",\"https:\\\/\\\/www.youtube.com\\\/@llibreriaclaret\",\"https:\\\/\\\/ca.wikipedia.org\\\/wiki\\\/Editorial_Claret\"]},{\"@type\":\"WebPage\",\"@id\":\"https:\\\/\\\/www.claret.cat\\\/es\\\/libro\\\/misterio-en-el-barrio-gotico-9788408305910\\\/#webpage\",\"url\":\"https:\\\/\\\/www.claret.cat\\\/es\\\/libro\\\/misterio-en-el-barrio-gotico-9788408305910\\\/\",\"name\":\"MISTERIO EN EL BARRIO G\\u00d3TICO - VILA-SANJU\\u00c1N, SERGIO 9788408305910 | Llibreria Claret\",\"description\":\"MISTERIO EN EL BARRIO G\\u00d3TICO de VILA-SANJU\\u00c1N, SERGIO disponible a\\\/en Llibreria Claret.\",\"inLanguage\":\"es-ES\",\"isPartOf\":{\"@id\":\"https:\\\/\\\/www.claret.cat\\\/es\\\/#website\"},\"breadcrumb\":{\"@id\":\"https:\\\/\\\/www.claret.cat\\\/es\\\/libro\\\/misterio-en-el-barrio-gotico-9788408305910\\\/#breadcrumblist\"},\"image\":{\"@type\":\"ImageObject\",\"url\":\"https:\\\/\\\/www.claret.cat\\\/wp-content\\\/uploads\\\/.\\\/9788408305910-2.jpg\",\"@id\":\"https:\\\/\\\/www.claret.cat\\\/es\\\/libro\\\/misterio-en-el-barrio-gotico-9788408305910\\\/#mainImage\",\"width\":250,\"height\":381,\"caption\":\"9788408305910.jpg\"},\"primaryImageOfPage\":{\"@id\":\"https:\\\/\\\/www.claret.cat\\\/es\\\/libro\\\/misterio-en-el-barrio-gotico-9788408305910\\\/#mainImage\"},\"datePublished\":\"2025-06-25T17:10:28+02:00\",\"dateModified\":\"2026-06-03T18:15:27+02:00\"},{\"@type\":\"WebSite\",\"@id\":\"https:\\\/\\\/www.claret.cat\\\/es\\\/#website\",\"url\":\"https:\\\/\\\/www.claret.cat\\\/es\\\/\",\"name\":\"Llibreria Claret Barcelona\",\"alternateName\":\"Llibreria Claret\",\"description\":\"Llibreria religiosa a Barcelona\",\"inLanguage\":\"es-ES\",\"publisher\":{\"@id\":\"https:\\\/\\\/www.claret.cat\\\/es\\\/#organization\"}}]}\n\t\t<\/script>\n\t\t<!-- All in One SEO Pro -->\r\n\t\t<title>MISTERIO EN EL BARRIO G\u00d3TICO - VILA-SANJU\u00c1N, SERGIO 9788408305910 | Llibreria Claret<\/title>\n\n","aioseo_head_json":{"title":"MISTERIO EN EL BARRIO G\u00d3TICO - VILA-SANJU\u00c1N, SERGIO 9788408305910 | Llibreria Claret","description":"MISTERIO EN EL BARRIO G\u00d3TICO de VILA-SANJU\u00c1N, SERGIO disponible a\/en Llibreria Claret.","canonical_url":"https:\/\/www.claret.cat\/es\/libro\/misterio-en-el-barrio-gotico-9788408305910\/","robots":"max-image-preview:large","keywords":"","webmasterTools":{"google-site-verification":"xVtlFxJ-TfkIu-D-lt7XeLobefg5EIQiXTuqcSf8Rf0","miscellaneous":""},"schema":{"@context":"https:\/\/schema.org","@graph":[{"@type":"BreadcrumbList","@id":"https:\/\/www.claret.cat\/es\/libro\/misterio-en-el-barrio-gotico-9788408305910\/#breadcrumblist","itemListElement":[{"@type":"ListItem","@id":"https:\/\/www.claret.cat\/es\/#listItem","position":1,"name":"Home","item":"https:\/\/www.claret.cat\/es\/","nextItem":{"@type":"ListItem","@id":"https:\/\/www.claret.cat\/?page_id=16#listItem","name":"Botiga"}},{"@type":"ListItem","@id":"https:\/\/www.claret.cat\/?page_id=16#listItem","position":2,"name":"Botiga","item":"https:\/\/www.claret.cat\/?page_id=16","nextItem":{"@type":"ListItem","@id":"https:\/\/www.claret.cat\/categoria-producto\/cat\/#listItem","name":"CAT"},"previousItem":{"@type":"ListItem","@id":"https:\/\/www.claret.cat\/es\/#listItem","name":"Home"}},{"@type":"ListItem","@id":"https:\/\/www.claret.cat\/categoria-producto\/cat\/#listItem","position":3,"name":"CAT","item":"https:\/\/www.claret.cat\/categoria-producto\/cat\/","nextItem":{"@type":"ListItem","@id":"https:\/\/www.claret.cat\/categoria-producto\/cat\/1_espiritualitat\/#listItem","name":"Espiritualitat"},"previousItem":{"@type":"ListItem","@id":"https:\/\/www.claret.cat\/?page_id=16#listItem","name":"Botiga"}},{"@type":"ListItem","@id":"https:\/\/www.claret.cat\/categoria-producto\/cat\/1_espiritualitat\/#listItem","position":4,"name":"Espiritualitat","item":"https:\/\/www.claret.cat\/categoria-producto\/cat\/1_espiritualitat\/","nextItem":{"@type":"ListItem","@id":"https:\/\/www.claret.cat\/categoria-producto\/cat\/1_espiritualitat\/pastoral\/#listItem","name":"Pastoral"},"previousItem":{"@type":"ListItem","@id":"https:\/\/www.claret.cat\/categoria-producto\/cat\/#listItem","name":"CAT"}},{"@type":"ListItem","@id":"https:\/\/www.claret.cat\/categoria-producto\/cat\/1_espiritualitat\/pastoral\/#listItem","position":5,"name":"Pastoral","item":"https:\/\/www.claret.cat\/categoria-producto\/cat\/1_espiritualitat\/pastoral\/","nextItem":{"@type":"ListItem","@id":"https:\/\/www.claret.cat\/categoria-producto\/cat\/1_espiritualitat\/pastoral\/en-general\/#listItem","name":"En general"},"previousItem":{"@type":"ListItem","@id":"https:\/\/www.claret.cat\/categoria-producto\/cat\/1_espiritualitat\/#listItem","name":"Espiritualitat"}},{"@type":"ListItem","@id":"https:\/\/www.claret.cat\/categoria-producto\/cat\/1_espiritualitat\/pastoral\/en-general\/#listItem","position":6,"name":"En general","item":"https:\/\/www.claret.cat\/categoria-producto\/cat\/1_espiritualitat\/pastoral\/en-general\/","nextItem":{"@type":"ListItem","@id":"https:\/\/www.claret.cat\/categoria-producto\/cat\/1_espiritualitat\/pastoral\/en-general\/els-mes-venuts\/#listItem","name":"Llibres m\u00e9s venuts en catal\u00e0 - Febrer 2026"},"previousItem":{"@type":"ListItem","@id":"https:\/\/www.claret.cat\/categoria-producto\/cat\/1_espiritualitat\/pastoral\/#listItem","name":"Pastoral"}},{"@type":"ListItem","@id":"https:\/\/www.claret.cat\/categoria-producto\/cat\/1_espiritualitat\/pastoral\/en-general\/els-mes-venuts\/#listItem","position":7,"name":"Llibres m\u00e9s venuts en catal\u00e0 - Febrer 2026","item":"https:\/\/www.claret.cat\/categoria-producto\/cat\/1_espiritualitat\/pastoral\/en-general\/els-mes-venuts\/","nextItem":{"@type":"ListItem","@id":"https:\/\/www.claret.cat\/categoria-producto\/cat\/1_espiritualitat\/pastoral\/en-general\/els-mes-venuts\/castella\/#listItem","name":"Los m\u00e1s vendidos"},"previousItem":{"@type":"ListItem","@id":"https:\/\/www.claret.cat\/categoria-producto\/cat\/1_espiritualitat\/pastoral\/en-general\/#listItem","name":"En general"}},{"@type":"ListItem","@id":"https:\/\/www.claret.cat\/categoria-producto\/cat\/1_espiritualitat\/pastoral\/en-general\/els-mes-venuts\/castella\/#listItem","position":8,"name":"Los m\u00e1s vendidos","item":"https:\/\/www.claret.cat\/categoria-producto\/cat\/1_espiritualitat\/pastoral\/en-general\/els-mes-venuts\/castella\/","nextItem":{"@type":"ListItem","@id":"https:\/\/www.claret.cat\/es\/libro\/misterio-en-el-barrio-gotico-9788408305910\/#listItem","name":"MISTERIO EN EL BARRIO G\u00d3TICO"},"previousItem":{"@type":"ListItem","@id":"https:\/\/www.claret.cat\/categoria-producto\/cat\/1_espiritualitat\/pastoral\/en-general\/els-mes-venuts\/#listItem","name":"Llibres m\u00e9s venuts en catal\u00e0 - Febrer 2026"}},{"@type":"ListItem","@id":"https:\/\/www.claret.cat\/es\/libro\/misterio-en-el-barrio-gotico-9788408305910\/#listItem","position":9,"name":"MISTERIO EN EL BARRIO G\u00d3TICO","previousItem":{"@type":"ListItem","@id":"https:\/\/www.claret.cat\/categoria-producto\/cat\/1_espiritualitat\/pastoral\/en-general\/els-mes-venuts\/castella\/#listItem","name":"Los m\u00e1s vendidos"}}]},{"@type":"ItemPage","@id":"https:\/\/www.claret.cat\/es\/libro\/misterio-en-el-barrio-gotico-9788408305910\/#itempage","url":"https:\/\/www.claret.cat\/es\/libro\/misterio-en-el-barrio-gotico-9788408305910\/","name":"MISTERIO EN EL BARRIO G\u00d3TICO - VILA-SANJU\u00c1N, SERGIO 9788408305910 | Llibreria Claret","description":"MISTERIO EN EL BARRIO G\u00d3TICO de VILA-SANJU\u00c1N, SERGIO disponible a\/en Llibreria Claret.","inLanguage":"es-ES","isPartOf":{"@id":"https:\/\/www.claret.cat\/es\/#website"},"breadcrumb":{"@id":"https:\/\/www.claret.cat\/es\/libro\/misterio-en-el-barrio-gotico-9788408305910\/#breadcrumblist"},"image":{"@type":"ImageObject","url":"https:\/\/www.claret.cat\/wp-content\/uploads\/.\/9788408305910-2.jpg","@id":"https:\/\/www.claret.cat\/es\/libro\/misterio-en-el-barrio-gotico-9788408305910\/#mainImage","width":250,"height":381,"caption":"9788408305910.jpg"},"primaryImageOfPage":{"@id":"https:\/\/www.claret.cat\/es\/libro\/misterio-en-el-barrio-gotico-9788408305910\/#mainImage"},"datePublished":"2025-06-25T17:10:28+02:00","dateModified":"2026-06-03T18:15:27+02:00"},{"@type":"Organization","@id":"https:\/\/www.claret.cat\/es\/#organization","name":"Llibreria Claret","description":"Llibreria religiosa a Barcelona","url":"https:\/\/www.claret.cat\/es\/","email":"comunicacio@claret.cat","telephone":"+34933010887","logo":{"@type":"ImageObject","url":"https:\/\/www.claret.cat\/wp-content\/uploads\/.\/logo-claret-es.png","@id":"https:\/\/www.claret.cat\/es\/libro\/misterio-en-el-barrio-gotico-9788408305910\/#organizationLogo","width":195,"height":79},"image":{"@id":"https:\/\/www.claret.cat\/es\/libro\/misterio-en-el-barrio-gotico-9788408305910\/#organizationLogo"},"sameAs":["https:\/\/www.facebook.com\/LlibreriaClaret","https:\/\/twitter.com\/LlibreriaClaret","https:\/\/www.instagram.com\/llibreriaclaret\/","https:\/\/www.tiktok.com\/@llibreriaclaret","https:\/\/www.youtube.com\/@llibreriaclaret","https:\/\/ca.wikipedia.org\/wiki\/Editorial_Claret"]},{"@type":"WebPage","@id":"https:\/\/www.claret.cat\/es\/libro\/misterio-en-el-barrio-gotico-9788408305910\/#webpage","url":"https:\/\/www.claret.cat\/es\/libro\/misterio-en-el-barrio-gotico-9788408305910\/","name":"MISTERIO EN EL BARRIO G\u00d3TICO - VILA-SANJU\u00c1N, SERGIO 9788408305910 | Llibreria Claret","description":"MISTERIO EN EL BARRIO G\u00d3TICO de VILA-SANJU\u00c1N, SERGIO disponible a\/en Llibreria Claret.","inLanguage":"es-ES","isPartOf":{"@id":"https:\/\/www.claret.cat\/es\/#website"},"breadcrumb":{"@id":"https:\/\/www.claret.cat\/es\/libro\/misterio-en-el-barrio-gotico-9788408305910\/#breadcrumblist"},"image":{"@type":"ImageObject","url":"https:\/\/www.claret.cat\/wp-content\/uploads\/.\/9788408305910-2.jpg","@id":"https:\/\/www.claret.cat\/es\/libro\/misterio-en-el-barrio-gotico-9788408305910\/#mainImage","width":250,"height":381,"caption":"9788408305910.jpg"},"primaryImageOfPage":{"@id":"https:\/\/www.claret.cat\/es\/libro\/misterio-en-el-barrio-gotico-9788408305910\/#mainImage"},"datePublished":"2025-06-25T17:10:28+02:00","dateModified":"2026-06-03T18:15:27+02:00"},{"@type":"WebSite","@id":"https:\/\/www.claret.cat\/es\/#website","url":"https:\/\/www.claret.cat\/es\/","name":"Llibreria Claret Barcelona","alternateName":"Llibreria Claret","description":"Llibreria religiosa a Barcelona","inLanguage":"es-ES","publisher":{"@id":"https:\/\/www.claret.cat\/es\/#organization"}}]},"og:locale":"es_ES","og:site_name":"Llibreria Claret - Llibreria religiosa a Barcelona","og:type":"article","og:title":"MISTERIO EN EL BARRIO G\u00d3TICO - VILA-SANJU\u00c1N, SERGIO 9788408305910 | Llibreria Claret","og:description":"MISTERIO EN EL BARRIO G\u00d3TICO de VILA-SANJU\u00c1N, SERGIO disponible a\/en Llibreria Claret.","og:url":"https:\/\/www.claret.cat\/es\/libro\/misterio-en-el-barrio-gotico-9788408305910\/","og:image":"https:\/\/dev.claret.cat\/wp-content\/uploads\/logo-claret.svg","og:image:secure_url":"https:\/\/dev.claret.cat\/wp-content\/uploads\/logo-claret.svg","article:published_time":"2025-06-25T15:10:28+00:00","article:modified_time":"2026-06-03T16:15:27+00:00","article:publisher":"https:\/\/www.facebook.com\/LlibreriaClaret","twitter:card":"summary_large_image","twitter:site":"@LlibreriaClaret","twitter:title":"MISTERIO EN EL BARRIO G\u00d3TICO - VILA-SANJU\u00c1N, SERGIO 9788408305910 | Llibreria Claret","twitter:description":"MISTERIO EN EL BARRIO G\u00d3TICO de VILA-SANJU\u00c1N, SERGIO disponible a\/en Llibreria Claret.","twitter:image":"http:\/\/dev.claret.cat\/wp-content\/uploads\/logo-claret.svg"},"aioseo_meta_data":{"post_id":"1035969","title":null,"description":null,"keywords":null,"keyphrases":null,"primary_term":null,"canonical_url":null,"og_title":null,"og_description":null,"og_object_type":"default","og_image_type":"default","og_image_url":null,"og_image_width":null,"og_image_height":null,"og_image_custom_url":null,"og_image_custom_fields":null,"og_video":null,"og_custom_url":null,"og_article_section":null,"og_article_tags":null,"twitter_use_og":false,"twitter_card":"default","twitter_image_type":"default","twitter_image_url":null,"twitter_image_custom_url":null,"twitter_image_custom_fields":null,"twitter_title":null,"twitter_description":null,"schema":{"blockGraphs":[],"customGraphs":[],"default":{"data":{"Article":[],"Course":[],"Dataset":[],"FAQPage":[],"Movie":[],"Person":[],"Product":[],"ProductReview":[],"Car":[],"Recipe":[],"Service":[],"SoftwareApplication":[],"WebPage":[]},"graphName":"","isEnabled":true},"graphs":[]},"schema_type":"default","schema_type_options":null,"pillar_content":false,"robots_default":true,"robots_noindex":false,"robots_noarchive":false,"robots_nosnippet":false,"robots_nofollow":false,"robots_noimageindex":false,"robots_noodp":false,"robots_notranslate":false,"robots_max_snippet":null,"robots_max_videopreview":null,"robots_max_imagepreview":"large","priority":null,"frequency":null,"local_seo":null,"seo_analyzer_scan_date":"2026-06-03 16:17:01","breadcrumb_settings":null,"limit_modified_date":false,"open_ai":null,"ai":null,"created":"2025-07-07 21:21:00","updated":"2026-06-03 16:17:06","focus_keyword":null,"additional_keywords":null,"truseo_locale":null},"aioseo_breadcrumb":"<div class=\"aioseo-breadcrumbs\"><span class=\"aioseo-breadcrumb\">\n\t<a href=\"https:\/\/www.claret.cat\/es\/\" title=\"Home\">Home<\/a>\n<\/span><span class=\"aioseo-breadcrumb-separator\">&raquo;<\/span><span class=\"aioseo-breadcrumb\">\n\t<a href=\"https:\/\/www.claret.cat\/?page_id=16\" title=\"Botiga\">Botiga<\/a>\n<\/span><span class=\"aioseo-breadcrumb-separator\">&raquo;<\/span><span class=\"aioseo-breadcrumb\">\n\t<a href=\"https:\/\/www.claret.cat\/categoria-producto\/cat\/\" title=\"CAT\">CAT<\/a>\n<\/span><span class=\"aioseo-breadcrumb-separator\">&raquo;<\/span><span class=\"aioseo-breadcrumb\">\n\t<a href=\"https:\/\/www.claret.cat\/categoria-producto\/cat\/1_espiritualitat\/\" title=\"Espiritualitat\">Espiritualitat<\/a>\n<\/span><span class=\"aioseo-breadcrumb-separator\">&raquo;<\/span><span class=\"aioseo-breadcrumb\">\n\t<a href=\"https:\/\/www.claret.cat\/categoria-producto\/cat\/1_espiritualitat\/pastoral\/\" title=\"Pastoral\">Pastoral<\/a>\n<\/span><span class=\"aioseo-breadcrumb-separator\">&raquo;<\/span><span class=\"aioseo-breadcrumb\">\n\t<a href=\"https:\/\/www.claret.cat\/categoria-producto\/cat\/1_espiritualitat\/pastoral\/en-general\/\" title=\"En general\">En general<\/a>\n<\/span><span class=\"aioseo-breadcrumb-separator\">&raquo;<\/span><span class=\"aioseo-breadcrumb\">\n\t<a href=\"https:\/\/www.claret.cat\/categoria-producto\/cat\/1_espiritualitat\/pastoral\/en-general\/els-mes-venuts\/\" title=\"Llibres m\u00e9s venuts en catal\u00e0 - Febrer 2026\">Llibres m\u00e9s venuts en catal\u00e0 - Febrer 2026<\/a>\n<\/span><span class=\"aioseo-breadcrumb-separator\">&raquo;<\/span><span class=\"aioseo-breadcrumb\">\n\t<a href=\"https:\/\/www.claret.cat\/categoria-producto\/cat\/1_espiritualitat\/pastoral\/en-general\/els-mes-venuts\/castella\/\" title=\"Los m\u00e1s vendidos\">Los m\u00e1s vendidos<\/a>\n<\/span><span class=\"aioseo-breadcrumb-separator\">&raquo;<\/span><span class=\"aioseo-breadcrumb\">\n\tMISTERIO EN EL BARRIO G\u00d3TICO\n<\/span><\/div>","aioseo_breadcrumb_json":[{"label":"Home","link":"https:\/\/www.claret.cat\/es\/"},{"label":"Botiga","link":"https:\/\/www.claret.cat\/?page_id=16"},{"label":"CAT","link":"https:\/\/www.claret.cat\/categoria-producto\/cat\/"},{"label":"Espiritualitat","link":"https:\/\/www.claret.cat\/categoria-producto\/cat\/1_espiritualitat\/"},{"label":"Pastoral","link":"https:\/\/www.claret.cat\/categoria-producto\/cat\/1_espiritualitat\/pastoral\/"},{"label":"En general","link":"https:\/\/www.claret.cat\/categoria-producto\/cat\/1_espiritualitat\/pastoral\/en-general\/"},{"label":"Llibres m\u00e9s venuts en catal\u00e0 - Febrer 2026","link":"https:\/\/www.claret.cat\/categoria-producto\/cat\/1_espiritualitat\/pastoral\/en-general\/els-mes-venuts\/"},{"label":"Los m\u00e1s vendidos","link":"https:\/\/www.claret.cat\/categoria-producto\/cat\/1_espiritualitat\/pastoral\/en-general\/els-mes-venuts\/castella\/"},{"label":"MISTERIO EN EL BARRIO G\u00d3TICO","link":"https:\/\/www.claret.cat\/es\/libro\/misterio-en-el-barrio-gotico-9788408305910\/"}],"_links":{"self":[{"href":"https:\/\/www.claret.cat\/es\/wp-json\/wp\/v2\/product\/1035969","targetHints":{"allow":["GET"]}}],"collection":[{"href":"https:\/\/www.claret.cat\/es\/wp-json\/wp\/v2\/product"}],"about":[{"href":"https:\/\/www.claret.cat\/es\/wp-json\/wp\/v2\/types\/product"}],"wp:featuredmedia":[{"embeddable":true,"href":"https:\/\/www.claret.cat\/es\/wp-json\/wp\/v2\/media\/1036772"}],"wp:attachment":[{"href":"https:\/\/www.claret.cat\/es\/wp-json\/wp\/v2\/media?parent=1035969"}],"wp:term":[{"taxonomy":"product_brand","embeddable":true,"href":"https:\/\/www.claret.cat\/es\/wp-json\/wp\/v2\/product_brand?post=1035969"},{"taxonomy":"product_cat","embeddable":true,"href":"https:\/\/www.claret.cat\/es\/wp-json\/wp\/v2\/product_cat?post=1035969"},{"taxonomy":"product_tag","embeddable":true,"href":"https:\/\/www.claret.cat\/es\/wp-json\/wp\/v2\/product_tag?post=1035969"}],"curies":[{"name":"wp","href":"https:\/\/api.w.org\/{rel}","templated":true}]}}