{"id":10397,"date":"2022-09-30T19:51:56","date_gmt":"2022-09-30T17:51:56","guid":{"rendered":"http:\/\/dev.claret.cat\/producte\/espacio-libre-de-bullying\/"},"modified":"2023-01-28T20:40:07","modified_gmt":"2023-01-28T19:40:07","slug":"espacio-libre-de-bullying-9788484693994","status":"publish","type":"product","link":"https:\/\/www.claret.cat\/es\/libro\/espacio-libre-de-bullying-9788484693994\/","title":{"rendered":"ESPACIO LIBRE DE BULLYING"},"content":{"rendered":"<p>Los programas anti-bullying se focalizan en el establecimiento de mecanismos que garanticen entornos de seguridad y respeto, pero eso no es suficiente. Si no se educa la fuerza interior es f\u00e1cil que brote en forma de violencia.<br \/>Si con el bullying decimos a alguien: \u201ces repugnante tu presencia\u201d, con la efusi\u00f3n afirmamos: \u201ces maravilloso que existas\u201d. Ser efusivo significa alegrarse por la felicidad del otro. As\u00ed, la efusi\u00f3n escolar es la tendencia del estudiante a alegrarse por el desarrollo, el \u00e9xito y la felicidad del otro.<br \/>Actitudes tan corrientes como dar las gracias, pedir las cosas por favor, dejarse ayudar, hablar con todos, hacer cosas juntos, prestar de lo propio, devolver lo prestado, sonre\u00edr a todos, decirse las cosas a la cara y con respeto, ayudarse pero sin dejar que unos compa\u00f1eros se aprovechen del trabajo de otros, defenderse y felicitarse mutuamente, acompa\u00f1ar en los fracasos, hacer comentarios positivos, saber callar, cumplir encargos en servicio del grupo, desempe\u00f1ar tareas de voluntariado dentro del centro para ayudar a personas con ciertas necesidades de apoyo\u2026 En definitiva, la lista puede ser todo lo larga que se quiera; lo importante es que sean manifestaciones observables y medibles para crecer paso a paso.<br \/>En resumen, este libro se centra en c\u00f3mo afrontar el bullying, pero no como un fin, sino como un medio, como un punto de partida para educar a lo grande. La misi\u00f3n es evitar que surja bullying, o neutralizarlo si ya est\u00e1 activo. Pero la visi\u00f3n no es adiestrar para moderar los deseos y velar por un entorno agradable, sino educar para desear a lo grande y poder ser felices en cualquier entorno.<\/p>\n","protected":false},"excerpt":{"rendered":"<p>LUIS MANUEL MART\u00cdNEZ<\/p>\n","protected":false},"featured_media":72114,"template":"","meta":{"_acf_changed":false,"om_disable_all_campaigns":false,"rs_blank_template":"","rs_page_bg_color":"","slide_template_v7":"","inline_featured_image":false,"_monsterinsights_skip_tracking":false},"product_brand":[],"product_cat":[82],"product_tag":[],"class_list":["post-10397","product","type-product","status-publish","has-post-thumbnail","product_cat-pedagogia","first","instock","taxable","shipping-taxable","purchasable","product-type-simple"],"acf":{"autor":"LUIS MANUEL MART\u00cdNEZ","codart":"848469399","libros-coleccion":"","ediciones":"1","encuadernacion":"Carpeta","fecha_de_publicacion":"01\/01\/2013","novedad":"1","paginas":"176","subtitulo":"","orden":"0","portada":"0","idioma":"spa","editorial":[{"ID":147857,"post_author":"3","post_date":"2022-10-14 11:53:45","post_date_gmt":"2022-10-14 09:53:45","post_content":"","post_title":"EDICIONES TECONTE","post_excerpt":"","post_status":"publish","comment_status":"closed","ping_status":"closed","post_password":"","post_name":"ediciones-teconte","to_ping":"","pinged":"","post_modified":"2022-10-14 11:53:45","post_modified_gmt":"2022-10-14 09:53:45","post_content_filtered":"","post_parent":0,"guid":"http:\/\/dev.claret.cat\/editorial\/ediciones-teconte\/","menu_order":0,"post_type":"editorial","post_mime_type":"","comment_count":"0","filter":"raw"}],"autores-libros":[{"ID":162746,"post_author":"3","post_date":"2022-10-14 17:33:28","post_date_gmt":"2022-10-14 15:33:28","post_content":"","post_title":"LUIS MANUEL MART\u00cdNEZ","post_excerpt":"","post_status":"publish","comment_status":"closed","ping_status":"closed","post_password":"","post_name":"luis-manuel-martinez","to_ping":"","pinged":"","post_modified":"2022-10-14 17:33:28","post_modified_gmt":"2022-10-14 15:33:28","post_content_filtered":"","post_parent":0,"guid":"http:\/\/dev.claret.cat\/autor\/luis-manuel-martinez\/","menu_order":0,"post_type":"autor","post_mime_type":"","comment_count":"0","filter":"raw"}]},"aioseo_notices":[],"aioseo_head":"\n\t\t<!-- All in One SEO Pro 5.0.1.1 - aioseo.com -->\n\t<meta name=\"description\" content=\"ESPACIO LIBRE DE BULLYING de LUIS MANUEL MART\u00cdNEZ disponible a\/en Llibreria Claret.\" \/>\n\t<meta name=\"robots\" content=\"max-image-preview:large\" \/>\n\t<meta name=\"google-site-verification\" content=\"xVtlFxJ-TfkIu-D-lt7XeLobefg5EIQiXTuqcSf8Rf0\" \/>\n\t<link rel=\"canonical\" href=\"https:\/\/www.claret.cat\/es\/libro\/espacio-libre-de-bullying-9788484693994\/\" \/>\n\t<meta name=\"generator\" content=\"All in One SEO Pro (AIOSEO) 5.0.1.1\" \/>\n\t\t<meta property=\"og:locale\" content=\"es_ES\" \/>\n\t\t<meta property=\"og:site_name\" content=\"Llibreria Claret - Llibreria religiosa a Barcelona\" \/>\n\t\t<meta property=\"og:type\" content=\"article\" \/>\n\t\t<meta property=\"og:title\" content=\"ESPACIO LIBRE DE BULLYING - LUIS MANUEL MART\u00cdNEZ 978-84-8469-399-4 | Llibreria Claret\" \/>\n\t\t<meta property=\"og:description\" content=\"ESPACIO LIBRE DE BULLYING de LUIS MANUEL MART\u00cdNEZ disponible a\/en Llibreria Claret.\" \/>\n\t\t<meta property=\"og:url\" content=\"https:\/\/www.claret.cat\/es\/libro\/espacio-libre-de-bullying-9788484693994\/\" \/>\n\t\t<meta property=\"og:image\" content=\"https:\/\/dev.claret.cat\/wp-content\/uploads\/logo-claret.svg\" \/>\n\t\t<meta property=\"og:image:secure_url\" content=\"https:\/\/dev.claret.cat\/wp-content\/uploads\/logo-claret.svg\" \/>\n\t\t<meta property=\"article:published_time\" content=\"2022-09-30T17:51:56+00:00\" \/>\n\t\t<meta property=\"article:modified_time\" content=\"2023-01-28T19:40:07+00:00\" \/>\n\t\t<meta property=\"article:publisher\" content=\"https:\/\/www.facebook.com\/LlibreriaClaret\" \/>\n\t\t<meta name=\"twitter:card\" content=\"summary_large_image\" \/>\n\t\t<meta name=\"twitter:site\" content=\"@LlibreriaClaret\" \/>\n\t\t<meta name=\"twitter:title\" content=\"ESPACIO LIBRE DE BULLYING - LUIS MANUEL MART\u00cdNEZ 978-84-8469-399-4 | Llibreria Claret\" \/>\n\t\t<meta name=\"twitter:description\" content=\"ESPACIO LIBRE DE BULLYING de LUIS MANUEL MART\u00cdNEZ disponible a\/en Llibreria Claret.\" \/>\n\t\t<meta name=\"twitter:image\" content=\"http:\/\/dev.claret.cat\/wp-content\/uploads\/logo-claret.svg\" \/>\n\t\t<script type=\"application\/ld+json\" class=\"aioseo-schema\">\n\t\t\t{\"@context\":\"https:\\\/\\\/schema.org\",\"@graph\":[{\"@type\":\"BreadcrumbList\",\"@id\":\"https:\\\/\\\/www.claret.cat\\\/es\\\/libro\\\/espacio-libre-de-bullying-9788484693994\\\/#breadcrumblist\",\"itemListElement\":[{\"@type\":\"ListItem\",\"@id\":\"https:\\\/\\\/www.claret.cat\\\/es\\\/#listItem\",\"position\":1,\"name\":\"Home\",\"item\":\"https:\\\/\\\/www.claret.cat\\\/es\\\/\",\"nextItem\":{\"@type\":\"ListItem\",\"@id\":\"https:\\\/\\\/www.claret.cat\\\/?page_id=16#listItem\",\"name\":\"Botiga\"}},{\"@type\":\"ListItem\",\"@id\":\"https:\\\/\\\/www.claret.cat\\\/?page_id=16#listItem\",\"position\":2,\"name\":\"Botiga\",\"item\":\"https:\\\/\\\/www.claret.cat\\\/?page_id=16\",\"nextItem\":{\"@type\":\"ListItem\",\"@id\":\"https:\\\/\\\/www.claret.cat\\\/categoria-producto\\\/cat\\\/#listItem\",\"name\":\"CAT\"},\"previousItem\":{\"@type\":\"ListItem\",\"@id\":\"https:\\\/\\\/www.claret.cat\\\/es\\\/#listItem\",\"name\":\"Home\"}},{\"@type\":\"ListItem\",\"@id\":\"https:\\\/\\\/www.claret.cat\\\/categoria-producto\\\/cat\\\/#listItem\",\"position\":3,\"name\":\"CAT\",\"item\":\"https:\\\/\\\/www.claret.cat\\\/categoria-producto\\\/cat\\\/\",\"nextItem\":{\"@type\":\"ListItem\",\"@id\":\"https:\\\/\\\/www.claret.cat\\\/categoria-producto\\\/cat\\\/2_humanitats\\\/#listItem\",\"name\":\"Humanitats\"},\"previousItem\":{\"@type\":\"ListItem\",\"@id\":\"https:\\\/\\\/www.claret.cat\\\/?page_id=16#listItem\",\"name\":\"Botiga\"}},{\"@type\":\"ListItem\",\"@id\":\"https:\\\/\\\/www.claret.cat\\\/categoria-producto\\\/cat\\\/2_humanitats\\\/#listItem\",\"position\":4,\"name\":\"Humanitats\",\"item\":\"https:\\\/\\\/www.claret.cat\\\/categoria-producto\\\/cat\\\/2_humanitats\\\/\",\"nextItem\":{\"@type\":\"ListItem\",\"@id\":\"https:\\\/\\\/www.claret.cat\\\/categoria-producto\\\/cat\\\/2_humanitats\\\/pedagogia\\\/#listItem\",\"name\":\"Pedagogia\"},\"previousItem\":{\"@type\":\"ListItem\",\"@id\":\"https:\\\/\\\/www.claret.cat\\\/categoria-producto\\\/cat\\\/#listItem\",\"name\":\"CAT\"}},{\"@type\":\"ListItem\",\"@id\":\"https:\\\/\\\/www.claret.cat\\\/categoria-producto\\\/cat\\\/2_humanitats\\\/pedagogia\\\/#listItem\",\"position\":5,\"name\":\"Pedagogia\",\"item\":\"https:\\\/\\\/www.claret.cat\\\/categoria-producto\\\/cat\\\/2_humanitats\\\/pedagogia\\\/\",\"nextItem\":{\"@type\":\"ListItem\",\"@id\":\"https:\\\/\\\/www.claret.cat\\\/es\\\/libro\\\/espacio-libre-de-bullying-9788484693994\\\/#listItem\",\"name\":\"ESPACIO LIBRE DE BULLYING\"},\"previousItem\":{\"@type\":\"ListItem\",\"@id\":\"https:\\\/\\\/www.claret.cat\\\/categoria-producto\\\/cat\\\/2_humanitats\\\/#listItem\",\"name\":\"Humanitats\"}},{\"@type\":\"ListItem\",\"@id\":\"https:\\\/\\\/www.claret.cat\\\/es\\\/libro\\\/espacio-libre-de-bullying-9788484693994\\\/#listItem\",\"position\":6,\"name\":\"ESPACIO LIBRE DE BULLYING\",\"previousItem\":{\"@type\":\"ListItem\",\"@id\":\"https:\\\/\\\/www.claret.cat\\\/categoria-producto\\\/cat\\\/2_humanitats\\\/pedagogia\\\/#listItem\",\"name\":\"Pedagogia\"}}]},{\"@type\":\"ItemPage\",\"@id\":\"https:\\\/\\\/www.claret.cat\\\/es\\\/libro\\\/espacio-libre-de-bullying-9788484693994\\\/#itempage\",\"url\":\"https:\\\/\\\/www.claret.cat\\\/es\\\/libro\\\/espacio-libre-de-bullying-9788484693994\\\/\",\"name\":\"ESPACIO LIBRE DE BULLYING - LUIS MANUEL MART\\u00cdNEZ 978-84-8469-399-4 | Llibreria Claret\",\"description\":\"ESPACIO LIBRE DE BULLYING de LUIS MANUEL MART\\u00cdNEZ disponible a\\\/en Llibreria Claret.\",\"inLanguage\":\"es-ES\",\"isPartOf\":{\"@id\":\"https:\\\/\\\/www.claret.cat\\\/es\\\/#website\"},\"breadcrumb\":{\"@id\":\"https:\\\/\\\/www.claret.cat\\\/es\\\/libro\\\/espacio-libre-de-bullying-9788484693994\\\/#breadcrumblist\"},\"image\":{\"@type\":\"ImageObject\",\"url\":\"https:\\\/\\\/www.claret.cat\\\/wp-content\\\/uploads\\\/.\\\/9788484693994.jpg\",\"@id\":\"https:\\\/\\\/www.claret.cat\\\/es\\\/libro\\\/espacio-libre-de-bullying-9788484693994\\\/#mainImage\",\"width\":225,\"height\":322,\"caption\":\"9788484693994.jpg\"},\"primaryImageOfPage\":{\"@id\":\"https:\\\/\\\/www.claret.cat\\\/es\\\/libro\\\/espacio-libre-de-bullying-9788484693994\\\/#mainImage\"},\"datePublished\":\"2022-09-30T19:51:56+02:00\",\"dateModified\":\"2023-01-28T20:40:07+01:00\"},{\"@type\":\"Organization\",\"@id\":\"https:\\\/\\\/www.claret.cat\\\/es\\\/#organization\",\"name\":\"Llibreria Claret\",\"description\":\"Llibreria religiosa a Barcelona\",\"url\":\"https:\\\/\\\/www.claret.cat\\\/es\\\/\",\"email\":\"comunicacio@claret.cat\",\"telephone\":\"+34933010887\",\"logo\":{\"@type\":\"ImageObject\",\"url\":\"https:\\\/\\\/www.claret.cat\\\/wp-content\\\/uploads\\\/.\\\/logo-claret-es.png\",\"@id\":\"https:\\\/\\\/www.claret.cat\\\/es\\\/libro\\\/espacio-libre-de-bullying-9788484693994\\\/#organizationLogo\",\"width\":195,\"height\":79},\"image\":{\"@id\":\"https:\\\/\\\/www.claret.cat\\\/es\\\/libro\\\/espacio-libre-de-bullying-9788484693994\\\/#organizationLogo\"},\"sameAs\":[\"https:\\\/\\\/www.facebook.com\\\/LlibreriaClaret\",\"https:\\\/\\\/twitter.com\\\/LlibreriaClaret\",\"https:\\\/\\\/www.instagram.com\\\/llibreriaclaret\\\/\",\"https:\\\/\\\/www.tiktok.com\\\/@llibreriaclaret\",\"https:\\\/\\\/www.youtube.com\\\/@llibreriaclaret\",\"https:\\\/\\\/ca.wikipedia.org\\\/wiki\\\/Editorial_Claret\"]},{\"@type\":\"WebPage\",\"@id\":\"https:\\\/\\\/www.claret.cat\\\/es\\\/libro\\\/espacio-libre-de-bullying-9788484693994\\\/#webpage\",\"url\":\"https:\\\/\\\/www.claret.cat\\\/es\\\/libro\\\/espacio-libre-de-bullying-9788484693994\\\/\",\"name\":\"ESPACIO LIBRE DE BULLYING - LUIS MANUEL MART\\u00cdNEZ 978-84-8469-399-4 | Llibreria Claret\",\"description\":\"ESPACIO LIBRE DE BULLYING de LUIS MANUEL MART\\u00cdNEZ disponible a\\\/en Llibreria Claret.\",\"inLanguage\":\"es-ES\",\"isPartOf\":{\"@id\":\"https:\\\/\\\/www.claret.cat\\\/es\\\/#website\"},\"breadcrumb\":{\"@id\":\"https:\\\/\\\/www.claret.cat\\\/es\\\/libro\\\/espacio-libre-de-bullying-9788484693994\\\/#breadcrumblist\"},\"image\":{\"@type\":\"ImageObject\",\"url\":\"https:\\\/\\\/www.claret.cat\\\/wp-content\\\/uploads\\\/.\\\/9788484693994.jpg\",\"@id\":\"https:\\\/\\\/www.claret.cat\\\/es\\\/libro\\\/espacio-libre-de-bullying-9788484693994\\\/#mainImage\",\"width\":225,\"height\":322,\"caption\":\"9788484693994.jpg\"},\"primaryImageOfPage\":{\"@id\":\"https:\\\/\\\/www.claret.cat\\\/es\\\/libro\\\/espacio-libre-de-bullying-9788484693994\\\/#mainImage\"},\"datePublished\":\"2022-09-30T19:51:56+02:00\",\"dateModified\":\"2023-01-28T20:40:07+01:00\"},{\"@type\":\"WebSite\",\"@id\":\"https:\\\/\\\/www.claret.cat\\\/es\\\/#website\",\"url\":\"https:\\\/\\\/www.claret.cat\\\/es\\\/\",\"name\":\"Llibreria Claret Barcelona\",\"alternateName\":\"Llibreria Claret\",\"description\":\"Llibreria religiosa a Barcelona\",\"inLanguage\":\"es-ES\",\"publisher\":{\"@id\":\"https:\\\/\\\/www.claret.cat\\\/es\\\/#organization\"}}]}\n\t\t<\/script>\n\t\t<!-- All in One SEO Pro -->\r\n\t\t<title>ESPACIO LIBRE DE BULLYING - LUIS MANUEL MART\u00cdNEZ 978-84-8469-399-4 | Llibreria Claret<\/title>\n\n","aioseo_head_json":{"title":"ESPACIO LIBRE DE BULLYING - LUIS MANUEL MART\u00cdNEZ 978-84-8469-399-4 | Llibreria Claret","description":"ESPACIO LIBRE DE BULLYING de LUIS MANUEL MART\u00cdNEZ disponible a\/en Llibreria Claret.","canonical_url":"https:\/\/www.claret.cat\/es\/libro\/espacio-libre-de-bullying-9788484693994\/","robots":"max-image-preview:large","keywords":"","webmasterTools":{"google-site-verification":"xVtlFxJ-TfkIu-D-lt7XeLobefg5EIQiXTuqcSf8Rf0","miscellaneous":""},"schema":{"@context":"https:\/\/schema.org","@graph":[{"@type":"BreadcrumbList","@id":"https:\/\/www.claret.cat\/es\/libro\/espacio-libre-de-bullying-9788484693994\/#breadcrumblist","itemListElement":[{"@type":"ListItem","@id":"https:\/\/www.claret.cat\/es\/#listItem","position":1,"name":"Home","item":"https:\/\/www.claret.cat\/es\/","nextItem":{"@type":"ListItem","@id":"https:\/\/www.claret.cat\/?page_id=16#listItem","name":"Botiga"}},{"@type":"ListItem","@id":"https:\/\/www.claret.cat\/?page_id=16#listItem","position":2,"name":"Botiga","item":"https:\/\/www.claret.cat\/?page_id=16","nextItem":{"@type":"ListItem","@id":"https:\/\/www.claret.cat\/categoria-producto\/cat\/#listItem","name":"CAT"},"previousItem":{"@type":"ListItem","@id":"https:\/\/www.claret.cat\/es\/#listItem","name":"Home"}},{"@type":"ListItem","@id":"https:\/\/www.claret.cat\/categoria-producto\/cat\/#listItem","position":3,"name":"CAT","item":"https:\/\/www.claret.cat\/categoria-producto\/cat\/","nextItem":{"@type":"ListItem","@id":"https:\/\/www.claret.cat\/categoria-producto\/cat\/2_humanitats\/#listItem","name":"Humanitats"},"previousItem":{"@type":"ListItem","@id":"https:\/\/www.claret.cat\/?page_id=16#listItem","name":"Botiga"}},{"@type":"ListItem","@id":"https:\/\/www.claret.cat\/categoria-producto\/cat\/2_humanitats\/#listItem","position":4,"name":"Humanitats","item":"https:\/\/www.claret.cat\/categoria-producto\/cat\/2_humanitats\/","nextItem":{"@type":"ListItem","@id":"https:\/\/www.claret.cat\/categoria-producto\/cat\/2_humanitats\/pedagogia\/#listItem","name":"Pedagogia"},"previousItem":{"@type":"ListItem","@id":"https:\/\/www.claret.cat\/categoria-producto\/cat\/#listItem","name":"CAT"}},{"@type":"ListItem","@id":"https:\/\/www.claret.cat\/categoria-producto\/cat\/2_humanitats\/pedagogia\/#listItem","position":5,"name":"Pedagogia","item":"https:\/\/www.claret.cat\/categoria-producto\/cat\/2_humanitats\/pedagogia\/","nextItem":{"@type":"ListItem","@id":"https:\/\/www.claret.cat\/es\/libro\/espacio-libre-de-bullying-9788484693994\/#listItem","name":"ESPACIO LIBRE DE BULLYING"},"previousItem":{"@type":"ListItem","@id":"https:\/\/www.claret.cat\/categoria-producto\/cat\/2_humanitats\/#listItem","name":"Humanitats"}},{"@type":"ListItem","@id":"https:\/\/www.claret.cat\/es\/libro\/espacio-libre-de-bullying-9788484693994\/#listItem","position":6,"name":"ESPACIO LIBRE DE BULLYING","previousItem":{"@type":"ListItem","@id":"https:\/\/www.claret.cat\/categoria-producto\/cat\/2_humanitats\/pedagogia\/#listItem","name":"Pedagogia"}}]},{"@type":"ItemPage","@id":"https:\/\/www.claret.cat\/es\/libro\/espacio-libre-de-bullying-9788484693994\/#itempage","url":"https:\/\/www.claret.cat\/es\/libro\/espacio-libre-de-bullying-9788484693994\/","name":"ESPACIO LIBRE DE BULLYING - LUIS MANUEL MART\u00cdNEZ 978-84-8469-399-4 | Llibreria Claret","description":"ESPACIO LIBRE DE BULLYING de LUIS MANUEL MART\u00cdNEZ disponible a\/en Llibreria Claret.","inLanguage":"es-ES","isPartOf":{"@id":"https:\/\/www.claret.cat\/es\/#website"},"breadcrumb":{"@id":"https:\/\/www.claret.cat\/es\/libro\/espacio-libre-de-bullying-9788484693994\/#breadcrumblist"},"image":{"@type":"ImageObject","url":"https:\/\/www.claret.cat\/wp-content\/uploads\/.\/9788484693994.jpg","@id":"https:\/\/www.claret.cat\/es\/libro\/espacio-libre-de-bullying-9788484693994\/#mainImage","width":225,"height":322,"caption":"9788484693994.jpg"},"primaryImageOfPage":{"@id":"https:\/\/www.claret.cat\/es\/libro\/espacio-libre-de-bullying-9788484693994\/#mainImage"},"datePublished":"2022-09-30T19:51:56+02:00","dateModified":"2023-01-28T20:40:07+01:00"},{"@type":"Organization","@id":"https:\/\/www.claret.cat\/es\/#organization","name":"Llibreria Claret","description":"Llibreria religiosa a Barcelona","url":"https:\/\/www.claret.cat\/es\/","email":"comunicacio@claret.cat","telephone":"+34933010887","logo":{"@type":"ImageObject","url":"https:\/\/www.claret.cat\/wp-content\/uploads\/.\/logo-claret-es.png","@id":"https:\/\/www.claret.cat\/es\/libro\/espacio-libre-de-bullying-9788484693994\/#organizationLogo","width":195,"height":79},"image":{"@id":"https:\/\/www.claret.cat\/es\/libro\/espacio-libre-de-bullying-9788484693994\/#organizationLogo"},"sameAs":["https:\/\/www.facebook.com\/LlibreriaClaret","https:\/\/twitter.com\/LlibreriaClaret","https:\/\/www.instagram.com\/llibreriaclaret\/","https:\/\/www.tiktok.com\/@llibreriaclaret","https:\/\/www.youtube.com\/@llibreriaclaret","https:\/\/ca.wikipedia.org\/wiki\/Editorial_Claret"]},{"@type":"WebPage","@id":"https:\/\/www.claret.cat\/es\/libro\/espacio-libre-de-bullying-9788484693994\/#webpage","url":"https:\/\/www.claret.cat\/es\/libro\/espacio-libre-de-bullying-9788484693994\/","name":"ESPACIO LIBRE DE BULLYING - LUIS MANUEL MART\u00cdNEZ 978-84-8469-399-4 | Llibreria Claret","description":"ESPACIO LIBRE DE BULLYING de LUIS MANUEL MART\u00cdNEZ disponible a\/en Llibreria Claret.","inLanguage":"es-ES","isPartOf":{"@id":"https:\/\/www.claret.cat\/es\/#website"},"breadcrumb":{"@id":"https:\/\/www.claret.cat\/es\/libro\/espacio-libre-de-bullying-9788484693994\/#breadcrumblist"},"image":{"@type":"ImageObject","url":"https:\/\/www.claret.cat\/wp-content\/uploads\/.\/9788484693994.jpg","@id":"https:\/\/www.claret.cat\/es\/libro\/espacio-libre-de-bullying-9788484693994\/#mainImage","width":225,"height":322,"caption":"9788484693994.jpg"},"primaryImageOfPage":{"@id":"https:\/\/www.claret.cat\/es\/libro\/espacio-libre-de-bullying-9788484693994\/#mainImage"},"datePublished":"2022-09-30T19:51:56+02:00","dateModified":"2023-01-28T20:40:07+01:00"},{"@type":"WebSite","@id":"https:\/\/www.claret.cat\/es\/#website","url":"https:\/\/www.claret.cat\/es\/","name":"Llibreria Claret Barcelona","alternateName":"Llibreria Claret","description":"Llibreria religiosa a Barcelona","inLanguage":"es-ES","publisher":{"@id":"https:\/\/www.claret.cat\/es\/#organization"}}]},"og:locale":"es_ES","og:site_name":"Llibreria Claret - Llibreria religiosa a Barcelona","og:type":"article","og:title":"ESPACIO LIBRE DE BULLYING - LUIS MANUEL MART\u00cdNEZ 978-84-8469-399-4 | Llibreria Claret","og:description":"ESPACIO LIBRE DE BULLYING de LUIS MANUEL MART\u00cdNEZ disponible a\/en Llibreria Claret.","og:url":"https:\/\/www.claret.cat\/es\/libro\/espacio-libre-de-bullying-9788484693994\/","og:image":"https:\/\/dev.claret.cat\/wp-content\/uploads\/logo-claret.svg","og:image:secure_url":"https:\/\/dev.claret.cat\/wp-content\/uploads\/logo-claret.svg","article:published_time":"2022-09-30T17:51:56+00:00","article:modified_time":"2023-01-28T19:40:07+00:00","article:publisher":"https:\/\/www.facebook.com\/LlibreriaClaret","twitter:card":"summary_large_image","twitter:site":"@LlibreriaClaret","twitter:title":"ESPACIO LIBRE DE BULLYING - LUIS MANUEL MART\u00cdNEZ 978-84-8469-399-4 | Llibreria Claret","twitter:description":"ESPACIO LIBRE DE BULLYING de LUIS MANUEL MART\u00cdNEZ disponible a\/en Llibreria Claret.","twitter:image":"http:\/\/dev.claret.cat\/wp-content\/uploads\/logo-claret.svg"},"aioseo_meta_data":{"post_id":"10397","title":null,"description":null,"keywords":null,"keyphrases":null,"primary_term":null,"canonical_url":null,"og_title":null,"og_description":null,"og_object_type":"default","og_image_type":"default","og_image_url":null,"og_image_width":null,"og_image_height":null,"og_image_custom_url":null,"og_image_custom_fields":null,"og_video":null,"og_custom_url":null,"og_article_section":null,"og_article_tags":null,"twitter_use_og":false,"twitter_card":"default","twitter_image_type":"default","twitter_image_url":null,"twitter_image_custom_url":null,"twitter_image_custom_fields":null,"twitter_title":null,"twitter_description":null,"schema":{"blockGraphs":[],"customGraphs":[],"default":{"data":{"Article":[],"Course":[],"Dataset":[],"FAQPage":[],"Movie":[],"Person":[],"Product":[],"ProductReview":[],"Car":[],"Recipe":[],"Service":[],"SoftwareApplication":[],"WebPage":[]},"graphName":"","isEnabled":true},"graphs":[]},"schema_type":"default","schema_type_options":null,"pillar_content":false,"robots_default":true,"robots_noindex":false,"robots_noarchive":false,"robots_nosnippet":false,"robots_nofollow":false,"robots_noimageindex":false,"robots_noodp":false,"robots_notranslate":false,"robots_max_snippet":null,"robots_max_videopreview":null,"robots_max_imagepreview":"large","priority":null,"frequency":null,"local_seo":null,"seo_analyzer_scan_date":"2025-11-10 17:44:12","breadcrumb_settings":null,"limit_modified_date":false,"open_ai":null,"ai":null,"created":"2022-12-17 21:51:42","updated":"2025-11-10 17:44:12","focus_keyword":null,"additional_keywords":null,"truseo_locale":null},"aioseo_breadcrumb":"<div class=\"aioseo-breadcrumbs\"><span class=\"aioseo-breadcrumb\">\n\t<a href=\"https:\/\/www.claret.cat\/es\/\" title=\"Home\">Home<\/a>\n<\/span><span class=\"aioseo-breadcrumb-separator\">&raquo;<\/span><span class=\"aioseo-breadcrumb\">\n\t<a href=\"https:\/\/www.claret.cat\/?page_id=16\" title=\"Botiga\">Botiga<\/a>\n<\/span><span class=\"aioseo-breadcrumb-separator\">&raquo;<\/span><span class=\"aioseo-breadcrumb\">\n\t<a href=\"https:\/\/www.claret.cat\/categoria-producto\/cat\/\" title=\"CAT\">CAT<\/a>\n<\/span><span class=\"aioseo-breadcrumb-separator\">&raquo;<\/span><span class=\"aioseo-breadcrumb\">\n\t<a href=\"https:\/\/www.claret.cat\/categoria-producto\/cat\/2_humanitats\/\" title=\"Humanitats\">Humanitats<\/a>\n<\/span><span class=\"aioseo-breadcrumb-separator\">&raquo;<\/span><span class=\"aioseo-breadcrumb\">\n\t<a href=\"https:\/\/www.claret.cat\/categoria-producto\/cat\/2_humanitats\/pedagogia\/\" title=\"Pedagogia\">Pedagogia<\/a>\n<\/span><span class=\"aioseo-breadcrumb-separator\">&raquo;<\/span><span class=\"aioseo-breadcrumb\">\n\tESPACIO LIBRE DE BULLYING\n<\/span><\/div>","aioseo_breadcrumb_json":[{"label":"Home","link":"https:\/\/www.claret.cat\/es\/"},{"label":"Botiga","link":"https:\/\/www.claret.cat\/?page_id=16"},{"label":"CAT","link":"https:\/\/www.claret.cat\/categoria-producto\/cat\/"},{"label":"Humanitats","link":"https:\/\/www.claret.cat\/categoria-producto\/cat\/2_humanitats\/"},{"label":"Pedagogia","link":"https:\/\/www.claret.cat\/categoria-producto\/cat\/2_humanitats\/pedagogia\/"},{"label":"ESPACIO LIBRE DE BULLYING","link":"https:\/\/www.claret.cat\/es\/libro\/espacio-libre-de-bullying-9788484693994\/"}],"_links":{"self":[{"href":"https:\/\/www.claret.cat\/es\/wp-json\/wp\/v2\/product\/10397","targetHints":{"allow":["GET"]}}],"collection":[{"href":"https:\/\/www.claret.cat\/es\/wp-json\/wp\/v2\/product"}],"about":[{"href":"https:\/\/www.claret.cat\/es\/wp-json\/wp\/v2\/types\/product"}],"wp:featuredmedia":[{"embeddable":true,"href":"https:\/\/www.claret.cat\/es\/wp-json\/wp\/v2\/media\/72114"}],"wp:attachment":[{"href":"https:\/\/www.claret.cat\/es\/wp-json\/wp\/v2\/media?parent=10397"}],"wp:term":[{"taxonomy":"product_brand","embeddable":true,"href":"https:\/\/www.claret.cat\/es\/wp-json\/wp\/v2\/product_brand?post=10397"},{"taxonomy":"product_cat","embeddable":true,"href":"https:\/\/www.claret.cat\/es\/wp-json\/wp\/v2\/product_cat?post=10397"},{"taxonomy":"product_tag","embeddable":true,"href":"https:\/\/www.claret.cat\/es\/wp-json\/wp\/v2\/product_tag?post=10397"}],"curies":[{"name":"wp","href":"https:\/\/api.w.org\/{rel}","templated":true}]}}