{"id":104714,"date":"2022-10-12T08:53:09","date_gmt":"2022-10-12T06:53:09","guid":{"rendered":"http:\/\/dev.claret.cat\/producte\/hermanos-grimm-edicion-anotada\/"},"modified":"2024-05-23T22:26:23","modified_gmt":"2024-05-23T20:26:23","slug":"hermanos-grimm-edicion-anotada-9788446049890","status":"publish","type":"product","link":"https:\/\/www.claret.cat\/es\/libro\/hermanos-grimm-edicion-anotada-9788446049890\/","title":{"rendered":"HERMANOS GRIMM. EDICI\u00d3N ANOTADA"},"content":{"rendered":"<p>Un reencuentro con los cuentos de los hermanos Grimm, que, en su origen no fueron escritos para ni\u00f1os<br \/>\u00abEste es el libro que, en mi ni\u00f1ez, quise y no tuve; el libro que habr\u00eda querido darles a mis hijos y guardar para m\u00ed, el libro que dar\u00e9 a mis nietos.\u00bb<\/p>\n<p>A. S. Byatt, en la Introducci\u00f3n<\/p>\n<p>La edici\u00f3n del bicentenario de los cuentos de los hermanos Grimm conmemora la riqueza y fuerza dram\u00e1tica de estos relatos legendarios \u2013tan conocidos\u2013 en el volumen m\u00e1s espectacular publicado hasta la fecha. De todas las innumerables colecciones de cuentos de hadas que existen a lo largo y ancho del mundo, pocas son mejor conocidas que aquellas que reunieron, hace ya dos centurias, dos hermanos alemanes \u2013Jacob y Wilhelm Grimm\u2013 en sus Cuentos para la infancia y el hogar, publicados por vez primera en 1812. Ahora, en esta edici\u00f3n del bicentenario, Maria Tatar presenta una selecci\u00f3n de los cuentos en un formato lujoso y con una gran fuerza visual, con el objetivo de reconfigurar nuestra comprensi\u00f3n de estos relatos intemporales.<\/p>\n<p>Procedentes de la versi\u00f3n final autorizada de mediados del siglo xix, Maria Tatar, especialista de renombre internacional en el campo del folclore y la literatura infantil, ha traducido y comentado m\u00e1s de 50 cuentos recopilados por los hermanos Grimm, seleccionando cuidadosamente aquellos que est\u00e1n en consonancia con el p\u00fablico actual y que revelan el amplio espectro tem\u00e1tico del canon de los Grimm. Tanto los lectores j\u00f3venes como los veteranos se reencontrar\u00e1n con los cl\u00e1sicos populares, incluidos \u00abCaperucita Roja\u00bb, \u00abCenicienta\u00bb, \u00abBlancanieves\u00bb y \u00abRapunzel\u00bb, a la vez que descubrir\u00e1n cuentos menos conocidos, aunque no menos cautivadores, como \u00abLos cuatro hermanos habilidosos\u00bb, \u00abEl agua de la vida\u00bb y \u00abLa serpiente blanca\u00bb, seleccionados especialmente para esta edici\u00f3n. Tal vez lo m\u00e1s rese\u00f1able sea la decisi\u00f3n de incluir unas cuantas historias \u00abpara adultos\u00bb, que fueron suprimidas de las ediciones anteriores cuando los Grimm se dieron cuenta de que los padres se las le\u00edan a los ni\u00f1os.<\/p>\n<p>Las p\u00e1ginas editadas por Tatar se acompa\u00f1an de detalladas anotaciones que indagan en los or\u00edgenes, que descubren las complejidades culturales de los cuentos y exploran sus efectos psicol\u00f3gicos. Se reproducen junto a las historias cerca de 200 im\u00e1genes de exquisita belleza \u2013realizadas por artistas como George Cruikshank, Gustave Dor\u00e9, Kay Nielsen o Arthur Rackham\u2013. Con un brillante ensayo introductorio a cargo de A. S. Byatt, unido a los prefacios originales de los Grimm a sus ediciones, as\u00ed como a una colecci\u00f3n de recuerdos sobre \u00abLa magia de los cuentos de hadas\u00bb y ensayos sobre las vidas de los hermanos y el impacto cultural de sus cuentos, Hermanos Grimm. Edici\u00f3n anotada capta el encanto m\u00e1gico de estas historias a la vez que desvela sus poderosos misterios.<\/p>\n<p>En la tradici\u00f3n de The Uses of Enchantment de Bruno Bettelheim, este volumen muestra hasta qu\u00e9 punto los cuentos de hadas de los Grimm animan nuestra imaginaci\u00f3n y siguen con nosotros mucho tiempo despu\u00e9s de haberlos escrito. Esta edici\u00f3n del bicentenario ofrece un tesoro de tradici\u00f3n y sabidur\u00eda cultural popular que ha pasado de generaci\u00f3n en generaci\u00f3n.<\/p>\n","protected":false},"excerpt":{"rendered":"<p>TATAR, MARIA<\/p>\n","protected":false},"featured_media":348746,"template":"","meta":{"_acf_changed":false,"om_disable_all_campaigns":false,"rs_blank_template":"","rs_page_bg_color":"","slide_template_v7":"","inline_featured_image":false,"_monsterinsights_skip_tracking":false},"product_brand":[],"product_cat":[354,123],"product_tag":[],"class_list":["post-104714","product","type-product","status-publish","has-post-thumbnail","product_cat-clasica","product_cat-classica","first","instock","taxable","shipping-taxable","purchasable","product-type-simple"],"acf":{"editorial":[{"ID":6115,"post_author":"3","post_date":"2022-07-28 17:45:13","post_date_gmt":"2022-07-28 15:45:13","post_content":"","post_title":"AKAL, EDICIONES S.A.","post_excerpt":"","post_status":"publish","comment_status":"closed","ping_status":"closed","post_password":"","post_name":"akal-ediciones-s-a","to_ping":"","pinged":"","post_modified":"2022-07-28 17:45:13","post_modified_gmt":"2022-07-28 15:45:13","post_content_filtered":"","post_parent":0,"guid":"http:\/\/dev.claret.cat\/editorial\/akal-ediciones-s-a\/","menu_order":0,"post_type":"editorial","post_mime_type":"","comment_count":"0","filter":"raw"}],"autor":"TATAR, MARIA","codart":"844604989","libros-coleccion":"AKAL","ediciones":"1","encuadernacion":"Carton\u00e9","fecha_de_publicacion":"02\/10\/2020","novedad":"1","paginas":"500","subtitulo":"EDICI\u00d3N DEL BICENTENARIO","orden":"0","portada":"0","idioma":"spa","autores-libros":[{"ID":163784,"post_author":"3","post_date":"2022-10-14 17:41:50","post_date_gmt":"2022-10-14 15:41:50","post_content":"","post_title":"MARIA TATAR","post_excerpt":"","post_status":"publish","comment_status":"closed","ping_status":"closed","post_password":"","post_name":"maria-tatar","to_ping":"","pinged":"","post_modified":"2022-10-14 17:41:50","post_modified_gmt":"2022-10-14 15:41:50","post_content_filtered":"","post_parent":0,"guid":"http:\/\/dev.claret.cat\/autor\/maria-tatar\/","menu_order":0,"post_type":"autor","post_mime_type":"","comment_count":"0","filter":"raw"}]},"aioseo_notices":[],"aioseo_head":"\n\t\t<!-- All in One SEO Pro 5.0.1.1 - aioseo.com -->\n\t<meta name=\"description\" content=\"HERMANOS GRIMM. EDICI\u00d3N ANOTADA de TATAR, MARIA disponible a\/en Llibreria Claret.\" \/>\n\t<meta name=\"robots\" content=\"max-image-preview:large\" \/>\n\t<meta name=\"google-site-verification\" content=\"xVtlFxJ-TfkIu-D-lt7XeLobefg5EIQiXTuqcSf8Rf0\" \/>\n\t<link rel=\"canonical\" href=\"https:\/\/www.claret.cat\/es\/libro\/hermanos-grimm-edicion-anotada-9788446049890\/\" \/>\n\t<meta name=\"generator\" content=\"All in One SEO Pro (AIOSEO) 5.0.1.1\" \/>\n\t\t<meta property=\"og:locale\" content=\"es_ES\" \/>\n\t\t<meta property=\"og:site_name\" content=\"Llibreria Claret - Llibreria religiosa a Barcelona\" \/>\n\t\t<meta property=\"og:type\" content=\"article\" \/>\n\t\t<meta property=\"og:title\" content=\"HERMANOS GRIMM. EDICI\u00d3N ANOTADA - TATAR, MARIA 9788446049890 | Llibreria Claret\" \/>\n\t\t<meta property=\"og:description\" content=\"HERMANOS GRIMM. EDICI\u00d3N ANOTADA de TATAR, MARIA disponible a\/en Llibreria Claret.\" \/>\n\t\t<meta property=\"og:url\" content=\"https:\/\/www.claret.cat\/es\/libro\/hermanos-grimm-edicion-anotada-9788446049890\/\" \/>\n\t\t<meta property=\"og:image\" content=\"https:\/\/dev.claret.cat\/wp-content\/uploads\/logo-claret.svg\" \/>\n\t\t<meta property=\"og:image:secure_url\" content=\"https:\/\/dev.claret.cat\/wp-content\/uploads\/logo-claret.svg\" \/>\n\t\t<meta property=\"article:published_time\" content=\"2022-10-12T06:53:09+00:00\" \/>\n\t\t<meta property=\"article:modified_time\" content=\"2024-05-23T20:26:23+00:00\" \/>\n\t\t<meta property=\"article:publisher\" content=\"https:\/\/www.facebook.com\/LlibreriaClaret\" \/>\n\t\t<meta name=\"twitter:card\" content=\"summary_large_image\" \/>\n\t\t<meta name=\"twitter:site\" content=\"@LlibreriaClaret\" \/>\n\t\t<meta name=\"twitter:title\" content=\"HERMANOS GRIMM. EDICI\u00d3N ANOTADA - TATAR, MARIA 9788446049890 | Llibreria Claret\" \/>\n\t\t<meta name=\"twitter:description\" content=\"HERMANOS GRIMM. EDICI\u00d3N ANOTADA de TATAR, MARIA disponible a\/en Llibreria Claret.\" \/>\n\t\t<meta name=\"twitter:image\" content=\"http:\/\/dev.claret.cat\/wp-content\/uploads\/logo-claret.svg\" \/>\n\t\t<script type=\"application\/ld+json\" class=\"aioseo-schema\">\n\t\t\t{\"@context\":\"https:\\\/\\\/schema.org\",\"@graph\":[{\"@type\":\"BreadcrumbList\",\"@id\":\"https:\\\/\\\/www.claret.cat\\\/es\\\/libro\\\/hermanos-grimm-edicion-anotada-9788446049890\\\/#breadcrumblist\",\"itemListElement\":[{\"@type\":\"ListItem\",\"@id\":\"https:\\\/\\\/www.claret.cat\\\/es\\\/#listItem\",\"position\":1,\"name\":\"Home\",\"item\":\"https:\\\/\\\/www.claret.cat\\\/es\\\/\",\"nextItem\":{\"@type\":\"ListItem\",\"@id\":\"https:\\\/\\\/www.claret.cat\\\/?page_id=16#listItem\",\"name\":\"Botiga\"}},{\"@type\":\"ListItem\",\"@id\":\"https:\\\/\\\/www.claret.cat\\\/?page_id=16#listItem\",\"position\":2,\"name\":\"Botiga\",\"item\":\"https:\\\/\\\/www.claret.cat\\\/?page_id=16\",\"nextItem\":{\"@type\":\"ListItem\",\"@id\":\"https:\\\/\\\/www.claret.cat\\\/categoria-producto\\\/cat\\\/#listItem\",\"name\":\"CAT\"},\"previousItem\":{\"@type\":\"ListItem\",\"@id\":\"https:\\\/\\\/www.claret.cat\\\/es\\\/#listItem\",\"name\":\"Home\"}},{\"@type\":\"ListItem\",\"@id\":\"https:\\\/\\\/www.claret.cat\\\/categoria-producto\\\/cat\\\/#listItem\",\"position\":3,\"name\":\"CAT\",\"item\":\"https:\\\/\\\/www.claret.cat\\\/categoria-producto\\\/cat\\\/\",\"nextItem\":{\"@type\":\"ListItem\",\"@id\":\"https:\\\/\\\/www.claret.cat\\\/categoria-producto\\\/cat\\\/2_humanitats\\\/#listItem\",\"name\":\"Humanitats\"},\"previousItem\":{\"@type\":\"ListItem\",\"@id\":\"https:\\\/\\\/www.claret.cat\\\/?page_id=16#listItem\",\"name\":\"Botiga\"}},{\"@type\":\"ListItem\",\"@id\":\"https:\\\/\\\/www.claret.cat\\\/categoria-producto\\\/cat\\\/2_humanitats\\\/#listItem\",\"position\":4,\"name\":\"Humanitats\",\"item\":\"https:\\\/\\\/www.claret.cat\\\/categoria-producto\\\/cat\\\/2_humanitats\\\/\",\"nextItem\":{\"@type\":\"ListItem\",\"@id\":\"https:\\\/\\\/www.claret.cat\\\/categoria-producto\\\/cat\\\/2_humanitats\\\/literatura\\\/#listItem\",\"name\":\"Literatura\"},\"previousItem\":{\"@type\":\"ListItem\",\"@id\":\"https:\\\/\\\/www.claret.cat\\\/categoria-producto\\\/cat\\\/#listItem\",\"name\":\"CAT\"}},{\"@type\":\"ListItem\",\"@id\":\"https:\\\/\\\/www.claret.cat\\\/categoria-producto\\\/cat\\\/2_humanitats\\\/literatura\\\/#listItem\",\"position\":5,\"name\":\"Literatura\",\"item\":\"https:\\\/\\\/www.claret.cat\\\/categoria-producto\\\/cat\\\/2_humanitats\\\/literatura\\\/\",\"nextItem\":{\"@type\":\"ListItem\",\"@id\":\"https:\\\/\\\/www.claret.cat\\\/categoria-producto\\\/cat\\\/2_humanitats\\\/literatura\\\/classica\\\/#listItem\",\"name\":\"Cl\\u00e0ssica\"},\"previousItem\":{\"@type\":\"ListItem\",\"@id\":\"https:\\\/\\\/www.claret.cat\\\/categoria-producto\\\/cat\\\/2_humanitats\\\/#listItem\",\"name\":\"Humanitats\"}},{\"@type\":\"ListItem\",\"@id\":\"https:\\\/\\\/www.claret.cat\\\/categoria-producto\\\/cat\\\/2_humanitats\\\/literatura\\\/classica\\\/#listItem\",\"position\":6,\"name\":\"Cl\\u00e0ssica\",\"item\":\"https:\\\/\\\/www.claret.cat\\\/categoria-producto\\\/cat\\\/2_humanitats\\\/literatura\\\/classica\\\/\",\"nextItem\":{\"@type\":\"ListItem\",\"@id\":\"https:\\\/\\\/www.claret.cat\\\/es\\\/libro\\\/hermanos-grimm-edicion-anotada-9788446049890\\\/#listItem\",\"name\":\"HERMANOS GRIMM. EDICI\\u00d3N ANOTADA\"},\"previousItem\":{\"@type\":\"ListItem\",\"@id\":\"https:\\\/\\\/www.claret.cat\\\/categoria-producto\\\/cat\\\/2_humanitats\\\/literatura\\\/#listItem\",\"name\":\"Literatura\"}},{\"@type\":\"ListItem\",\"@id\":\"https:\\\/\\\/www.claret.cat\\\/es\\\/libro\\\/hermanos-grimm-edicion-anotada-9788446049890\\\/#listItem\",\"position\":7,\"name\":\"HERMANOS GRIMM. EDICI\\u00d3N ANOTADA\",\"previousItem\":{\"@type\":\"ListItem\",\"@id\":\"https:\\\/\\\/www.claret.cat\\\/categoria-producto\\\/cat\\\/2_humanitats\\\/literatura\\\/classica\\\/#listItem\",\"name\":\"Cl\\u00e0ssica\"}}]},{\"@type\":\"ItemPage\",\"@id\":\"https:\\\/\\\/www.claret.cat\\\/es\\\/libro\\\/hermanos-grimm-edicion-anotada-9788446049890\\\/#itempage\",\"url\":\"https:\\\/\\\/www.claret.cat\\\/es\\\/libro\\\/hermanos-grimm-edicion-anotada-9788446049890\\\/\",\"name\":\"HERMANOS GRIMM. EDICI\\u00d3N ANOTADA - TATAR, MARIA 9788446049890 | Llibreria Claret\",\"description\":\"HERMANOS GRIMM. EDICI\\u00d3N ANOTADA de TATAR, MARIA disponible a\\\/en Llibreria Claret.\",\"inLanguage\":\"es-ES\",\"isPartOf\":{\"@id\":\"https:\\\/\\\/www.claret.cat\\\/es\\\/#website\"},\"breadcrumb\":{\"@id\":\"https:\\\/\\\/www.claret.cat\\\/es\\\/libro\\\/hermanos-grimm-edicion-anotada-9788446049890\\\/#breadcrumblist\"},\"image\":{\"@type\":\"ImageObject\",\"url\":\"https:\\\/\\\/www.claret.cat\\\/wp-content\\\/uploads\\\/.\\\/9788446049890-1.jpg\",\"@id\":\"https:\\\/\\\/www.claret.cat\\\/es\\\/libro\\\/hermanos-grimm-edicion-anotada-9788446049890\\\/#mainImage\",\"width\":225,\"height\":297,\"caption\":\"9788446049890.jpg\"},\"primaryImageOfPage\":{\"@id\":\"https:\\\/\\\/www.claret.cat\\\/es\\\/libro\\\/hermanos-grimm-edicion-anotada-9788446049890\\\/#mainImage\"},\"datePublished\":\"2022-10-12T08:53:09+02:00\",\"dateModified\":\"2024-05-23T22:26:23+02:00\"},{\"@type\":\"Organization\",\"@id\":\"https:\\\/\\\/www.claret.cat\\\/es\\\/#organization\",\"name\":\"Llibreria Claret\",\"description\":\"Llibreria religiosa a Barcelona\",\"url\":\"https:\\\/\\\/www.claret.cat\\\/es\\\/\",\"email\":\"comunicacio@claret.cat\",\"telephone\":\"+34933010887\",\"logo\":{\"@type\":\"ImageObject\",\"url\":\"https:\\\/\\\/www.claret.cat\\\/wp-content\\\/uploads\\\/.\\\/logo-claret-es.png\",\"@id\":\"https:\\\/\\\/www.claret.cat\\\/es\\\/libro\\\/hermanos-grimm-edicion-anotada-9788446049890\\\/#organizationLogo\",\"width\":195,\"height\":79},\"image\":{\"@id\":\"https:\\\/\\\/www.claret.cat\\\/es\\\/libro\\\/hermanos-grimm-edicion-anotada-9788446049890\\\/#organizationLogo\"},\"sameAs\":[\"https:\\\/\\\/www.facebook.com\\\/LlibreriaClaret\",\"https:\\\/\\\/twitter.com\\\/LlibreriaClaret\",\"https:\\\/\\\/www.instagram.com\\\/llibreriaclaret\\\/\",\"https:\\\/\\\/www.tiktok.com\\\/@llibreriaclaret\",\"https:\\\/\\\/www.youtube.com\\\/@llibreriaclaret\",\"https:\\\/\\\/ca.wikipedia.org\\\/wiki\\\/Editorial_Claret\"]},{\"@type\":\"WebPage\",\"@id\":\"https:\\\/\\\/www.claret.cat\\\/es\\\/libro\\\/hermanos-grimm-edicion-anotada-9788446049890\\\/#webpage\",\"url\":\"https:\\\/\\\/www.claret.cat\\\/es\\\/libro\\\/hermanos-grimm-edicion-anotada-9788446049890\\\/\",\"name\":\"HERMANOS GRIMM. EDICI\\u00d3N ANOTADA - TATAR, MARIA 9788446049890 | Llibreria Claret\",\"description\":\"HERMANOS GRIMM. EDICI\\u00d3N ANOTADA de TATAR, MARIA disponible a\\\/en Llibreria Claret.\",\"inLanguage\":\"es-ES\",\"isPartOf\":{\"@id\":\"https:\\\/\\\/www.claret.cat\\\/es\\\/#website\"},\"breadcrumb\":{\"@id\":\"https:\\\/\\\/www.claret.cat\\\/es\\\/libro\\\/hermanos-grimm-edicion-anotada-9788446049890\\\/#breadcrumblist\"},\"image\":{\"@type\":\"ImageObject\",\"url\":\"https:\\\/\\\/www.claret.cat\\\/wp-content\\\/uploads\\\/.\\\/9788446049890-1.jpg\",\"@id\":\"https:\\\/\\\/www.claret.cat\\\/es\\\/libro\\\/hermanos-grimm-edicion-anotada-9788446049890\\\/#mainImage\",\"width\":225,\"height\":297,\"caption\":\"9788446049890.jpg\"},\"primaryImageOfPage\":{\"@id\":\"https:\\\/\\\/www.claret.cat\\\/es\\\/libro\\\/hermanos-grimm-edicion-anotada-9788446049890\\\/#mainImage\"},\"datePublished\":\"2022-10-12T08:53:09+02:00\",\"dateModified\":\"2024-05-23T22:26:23+02:00\"},{\"@type\":\"WebSite\",\"@id\":\"https:\\\/\\\/www.claret.cat\\\/es\\\/#website\",\"url\":\"https:\\\/\\\/www.claret.cat\\\/es\\\/\",\"name\":\"Llibreria Claret Barcelona\",\"alternateName\":\"Llibreria Claret\",\"description\":\"Llibreria religiosa a Barcelona\",\"inLanguage\":\"es-ES\",\"publisher\":{\"@id\":\"https:\\\/\\\/www.claret.cat\\\/es\\\/#organization\"}}]}\n\t\t<\/script>\n\t\t<!-- All in One SEO Pro -->\r\n\t\t<title>HERMANOS GRIMM. EDICI\u00d3N ANOTADA - TATAR, MARIA 9788446049890 | Llibreria Claret<\/title>\n\n","aioseo_head_json":{"title":"HERMANOS GRIMM. EDICI\u00d3N ANOTADA - TATAR, MARIA 9788446049890 | Llibreria Claret","description":"HERMANOS GRIMM. EDICI\u00d3N ANOTADA de TATAR, MARIA disponible a\/en Llibreria Claret.","canonical_url":"https:\/\/www.claret.cat\/es\/libro\/hermanos-grimm-edicion-anotada-9788446049890\/","robots":"max-image-preview:large","keywords":"","webmasterTools":{"google-site-verification":"xVtlFxJ-TfkIu-D-lt7XeLobefg5EIQiXTuqcSf8Rf0","miscellaneous":""},"schema":{"@context":"https:\/\/schema.org","@graph":[{"@type":"BreadcrumbList","@id":"https:\/\/www.claret.cat\/es\/libro\/hermanos-grimm-edicion-anotada-9788446049890\/#breadcrumblist","itemListElement":[{"@type":"ListItem","@id":"https:\/\/www.claret.cat\/es\/#listItem","position":1,"name":"Home","item":"https:\/\/www.claret.cat\/es\/","nextItem":{"@type":"ListItem","@id":"https:\/\/www.claret.cat\/?page_id=16#listItem","name":"Botiga"}},{"@type":"ListItem","@id":"https:\/\/www.claret.cat\/?page_id=16#listItem","position":2,"name":"Botiga","item":"https:\/\/www.claret.cat\/?page_id=16","nextItem":{"@type":"ListItem","@id":"https:\/\/www.claret.cat\/categoria-producto\/cat\/#listItem","name":"CAT"},"previousItem":{"@type":"ListItem","@id":"https:\/\/www.claret.cat\/es\/#listItem","name":"Home"}},{"@type":"ListItem","@id":"https:\/\/www.claret.cat\/categoria-producto\/cat\/#listItem","position":3,"name":"CAT","item":"https:\/\/www.claret.cat\/categoria-producto\/cat\/","nextItem":{"@type":"ListItem","@id":"https:\/\/www.claret.cat\/categoria-producto\/cat\/2_humanitats\/#listItem","name":"Humanitats"},"previousItem":{"@type":"ListItem","@id":"https:\/\/www.claret.cat\/?page_id=16#listItem","name":"Botiga"}},{"@type":"ListItem","@id":"https:\/\/www.claret.cat\/categoria-producto\/cat\/2_humanitats\/#listItem","position":4,"name":"Humanitats","item":"https:\/\/www.claret.cat\/categoria-producto\/cat\/2_humanitats\/","nextItem":{"@type":"ListItem","@id":"https:\/\/www.claret.cat\/categoria-producto\/cat\/2_humanitats\/literatura\/#listItem","name":"Literatura"},"previousItem":{"@type":"ListItem","@id":"https:\/\/www.claret.cat\/categoria-producto\/cat\/#listItem","name":"CAT"}},{"@type":"ListItem","@id":"https:\/\/www.claret.cat\/categoria-producto\/cat\/2_humanitats\/literatura\/#listItem","position":5,"name":"Literatura","item":"https:\/\/www.claret.cat\/categoria-producto\/cat\/2_humanitats\/literatura\/","nextItem":{"@type":"ListItem","@id":"https:\/\/www.claret.cat\/categoria-producto\/cat\/2_humanitats\/literatura\/classica\/#listItem","name":"Cl\u00e0ssica"},"previousItem":{"@type":"ListItem","@id":"https:\/\/www.claret.cat\/categoria-producto\/cat\/2_humanitats\/#listItem","name":"Humanitats"}},{"@type":"ListItem","@id":"https:\/\/www.claret.cat\/categoria-producto\/cat\/2_humanitats\/literatura\/classica\/#listItem","position":6,"name":"Cl\u00e0ssica","item":"https:\/\/www.claret.cat\/categoria-producto\/cat\/2_humanitats\/literatura\/classica\/","nextItem":{"@type":"ListItem","@id":"https:\/\/www.claret.cat\/es\/libro\/hermanos-grimm-edicion-anotada-9788446049890\/#listItem","name":"HERMANOS GRIMM. EDICI\u00d3N ANOTADA"},"previousItem":{"@type":"ListItem","@id":"https:\/\/www.claret.cat\/categoria-producto\/cat\/2_humanitats\/literatura\/#listItem","name":"Literatura"}},{"@type":"ListItem","@id":"https:\/\/www.claret.cat\/es\/libro\/hermanos-grimm-edicion-anotada-9788446049890\/#listItem","position":7,"name":"HERMANOS GRIMM. EDICI\u00d3N ANOTADA","previousItem":{"@type":"ListItem","@id":"https:\/\/www.claret.cat\/categoria-producto\/cat\/2_humanitats\/literatura\/classica\/#listItem","name":"Cl\u00e0ssica"}}]},{"@type":"ItemPage","@id":"https:\/\/www.claret.cat\/es\/libro\/hermanos-grimm-edicion-anotada-9788446049890\/#itempage","url":"https:\/\/www.claret.cat\/es\/libro\/hermanos-grimm-edicion-anotada-9788446049890\/","name":"HERMANOS GRIMM. EDICI\u00d3N ANOTADA - TATAR, MARIA 9788446049890 | Llibreria Claret","description":"HERMANOS GRIMM. EDICI\u00d3N ANOTADA de TATAR, MARIA disponible a\/en Llibreria Claret.","inLanguage":"es-ES","isPartOf":{"@id":"https:\/\/www.claret.cat\/es\/#website"},"breadcrumb":{"@id":"https:\/\/www.claret.cat\/es\/libro\/hermanos-grimm-edicion-anotada-9788446049890\/#breadcrumblist"},"image":{"@type":"ImageObject","url":"https:\/\/www.claret.cat\/wp-content\/uploads\/.\/9788446049890-1.jpg","@id":"https:\/\/www.claret.cat\/es\/libro\/hermanos-grimm-edicion-anotada-9788446049890\/#mainImage","width":225,"height":297,"caption":"9788446049890.jpg"},"primaryImageOfPage":{"@id":"https:\/\/www.claret.cat\/es\/libro\/hermanos-grimm-edicion-anotada-9788446049890\/#mainImage"},"datePublished":"2022-10-12T08:53:09+02:00","dateModified":"2024-05-23T22:26:23+02:00"},{"@type":"Organization","@id":"https:\/\/www.claret.cat\/es\/#organization","name":"Llibreria Claret","description":"Llibreria religiosa a Barcelona","url":"https:\/\/www.claret.cat\/es\/","email":"comunicacio@claret.cat","telephone":"+34933010887","logo":{"@type":"ImageObject","url":"https:\/\/www.claret.cat\/wp-content\/uploads\/.\/logo-claret-es.png","@id":"https:\/\/www.claret.cat\/es\/libro\/hermanos-grimm-edicion-anotada-9788446049890\/#organizationLogo","width":195,"height":79},"image":{"@id":"https:\/\/www.claret.cat\/es\/libro\/hermanos-grimm-edicion-anotada-9788446049890\/#organizationLogo"},"sameAs":["https:\/\/www.facebook.com\/LlibreriaClaret","https:\/\/twitter.com\/LlibreriaClaret","https:\/\/www.instagram.com\/llibreriaclaret\/","https:\/\/www.tiktok.com\/@llibreriaclaret","https:\/\/www.youtube.com\/@llibreriaclaret","https:\/\/ca.wikipedia.org\/wiki\/Editorial_Claret"]},{"@type":"WebPage","@id":"https:\/\/www.claret.cat\/es\/libro\/hermanos-grimm-edicion-anotada-9788446049890\/#webpage","url":"https:\/\/www.claret.cat\/es\/libro\/hermanos-grimm-edicion-anotada-9788446049890\/","name":"HERMANOS GRIMM. EDICI\u00d3N ANOTADA - TATAR, MARIA 9788446049890 | Llibreria Claret","description":"HERMANOS GRIMM. EDICI\u00d3N ANOTADA de TATAR, MARIA disponible a\/en Llibreria Claret.","inLanguage":"es-ES","isPartOf":{"@id":"https:\/\/www.claret.cat\/es\/#website"},"breadcrumb":{"@id":"https:\/\/www.claret.cat\/es\/libro\/hermanos-grimm-edicion-anotada-9788446049890\/#breadcrumblist"},"image":{"@type":"ImageObject","url":"https:\/\/www.claret.cat\/wp-content\/uploads\/.\/9788446049890-1.jpg","@id":"https:\/\/www.claret.cat\/es\/libro\/hermanos-grimm-edicion-anotada-9788446049890\/#mainImage","width":225,"height":297,"caption":"9788446049890.jpg"},"primaryImageOfPage":{"@id":"https:\/\/www.claret.cat\/es\/libro\/hermanos-grimm-edicion-anotada-9788446049890\/#mainImage"},"datePublished":"2022-10-12T08:53:09+02:00","dateModified":"2024-05-23T22:26:23+02:00"},{"@type":"WebSite","@id":"https:\/\/www.claret.cat\/es\/#website","url":"https:\/\/www.claret.cat\/es\/","name":"Llibreria Claret Barcelona","alternateName":"Llibreria Claret","description":"Llibreria religiosa a Barcelona","inLanguage":"es-ES","publisher":{"@id":"https:\/\/www.claret.cat\/es\/#organization"}}]},"og:locale":"es_ES","og:site_name":"Llibreria Claret - Llibreria religiosa a Barcelona","og:type":"article","og:title":"HERMANOS GRIMM. EDICI\u00d3N ANOTADA - TATAR, MARIA 9788446049890 | Llibreria Claret","og:description":"HERMANOS GRIMM. EDICI\u00d3N ANOTADA de TATAR, MARIA disponible a\/en Llibreria Claret.","og:url":"https:\/\/www.claret.cat\/es\/libro\/hermanos-grimm-edicion-anotada-9788446049890\/","og:image":"https:\/\/dev.claret.cat\/wp-content\/uploads\/logo-claret.svg","og:image:secure_url":"https:\/\/dev.claret.cat\/wp-content\/uploads\/logo-claret.svg","article:published_time":"2022-10-12T06:53:09+00:00","article:modified_time":"2024-05-23T20:26:23+00:00","article:publisher":"https:\/\/www.facebook.com\/LlibreriaClaret","twitter:card":"summary_large_image","twitter:site":"@LlibreriaClaret","twitter:title":"HERMANOS GRIMM. EDICI\u00d3N ANOTADA - TATAR, MARIA 9788446049890 | Llibreria Claret","twitter:description":"HERMANOS GRIMM. EDICI\u00d3N ANOTADA de TATAR, MARIA disponible a\/en Llibreria Claret.","twitter:image":"http:\/\/dev.claret.cat\/wp-content\/uploads\/logo-claret.svg"},"aioseo_meta_data":{"post_id":"104714","title":null,"description":null,"keywords":null,"keyphrases":null,"primary_term":null,"canonical_url":null,"og_title":null,"og_description":null,"og_object_type":"default","og_image_type":"default","og_image_url":null,"og_image_width":null,"og_image_height":null,"og_image_custom_url":null,"og_image_custom_fields":null,"og_video":null,"og_custom_url":null,"og_article_section":null,"og_article_tags":null,"twitter_use_og":false,"twitter_card":"default","twitter_image_type":"default","twitter_image_url":null,"twitter_image_custom_url":null,"twitter_image_custom_fields":null,"twitter_title":null,"twitter_description":null,"schema":{"blockGraphs":[],"customGraphs":[],"default":{"data":{"Article":[],"Course":[],"Dataset":[],"FAQPage":[],"Movie":[],"Person":[],"Product":[],"ProductReview":[],"Car":[],"Recipe":[],"Service":[],"SoftwareApplication":[],"WebPage":[]},"graphName":"","isEnabled":true},"graphs":[]},"schema_type":"default","schema_type_options":null,"pillar_content":false,"robots_default":true,"robots_noindex":false,"robots_noarchive":false,"robots_nosnippet":false,"robots_nofollow":false,"robots_noimageindex":false,"robots_noodp":false,"robots_notranslate":false,"robots_max_snippet":null,"robots_max_videopreview":null,"robots_max_imagepreview":"large","priority":null,"frequency":null,"local_seo":null,"seo_analyzer_scan_date":"2025-11-28 04:59:03","breadcrumb_settings":null,"limit_modified_date":false,"open_ai":null,"ai":null,"created":"2022-12-19 11:16:40","updated":"2025-11-28 04:59:03","focus_keyword":null,"additional_keywords":null,"truseo_locale":null},"aioseo_breadcrumb":"<div class=\"aioseo-breadcrumbs\"><span class=\"aioseo-breadcrumb\">\n\t<a href=\"https:\/\/www.claret.cat\/es\/\" title=\"Home\">Home<\/a>\n<\/span><span class=\"aioseo-breadcrumb-separator\">&raquo;<\/span><span class=\"aioseo-breadcrumb\">\n\t<a href=\"https:\/\/www.claret.cat\/?page_id=16\" title=\"Botiga\">Botiga<\/a>\n<\/span><span class=\"aioseo-breadcrumb-separator\">&raquo;<\/span><span class=\"aioseo-breadcrumb\">\n\t<a href=\"https:\/\/www.claret.cat\/categoria-producto\/cat\/\" title=\"CAT\">CAT<\/a>\n<\/span><span class=\"aioseo-breadcrumb-separator\">&raquo;<\/span><span class=\"aioseo-breadcrumb\">\n\t<a href=\"https:\/\/www.claret.cat\/categoria-producto\/cat\/2_humanitats\/\" title=\"Humanitats\">Humanitats<\/a>\n<\/span><span class=\"aioseo-breadcrumb-separator\">&raquo;<\/span><span class=\"aioseo-breadcrumb\">\n\t<a href=\"https:\/\/www.claret.cat\/categoria-producto\/cat\/2_humanitats\/literatura\/\" title=\"Literatura\">Literatura<\/a>\n<\/span><span class=\"aioseo-breadcrumb-separator\">&raquo;<\/span><span class=\"aioseo-breadcrumb\">\n\t<a href=\"https:\/\/www.claret.cat\/categoria-producto\/cat\/2_humanitats\/literatura\/classica\/\" title=\"Cl\u00e0ssica\">Cl\u00e0ssica<\/a>\n<\/span><span class=\"aioseo-breadcrumb-separator\">&raquo;<\/span><span class=\"aioseo-breadcrumb\">\n\tHERMANOS GRIMM. EDICI\u00d3N ANOTADA\n<\/span><\/div>","aioseo_breadcrumb_json":[{"label":"Home","link":"https:\/\/www.claret.cat\/es\/"},{"label":"Botiga","link":"https:\/\/www.claret.cat\/?page_id=16"},{"label":"CAT","link":"https:\/\/www.claret.cat\/categoria-producto\/cat\/"},{"label":"Humanitats","link":"https:\/\/www.claret.cat\/categoria-producto\/cat\/2_humanitats\/"},{"label":"Literatura","link":"https:\/\/www.claret.cat\/categoria-producto\/cat\/2_humanitats\/literatura\/"},{"label":"Cl\u00e0ssica","link":"https:\/\/www.claret.cat\/categoria-producto\/cat\/2_humanitats\/literatura\/classica\/"},{"label":"HERMANOS GRIMM. EDICI\u00d3N ANOTADA","link":"https:\/\/www.claret.cat\/es\/libro\/hermanos-grimm-edicion-anotada-9788446049890\/"}],"_links":{"self":[{"href":"https:\/\/www.claret.cat\/es\/wp-json\/wp\/v2\/product\/104714","targetHints":{"allow":["GET"]}}],"collection":[{"href":"https:\/\/www.claret.cat\/es\/wp-json\/wp\/v2\/product"}],"about":[{"href":"https:\/\/www.claret.cat\/es\/wp-json\/wp\/v2\/types\/product"}],"wp:featuredmedia":[{"embeddable":true,"href":"https:\/\/www.claret.cat\/es\/wp-json\/wp\/v2\/media\/348746"}],"wp:attachment":[{"href":"https:\/\/www.claret.cat\/es\/wp-json\/wp\/v2\/media?parent=104714"}],"wp:term":[{"taxonomy":"product_brand","embeddable":true,"href":"https:\/\/www.claret.cat\/es\/wp-json\/wp\/v2\/product_brand?post=104714"},{"taxonomy":"product_cat","embeddable":true,"href":"https:\/\/www.claret.cat\/es\/wp-json\/wp\/v2\/product_cat?post=104714"},{"taxonomy":"product_tag","embeddable":true,"href":"https:\/\/www.claret.cat\/es\/wp-json\/wp\/v2\/product_tag?post=104714"}],"curies":[{"name":"wp","href":"https:\/\/api.w.org\/{rel}","templated":true}]}}