{"id":105059,"date":"2022-10-12T08:57:58","date_gmt":"2022-10-12T06:57:58","guid":{"rendered":"http:\/\/dev.claret.cat\/producte\/cartas-del-sobrino-a-su-diablo\/"},"modified":"2024-12-13T12:19:33","modified_gmt":"2024-12-13T11:19:33","slug":"cartas-del-sobrino-a-su-diablo-9788418162343","status":"publish","type":"product","link":"https:\/\/www.claret.cat\/es\/libro\/cartas-del-sobrino-a-su-diablo-9788418162343\/","title":{"rendered":"CARTAS DEL SOBRINO A SU DIABLO"},"content":{"rendered":"<p>En Cartas del sobrino a su diablo, homenaje expl\u00edcito y devoto a la magna obra de C.S. Lewis, Juan Manuel de Prada brinda a los lectores un muy mordaz y penetrante an\u00e1lisis de la Espa\u00f1a azotada por el coronavirus. Y lo hace, como el propio t\u00edtulo del libro sugiere, cediendo el protagonismo literario a Orugario, un demonio vanidoso y procaz al que se le ha encomendado la devastaci\u00f3n de nuestro pa\u00eds. En ep\u00edstolas dirigidas a su t\u00edo Escrutopo, Orugario detalla todos los ardides que ha ideado para infligir el mayor da\u00f1o posible a los espa\u00f1oles, anta\u00f1o tan apegados a los designios del Enemigo: el acre enfrentamiento entre el negociado de izquierdas y el de derechas, la degeneraci\u00f3n de las residencias de ancianos en h\u00f3rridos morideros, la idolatr\u00eda de la ciencia, los experimentos de la biopol\u00edtica, la imposici\u00f3n de las mascarillas en todo contexto y la destrucci\u00f3n de la econom\u00eda nacional para beneficio de una plutocracia de la que los gobernantes son serviles lacayos. Y todo ello mientras la fe de los hombres se apaga como una llama&#8230; \u00bfpara siempre? Tal vez el mal, despu\u00e9s de todo, no tenga la \u00faltima palabra.  \u00abEstas Cartas del sobrino a su diablo no pretenden ser una obra apolog\u00e9tica, sino una cr\u00f3nica muy punzantemente sat\u00edrica de la crisis \u2014pol\u00edtica, social, econ\u00f3mica, tambi\u00e9n religiosa\u2014 desatada (o tal vez s\u00f3lo desvelada) en Espa\u00f1a por la plaga coronav\u00edrica, con alusiones muy directas a la m\u00e1s estricta actualidad; crisis que, desde el primer instante, juzgu\u00e9 una ocasi\u00f3n pintipirada para que el mal se quitase la careta y se exhibiese en todo su acongojante esplendor\u00bb (Juan Manuel de Prada).<\/p>\n","protected":false},"excerpt":{"rendered":"<p>DE PRADA, JUAN MANUEL<\/p>\n","protected":false},"featured_media":984164,"template":"","meta":{"_acf_changed":false,"om_disable_all_campaigns":false,"rs_blank_template":"","rs_page_bg_color":"","slide_template_v7":"","inline_featured_image":false,"_monsterinsights_skip_tracking":false},"product_brand":[],"product_cat":[569,120],"product_tag":[],"class_list":["post-105059","product","type-product","status-publish","has-post-thumbnail","product_cat-politica-2_humanidades-spa","product_cat-politica","first","instock","taxable","shipping-taxable","purchasable","product-type-simple"],"acf":{"autor":"DE PRADA, JUAN MANUEL","codart":"841816234","libros-coleccion":"FORA DE COL.LECCI\u00d3","ediciones":"1","encuadernacion":"Carpeta","fecha_de_publicacion":"01\/09\/2020","novedad":"1","paginas":"153","subtitulo":"","orden":"0","portada":"0","idioma":"spa","editorial":[{"ID":147992,"post_author":"3","post_date":"2022-10-14 11:54:48","post_date_gmt":"2022-10-14 09:54:48","post_content":"","post_title":"Editorial Ivat SL","post_excerpt":"","post_status":"publish","comment_status":"closed","ping_status":"closed","post_password":"","post_name":"editorial-ivat-sl","to_ping":"","pinged":"","post_modified":"2022-10-14 11:54:48","post_modified_gmt":"2022-10-14 09:54:48","post_content_filtered":"","post_parent":0,"guid":"http:\/\/dev.claret.cat\/editorial\/editorial-ivat-sl\/","menu_order":0,"post_type":"editorial","post_mime_type":"","comment_count":"0","filter":"raw"}],"autores-libros":[{"ID":161104,"post_author":"3","post_date":"2022-10-14 17:15:32","post_date_gmt":"2022-10-14 15:15:32","post_content":"","post_title":"JUAN MANUEL DE PRADA","post_excerpt":"","post_status":"publish","comment_status":"closed","ping_status":"closed","post_password":"","post_name":"juan-manuel-de-prada","to_ping":"","pinged":"","post_modified":"2022-10-14 17:15:32","post_modified_gmt":"2022-10-14 15:15:32","post_content_filtered":"","post_parent":0,"guid":"http:\/\/dev.claret.cat\/autor\/juan-manuel-de-prada\/","menu_order":0,"post_type":"autor","post_mime_type":"","comment_count":"0","filter":"raw"}]},"aioseo_notices":[],"aioseo_head":"\n\t\t<!-- All in One SEO Pro 5.0.1.1 - aioseo.com -->\n\t<meta name=\"description\" content=\"CARTAS DEL SOBRINO A SU DIABLO de DE PRADA, JUAN MANUEL disponible a\/en Llibreria Claret.\" \/>\n\t<meta name=\"robots\" content=\"max-image-preview:large\" \/>\n\t<meta name=\"google-site-verification\" content=\"xVtlFxJ-TfkIu-D-lt7XeLobefg5EIQiXTuqcSf8Rf0\" \/>\n\t<link rel=\"canonical\" href=\"https:\/\/www.claret.cat\/es\/libro\/cartas-del-sobrino-a-su-diablo-9788418162343\/\" \/>\n\t<meta name=\"generator\" content=\"All in One SEO Pro (AIOSEO) 5.0.1.1\" \/>\n\t\t<meta property=\"og:locale\" content=\"es_ES\" \/>\n\t\t<meta property=\"og:site_name\" content=\"Llibreria Claret - Llibreria religiosa a Barcelona\" \/>\n\t\t<meta property=\"og:type\" content=\"article\" \/>\n\t\t<meta property=\"og:title\" content=\"CARTAS DEL SOBRINO A SU DIABLO - DE PRADA, JUAN MANUEL 9788418162343 | Llibreria Claret\" \/>\n\t\t<meta property=\"og:description\" content=\"CARTAS DEL SOBRINO A SU DIABLO de DE PRADA, JUAN MANUEL disponible a\/en Llibreria Claret.\" \/>\n\t\t<meta property=\"og:url\" content=\"https:\/\/www.claret.cat\/es\/libro\/cartas-del-sobrino-a-su-diablo-9788418162343\/\" \/>\n\t\t<meta property=\"og:image\" content=\"https:\/\/dev.claret.cat\/wp-content\/uploads\/logo-claret.svg\" \/>\n\t\t<meta property=\"og:image:secure_url\" content=\"https:\/\/dev.claret.cat\/wp-content\/uploads\/logo-claret.svg\" \/>\n\t\t<meta property=\"article:published_time\" content=\"2022-10-12T06:57:58+00:00\" \/>\n\t\t<meta property=\"article:modified_time\" content=\"2024-12-13T11:19:33+00:00\" \/>\n\t\t<meta property=\"article:publisher\" content=\"https:\/\/www.facebook.com\/LlibreriaClaret\" \/>\n\t\t<meta name=\"twitter:card\" content=\"summary_large_image\" \/>\n\t\t<meta name=\"twitter:site\" content=\"@LlibreriaClaret\" \/>\n\t\t<meta name=\"twitter:title\" content=\"CARTAS DEL SOBRINO A SU DIABLO - DE PRADA, JUAN MANUEL 9788418162343 | Llibreria Claret\" \/>\n\t\t<meta name=\"twitter:description\" content=\"CARTAS DEL SOBRINO A SU DIABLO de DE PRADA, JUAN MANUEL disponible a\/en Llibreria Claret.\" \/>\n\t\t<meta name=\"twitter:image\" content=\"http:\/\/dev.claret.cat\/wp-content\/uploads\/logo-claret.svg\" \/>\n\t\t<script type=\"application\/ld+json\" class=\"aioseo-schema\">\n\t\t\t{\"@context\":\"https:\\\/\\\/schema.org\",\"@graph\":[{\"@type\":\"BreadcrumbList\",\"@id\":\"https:\\\/\\\/www.claret.cat\\\/es\\\/libro\\\/cartas-del-sobrino-a-su-diablo-9788418162343\\\/#breadcrumblist\",\"itemListElement\":[{\"@type\":\"ListItem\",\"@id\":\"https:\\\/\\\/www.claret.cat\\\/es\\\/#listItem\",\"position\":1,\"name\":\"Home\",\"item\":\"https:\\\/\\\/www.claret.cat\\\/es\\\/\",\"nextItem\":{\"@type\":\"ListItem\",\"@id\":\"https:\\\/\\\/www.claret.cat\\\/?page_id=16#listItem\",\"name\":\"Botiga\"}},{\"@type\":\"ListItem\",\"@id\":\"https:\\\/\\\/www.claret.cat\\\/?page_id=16#listItem\",\"position\":2,\"name\":\"Botiga\",\"item\":\"https:\\\/\\\/www.claret.cat\\\/?page_id=16\",\"nextItem\":{\"@type\":\"ListItem\",\"@id\":\"https:\\\/\\\/www.claret.cat\\\/categoria-producto\\\/cat\\\/#listItem\",\"name\":\"CAT\"},\"previousItem\":{\"@type\":\"ListItem\",\"@id\":\"https:\\\/\\\/www.claret.cat\\\/es\\\/#listItem\",\"name\":\"Home\"}},{\"@type\":\"ListItem\",\"@id\":\"https:\\\/\\\/www.claret.cat\\\/categoria-producto\\\/cat\\\/#listItem\",\"position\":3,\"name\":\"CAT\",\"item\":\"https:\\\/\\\/www.claret.cat\\\/categoria-producto\\\/cat\\\/\",\"nextItem\":{\"@type\":\"ListItem\",\"@id\":\"https:\\\/\\\/www.claret.cat\\\/categoria-producto\\\/cat\\\/2_humanitats\\\/#listItem\",\"name\":\"Humanitats\"},\"previousItem\":{\"@type\":\"ListItem\",\"@id\":\"https:\\\/\\\/www.claret.cat\\\/?page_id=16#listItem\",\"name\":\"Botiga\"}},{\"@type\":\"ListItem\",\"@id\":\"https:\\\/\\\/www.claret.cat\\\/categoria-producto\\\/cat\\\/2_humanitats\\\/#listItem\",\"position\":4,\"name\":\"Humanitats\",\"item\":\"https:\\\/\\\/www.claret.cat\\\/categoria-producto\\\/cat\\\/2_humanitats\\\/\",\"nextItem\":{\"@type\":\"ListItem\",\"@id\":\"https:\\\/\\\/www.claret.cat\\\/categoria-producto\\\/cat\\\/2_humanitats\\\/politica\\\/#listItem\",\"name\":\"Pol\\u00edtica\"},\"previousItem\":{\"@type\":\"ListItem\",\"@id\":\"https:\\\/\\\/www.claret.cat\\\/categoria-producto\\\/cat\\\/#listItem\",\"name\":\"CAT\"}},{\"@type\":\"ListItem\",\"@id\":\"https:\\\/\\\/www.claret.cat\\\/categoria-producto\\\/cat\\\/2_humanitats\\\/politica\\\/#listItem\",\"position\":5,\"name\":\"Pol\\u00edtica\",\"item\":\"https:\\\/\\\/www.claret.cat\\\/categoria-producto\\\/cat\\\/2_humanitats\\\/politica\\\/\",\"nextItem\":{\"@type\":\"ListItem\",\"@id\":\"https:\\\/\\\/www.claret.cat\\\/es\\\/libro\\\/cartas-del-sobrino-a-su-diablo-9788418162343\\\/#listItem\",\"name\":\"CARTAS DEL SOBRINO A SU DIABLO\"},\"previousItem\":{\"@type\":\"ListItem\",\"@id\":\"https:\\\/\\\/www.claret.cat\\\/categoria-producto\\\/cat\\\/2_humanitats\\\/#listItem\",\"name\":\"Humanitats\"}},{\"@type\":\"ListItem\",\"@id\":\"https:\\\/\\\/www.claret.cat\\\/es\\\/libro\\\/cartas-del-sobrino-a-su-diablo-9788418162343\\\/#listItem\",\"position\":6,\"name\":\"CARTAS DEL SOBRINO A SU DIABLO\",\"previousItem\":{\"@type\":\"ListItem\",\"@id\":\"https:\\\/\\\/www.claret.cat\\\/categoria-producto\\\/cat\\\/2_humanitats\\\/politica\\\/#listItem\",\"name\":\"Pol\\u00edtica\"}}]},{\"@type\":\"ItemPage\",\"@id\":\"https:\\\/\\\/www.claret.cat\\\/es\\\/libro\\\/cartas-del-sobrino-a-su-diablo-9788418162343\\\/#itempage\",\"url\":\"https:\\\/\\\/www.claret.cat\\\/es\\\/libro\\\/cartas-del-sobrino-a-su-diablo-9788418162343\\\/\",\"name\":\"CARTAS DEL SOBRINO A SU DIABLO - DE PRADA, JUAN MANUEL 9788418162343 | Llibreria Claret\",\"description\":\"CARTAS DEL SOBRINO A SU DIABLO de DE PRADA, JUAN MANUEL disponible a\\\/en Llibreria Claret.\",\"inLanguage\":\"es-ES\",\"isPartOf\":{\"@id\":\"https:\\\/\\\/www.claret.cat\\\/es\\\/#website\"},\"breadcrumb\":{\"@id\":\"https:\\\/\\\/www.claret.cat\\\/es\\\/libro\\\/cartas-del-sobrino-a-su-diablo-9788418162343\\\/#breadcrumblist\"},\"image\":{\"@type\":\"ImageObject\",\"url\":\"https:\\\/\\\/www.claret.cat\\\/wp-content\\\/uploads\\\/.\\\/9788418162343-1.jpg\",\"@id\":\"https:\\\/\\\/www.claret.cat\\\/es\\\/libro\\\/cartas-del-sobrino-a-su-diablo-9788418162343\\\/#mainImage\",\"width\":250,\"height\":372,\"caption\":\"9788418162343.jpg\"},\"primaryImageOfPage\":{\"@id\":\"https:\\\/\\\/www.claret.cat\\\/es\\\/libro\\\/cartas-del-sobrino-a-su-diablo-9788418162343\\\/#mainImage\"},\"datePublished\":\"2022-10-12T08:57:58+02:00\",\"dateModified\":\"2024-12-13T12:19:33+01:00\"},{\"@type\":\"Organization\",\"@id\":\"https:\\\/\\\/www.claret.cat\\\/es\\\/#organization\",\"name\":\"Llibreria Claret\",\"description\":\"Llibreria religiosa a Barcelona\",\"url\":\"https:\\\/\\\/www.claret.cat\\\/es\\\/\",\"email\":\"comunicacio@claret.cat\",\"telephone\":\"+34933010887\",\"logo\":{\"@type\":\"ImageObject\",\"url\":\"https:\\\/\\\/www.claret.cat\\\/wp-content\\\/uploads\\\/.\\\/logo-claret-es.png\",\"@id\":\"https:\\\/\\\/www.claret.cat\\\/es\\\/libro\\\/cartas-del-sobrino-a-su-diablo-9788418162343\\\/#organizationLogo\",\"width\":195,\"height\":79},\"image\":{\"@id\":\"https:\\\/\\\/www.claret.cat\\\/es\\\/libro\\\/cartas-del-sobrino-a-su-diablo-9788418162343\\\/#organizationLogo\"},\"sameAs\":[\"https:\\\/\\\/www.facebook.com\\\/LlibreriaClaret\",\"https:\\\/\\\/twitter.com\\\/LlibreriaClaret\",\"https:\\\/\\\/www.instagram.com\\\/llibreriaclaret\\\/\",\"https:\\\/\\\/www.tiktok.com\\\/@llibreriaclaret\",\"https:\\\/\\\/www.youtube.com\\\/@llibreriaclaret\",\"https:\\\/\\\/ca.wikipedia.org\\\/wiki\\\/Editorial_Claret\"]},{\"@type\":\"WebPage\",\"@id\":\"https:\\\/\\\/www.claret.cat\\\/es\\\/libro\\\/cartas-del-sobrino-a-su-diablo-9788418162343\\\/#webpage\",\"url\":\"https:\\\/\\\/www.claret.cat\\\/es\\\/libro\\\/cartas-del-sobrino-a-su-diablo-9788418162343\\\/\",\"name\":\"CARTAS DEL SOBRINO A SU DIABLO - DE PRADA, JUAN MANUEL 9788418162343 | Llibreria Claret\",\"description\":\"CARTAS DEL SOBRINO A SU DIABLO de DE PRADA, JUAN MANUEL disponible a\\\/en Llibreria Claret.\",\"inLanguage\":\"es-ES\",\"isPartOf\":{\"@id\":\"https:\\\/\\\/www.claret.cat\\\/es\\\/#website\"},\"breadcrumb\":{\"@id\":\"https:\\\/\\\/www.claret.cat\\\/es\\\/libro\\\/cartas-del-sobrino-a-su-diablo-9788418162343\\\/#breadcrumblist\"},\"image\":{\"@type\":\"ImageObject\",\"url\":\"https:\\\/\\\/www.claret.cat\\\/wp-content\\\/uploads\\\/.\\\/9788418162343-1.jpg\",\"@id\":\"https:\\\/\\\/www.claret.cat\\\/es\\\/libro\\\/cartas-del-sobrino-a-su-diablo-9788418162343\\\/#mainImage\",\"width\":250,\"height\":372,\"caption\":\"9788418162343.jpg\"},\"primaryImageOfPage\":{\"@id\":\"https:\\\/\\\/www.claret.cat\\\/es\\\/libro\\\/cartas-del-sobrino-a-su-diablo-9788418162343\\\/#mainImage\"},\"datePublished\":\"2022-10-12T08:57:58+02:00\",\"dateModified\":\"2024-12-13T12:19:33+01:00\"},{\"@type\":\"WebSite\",\"@id\":\"https:\\\/\\\/www.claret.cat\\\/es\\\/#website\",\"url\":\"https:\\\/\\\/www.claret.cat\\\/es\\\/\",\"name\":\"Llibreria Claret Barcelona\",\"alternateName\":\"Llibreria Claret\",\"description\":\"Llibreria religiosa a Barcelona\",\"inLanguage\":\"es-ES\",\"publisher\":{\"@id\":\"https:\\\/\\\/www.claret.cat\\\/es\\\/#organization\"}}]}\n\t\t<\/script>\n\t\t<!-- All in One SEO Pro -->\r\n\t\t<title>CARTAS DEL SOBRINO A SU DIABLO - DE PRADA, JUAN MANUEL 9788418162343 | Llibreria Claret<\/title>\n\n","aioseo_head_json":{"title":"CARTAS DEL SOBRINO A SU DIABLO - DE PRADA, JUAN MANUEL 9788418162343 | Llibreria Claret","description":"CARTAS DEL SOBRINO A SU DIABLO de DE PRADA, JUAN MANUEL disponible a\/en Llibreria Claret.","canonical_url":"https:\/\/www.claret.cat\/es\/libro\/cartas-del-sobrino-a-su-diablo-9788418162343\/","robots":"max-image-preview:large","keywords":"","webmasterTools":{"google-site-verification":"xVtlFxJ-TfkIu-D-lt7XeLobefg5EIQiXTuqcSf8Rf0","miscellaneous":""},"schema":{"@context":"https:\/\/schema.org","@graph":[{"@type":"BreadcrumbList","@id":"https:\/\/www.claret.cat\/es\/libro\/cartas-del-sobrino-a-su-diablo-9788418162343\/#breadcrumblist","itemListElement":[{"@type":"ListItem","@id":"https:\/\/www.claret.cat\/es\/#listItem","position":1,"name":"Home","item":"https:\/\/www.claret.cat\/es\/","nextItem":{"@type":"ListItem","@id":"https:\/\/www.claret.cat\/?page_id=16#listItem","name":"Botiga"}},{"@type":"ListItem","@id":"https:\/\/www.claret.cat\/?page_id=16#listItem","position":2,"name":"Botiga","item":"https:\/\/www.claret.cat\/?page_id=16","nextItem":{"@type":"ListItem","@id":"https:\/\/www.claret.cat\/categoria-producto\/cat\/#listItem","name":"CAT"},"previousItem":{"@type":"ListItem","@id":"https:\/\/www.claret.cat\/es\/#listItem","name":"Home"}},{"@type":"ListItem","@id":"https:\/\/www.claret.cat\/categoria-producto\/cat\/#listItem","position":3,"name":"CAT","item":"https:\/\/www.claret.cat\/categoria-producto\/cat\/","nextItem":{"@type":"ListItem","@id":"https:\/\/www.claret.cat\/categoria-producto\/cat\/2_humanitats\/#listItem","name":"Humanitats"},"previousItem":{"@type":"ListItem","@id":"https:\/\/www.claret.cat\/?page_id=16#listItem","name":"Botiga"}},{"@type":"ListItem","@id":"https:\/\/www.claret.cat\/categoria-producto\/cat\/2_humanitats\/#listItem","position":4,"name":"Humanitats","item":"https:\/\/www.claret.cat\/categoria-producto\/cat\/2_humanitats\/","nextItem":{"@type":"ListItem","@id":"https:\/\/www.claret.cat\/categoria-producto\/cat\/2_humanitats\/politica\/#listItem","name":"Pol\u00edtica"},"previousItem":{"@type":"ListItem","@id":"https:\/\/www.claret.cat\/categoria-producto\/cat\/#listItem","name":"CAT"}},{"@type":"ListItem","@id":"https:\/\/www.claret.cat\/categoria-producto\/cat\/2_humanitats\/politica\/#listItem","position":5,"name":"Pol\u00edtica","item":"https:\/\/www.claret.cat\/categoria-producto\/cat\/2_humanitats\/politica\/","nextItem":{"@type":"ListItem","@id":"https:\/\/www.claret.cat\/es\/libro\/cartas-del-sobrino-a-su-diablo-9788418162343\/#listItem","name":"CARTAS DEL SOBRINO A SU DIABLO"},"previousItem":{"@type":"ListItem","@id":"https:\/\/www.claret.cat\/categoria-producto\/cat\/2_humanitats\/#listItem","name":"Humanitats"}},{"@type":"ListItem","@id":"https:\/\/www.claret.cat\/es\/libro\/cartas-del-sobrino-a-su-diablo-9788418162343\/#listItem","position":6,"name":"CARTAS DEL SOBRINO A SU DIABLO","previousItem":{"@type":"ListItem","@id":"https:\/\/www.claret.cat\/categoria-producto\/cat\/2_humanitats\/politica\/#listItem","name":"Pol\u00edtica"}}]},{"@type":"ItemPage","@id":"https:\/\/www.claret.cat\/es\/libro\/cartas-del-sobrino-a-su-diablo-9788418162343\/#itempage","url":"https:\/\/www.claret.cat\/es\/libro\/cartas-del-sobrino-a-su-diablo-9788418162343\/","name":"CARTAS DEL SOBRINO A SU DIABLO - DE PRADA, JUAN MANUEL 9788418162343 | Llibreria Claret","description":"CARTAS DEL SOBRINO A SU DIABLO de DE PRADA, JUAN MANUEL disponible a\/en Llibreria Claret.","inLanguage":"es-ES","isPartOf":{"@id":"https:\/\/www.claret.cat\/es\/#website"},"breadcrumb":{"@id":"https:\/\/www.claret.cat\/es\/libro\/cartas-del-sobrino-a-su-diablo-9788418162343\/#breadcrumblist"},"image":{"@type":"ImageObject","url":"https:\/\/www.claret.cat\/wp-content\/uploads\/.\/9788418162343-1.jpg","@id":"https:\/\/www.claret.cat\/es\/libro\/cartas-del-sobrino-a-su-diablo-9788418162343\/#mainImage","width":250,"height":372,"caption":"9788418162343.jpg"},"primaryImageOfPage":{"@id":"https:\/\/www.claret.cat\/es\/libro\/cartas-del-sobrino-a-su-diablo-9788418162343\/#mainImage"},"datePublished":"2022-10-12T08:57:58+02:00","dateModified":"2024-12-13T12:19:33+01:00"},{"@type":"Organization","@id":"https:\/\/www.claret.cat\/es\/#organization","name":"Llibreria Claret","description":"Llibreria religiosa a Barcelona","url":"https:\/\/www.claret.cat\/es\/","email":"comunicacio@claret.cat","telephone":"+34933010887","logo":{"@type":"ImageObject","url":"https:\/\/www.claret.cat\/wp-content\/uploads\/.\/logo-claret-es.png","@id":"https:\/\/www.claret.cat\/es\/libro\/cartas-del-sobrino-a-su-diablo-9788418162343\/#organizationLogo","width":195,"height":79},"image":{"@id":"https:\/\/www.claret.cat\/es\/libro\/cartas-del-sobrino-a-su-diablo-9788418162343\/#organizationLogo"},"sameAs":["https:\/\/www.facebook.com\/LlibreriaClaret","https:\/\/twitter.com\/LlibreriaClaret","https:\/\/www.instagram.com\/llibreriaclaret\/","https:\/\/www.tiktok.com\/@llibreriaclaret","https:\/\/www.youtube.com\/@llibreriaclaret","https:\/\/ca.wikipedia.org\/wiki\/Editorial_Claret"]},{"@type":"WebPage","@id":"https:\/\/www.claret.cat\/es\/libro\/cartas-del-sobrino-a-su-diablo-9788418162343\/#webpage","url":"https:\/\/www.claret.cat\/es\/libro\/cartas-del-sobrino-a-su-diablo-9788418162343\/","name":"CARTAS DEL SOBRINO A SU DIABLO - DE PRADA, JUAN MANUEL 9788418162343 | Llibreria Claret","description":"CARTAS DEL SOBRINO A SU DIABLO de DE PRADA, JUAN MANUEL disponible a\/en Llibreria Claret.","inLanguage":"es-ES","isPartOf":{"@id":"https:\/\/www.claret.cat\/es\/#website"},"breadcrumb":{"@id":"https:\/\/www.claret.cat\/es\/libro\/cartas-del-sobrino-a-su-diablo-9788418162343\/#breadcrumblist"},"image":{"@type":"ImageObject","url":"https:\/\/www.claret.cat\/wp-content\/uploads\/.\/9788418162343-1.jpg","@id":"https:\/\/www.claret.cat\/es\/libro\/cartas-del-sobrino-a-su-diablo-9788418162343\/#mainImage","width":250,"height":372,"caption":"9788418162343.jpg"},"primaryImageOfPage":{"@id":"https:\/\/www.claret.cat\/es\/libro\/cartas-del-sobrino-a-su-diablo-9788418162343\/#mainImage"},"datePublished":"2022-10-12T08:57:58+02:00","dateModified":"2024-12-13T12:19:33+01:00"},{"@type":"WebSite","@id":"https:\/\/www.claret.cat\/es\/#website","url":"https:\/\/www.claret.cat\/es\/","name":"Llibreria Claret Barcelona","alternateName":"Llibreria Claret","description":"Llibreria religiosa a Barcelona","inLanguage":"es-ES","publisher":{"@id":"https:\/\/www.claret.cat\/es\/#organization"}}]},"og:locale":"es_ES","og:site_name":"Llibreria Claret - Llibreria religiosa a Barcelona","og:type":"article","og:title":"CARTAS DEL SOBRINO A SU DIABLO - DE PRADA, JUAN MANUEL 9788418162343 | Llibreria Claret","og:description":"CARTAS DEL SOBRINO A SU DIABLO de DE PRADA, JUAN MANUEL disponible a\/en Llibreria Claret.","og:url":"https:\/\/www.claret.cat\/es\/libro\/cartas-del-sobrino-a-su-diablo-9788418162343\/","og:image":"https:\/\/dev.claret.cat\/wp-content\/uploads\/logo-claret.svg","og:image:secure_url":"https:\/\/dev.claret.cat\/wp-content\/uploads\/logo-claret.svg","article:published_time":"2022-10-12T06:57:58+00:00","article:modified_time":"2024-12-13T11:19:33+00:00","article:publisher":"https:\/\/www.facebook.com\/LlibreriaClaret","twitter:card":"summary_large_image","twitter:site":"@LlibreriaClaret","twitter:title":"CARTAS DEL SOBRINO A SU DIABLO - DE PRADA, JUAN MANUEL 9788418162343 | Llibreria Claret","twitter:description":"CARTAS DEL SOBRINO A SU DIABLO de DE PRADA, JUAN MANUEL disponible a\/en Llibreria Claret.","twitter:image":"http:\/\/dev.claret.cat\/wp-content\/uploads\/logo-claret.svg"},"aioseo_meta_data":{"post_id":"105059","title":null,"description":null,"keywords":null,"keyphrases":null,"primary_term":null,"canonical_url":null,"og_title":null,"og_description":null,"og_object_type":"default","og_image_type":"default","og_image_url":null,"og_image_width":null,"og_image_height":null,"og_image_custom_url":null,"og_image_custom_fields":null,"og_video":null,"og_custom_url":null,"og_article_section":null,"og_article_tags":null,"twitter_use_og":false,"twitter_card":"default","twitter_image_type":"default","twitter_image_url":null,"twitter_image_custom_url":null,"twitter_image_custom_fields":null,"twitter_title":null,"twitter_description":null,"schema":{"blockGraphs":[],"customGraphs":[],"default":{"data":{"Article":[],"Course":[],"Dataset":[],"FAQPage":[],"Movie":[],"Person":[],"Product":[],"ProductReview":[],"Car":[],"Recipe":[],"Service":[],"SoftwareApplication":[],"WebPage":[]},"graphName":"","isEnabled":true},"graphs":[]},"schema_type":"default","schema_type_options":null,"pillar_content":false,"robots_default":true,"robots_noindex":false,"robots_noarchive":false,"robots_nosnippet":false,"robots_nofollow":false,"robots_noimageindex":false,"robots_noodp":false,"robots_notranslate":false,"robots_max_snippet":null,"robots_max_videopreview":null,"robots_max_imagepreview":"large","priority":null,"frequency":null,"local_seo":null,"seo_analyzer_scan_date":"2025-11-28 05:45:02","breadcrumb_settings":null,"limit_modified_date":false,"open_ai":null,"ai":null,"created":"2022-12-19 11:28:17","updated":"2025-11-28 05:45:02","focus_keyword":null,"additional_keywords":null,"truseo_locale":null},"aioseo_breadcrumb":"<div class=\"aioseo-breadcrumbs\"><span class=\"aioseo-breadcrumb\">\n\t<a href=\"https:\/\/www.claret.cat\/es\/\" title=\"Home\">Home<\/a>\n<\/span><span class=\"aioseo-breadcrumb-separator\">&raquo;<\/span><span class=\"aioseo-breadcrumb\">\n\t<a href=\"https:\/\/www.claret.cat\/?page_id=16\" title=\"Botiga\">Botiga<\/a>\n<\/span><span class=\"aioseo-breadcrumb-separator\">&raquo;<\/span><span class=\"aioseo-breadcrumb\">\n\t<a href=\"https:\/\/www.claret.cat\/categoria-producto\/cat\/\" title=\"CAT\">CAT<\/a>\n<\/span><span class=\"aioseo-breadcrumb-separator\">&raquo;<\/span><span class=\"aioseo-breadcrumb\">\n\t<a href=\"https:\/\/www.claret.cat\/categoria-producto\/cat\/2_humanitats\/\" title=\"Humanitats\">Humanitats<\/a>\n<\/span><span class=\"aioseo-breadcrumb-separator\">&raquo;<\/span><span class=\"aioseo-breadcrumb\">\n\t<a href=\"https:\/\/www.claret.cat\/categoria-producto\/cat\/2_humanitats\/politica\/\" title=\"Pol\u00edtica\">Pol\u00edtica<\/a>\n<\/span><span class=\"aioseo-breadcrumb-separator\">&raquo;<\/span><span class=\"aioseo-breadcrumb\">\n\tCARTAS DEL SOBRINO A SU DIABLO\n<\/span><\/div>","aioseo_breadcrumb_json":[{"label":"Home","link":"https:\/\/www.claret.cat\/es\/"},{"label":"Botiga","link":"https:\/\/www.claret.cat\/?page_id=16"},{"label":"CAT","link":"https:\/\/www.claret.cat\/categoria-producto\/cat\/"},{"label":"Humanitats","link":"https:\/\/www.claret.cat\/categoria-producto\/cat\/2_humanitats\/"},{"label":"Pol\u00edtica","link":"https:\/\/www.claret.cat\/categoria-producto\/cat\/2_humanitats\/politica\/"},{"label":"CARTAS DEL SOBRINO A SU DIABLO","link":"https:\/\/www.claret.cat\/es\/libro\/cartas-del-sobrino-a-su-diablo-9788418162343\/"}],"_links":{"self":[{"href":"https:\/\/www.claret.cat\/es\/wp-json\/wp\/v2\/product\/105059","targetHints":{"allow":["GET"]}}],"collection":[{"href":"https:\/\/www.claret.cat\/es\/wp-json\/wp\/v2\/product"}],"about":[{"href":"https:\/\/www.claret.cat\/es\/wp-json\/wp\/v2\/types\/product"}],"wp:featuredmedia":[{"embeddable":true,"href":"https:\/\/www.claret.cat\/es\/wp-json\/wp\/v2\/media\/984164"}],"wp:attachment":[{"href":"https:\/\/www.claret.cat\/es\/wp-json\/wp\/v2\/media?parent=105059"}],"wp:term":[{"taxonomy":"product_brand","embeddable":true,"href":"https:\/\/www.claret.cat\/es\/wp-json\/wp\/v2\/product_brand?post=105059"},{"taxonomy":"product_cat","embeddable":true,"href":"https:\/\/www.claret.cat\/es\/wp-json\/wp\/v2\/product_cat?post=105059"},{"taxonomy":"product_tag","embeddable":true,"href":"https:\/\/www.claret.cat\/es\/wp-json\/wp\/v2\/product_tag?post=105059"}],"curies":[{"name":"wp","href":"https:\/\/api.w.org\/{rel}","templated":true}]}}