{"id":1055257,"date":"2025-09-25T16:20:07","date_gmt":"2025-09-25T14:20:07","guid":{"rendered":"https:\/\/www.claret.cat\/llibre\/150-anys-en-veu-de-dona-9791399057010\/"},"modified":"2025-09-25T17:20:38","modified_gmt":"2025-09-25T15:20:38","slug":"150-anys-en-veu-de-dona-9791399057010","status":"publish","type":"product","link":"https:\/\/www.claret.cat\/es\/libro\/150-anys-en-veu-de-dona-9791399057010\/","title":{"rendered":"150 ANYS EN VEU DE DONA"},"content":{"rendered":"<p>150 anys en veu de dona recull un centenar de retrats de dones referencials en el m\u00f3n de la m\u00fasica popular d\u2019arreu del m\u00f3n, sota la mirada singular de la prestigiosa il\u00b7lustradora Maria Picass\u00f3. Un llibre-objecte \u00fanic, en qu\u00e8 cada dibuix va acompanyat d\u2019un perfil de cadascuna de les artistes, obra de Jordi Novell, que glossa la seva import\u00e0ncia cultural. L\u2019\u00e0lbum de retrats inclou un recorregut al llarg de 150 anys de pres\u00e8ncia femenina a la m\u00fasica: de la Mistinguett fins a la Mushka.<\/p>\n<p>Una selecci\u00f3 que recull el m\u00e0xim de varietat generacional, de proced\u00e8ncies geogr\u00e0fiques, de lleng\u00fces i d\u2019estils musicals. Un mosaic de dones que \u00e9s el reflex de la societat que ens ha tocat viure. Un treball que t\u00e9 la voluntat de visibilitzar l\u2019aportaci\u00f3 d\u2019una s\u00e8rie de dones que han esdevingut referent en el m\u00f3n de la m\u00fasica, la cultura i la comunicaci\u00f3.<\/p>\n<p>Un llibre per a mirar, llegir i escoltar.<\/p>\n","protected":false},"excerpt":{"rendered":"<p>NOVELL DEMESTRES, JORDI \/ PICASS\u00d3 PIQUER, MARIA<\/p>\n","protected":false},"featured_media":1055258,"template":"","meta":{"_acf_changed":false,"om_disable_all_campaigns":false,"rs_blank_template":"","rs_page_bg_color":"","slide_template_v7":"","inline_featured_image":false,"_monsterinsights_skip_tracking":false,"_monsterinsights_sitenote_active":false,"_monsterinsights_sitenote_note":"","_monsterinsights_sitenote_category":0},"product_brand":[],"product_cat":[111,332,105,555],"product_tag":[],"class_list":{"0":"post-1055257","1":"product","2":"type-product","3":"status-publish","4":"has-post-thumbnail","6":"product_cat-musica","7":"product_cat-musica-4_escolar-spa","8":"product_cat-regal","9":"product_cat-regalo","11":"first","12":"instock","13":"taxable","14":"shipping-taxable","15":"purchasable","16":"product-type-simple"},"acf":{"autor":"NOVELL DEMESTRES, JORDI \/ PICASS\u00d3 PIQUER, MARIA","codart":"139905701","libros-coleccion":"","ediciones":"1","encuadernacion":"R\u00fastica","fecha_de_publicacion":"01\/09\/2025","novedad":"1","paginas":"224","subtitulo":"","orden":"0","portada":"0","idioma":"cat","booktrailer":"","resenas":"","editorial":[{"ID":990328,"post_author":"3","post_date":"2024-11-06 19:30:01","post_date_gmt":"2024-11-06 18:30:01","post_content":"","post_title":"ENDERROCK LLIBRES","post_excerpt":"","post_status":"publish","comment_status":"closed","ping_status":"closed","post_password":"","post_name":"enderrock-llibres","to_ping":"","pinged":"","post_modified":"2024-11-06 19:30:01","post_modified_gmt":"2024-11-06 18:30:01","post_content_filtered":"","post_parent":0,"guid":"https:\/\/www.claret.cat\/editorial\/enderrock-llibres\/","menu_order":0,"post_type":"editorial","post_mime_type":"","comment_count":"0","filter":"raw"}]},"aioseo_notices":[],"_links":{"self":[{"href":"https:\/\/www.claret.cat\/es\/wp-json\/wp\/v2\/product\/1055257","targetHints":{"allow":["GET"]}}],"collection":[{"href":"https:\/\/www.claret.cat\/es\/wp-json\/wp\/v2\/product"}],"about":[{"href":"https:\/\/www.claret.cat\/es\/wp-json\/wp\/v2\/types\/product"}],"wp:featuredmedia":[{"embeddable":true,"href":"https:\/\/www.claret.cat\/es\/wp-json\/wp\/v2\/media\/1055258"}],"wp:attachment":[{"href":"https:\/\/www.claret.cat\/es\/wp-json\/wp\/v2\/media?parent=1055257"}],"wp:term":[{"taxonomy":"product_brand","embeddable":true,"href":"https:\/\/www.claret.cat\/es\/wp-json\/wp\/v2\/product_brand?post=1055257"},{"taxonomy":"product_cat","embeddable":true,"href":"https:\/\/www.claret.cat\/es\/wp-json\/wp\/v2\/product_cat?post=1055257"},{"taxonomy":"product_tag","embeddable":true,"href":"https:\/\/www.claret.cat\/es\/wp-json\/wp\/v2\/product_tag?post=1055257"}],"curies":[{"name":"wp","href":"https:\/\/api.w.org\/{rel}","templated":true}]}}