{"id":1056057,"date":"2025-09-29T13:40:21","date_gmt":"2025-09-29T11:40:21","guid":{"rendered":"https:\/\/www.claret.cat\/llibre\/me-llamo-goa-8-welcome-goa-9791387695170\/"},"modified":"2026-04-07T12:27:06","modified_gmt":"2026-04-07T10:27:06","slug":"me-llamo-goa-8-welcome-goa-9791387695170","status":"publish","type":"product","link":"https:\/\/www.claret.cat\/es\/libro\/me-llamo-goa-8-welcome-goa-9791387695170\/","title":{"rendered":"ME LLAMO GOA 8 &#8211; WELCOME, GOA"},"content":{"rendered":"<p>\u00a1Llega la octava entrega de \u00abMe llamo Goa\u00bb, la serie juvenil que ha cautivado a m\u00e1s de 200.000 lectores y lectoras j\u00f3venes! \u00a1Por fin nos vamos a Inglaterra! Qu\u00e9 ganas de conocer a Lindsey, pero es la primera vez que voy en avi\u00f3n y \u00a1me muero de miedo! Adem\u00e1s, Bruno no ha podido venir y yo, aunque sigo pensando en Klaus, estoy hecha un l\u00edo porque con Leo todo es tan f\u00e1cil&#8230; Help! Suerte que tengo a Ana, que por cierto est\u00e1 muy contenta porque ella y Laura vuelven a hablar. \u00a1Este viaje ser\u00e1 TOP! Goa empieza el viaje a un nuevo pa\u00eds con sus compa\u00f1eros, y si ya era dif\u00edcil tener 13 a\u00f1os en casa, \u00a1fuera todav\u00eda se siente m\u00e1s perdida! \u00a1Y es que vivir en otro pa\u00eds lejos de su familia es todo un reto! Pero eso no impide que \u00a1se lo pase bomba! Las nuevas aventuras y nuevos amores permiten descubrirnos todav\u00eda m\u00e1s\u2026 y Goa est\u00e1 preparada para ello. Una nueva entrega de la serie juvenil de M\u00edriam Tirado, autora de \u00e9xitos como El hilo invisible, Sensibles e Infinito. Ida y vuelta, donde explora la adolescencia con el humor y la sensibilidad que la caracterizan.<\/p>\n","protected":false},"excerpt":{"rendered":"<p>TIRADO, M\u00cdRIAM<\/p>\n","protected":false},"featured_media":1079346,"template":"","meta":{"_acf_changed":false,"om_disable_all_campaigns":false,"rs_blank_template":"","rs_page_bg_color":"","slide_template_v7":"","inline_featured_image":false,"_monsterinsights_skip_tracking":false,"_monsterinsights_sitenote_active":false,"_monsterinsights_sitenote_note":"","_monsterinsights_sitenote_category":0},"product_brand":[],"product_cat":[132,362],"product_tag":[],"class_list":{"0":"post-1056057","1":"product","2":"type-product","3":"status-publish","4":"has-post-thumbnail","6":"product_cat-lectures-per-preadolescents-6-12-anys","7":"product_cat-libros-preadolescentes-6-12-anos","9":"first","10":"instock","11":"taxable","12":"shipping-taxable","13":"purchasable","14":"product-type-simple"},"acf":{"autor":"TIRADO, M\u00cdRIAM","codart":"138769517","libros-coleccion":"FORA DE COL.LECCI\u00d3","ediciones":"1","encuadernacion":"Carton\u00e9","fecha_de_publicacion":"01\/10\/2025","novedad":"1","paginas":"229","subtitulo":"\u00a1NO ENTIENDO NADA!","orden":"0","portada":"0","idioma":"spa","booktrailer":"","resenas":"","editorial":[{"ID":294535,"post_author":"3","post_date":"2022-12-12 12:50:10","post_date_gmt":"2022-12-12 11:50:10","post_content":"","post_title":"B de Blok","post_excerpt":"","post_status":"publish","comment_status":"closed","ping_status":"closed","post_password":"","post_name":"b-de-blok","to_ping":"","pinged":"","post_modified":"2022-12-12 12:50:10","post_modified_gmt":"2022-12-12 11:50:10","post_content_filtered":"","post_parent":0,"guid":"http:\/\/dev.claret.cat\/editorial\/b-de-blok\/","menu_order":0,"post_type":"editorial","post_mime_type":"","comment_count":"0","filter":"raw"}]},"aioseo_notices":[],"_links":{"self":[{"href":"https:\/\/www.claret.cat\/es\/wp-json\/wp\/v2\/product\/1056057","targetHints":{"allow":["GET"]}}],"collection":[{"href":"https:\/\/www.claret.cat\/es\/wp-json\/wp\/v2\/product"}],"about":[{"href":"https:\/\/www.claret.cat\/es\/wp-json\/wp\/v2\/types\/product"}],"wp:featuredmedia":[{"embeddable":true,"href":"https:\/\/www.claret.cat\/es\/wp-json\/wp\/v2\/media\/1079346"}],"wp:attachment":[{"href":"https:\/\/www.claret.cat\/es\/wp-json\/wp\/v2\/media?parent=1056057"}],"wp:term":[{"taxonomy":"product_brand","embeddable":true,"href":"https:\/\/www.claret.cat\/es\/wp-json\/wp\/v2\/product_brand?post=1056057"},{"taxonomy":"product_cat","embeddable":true,"href":"https:\/\/www.claret.cat\/es\/wp-json\/wp\/v2\/product_cat?post=1056057"},{"taxonomy":"product_tag","embeddable":true,"href":"https:\/\/www.claret.cat\/es\/wp-json\/wp\/v2\/product_tag?post=1056057"}],"curies":[{"name":"wp","href":"https:\/\/api.w.org\/{rel}","templated":true}]}}