{"id":1057242,"date":"2025-10-06T13:40:02","date_gmt":"2025-10-06T11:40:02","guid":{"rendered":"https:\/\/www.claret.cat\/llibre\/cadaver-exquisito-mapa-de-las-lenguas-9788420433424\/"},"modified":"2026-04-07T12:35:24","modified_gmt":"2026-04-07T10:35:24","slug":"cadaver-exquisito-mapa-de-las-lenguas-9788420433424","status":"publish","type":"product","link":"https:\/\/www.claret.cat\/es\/libro\/cadaver-exquisito-mapa-de-las-lenguas-9788420433424\/","title":{"rendered":"CAD\u00c1VER EXQUISITO (MAPA DE LAS LENGUAS)"},"content":{"rendered":"<p>Un fen\u00f3meno literario con m\u00e1s de un mill\u00f3n de lectores y traducido a m\u00e1s de 30 idiomas  PREMIO CLAR\u00cdN DE NOVELA  \u00abEl lector queda atrapado desde las primeras l\u00edneas como si fuera uno de sus personajes.\u00bb Juan Jos\u00e9 Mill\u00e1s  \u00abManeja con maestr\u00eda un cuchillo de doble filo.\u00bb The Guardian El Premio Clar\u00edn 2017 fue otorgado a esta novela mayor, una s\u00f3lida y escalofriante pesadilla futurista en la que el canibalismo es legitimado en gran parte del mundo a causa de un virus que afecta a los animales y resulta mortal para los seres humanos. \u00bfQu\u00e9 resto de humanismo puede caber cuando los cuerpos de los muertos son cremados para evitar su consumo? \u00bfEn qu\u00e9 lugar queda el v\u00ednculo con el otro si, de verdad, somos lo que comemos? En esta despiadada distop\u00eda -tan brutal como sutil, tan aleg\u00f3rica como realista-, Agustina Bazterrica inspira, con el poder explosivo de la ficci\u00f3n, sensaciones y debates de suma actualidad. La cr\u00edtica ha dicho&#8230; \u00abNovela mayor, cuya acci\u00f3n transcurre en el interior de una atm\u00f3fera densa e hipn\u00f3tica en la que el lector queda atrapado desde las primeras l\u00edneas como si fuera uno de sus personajes.\u00bb<br \/>Juan Jos\u00e9 Mill\u00e1s \u00abUna s\u00f3lida y escalofriante novela futurista con un inesperado final de cuento. Una alegor\u00eda sobre la sociedad can\u00edbal en la que vivimos; un trama sorprendente y bien dosificada, escrita con una prosa afilada como un cuchillo.\u00bb<br \/>Jorge Fern\u00e1ndez D\u00edaz \u00abCon un lenguaje directo y despojado, Cad\u00e1ver Exquisito incursiona en los mecanismos siniestros de una sociedad dist\u00f3pica y can\u00edbal. Las im\u00e1genes, tanto repulsivas como fascinantes, se suceden una tras otra y recuerdan por momentos a los cuadros violentos de Francis Bacon y de Carlos Alonso. La novela rodea al lector con una sensaci\u00f3n de amenaza al volver visibles algunas pr\u00e1cticas oscuras y normalizadas de la vida cotidiana actual.\u00bb<br \/>Pedro MairalRese\u00f1a:<br \/>\u00abDesde las primeras palabras de la segunda novela de la novelista argentina Agustina Bazterrica, Cad\u00e1ver exquisito, el lector ya es el ganado de la fila, tambale\u00e1ndose, primordialmente consciente de que este libro es una carnicer\u00eda, y nada de lo que suceda a continuaci\u00f3n va a ser bonito\u00bb.<br \/>New York Times Book Review \u00abCon un arte perfectamente calibrado con la iron\u00eda, [ella] presenta un asombrosoretrato de una humanidad dispuesta a hacer cualquier cosa para satisfacerse, incluso a expensas de s\u00ed misma\u00bb.<br \/>Le Monde \u00abUna expresi\u00f3n mordaz y sin concesiones de lo que ocurre a diario en nuestra sociedad\u00bb.<br \/>La Naci\u00f3n \u00abCon un lenguaje directo y despojado, Cad\u00e1ver exquisito incursiona en los mecanismos siniestros de una sociedad dist\u00f3pica y can\u00edbal. Las im\u00e1genes, tanto repulsivas como fascinantes, recuerdan por momentos a los cuadros violentos de Francis Bacon. La novela rodea al lector con una sensaci\u00f3n de amenaza al volver visibles algunas pr\u00e1cticas oscuras y normalizadas de la vida actual\u00bb.<br \/>Pedro Mairal \u00abEscrita con lenguaje minimalista, de alta precisi\u00f3n, Cad\u00e1ver exquisito es una f\u00e1bula impactante sobre la crueldad entre los seres humanos, aunque no desprovista de poes\u00eda\u00bb.<br \/>Clar\u00edn \u00abPunzante historia can\u00edbal. [&#8230;] Hay una verbalizaci\u00f3n incisiva e impiadosa de lo que sucede en la sociedad [&#8230;]. No hay eufemismos en Cad\u00e1ver exquisito\u00bb.<br \/>M\u00aa Jos\u00e9 R. Murguiondo, La Naci\u00f3n \u00abBazterrica delinea un lenguaje d\u00factil, universal; capaz de condensar el terror, el drama, la empat\u00eda y la desesperanza\u00bb.<br \/>Marvel Aguilera, Revista Kunst<\/p>\n","protected":false},"excerpt":{"rendered":"<p>BAZTERRICA, AGUSTINA<\/p>\n","protected":false},"featured_media":1071265,"template":"","meta":{"_acf_changed":false,"om_disable_all_campaigns":false,"rs_blank_template":"","rs_page_bg_color":"","slide_template_v7":"","inline_featured_image":false,"_monsterinsights_skip_tracking":false,"_monsterinsights_sitenote_active":false,"_monsterinsights_sitenote_note":"","_monsterinsights_sitenote_category":0},"product_brand":[],"product_cat":[127,357],"product_tag":[],"class_list":{"0":"post-1057242","1":"product","2":"type-product","3":"status-publish","4":"has-post-thumbnail","6":"product_cat-novella-contemporania","7":"product_cat-novela-contemporanea","9":"first","10":"instock","11":"taxable","12":"shipping-taxable","13":"purchasable","14":"product-type-simple"},"acf":{"autor":"BAZTERRICA, AGUSTINA","codart":"842043342","libros-coleccion":"","ediciones":"1","encuadernacion":"R\u00fastica","fecha_de_publicacion":"01\/04\/2018","novedad":"1","paginas":"256","subtitulo":"","orden":"0","portada":"0","idioma":"spa","booktrailer":"","resenas":"","editorial":[{"ID":6118,"post_author":"3","post_date":"2022-07-28 17:45:17","post_date_gmt":"2022-07-28 15:45:17","post_content":"","post_title":"ALFAGUARA","post_excerpt":"","post_status":"publish","comment_status":"closed","ping_status":"closed","post_password":"","post_name":"alfaguara","to_ping":"","pinged":"","post_modified":"2022-07-28 17:45:17","post_modified_gmt":"2022-07-28 15:45:17","post_content_filtered":"","post_parent":0,"guid":"http:\/\/dev.claret.cat\/editorial\/alfaguara\/","menu_order":0,"post_type":"editorial","post_mime_type":"","comment_count":"0","filter":"raw"}]},"aioseo_notices":[],"_links":{"self":[{"href":"https:\/\/www.claret.cat\/es\/wp-json\/wp\/v2\/product\/1057242","targetHints":{"allow":["GET"]}}],"collection":[{"href":"https:\/\/www.claret.cat\/es\/wp-json\/wp\/v2\/product"}],"about":[{"href":"https:\/\/www.claret.cat\/es\/wp-json\/wp\/v2\/types\/product"}],"wp:featuredmedia":[{"embeddable":true,"href":"https:\/\/www.claret.cat\/es\/wp-json\/wp\/v2\/media\/1071265"}],"wp:attachment":[{"href":"https:\/\/www.claret.cat\/es\/wp-json\/wp\/v2\/media?parent=1057242"}],"wp:term":[{"taxonomy":"product_brand","embeddable":true,"href":"https:\/\/www.claret.cat\/es\/wp-json\/wp\/v2\/product_brand?post=1057242"},{"taxonomy":"product_cat","embeddable":true,"href":"https:\/\/www.claret.cat\/es\/wp-json\/wp\/v2\/product_cat?post=1057242"},{"taxonomy":"product_tag","embeddable":true,"href":"https:\/\/www.claret.cat\/es\/wp-json\/wp\/v2\/product_tag?post=1057242"}],"curies":[{"name":"wp","href":"https:\/\/api.w.org\/{rel}","templated":true}]}}