{"id":105801,"date":"2022-10-12T09:08:30","date_gmt":"2022-10-12T07:08:30","guid":{"rendered":"http:\/\/dev.claret.cat\/producte\/la-naturaleza-como-totalidad\/"},"modified":"2023-01-28T18:23:45","modified_gmt":"2023-01-28T17:23:45","slug":"la-naturaleza-como-totalidad-9788412074390","status":"publish","type":"product","link":"https:\/\/www.claret.cat\/es\/libro\/la-naturaleza-como-totalidad-9788412074390\/","title":{"rendered":"LA NATURALEZA COMO TOTALIDAD"},"content":{"rendered":"<p>Cuando en los a\u00f1os sesenta David Bohm le mostr\u00f3 el problema de la totalidad en la teor\u00eda cu\u00e1ntica, Henri Bortoft encontr\u00f3 su origen nada menos que en la obra cient\u00edfica de un celebrado poeta y dramaturgo que vivi\u00f3 a caballo de los siglos xviii y xix: J. W. Goethe. Sin embargo, cuando \u00e9ste present\u00f3 sus teor\u00edas sobre el color tras veinte laboriosos a\u00f1os de trabajo, la comunidad cient\u00edfica reaccion\u00f3 con desd\u00e9n. El tiempo ha acabado dando la raz\u00f3n a las intuiciones goethianas, mientras que las teor\u00edas cient\u00edficas de su \u00e9poca se ven hoy como pintorescas reliquias del pasado.<br \/> Con sutil penetraci\u00f3n y gran claridad expositiva, Bortoft nos va introduciendo a trav\u00e9s<br \/> de la fenomenolog\u00eda hermen\u00e9utica de Goethe en las complejidades de la ciencia actual, a la vez que nos inicia en una ciencia de la naturaleza que no contradice sino que complementa a la corriente cient\u00edfica establecida. Ambas pueden ser ciertas, no porque la verdad sea relativa, sino porque revelan dos formas de ver diferentes. Mientras que la ciencia imperante nos descubre el orden causal de la naturaleza, el enfoque inaugurado por Goethe pone de manifiesto la totalidad en el fen\u00f3meno mediante una nueva consciencia hol\u00edstica, cada vez m\u00e1s necesaria.<\/p>\n","protected":false},"excerpt":{"rendered":"<p>BORTOFT, HENRI<\/p>\n","protected":false},"featured_media":105802,"template":"","meta":{"_acf_changed":false,"om_disable_all_campaigns":false,"rs_blank_template":"","rs_page_bg_color":"","slide_template_v7":"","inline_featured_image":false,"_monsterinsights_skip_tracking":false},"product_brand":[],"product_cat":[104],"product_tag":[],"class_list":["post-105801","product","type-product","status-publish","has-post-thumbnail","product_cat-ciencia","first","instock","taxable","shipping-taxable","purchasable","product-type-simple"],"acf":{"editorial":[{"ID":6199,"post_author":"3","post_date":"2022-07-28 17:46:59","post_date_gmt":"2022-07-28 15:46:59","post_content":"","post_title":"EDICIONES ATALANTA","post_excerpt":"","post_status":"publish","comment_status":"closed","ping_status":"closed","post_password":"","post_name":"ediciones-atalanta","to_ping":"","pinged":"","post_modified":"2022-07-28 17:46:59","post_modified_gmt":"2022-07-28 15:46:59","post_content_filtered":"","post_parent":0,"guid":"http:\/\/dev.claret.cat\/editorial\/ediciones-atalanta\/","menu_order":0,"post_type":"editorial","post_mime_type":"","comment_count":"0","filter":"raw"}],"autores-libros":[{"ID":157508,"post_author":"3","post_date":"2022-10-14 15:29:23","post_date_gmt":"2022-10-14 13:29:23","post_content":"","post_title":"HENRI BORTOFT","post_excerpt":"","post_status":"publish","comment_status":"closed","ping_status":"closed","post_password":"","post_name":"henri-bortoft","to_ping":"","pinged":"","post_modified":"2022-10-14 15:29:23","post_modified_gmt":"2022-10-14 13:29:23","post_content_filtered":"","post_parent":0,"guid":"http:\/\/dev.claret.cat\/autor\/henri-bortoft\/","menu_order":0,"post_type":"autor","post_mime_type":"","comment_count":"0","filter":"raw"}],"autor":"BORTOFT, HENRI","codart":"841207439","libros-coleccion":"FORA DE COL.LECCI\u00d3","ediciones":"1","encuadernacion":"Carton\u00e9","fecha_de_publicacion":"01\/07\/2020","novedad":"1","paginas":"544","subtitulo":"LA VISI\u00d3N CIENT\u00cdFICA DE GOETHE","orden":"0","portada":"0","idioma":"spa"},"aioseo_notices":[],"aioseo_head":"\n\t\t<!-- All in One SEO Pro 5.0.1.1 - aioseo.com -->\n\t<meta name=\"description\" content=\"LA NATURALEZA COMO TOTALIDAD de BORTOFT, HENRI disponible a\/en Llibreria Claret.\" \/>\n\t<meta name=\"robots\" content=\"max-image-preview:large\" \/>\n\t<meta name=\"google-site-verification\" content=\"xVtlFxJ-TfkIu-D-lt7XeLobefg5EIQiXTuqcSf8Rf0\" \/>\n\t<link rel=\"canonical\" href=\"https:\/\/www.claret.cat\/es\/libro\/la-naturaleza-como-totalidad-9788412074390\/\" \/>\n\t<meta name=\"generator\" content=\"All in One SEO Pro (AIOSEO) 5.0.1.1\" \/>\n\t\t<meta property=\"og:locale\" content=\"es_ES\" \/>\n\t\t<meta property=\"og:site_name\" content=\"Llibreria Claret - Llibreria religiosa a Barcelona\" \/>\n\t\t<meta property=\"og:type\" content=\"article\" \/>\n\t\t<meta property=\"og:title\" content=\"LA NATURALEZA COMO TOTALIDAD - BORTOFT, HENRI 9788412074390 | Llibreria Claret\" \/>\n\t\t<meta property=\"og:description\" content=\"LA NATURALEZA COMO TOTALIDAD de BORTOFT, HENRI disponible a\/en Llibreria Claret.\" \/>\n\t\t<meta property=\"og:url\" content=\"https:\/\/www.claret.cat\/es\/libro\/la-naturaleza-como-totalidad-9788412074390\/\" \/>\n\t\t<meta property=\"og:image\" content=\"https:\/\/dev.claret.cat\/wp-content\/uploads\/logo-claret.svg\" \/>\n\t\t<meta property=\"og:image:secure_url\" content=\"https:\/\/dev.claret.cat\/wp-content\/uploads\/logo-claret.svg\" \/>\n\t\t<meta property=\"article:published_time\" content=\"2022-10-12T07:08:30+00:00\" \/>\n\t\t<meta property=\"article:modified_time\" content=\"2023-01-28T17:23:45+00:00\" \/>\n\t\t<meta property=\"article:publisher\" content=\"https:\/\/www.facebook.com\/LlibreriaClaret\" \/>\n\t\t<meta name=\"twitter:card\" content=\"summary_large_image\" \/>\n\t\t<meta name=\"twitter:site\" content=\"@LlibreriaClaret\" \/>\n\t\t<meta name=\"twitter:title\" content=\"LA NATURALEZA COMO TOTALIDAD - BORTOFT, HENRI 9788412074390 | Llibreria Claret\" \/>\n\t\t<meta name=\"twitter:description\" content=\"LA NATURALEZA COMO TOTALIDAD de BORTOFT, HENRI disponible a\/en Llibreria Claret.\" \/>\n\t\t<meta name=\"twitter:image\" content=\"http:\/\/dev.claret.cat\/wp-content\/uploads\/logo-claret.svg\" \/>\n\t\t<script type=\"application\/ld+json\" class=\"aioseo-schema\">\n\t\t\t{\"@context\":\"https:\\\/\\\/schema.org\",\"@graph\":[{\"@type\":\"BreadcrumbList\",\"@id\":\"https:\\\/\\\/www.claret.cat\\\/es\\\/libro\\\/la-naturaleza-como-totalidad-9788412074390\\\/#breadcrumblist\",\"itemListElement\":[{\"@type\":\"ListItem\",\"@id\":\"https:\\\/\\\/www.claret.cat\\\/es\\\/#listItem\",\"position\":1,\"name\":\"Home\",\"item\":\"https:\\\/\\\/www.claret.cat\\\/es\\\/\",\"nextItem\":{\"@type\":\"ListItem\",\"@id\":\"https:\\\/\\\/www.claret.cat\\\/?page_id=16#listItem\",\"name\":\"Botiga\"}},{\"@type\":\"ListItem\",\"@id\":\"https:\\\/\\\/www.claret.cat\\\/?page_id=16#listItem\",\"position\":2,\"name\":\"Botiga\",\"item\":\"https:\\\/\\\/www.claret.cat\\\/?page_id=16\",\"nextItem\":{\"@type\":\"ListItem\",\"@id\":\"https:\\\/\\\/www.claret.cat\\\/categoria-producto\\\/cat\\\/#listItem\",\"name\":\"CAT\"},\"previousItem\":{\"@type\":\"ListItem\",\"@id\":\"https:\\\/\\\/www.claret.cat\\\/es\\\/#listItem\",\"name\":\"Home\"}},{\"@type\":\"ListItem\",\"@id\":\"https:\\\/\\\/www.claret.cat\\\/categoria-producto\\\/cat\\\/#listItem\",\"position\":3,\"name\":\"CAT\",\"item\":\"https:\\\/\\\/www.claret.cat\\\/categoria-producto\\\/cat\\\/\",\"nextItem\":{\"@type\":\"ListItem\",\"@id\":\"https:\\\/\\\/www.claret.cat\\\/categoria-producto\\\/cat\\\/5_altres\\\/#listItem\",\"name\":\"Altres\"},\"previousItem\":{\"@type\":\"ListItem\",\"@id\":\"https:\\\/\\\/www.claret.cat\\\/?page_id=16#listItem\",\"name\":\"Botiga\"}},{\"@type\":\"ListItem\",\"@id\":\"https:\\\/\\\/www.claret.cat\\\/categoria-producto\\\/cat\\\/5_altres\\\/#listItem\",\"position\":4,\"name\":\"Altres\",\"item\":\"https:\\\/\\\/www.claret.cat\\\/categoria-producto\\\/cat\\\/5_altres\\\/\",\"nextItem\":{\"@type\":\"ListItem\",\"@id\":\"https:\\\/\\\/www.claret.cat\\\/categoria-producto\\\/cat\\\/5_altres\\\/ciencia\\\/#listItem\",\"name\":\"Ci\\u00e8ncia\"},\"previousItem\":{\"@type\":\"ListItem\",\"@id\":\"https:\\\/\\\/www.claret.cat\\\/categoria-producto\\\/cat\\\/#listItem\",\"name\":\"CAT\"}},{\"@type\":\"ListItem\",\"@id\":\"https:\\\/\\\/www.claret.cat\\\/categoria-producto\\\/cat\\\/5_altres\\\/ciencia\\\/#listItem\",\"position\":5,\"name\":\"Ci\\u00e8ncia\",\"item\":\"https:\\\/\\\/www.claret.cat\\\/categoria-producto\\\/cat\\\/5_altres\\\/ciencia\\\/\",\"nextItem\":{\"@type\":\"ListItem\",\"@id\":\"https:\\\/\\\/www.claret.cat\\\/es\\\/libro\\\/la-naturaleza-como-totalidad-9788412074390\\\/#listItem\",\"name\":\"LA NATURALEZA COMO TOTALIDAD\"},\"previousItem\":{\"@type\":\"ListItem\",\"@id\":\"https:\\\/\\\/www.claret.cat\\\/categoria-producto\\\/cat\\\/5_altres\\\/#listItem\",\"name\":\"Altres\"}},{\"@type\":\"ListItem\",\"@id\":\"https:\\\/\\\/www.claret.cat\\\/es\\\/libro\\\/la-naturaleza-como-totalidad-9788412074390\\\/#listItem\",\"position\":6,\"name\":\"LA NATURALEZA COMO TOTALIDAD\",\"previousItem\":{\"@type\":\"ListItem\",\"@id\":\"https:\\\/\\\/www.claret.cat\\\/categoria-producto\\\/cat\\\/5_altres\\\/ciencia\\\/#listItem\",\"name\":\"Ci\\u00e8ncia\"}}]},{\"@type\":\"ItemPage\",\"@id\":\"https:\\\/\\\/www.claret.cat\\\/es\\\/libro\\\/la-naturaleza-como-totalidad-9788412074390\\\/#itempage\",\"url\":\"https:\\\/\\\/www.claret.cat\\\/es\\\/libro\\\/la-naturaleza-como-totalidad-9788412074390\\\/\",\"name\":\"LA NATURALEZA COMO TOTALIDAD - BORTOFT, HENRI 9788412074390 | Llibreria Claret\",\"description\":\"LA NATURALEZA COMO TOTALIDAD de BORTOFT, HENRI disponible a\\\/en Llibreria Claret.\",\"inLanguage\":\"es-ES\",\"isPartOf\":{\"@id\":\"https:\\\/\\\/www.claret.cat\\\/es\\\/#website\"},\"breadcrumb\":{\"@id\":\"https:\\\/\\\/www.claret.cat\\\/es\\\/libro\\\/la-naturaleza-como-totalidad-9788412074390\\\/#breadcrumblist\"},\"image\":{\"@type\":\"ImageObject\",\"url\":\"https:\\\/\\\/www.claret.cat\\\/wp-content\\\/uploads\\\/.\\\/9788412074390.jpg\",\"@id\":\"https:\\\/\\\/www.claret.cat\\\/es\\\/libro\\\/la-naturaleza-como-totalidad-9788412074390\\\/#mainImage\",\"width\":220,\"height\":345,\"caption\":\"9788412074390.jpg\"},\"primaryImageOfPage\":{\"@id\":\"https:\\\/\\\/www.claret.cat\\\/es\\\/libro\\\/la-naturaleza-como-totalidad-9788412074390\\\/#mainImage\"},\"datePublished\":\"2022-10-12T09:08:30+02:00\",\"dateModified\":\"2023-01-28T18:23:45+01:00\"},{\"@type\":\"Organization\",\"@id\":\"https:\\\/\\\/www.claret.cat\\\/es\\\/#organization\",\"name\":\"Llibreria Claret\",\"description\":\"Llibreria religiosa a Barcelona\",\"url\":\"https:\\\/\\\/www.claret.cat\\\/es\\\/\",\"email\":\"comunicacio@claret.cat\",\"telephone\":\"+34933010887\",\"logo\":{\"@type\":\"ImageObject\",\"url\":\"https:\\\/\\\/www.claret.cat\\\/wp-content\\\/uploads\\\/.\\\/logo-claret-es.png\",\"@id\":\"https:\\\/\\\/www.claret.cat\\\/es\\\/libro\\\/la-naturaleza-como-totalidad-9788412074390\\\/#organizationLogo\",\"width\":195,\"height\":79},\"image\":{\"@id\":\"https:\\\/\\\/www.claret.cat\\\/es\\\/libro\\\/la-naturaleza-como-totalidad-9788412074390\\\/#organizationLogo\"},\"sameAs\":[\"https:\\\/\\\/www.facebook.com\\\/LlibreriaClaret\",\"https:\\\/\\\/twitter.com\\\/LlibreriaClaret\",\"https:\\\/\\\/www.instagram.com\\\/llibreriaclaret\\\/\",\"https:\\\/\\\/www.tiktok.com\\\/@llibreriaclaret\",\"https:\\\/\\\/www.youtube.com\\\/@llibreriaclaret\",\"https:\\\/\\\/ca.wikipedia.org\\\/wiki\\\/Editorial_Claret\"]},{\"@type\":\"WebPage\",\"@id\":\"https:\\\/\\\/www.claret.cat\\\/es\\\/libro\\\/la-naturaleza-como-totalidad-9788412074390\\\/#webpage\",\"url\":\"https:\\\/\\\/www.claret.cat\\\/es\\\/libro\\\/la-naturaleza-como-totalidad-9788412074390\\\/\",\"name\":\"LA NATURALEZA COMO TOTALIDAD - BORTOFT, HENRI 9788412074390 | Llibreria Claret\",\"description\":\"LA NATURALEZA COMO TOTALIDAD de BORTOFT, HENRI disponible a\\\/en Llibreria Claret.\",\"inLanguage\":\"es-ES\",\"isPartOf\":{\"@id\":\"https:\\\/\\\/www.claret.cat\\\/es\\\/#website\"},\"breadcrumb\":{\"@id\":\"https:\\\/\\\/www.claret.cat\\\/es\\\/libro\\\/la-naturaleza-como-totalidad-9788412074390\\\/#breadcrumblist\"},\"image\":{\"@type\":\"ImageObject\",\"url\":\"https:\\\/\\\/www.claret.cat\\\/wp-content\\\/uploads\\\/.\\\/9788412074390.jpg\",\"@id\":\"https:\\\/\\\/www.claret.cat\\\/es\\\/libro\\\/la-naturaleza-como-totalidad-9788412074390\\\/#mainImage\",\"width\":220,\"height\":345,\"caption\":\"9788412074390.jpg\"},\"primaryImageOfPage\":{\"@id\":\"https:\\\/\\\/www.claret.cat\\\/es\\\/libro\\\/la-naturaleza-como-totalidad-9788412074390\\\/#mainImage\"},\"datePublished\":\"2022-10-12T09:08:30+02:00\",\"dateModified\":\"2023-01-28T18:23:45+01:00\"},{\"@type\":\"WebSite\",\"@id\":\"https:\\\/\\\/www.claret.cat\\\/es\\\/#website\",\"url\":\"https:\\\/\\\/www.claret.cat\\\/es\\\/\",\"name\":\"Llibreria Claret Barcelona\",\"alternateName\":\"Llibreria Claret\",\"description\":\"Llibreria religiosa a Barcelona\",\"inLanguage\":\"es-ES\",\"publisher\":{\"@id\":\"https:\\\/\\\/www.claret.cat\\\/es\\\/#organization\"}}]}\n\t\t<\/script>\n\t\t<!-- All in One SEO Pro -->\r\n\t\t<title>LA NATURALEZA COMO TOTALIDAD - BORTOFT, HENRI 9788412074390 | Llibreria Claret<\/title>\n\n","aioseo_head_json":{"title":"LA NATURALEZA COMO TOTALIDAD - BORTOFT, HENRI 9788412074390 | Llibreria Claret","description":"LA NATURALEZA COMO TOTALIDAD de BORTOFT, HENRI disponible a\/en Llibreria Claret.","canonical_url":"https:\/\/www.claret.cat\/es\/libro\/la-naturaleza-como-totalidad-9788412074390\/","robots":"max-image-preview:large","keywords":"","webmasterTools":{"google-site-verification":"xVtlFxJ-TfkIu-D-lt7XeLobefg5EIQiXTuqcSf8Rf0","miscellaneous":""},"schema":{"@context":"https:\/\/schema.org","@graph":[{"@type":"BreadcrumbList","@id":"https:\/\/www.claret.cat\/es\/libro\/la-naturaleza-como-totalidad-9788412074390\/#breadcrumblist","itemListElement":[{"@type":"ListItem","@id":"https:\/\/www.claret.cat\/es\/#listItem","position":1,"name":"Home","item":"https:\/\/www.claret.cat\/es\/","nextItem":{"@type":"ListItem","@id":"https:\/\/www.claret.cat\/?page_id=16#listItem","name":"Botiga"}},{"@type":"ListItem","@id":"https:\/\/www.claret.cat\/?page_id=16#listItem","position":2,"name":"Botiga","item":"https:\/\/www.claret.cat\/?page_id=16","nextItem":{"@type":"ListItem","@id":"https:\/\/www.claret.cat\/categoria-producto\/cat\/#listItem","name":"CAT"},"previousItem":{"@type":"ListItem","@id":"https:\/\/www.claret.cat\/es\/#listItem","name":"Home"}},{"@type":"ListItem","@id":"https:\/\/www.claret.cat\/categoria-producto\/cat\/#listItem","position":3,"name":"CAT","item":"https:\/\/www.claret.cat\/categoria-producto\/cat\/","nextItem":{"@type":"ListItem","@id":"https:\/\/www.claret.cat\/categoria-producto\/cat\/5_altres\/#listItem","name":"Altres"},"previousItem":{"@type":"ListItem","@id":"https:\/\/www.claret.cat\/?page_id=16#listItem","name":"Botiga"}},{"@type":"ListItem","@id":"https:\/\/www.claret.cat\/categoria-producto\/cat\/5_altres\/#listItem","position":4,"name":"Altres","item":"https:\/\/www.claret.cat\/categoria-producto\/cat\/5_altres\/","nextItem":{"@type":"ListItem","@id":"https:\/\/www.claret.cat\/categoria-producto\/cat\/5_altres\/ciencia\/#listItem","name":"Ci\u00e8ncia"},"previousItem":{"@type":"ListItem","@id":"https:\/\/www.claret.cat\/categoria-producto\/cat\/#listItem","name":"CAT"}},{"@type":"ListItem","@id":"https:\/\/www.claret.cat\/categoria-producto\/cat\/5_altres\/ciencia\/#listItem","position":5,"name":"Ci\u00e8ncia","item":"https:\/\/www.claret.cat\/categoria-producto\/cat\/5_altres\/ciencia\/","nextItem":{"@type":"ListItem","@id":"https:\/\/www.claret.cat\/es\/libro\/la-naturaleza-como-totalidad-9788412074390\/#listItem","name":"LA NATURALEZA COMO TOTALIDAD"},"previousItem":{"@type":"ListItem","@id":"https:\/\/www.claret.cat\/categoria-producto\/cat\/5_altres\/#listItem","name":"Altres"}},{"@type":"ListItem","@id":"https:\/\/www.claret.cat\/es\/libro\/la-naturaleza-como-totalidad-9788412074390\/#listItem","position":6,"name":"LA NATURALEZA COMO TOTALIDAD","previousItem":{"@type":"ListItem","@id":"https:\/\/www.claret.cat\/categoria-producto\/cat\/5_altres\/ciencia\/#listItem","name":"Ci\u00e8ncia"}}]},{"@type":"ItemPage","@id":"https:\/\/www.claret.cat\/es\/libro\/la-naturaleza-como-totalidad-9788412074390\/#itempage","url":"https:\/\/www.claret.cat\/es\/libro\/la-naturaleza-como-totalidad-9788412074390\/","name":"LA NATURALEZA COMO TOTALIDAD - BORTOFT, HENRI 9788412074390 | Llibreria Claret","description":"LA NATURALEZA COMO TOTALIDAD de BORTOFT, HENRI disponible a\/en Llibreria Claret.","inLanguage":"es-ES","isPartOf":{"@id":"https:\/\/www.claret.cat\/es\/#website"},"breadcrumb":{"@id":"https:\/\/www.claret.cat\/es\/libro\/la-naturaleza-como-totalidad-9788412074390\/#breadcrumblist"},"image":{"@type":"ImageObject","url":"https:\/\/www.claret.cat\/wp-content\/uploads\/.\/9788412074390.jpg","@id":"https:\/\/www.claret.cat\/es\/libro\/la-naturaleza-como-totalidad-9788412074390\/#mainImage","width":220,"height":345,"caption":"9788412074390.jpg"},"primaryImageOfPage":{"@id":"https:\/\/www.claret.cat\/es\/libro\/la-naturaleza-como-totalidad-9788412074390\/#mainImage"},"datePublished":"2022-10-12T09:08:30+02:00","dateModified":"2023-01-28T18:23:45+01:00"},{"@type":"Organization","@id":"https:\/\/www.claret.cat\/es\/#organization","name":"Llibreria Claret","description":"Llibreria religiosa a Barcelona","url":"https:\/\/www.claret.cat\/es\/","email":"comunicacio@claret.cat","telephone":"+34933010887","logo":{"@type":"ImageObject","url":"https:\/\/www.claret.cat\/wp-content\/uploads\/.\/logo-claret-es.png","@id":"https:\/\/www.claret.cat\/es\/libro\/la-naturaleza-como-totalidad-9788412074390\/#organizationLogo","width":195,"height":79},"image":{"@id":"https:\/\/www.claret.cat\/es\/libro\/la-naturaleza-como-totalidad-9788412074390\/#organizationLogo"},"sameAs":["https:\/\/www.facebook.com\/LlibreriaClaret","https:\/\/twitter.com\/LlibreriaClaret","https:\/\/www.instagram.com\/llibreriaclaret\/","https:\/\/www.tiktok.com\/@llibreriaclaret","https:\/\/www.youtube.com\/@llibreriaclaret","https:\/\/ca.wikipedia.org\/wiki\/Editorial_Claret"]},{"@type":"WebPage","@id":"https:\/\/www.claret.cat\/es\/libro\/la-naturaleza-como-totalidad-9788412074390\/#webpage","url":"https:\/\/www.claret.cat\/es\/libro\/la-naturaleza-como-totalidad-9788412074390\/","name":"LA NATURALEZA COMO TOTALIDAD - BORTOFT, HENRI 9788412074390 | Llibreria Claret","description":"LA NATURALEZA COMO TOTALIDAD de BORTOFT, HENRI disponible a\/en Llibreria Claret.","inLanguage":"es-ES","isPartOf":{"@id":"https:\/\/www.claret.cat\/es\/#website"},"breadcrumb":{"@id":"https:\/\/www.claret.cat\/es\/libro\/la-naturaleza-como-totalidad-9788412074390\/#breadcrumblist"},"image":{"@type":"ImageObject","url":"https:\/\/www.claret.cat\/wp-content\/uploads\/.\/9788412074390.jpg","@id":"https:\/\/www.claret.cat\/es\/libro\/la-naturaleza-como-totalidad-9788412074390\/#mainImage","width":220,"height":345,"caption":"9788412074390.jpg"},"primaryImageOfPage":{"@id":"https:\/\/www.claret.cat\/es\/libro\/la-naturaleza-como-totalidad-9788412074390\/#mainImage"},"datePublished":"2022-10-12T09:08:30+02:00","dateModified":"2023-01-28T18:23:45+01:00"},{"@type":"WebSite","@id":"https:\/\/www.claret.cat\/es\/#website","url":"https:\/\/www.claret.cat\/es\/","name":"Llibreria Claret Barcelona","alternateName":"Llibreria Claret","description":"Llibreria religiosa a Barcelona","inLanguage":"es-ES","publisher":{"@id":"https:\/\/www.claret.cat\/es\/#organization"}}]},"og:locale":"es_ES","og:site_name":"Llibreria Claret - Llibreria religiosa a Barcelona","og:type":"article","og:title":"LA NATURALEZA COMO TOTALIDAD - BORTOFT, HENRI 9788412074390 | Llibreria Claret","og:description":"LA NATURALEZA COMO TOTALIDAD de BORTOFT, HENRI disponible a\/en Llibreria Claret.","og:url":"https:\/\/www.claret.cat\/es\/libro\/la-naturaleza-como-totalidad-9788412074390\/","og:image":"https:\/\/dev.claret.cat\/wp-content\/uploads\/logo-claret.svg","og:image:secure_url":"https:\/\/dev.claret.cat\/wp-content\/uploads\/logo-claret.svg","article:published_time":"2022-10-12T07:08:30+00:00","article:modified_time":"2023-01-28T17:23:45+00:00","article:publisher":"https:\/\/www.facebook.com\/LlibreriaClaret","twitter:card":"summary_large_image","twitter:site":"@LlibreriaClaret","twitter:title":"LA NATURALEZA COMO TOTALIDAD - BORTOFT, HENRI 9788412074390 | Llibreria Claret","twitter:description":"LA NATURALEZA COMO TOTALIDAD de BORTOFT, HENRI disponible a\/en Llibreria Claret.","twitter:image":"http:\/\/dev.claret.cat\/wp-content\/uploads\/logo-claret.svg"},"aioseo_meta_data":{"post_id":"105801","title":null,"description":null,"keywords":null,"keyphrases":null,"primary_term":null,"canonical_url":null,"og_title":null,"og_description":null,"og_object_type":"default","og_image_type":"default","og_image_url":null,"og_image_width":null,"og_image_height":null,"og_image_custom_url":null,"og_image_custom_fields":null,"og_video":null,"og_custom_url":null,"og_article_section":null,"og_article_tags":null,"twitter_use_og":false,"twitter_card":"default","twitter_image_type":"default","twitter_image_url":null,"twitter_image_custom_url":null,"twitter_image_custom_fields":null,"twitter_title":null,"twitter_description":null,"schema":{"blockGraphs":[],"customGraphs":[],"default":{"data":{"Article":[],"Course":[],"Dataset":[],"FAQPage":[],"Movie":[],"Person":[],"Product":[],"ProductReview":[],"Car":[],"Recipe":[],"Service":[],"SoftwareApplication":[],"WebPage":[]},"graphName":"","isEnabled":true},"graphs":[]},"schema_type":"default","schema_type_options":null,"pillar_content":false,"robots_default":true,"robots_noindex":false,"robots_noarchive":false,"robots_nosnippet":false,"robots_nofollow":false,"robots_noimageindex":false,"robots_noodp":false,"robots_notranslate":false,"robots_max_snippet":null,"robots_max_videopreview":null,"robots_max_imagepreview":"large","priority":null,"frequency":null,"local_seo":null,"seo_analyzer_scan_date":"2025-11-28 06:52:01","breadcrumb_settings":null,"limit_modified_date":false,"open_ai":null,"ai":null,"created":"2022-12-19 11:55:52","updated":"2025-11-28 06:52:01","focus_keyword":null,"additional_keywords":null,"truseo_locale":null},"aioseo_breadcrumb":"<div class=\"aioseo-breadcrumbs\"><span class=\"aioseo-breadcrumb\">\n\t<a href=\"https:\/\/www.claret.cat\/es\/\" title=\"Home\">Home<\/a>\n<\/span><span class=\"aioseo-breadcrumb-separator\">&raquo;<\/span><span class=\"aioseo-breadcrumb\">\n\t<a href=\"https:\/\/www.claret.cat\/?page_id=16\" title=\"Botiga\">Botiga<\/a>\n<\/span><span class=\"aioseo-breadcrumb-separator\">&raquo;<\/span><span class=\"aioseo-breadcrumb\">\n\t<a href=\"https:\/\/www.claret.cat\/categoria-producto\/cat\/\" title=\"CAT\">CAT<\/a>\n<\/span><span class=\"aioseo-breadcrumb-separator\">&raquo;<\/span><span class=\"aioseo-breadcrumb\">\n\t<a href=\"https:\/\/www.claret.cat\/categoria-producto\/cat\/5_altres\/\" title=\"Altres\">Altres<\/a>\n<\/span><span class=\"aioseo-breadcrumb-separator\">&raquo;<\/span><span class=\"aioseo-breadcrumb\">\n\t<a href=\"https:\/\/www.claret.cat\/categoria-producto\/cat\/5_altres\/ciencia\/\" title=\"Ci\u00e8ncia\">Ci\u00e8ncia<\/a>\n<\/span><span class=\"aioseo-breadcrumb-separator\">&raquo;<\/span><span class=\"aioseo-breadcrumb\">\n\tLA NATURALEZA COMO TOTALIDAD\n<\/span><\/div>","aioseo_breadcrumb_json":[{"label":"Home","link":"https:\/\/www.claret.cat\/es\/"},{"label":"Botiga","link":"https:\/\/www.claret.cat\/?page_id=16"},{"label":"CAT","link":"https:\/\/www.claret.cat\/categoria-producto\/cat\/"},{"label":"Altres","link":"https:\/\/www.claret.cat\/categoria-producto\/cat\/5_altres\/"},{"label":"Ci\u00e8ncia","link":"https:\/\/www.claret.cat\/categoria-producto\/cat\/5_altres\/ciencia\/"},{"label":"LA NATURALEZA COMO TOTALIDAD","link":"https:\/\/www.claret.cat\/es\/libro\/la-naturaleza-como-totalidad-9788412074390\/"}],"_links":{"self":[{"href":"https:\/\/www.claret.cat\/es\/wp-json\/wp\/v2\/product\/105801","targetHints":{"allow":["GET"]}}],"collection":[{"href":"https:\/\/www.claret.cat\/es\/wp-json\/wp\/v2\/product"}],"about":[{"href":"https:\/\/www.claret.cat\/es\/wp-json\/wp\/v2\/types\/product"}],"wp:featuredmedia":[{"embeddable":true,"href":"https:\/\/www.claret.cat\/es\/wp-json\/wp\/v2\/media\/105802"}],"wp:attachment":[{"href":"https:\/\/www.claret.cat\/es\/wp-json\/wp\/v2\/media?parent=105801"}],"wp:term":[{"taxonomy":"product_brand","embeddable":true,"href":"https:\/\/www.claret.cat\/es\/wp-json\/wp\/v2\/product_brand?post=105801"},{"taxonomy":"product_cat","embeddable":true,"href":"https:\/\/www.claret.cat\/es\/wp-json\/wp\/v2\/product_cat?post=105801"},{"taxonomy":"product_tag","embeddable":true,"href":"https:\/\/www.claret.cat\/es\/wp-json\/wp\/v2\/product_tag?post=105801"}],"curies":[{"name":"wp","href":"https:\/\/api.w.org\/{rel}","templated":true}]}}