{"id":1060620,"date":"2025-10-21T12:50:03","date_gmt":"2025-10-21T10:50:03","guid":{"rendered":"https:\/\/www.claret.cat\/llibre\/la-luz-mas-alla-de-la-oscuridad-9788428574198\/"},"modified":"2026-04-02T12:36:13","modified_gmt":"2026-04-02T10:36:13","slug":"la-luz-mas-alla-de-la-oscuridad-9788428574198","status":"publish","type":"product","link":"https:\/\/www.claret.cat\/es\/libro\/la-luz-mas-alla-de-la-oscuridad-9788428574198\/","title":{"rendered":"LA LUZ M\u00c1S ALL\u00c1 DE LA OSCURIDAD"},"content":{"rendered":"<p><strong>En medio de un convulsionado mundo<\/strong> por crisis clim\u00e1tica, guerras, emergencias sanitarias y tensiones sociales, <strong>Carlo Maria Martini<\/strong> muestra en este cl\u00e1sico espiritual una <strong>gu\u00eda para reencontrar esperanza<\/strong> y sentido. A trav\u00e9s de una <strong>lectura atenta de textos b\u00edblicos<\/strong>, teje una conexi\u00f3n entre la historia jud\u00eda, los albores del cristianismo y nuestra \u00e9poca de incertidumbre, mostrando c\u00f3mo <strong>la Palabra de Dios sigue siendo transformadora y actual<\/strong>. Hay una convicci\u00f3n b\u00e1sica que subyace a todos los textos recogidos en estas p\u00e1ginas: que <strong>la palabra b\u00edblica sigue siendo actual<\/strong>, que mediante un correcto proceso hermen\u00e9utico es posible sentirla todav\u00eda hoy vibrando con la misma fuerza que ten\u00eda al inicio. Tambi\u00e9n existe la esperanza de que, en medio de tantas palabras vac\u00edas, nos demos cuenta de que <strong>estas palabras dejan huella<\/strong>, jam\u00e1s son abordadas en vano y, despu\u00e9s de haberlas dejado resonar en el coraz\u00f3n, ya nadie vuelve a ser el mismo. As\u00ed, <strong>Martini ofrece una lectura espiritual que une pasado y presente<\/strong>, que ilumina el camino de fe en tiempos de desorientaci\u00f3n y confusi\u00f3n.<\/p>\n<p><\/p>\n","protected":false},"excerpt":{"rendered":"<p>MARTINI, CARLO MARIA <\/p>\n","protected":false},"featured_media":1061124,"template":"","meta":{"_acf_changed":false,"om_disable_all_campaigns":false,"rs_blank_template":"","rs_page_bg_color":"","slide_template_v7":"","inline_featured_image":false,"_monsterinsights_skip_tracking":false,"_monsterinsights_sitenote_active":false,"_monsterinsights_sitenote_note":"","_monsterinsights_sitenote_category":0},"product_brand":[],"product_cat":[92,542],"product_tag":[],"class_list":{"0":"post-1060620","1":"product","2":"type-product","3":"status-publish","4":"has-post-thumbnail","6":"product_cat-vida-religiosa","7":"product_cat-vida-religiosa-1_espiritualidad-spa","9":"first","10":"instock","11":"taxable","12":"shipping-taxable","13":"purchasable","14":"product-type-simple"},"acf":{"autor":"MARTINI, CARLO MARIA ","codart":"842857419","libros-coleccion":"SAN PABLO - CAMINOS","ediciones":"1","encuadernacion":"R\u00fastica","fecha_de_publicacion":"20\/10\/2025","novedad":"1","paginas":"180","subtitulo":"QU\u00c9 HACER EN TIEMPOS DIF\u00cdCILES ","orden":"0","portada":"1","idioma":"spa","booktrailer":"","resenas":"","editorial":[{"ID":6356,"post_author":"3","post_date":"2022-07-28 17:50:26","post_date_gmt":"2022-07-28 15:50:26","post_content":"","post_title":"SAN PABLO COMUNICACI\u00d3N","post_excerpt":"","post_status":"publish","comment_status":"closed","ping_status":"closed","post_password":"","post_name":"san-pablo-comunicacion","to_ping":"","pinged":"","post_modified":"2022-07-28 17:50:26","post_modified_gmt":"2022-07-28 15:50:26","post_content_filtered":"","post_parent":0,"guid":"http:\/\/dev.claret.cat\/editorial\/san-pablo-comunicacion\/","menu_order":0,"post_type":"editorial","post_mime_type":"","comment_count":"0","filter":"raw"}]},"aioseo_notices":[],"_links":{"self":[{"href":"https:\/\/www.claret.cat\/es\/wp-json\/wp\/v2\/product\/1060620","targetHints":{"allow":["GET"]}}],"collection":[{"href":"https:\/\/www.claret.cat\/es\/wp-json\/wp\/v2\/product"}],"about":[{"href":"https:\/\/www.claret.cat\/es\/wp-json\/wp\/v2\/types\/product"}],"wp:featuredmedia":[{"embeddable":true,"href":"https:\/\/www.claret.cat\/es\/wp-json\/wp\/v2\/media\/1061124"}],"wp:attachment":[{"href":"https:\/\/www.claret.cat\/es\/wp-json\/wp\/v2\/media?parent=1060620"}],"wp:term":[{"taxonomy":"product_brand","embeddable":true,"href":"https:\/\/www.claret.cat\/es\/wp-json\/wp\/v2\/product_brand?post=1060620"},{"taxonomy":"product_cat","embeddable":true,"href":"https:\/\/www.claret.cat\/es\/wp-json\/wp\/v2\/product_cat?post=1060620"},{"taxonomy":"product_tag","embeddable":true,"href":"https:\/\/www.claret.cat\/es\/wp-json\/wp\/v2\/product_tag?post=1060620"}],"curies":[{"name":"wp","href":"https:\/\/api.w.org\/{rel}","templated":true}]}}