{"id":1061326,"date":"2025-10-22T19:40:02","date_gmt":"2025-10-22T17:40:02","guid":{"rendered":"https:\/\/www.claret.cat\/llibre\/como-fue-perder-el-pelo-en-10-dias-9791399040548\/"},"modified":"2025-10-23T16:25:29","modified_gmt":"2025-10-23T14:25:29","slug":"como-fue-perder-el-pelo-en-10-dias-9791399040548","status":"publish","type":"product","link":"https:\/\/www.claret.cat\/es\/libro\/como-fue-perder-el-pelo-en-10-dias-9791399040548\/","title":{"rendered":"C\u00d3MO FUE PERDER EL PELO EN 10 D\u00cdAS"},"content":{"rendered":"<p>Ginebra est\u00e1 viviendo su vida cuando de frente se topa con un golpe de realidad en forma de c\u00e1ncer. Con humor e ilustraciones, nos cuenta en primera persona su experiencia durante la adolescencia compartiendo an\u00e9cdotas, reflexiones, consejos (algunos \u00fatiles, otros no tanto) y situaciones tan absurdas como reales. No es un libro de autoayuda ni una historia de superaci\u00f3n al uso. Es un manual de instrucciones para una cualquiera adolescente con c\u00e1ncer. Un relato directo, personal y con mucho humor, contado con estilo.<\/p>\n","protected":false},"excerpt":{"rendered":"<p>HUERTAS, GINEBRA<\/p>\n","protected":false},"featured_media":1061586,"template":"","meta":{"_acf_changed":false,"om_disable_all_campaigns":false,"rs_blank_template":"","rs_page_bg_color":"","slide_template_v7":"","inline_featured_image":false,"_monsterinsights_skip_tracking":false,"_monsterinsights_sitenote_active":false,"_monsterinsights_sitenote_note":"","_monsterinsights_sitenote_category":0},"product_brand":[],"product_cat":[133,117,566,363],"product_tag":[],"class_list":{"0":"post-1061326","1":"product","2":"type-product","3":"status-publish","4":"has-post-thumbnail","6":"product_cat-lectures-per-adolescents-12-18-anys","7":"product_cat-juvenil","8":"product_cat-juvenil-3_infantil-juvenil-spa-spa","9":"product_cat-lecturas-por-adolescentes-12-18-anos","11":"first","12":"instock","13":"taxable","14":"shipping-taxable","15":"purchasable","16":"product-type-simple"},"acf":{"autor":"HUERTAS, GINEBRA","codart":"139904054","libros-coleccion":"FORA DE COL.LECCI\u00d3","ediciones":"1","encuadernacion":"R\u00fastica","fecha_de_publicacion":"01\/10\/2025","novedad":"1","paginas":"224","subtitulo":"","orden":"0","portada":"0","idioma":"spa","booktrailer":"","resenas":"","editorial":[{"ID":148871,"post_author":"3","post_date":"2022-10-14 12:01:38","post_date_gmt":"2022-10-14 10:01:38","post_content":"","post_title":"The Galobart Books","post_excerpt":"","post_status":"publish","comment_status":"closed","ping_status":"closed","post_password":"","post_name":"the-galobart-books","to_ping":"","pinged":"","post_modified":"2022-10-14 12:01:38","post_modified_gmt":"2022-10-14 10:01:38","post_content_filtered":"","post_parent":0,"guid":"http:\/\/dev.claret.cat\/editorial\/the-galobart-books\/","menu_order":0,"post_type":"editorial","post_mime_type":"","comment_count":"0","filter":"raw"}]},"aioseo_notices":[],"_links":{"self":[{"href":"https:\/\/www.claret.cat\/es\/wp-json\/wp\/v2\/product\/1061326","targetHints":{"allow":["GET"]}}],"collection":[{"href":"https:\/\/www.claret.cat\/es\/wp-json\/wp\/v2\/product"}],"about":[{"href":"https:\/\/www.claret.cat\/es\/wp-json\/wp\/v2\/types\/product"}],"wp:featuredmedia":[{"embeddable":true,"href":"https:\/\/www.claret.cat\/es\/wp-json\/wp\/v2\/media\/1061586"}],"wp:attachment":[{"href":"https:\/\/www.claret.cat\/es\/wp-json\/wp\/v2\/media?parent=1061326"}],"wp:term":[{"taxonomy":"product_brand","embeddable":true,"href":"https:\/\/www.claret.cat\/es\/wp-json\/wp\/v2\/product_brand?post=1061326"},{"taxonomy":"product_cat","embeddable":true,"href":"https:\/\/www.claret.cat\/es\/wp-json\/wp\/v2\/product_cat?post=1061326"},{"taxonomy":"product_tag","embeddable":true,"href":"https:\/\/www.claret.cat\/es\/wp-json\/wp\/v2\/product_tag?post=1061326"}],"curies":[{"name":"wp","href":"https:\/\/api.w.org\/{rel}","templated":true}]}}