{"id":1062001,"date":"2025-10-27T17:15:12","date_gmt":"2025-10-27T16:15:12","guid":{"rendered":"https:\/\/www.claret.cat\/llibre\/como-llego-jesus-a-ser-dios-9788430121632\/"},"modified":"2026-03-25T19:55:40","modified_gmt":"2026-03-25T18:55:40","slug":"como-llego-jesus-a-ser-dios-9788430121632","status":"publish","type":"product","link":"https:\/\/www.claret.cat\/es\/libro\/como-llego-jesus-a-ser-dios-9788430121632\/","title":{"rendered":"\u00bfC\u00d3MO LLEG\u00d3 JES\u00daS A SER DIOS?"},"content":{"rendered":"<p>El reconocimiento de la condici\u00f3n divina de Jes\u00fas entre sus disc\u00edpulos es uno de los fen\u00f3menos m\u00e1s fascinantes y llamativos del cristianismo naciente. Dicho reconocimiento, que tuvo una expresi\u00f3n muy elocuente en las pr\u00e1cticas cultuales, merece ser estudiado en profundidad y con rigor, ya que resulta decisivo a la hora de relacionar la investigaci\u00f3n sobre el Jes\u00fas hist\u00f3rico y los comienzos del cristianismo.<br \/> El autor presenta primero una panor\u00e1mica del debate actual sobre los or\u00edgenes de la devoci\u00f3n a Jes\u00fas. Luego muestra con renovados argumentos c\u00f3mo la temprana definici\u00f3n de la fe cristol\u00f3gica fue clave para la formulaci\u00f3n de la imagen cristiana de Dios. Por \u00faltimo, explora las consecuencias que tuvo para los primeros cristianos la adhesi\u00f3n exclusiva a Dios y al Se\u00f1or Jes\u00fas en los diversos \u00e1mbitos de la vida.<br \/> Este breve volumen contin\u00faa la investigaci\u00f3n iniciada por Hurtado en su extensa obra \u00abSe\u00f1or Jesucristo\u00bb (Salamanca 2008) y ofrece convincentes respuestas a muchas de las preguntas que plantea la temprana devoci\u00f3n a Jes\u00fas.<br \/> Larry W. Hurtado fue profesor de Lengua, Literatura y Teolog\u00eda del Nuevo Testamento en la Universidad de Edimburgo (Escocia). Pertenec\u00eda a la Comuni\u00f3n anglicana.<\/p>\n","protected":false},"excerpt":{"rendered":"<p>HURTADO, LARRY W.<\/p>\n","protected":false},"featured_media":1062002,"template":"","meta":{"_acf_changed":false,"om_disable_all_campaigns":false,"rs_blank_template":"","rs_page_bg_color":"","slide_template_v7":"","inline_featured_image":false,"_monsterinsights_skip_tracking":false,"_monsterinsights_sitenote_active":false,"_monsterinsights_sitenote_note":"","_monsterinsights_sitenote_category":0},"product_brand":[],"product_cat":[414,276],"product_tag":[],"class_list":{"0":"post-1062001","1":"product","2":"type-product","3":"status-publish","4":"has-post-thumbnail","6":"product_cat-cristologia-teologia-1_espiritualidad","7":"product_cat-cristologia-teologia","9":"first","10":"instock","11":"taxable","12":"shipping-taxable","13":"purchasable","14":"product-type-simple"},"acf":{"autor":"HURTADO, LARRY W.","codart":"843012163","libros-coleccion":"Biblioteca de Estudios B\u00edblicos Minor","ediciones":"1","encuadernacion":"R\u00fastica","fecha_de_publicacion":"01\/05\/2023","novedad":"1","paginas":"160","subtitulo":"CUESTIONES HIST\u00d3RICAS SOBRE LA PRIMITIVA DEVOCI\u00d3N A JES\u00daS","orden":"0","portada":"0","idioma":"spa","booktrailer":"","resenas":"","editorial":[{"ID":6364,"post_author":"3","post_date":"2022-07-28 17:50:36","post_date_gmt":"2022-07-28 15:50:36","post_content":"","post_title":"S\u00edgueme","post_excerpt":"","post_status":"publish","comment_status":"closed","ping_status":"closed","post_password":"","post_name":"sigueme","to_ping":"","pinged":"","post_modified":"2022-07-28 17:50:36","post_modified_gmt":"2022-07-28 15:50:36","post_content_filtered":"","post_parent":0,"guid":"http:\/\/dev.claret.cat\/editorial\/sigueme\/","menu_order":0,"post_type":"editorial","post_mime_type":"","comment_count":"0","filter":"raw"}]},"aioseo_notices":[],"_links":{"self":[{"href":"https:\/\/www.claret.cat\/es\/wp-json\/wp\/v2\/product\/1062001","targetHints":{"allow":["GET"]}}],"collection":[{"href":"https:\/\/www.claret.cat\/es\/wp-json\/wp\/v2\/product"}],"about":[{"href":"https:\/\/www.claret.cat\/es\/wp-json\/wp\/v2\/types\/product"}],"wp:featuredmedia":[{"embeddable":true,"href":"https:\/\/www.claret.cat\/es\/wp-json\/wp\/v2\/media\/1062002"}],"wp:attachment":[{"href":"https:\/\/www.claret.cat\/es\/wp-json\/wp\/v2\/media?parent=1062001"}],"wp:term":[{"taxonomy":"product_brand","embeddable":true,"href":"https:\/\/www.claret.cat\/es\/wp-json\/wp\/v2\/product_brand?post=1062001"},{"taxonomy":"product_cat","embeddable":true,"href":"https:\/\/www.claret.cat\/es\/wp-json\/wp\/v2\/product_cat?post=1062001"},{"taxonomy":"product_tag","embeddable":true,"href":"https:\/\/www.claret.cat\/es\/wp-json\/wp\/v2\/product_tag?post=1062001"}],"curies":[{"name":"wp","href":"https:\/\/api.w.org\/{rel}","templated":true}]}}