{"id":1065042,"date":"2025-11-10T14:14:44","date_gmt":"2025-11-10T13:14:44","guid":{"rendered":"https:\/\/www.claret.cat\/llibre\/el-monje-que-vendio-su-ferrari-edicion-ilustrada-9788425360572-5\/"},"modified":"2025-11-10T14:17:39","modified_gmt":"2025-11-10T13:17:39","slug":"el-monje-que-vendio-su-ferrari-edicion-ilustrada-9788425360572-5","status":"publish","type":"product","link":"https:\/\/www.claret.cat\/es\/libro\/el-monje-que-vendio-su-ferrari-edicion-ilustrada-9788425360572-5\/","title":{"rendered":"EL MONJE QUE VENDI\u00d3 SU FERRARI (EDICI\u00d3N ILUSTRADA)"},"content":{"rendered":"<p>Por primera vez la f\u00e1bula de El monje que vendi\u00f3 su Ferrari bellamente ilustrada. . La f\u00e1bula que ha cautivado a millones de corazones llega en una edici\u00f3n ilustrada. . Un precioso libro ideal para regalar y para compartir. . Descubre las 7 virtudes que har\u00e1n de tu vida una vida m\u00e1s plena, m\u00e1s libre y feliz. &#8216;No importa lo que te ocurra en la vida, porque tienes la capacidad de elegir tu reacci\u00f3n. Cuando consigas arraigar el h\u00e1bito de buscar lo positivo en cada circunstancia, tu vida pasar\u00e1 a sus dimensiones superiores. Es una de las m\u00e1s importantes leyes naturales&#8217;.<\/p>\n","protected":false},"excerpt":{"rendered":"<p>SHARMA, ROBIN<\/p>\n","protected":false},"featured_media":1065043,"template":"","meta":{"_acf_changed":false,"om_disable_all_campaigns":false,"rs_blank_template":"","rs_page_bg_color":"","slide_template_v7":"","inline_featured_image":false,"_monsterinsights_skip_tracking":false},"product_brand":[],"product_cat":[127,357],"product_tag":[],"class_list":["post-1065042","product","type-product","status-publish","has-post-thumbnail","product_cat-novella-contemporania","product_cat-novela-contemporanea","first","instock","taxable","shipping-taxable","purchasable","product-type-simple"],"acf":{"autor":"SHARMA, ROBIN","codart":"842536057","libros-coleccion":"Crecimiento personal","ediciones":"1","encuadernacion":"Carton\u00e9","fecha_de_publicacion":"01\/11\/2025","novedad":"1","paginas":"0","subtitulo":"UNA F\u00c1BULA ESPIRITUAL","orden":"0","portada":"0","idioma":"spa","booktrailer":"","resenas":"","editorial":[{"ID":6263,"post_author":"3","post_date":"2022-07-28 17:48:27","post_date_gmt":"2022-07-28 15:48:27","post_content":"","post_title":"GRIJALBO","post_excerpt":"","post_status":"publish","comment_status":"closed","ping_status":"closed","post_password":"","post_name":"grijalbo","to_ping":"","pinged":"","post_modified":"2022-07-28 17:48:27","post_modified_gmt":"2022-07-28 15:48:27","post_content_filtered":"","post_parent":0,"guid":"http:\/\/dev.claret.cat\/editorial\/grijalbo\/","menu_order":0,"post_type":"editorial","post_mime_type":"","comment_count":"0","filter":"raw"}]},"aioseo_notices":[],"aioseo_head":"\n\t\t<!-- All in One SEO Pro 5.0.1.1 - aioseo.com -->\n\t<meta name=\"description\" content=\"EL MONJE QUE VENDI\u00d3 SU FERRARI (EDICI\u00d3N ILUSTRADA) de SHARMA, ROBIN disponible a\/en Llibreria Claret.\" \/>\n\t<meta name=\"robots\" content=\"max-image-preview:large\" \/>\n\t<meta name=\"google-site-verification\" content=\"xVtlFxJ-TfkIu-D-lt7XeLobefg5EIQiXTuqcSf8Rf0\" \/>\n\t<link rel=\"canonical\" href=\"https:\/\/www.claret.cat\/es\/libro\/el-monje-que-vendio-su-ferrari-edicion-ilustrada-9788425360572-5\/\" \/>\n\t<meta name=\"generator\" content=\"All in One SEO Pro (AIOSEO) 5.0.1.1\" \/>\n\t\t<meta property=\"og:locale\" content=\"es_ES\" \/>\n\t\t<meta property=\"og:site_name\" content=\"Llibreria Claret - Llibreria religiosa a Barcelona\" \/>\n\t\t<meta property=\"og:type\" content=\"article\" \/>\n\t\t<meta property=\"og:title\" content=\"EL MONJE QUE VENDI\u00d3 SU FERRARI (EDICI\u00d3N ILUSTRADA) - SHARMA, ROBIN 9788425360572 | Llibreria Claret\" \/>\n\t\t<meta property=\"og:description\" content=\"EL MONJE QUE VENDI\u00d3 SU FERRARI (EDICI\u00d3N ILUSTRADA) de SHARMA, ROBIN disponible a\/en Llibreria Claret.\" \/>\n\t\t<meta property=\"og:url\" content=\"https:\/\/www.claret.cat\/es\/libro\/el-monje-que-vendio-su-ferrari-edicion-ilustrada-9788425360572-5\/\" \/>\n\t\t<meta property=\"og:image\" content=\"https:\/\/dev.claret.cat\/wp-content\/uploads\/logo-claret.svg\" \/>\n\t\t<meta property=\"og:image:secure_url\" content=\"https:\/\/dev.claret.cat\/wp-content\/uploads\/logo-claret.svg\" \/>\n\t\t<meta property=\"article:published_time\" content=\"2025-11-10T13:14:44+00:00\" \/>\n\t\t<meta property=\"article:modified_time\" content=\"2025-11-10T13:17:39+00:00\" \/>\n\t\t<meta property=\"article:publisher\" content=\"https:\/\/www.facebook.com\/LlibreriaClaret\" \/>\n\t\t<meta name=\"twitter:card\" content=\"summary_large_image\" \/>\n\t\t<meta name=\"twitter:site\" content=\"@LlibreriaClaret\" \/>\n\t\t<meta name=\"twitter:title\" content=\"EL MONJE QUE VENDI\u00d3 SU FERRARI (EDICI\u00d3N ILUSTRADA) - SHARMA, ROBIN 9788425360572 | Llibreria Claret\" \/>\n\t\t<meta name=\"twitter:description\" content=\"EL MONJE QUE VENDI\u00d3 SU FERRARI (EDICI\u00d3N ILUSTRADA) de SHARMA, ROBIN disponible a\/en Llibreria Claret.\" \/>\n\t\t<meta name=\"twitter:image\" content=\"http:\/\/dev.claret.cat\/wp-content\/uploads\/logo-claret.svg\" \/>\n\t\t<script type=\"application\/ld+json\" class=\"aioseo-schema\">\n\t\t\t{\"@context\":\"https:\\\/\\\/schema.org\",\"@graph\":[{\"@type\":\"BreadcrumbList\",\"@id\":\"https:\\\/\\\/www.claret.cat\\\/es\\\/libro\\\/el-monje-que-vendio-su-ferrari-edicion-ilustrada-9788425360572-5\\\/#breadcrumblist\",\"itemListElement\":[{\"@type\":\"ListItem\",\"@id\":\"https:\\\/\\\/www.claret.cat\\\/es\\\/#listItem\",\"position\":1,\"name\":\"Home\",\"item\":\"https:\\\/\\\/www.claret.cat\\\/es\\\/\",\"nextItem\":{\"@type\":\"ListItem\",\"@id\":\"https:\\\/\\\/www.claret.cat\\\/?page_id=16#listItem\",\"name\":\"Botiga\"}},{\"@type\":\"ListItem\",\"@id\":\"https:\\\/\\\/www.claret.cat\\\/?page_id=16#listItem\",\"position\":2,\"name\":\"Botiga\",\"item\":\"https:\\\/\\\/www.claret.cat\\\/?page_id=16\",\"nextItem\":{\"@type\":\"ListItem\",\"@id\":\"https:\\\/\\\/www.claret.cat\\\/categoria-producto\\\/cat\\\/#listItem\",\"name\":\"CAT\"},\"previousItem\":{\"@type\":\"ListItem\",\"@id\":\"https:\\\/\\\/www.claret.cat\\\/es\\\/#listItem\",\"name\":\"Home\"}},{\"@type\":\"ListItem\",\"@id\":\"https:\\\/\\\/www.claret.cat\\\/categoria-producto\\\/cat\\\/#listItem\",\"position\":3,\"name\":\"CAT\",\"item\":\"https:\\\/\\\/www.claret.cat\\\/categoria-producto\\\/cat\\\/\",\"nextItem\":{\"@type\":\"ListItem\",\"@id\":\"https:\\\/\\\/www.claret.cat\\\/categoria-producto\\\/cat\\\/2_humanitats\\\/#listItem\",\"name\":\"Humanitats\"},\"previousItem\":{\"@type\":\"ListItem\",\"@id\":\"https:\\\/\\\/www.claret.cat\\\/?page_id=16#listItem\",\"name\":\"Botiga\"}},{\"@type\":\"ListItem\",\"@id\":\"https:\\\/\\\/www.claret.cat\\\/categoria-producto\\\/cat\\\/2_humanitats\\\/#listItem\",\"position\":4,\"name\":\"Humanitats\",\"item\":\"https:\\\/\\\/www.claret.cat\\\/categoria-producto\\\/cat\\\/2_humanitats\\\/\",\"nextItem\":{\"@type\":\"ListItem\",\"@id\":\"https:\\\/\\\/www.claret.cat\\\/categoria-producto\\\/cat\\\/2_humanitats\\\/literatura\\\/#listItem\",\"name\":\"Literatura\"},\"previousItem\":{\"@type\":\"ListItem\",\"@id\":\"https:\\\/\\\/www.claret.cat\\\/categoria-producto\\\/cat\\\/#listItem\",\"name\":\"CAT\"}},{\"@type\":\"ListItem\",\"@id\":\"https:\\\/\\\/www.claret.cat\\\/categoria-producto\\\/cat\\\/2_humanitats\\\/literatura\\\/#listItem\",\"position\":5,\"name\":\"Literatura\",\"item\":\"https:\\\/\\\/www.claret.cat\\\/categoria-producto\\\/cat\\\/2_humanitats\\\/literatura\\\/\",\"nextItem\":{\"@type\":\"ListItem\",\"@id\":\"https:\\\/\\\/www.claret.cat\\\/categoria-producto\\\/cat\\\/2_humanitats\\\/literatura\\\/novella-contemporania\\\/#listItem\",\"name\":\"Novel\\u00b7la contempor\\u00e0nia\"},\"previousItem\":{\"@type\":\"ListItem\",\"@id\":\"https:\\\/\\\/www.claret.cat\\\/categoria-producto\\\/cat\\\/2_humanitats\\\/#listItem\",\"name\":\"Humanitats\"}},{\"@type\":\"ListItem\",\"@id\":\"https:\\\/\\\/www.claret.cat\\\/categoria-producto\\\/cat\\\/2_humanitats\\\/literatura\\\/novella-contemporania\\\/#listItem\",\"position\":6,\"name\":\"Novel\\u00b7la contempor\\u00e0nia\",\"item\":\"https:\\\/\\\/www.claret.cat\\\/categoria-producto\\\/cat\\\/2_humanitats\\\/literatura\\\/novella-contemporania\\\/\",\"nextItem\":{\"@type\":\"ListItem\",\"@id\":\"https:\\\/\\\/www.claret.cat\\\/es\\\/libro\\\/el-monje-que-vendio-su-ferrari-edicion-ilustrada-9788425360572-5\\\/#listItem\",\"name\":\"EL MONJE QUE VENDI\\u00d3 SU FERRARI (EDICI\\u00d3N ILUSTRADA)\"},\"previousItem\":{\"@type\":\"ListItem\",\"@id\":\"https:\\\/\\\/www.claret.cat\\\/categoria-producto\\\/cat\\\/2_humanitats\\\/literatura\\\/#listItem\",\"name\":\"Literatura\"}},{\"@type\":\"ListItem\",\"@id\":\"https:\\\/\\\/www.claret.cat\\\/es\\\/libro\\\/el-monje-que-vendio-su-ferrari-edicion-ilustrada-9788425360572-5\\\/#listItem\",\"position\":7,\"name\":\"EL MONJE QUE VENDI\\u00d3 SU FERRARI (EDICI\\u00d3N ILUSTRADA)\",\"previousItem\":{\"@type\":\"ListItem\",\"@id\":\"https:\\\/\\\/www.claret.cat\\\/categoria-producto\\\/cat\\\/2_humanitats\\\/literatura\\\/novella-contemporania\\\/#listItem\",\"name\":\"Novel\\u00b7la contempor\\u00e0nia\"}}]},{\"@type\":\"ItemPage\",\"@id\":\"https:\\\/\\\/www.claret.cat\\\/es\\\/libro\\\/el-monje-que-vendio-su-ferrari-edicion-ilustrada-9788425360572-5\\\/#itempage\",\"url\":\"https:\\\/\\\/www.claret.cat\\\/es\\\/libro\\\/el-monje-que-vendio-su-ferrari-edicion-ilustrada-9788425360572-5\\\/\",\"name\":\"EL MONJE QUE VENDI\\u00d3 SU FERRARI (EDICI\\u00d3N ILUSTRADA) - SHARMA, ROBIN 9788425360572 | Llibreria Claret\",\"description\":\"EL MONJE QUE VENDI\\u00d3 SU FERRARI (EDICI\\u00d3N ILUSTRADA) de SHARMA, ROBIN disponible a\\\/en Llibreria Claret.\",\"inLanguage\":\"es-ES\",\"isPartOf\":{\"@id\":\"https:\\\/\\\/www.claret.cat\\\/es\\\/#website\"},\"breadcrumb\":{\"@id\":\"https:\\\/\\\/www.claret.cat\\\/es\\\/libro\\\/el-monje-que-vendio-su-ferrari-edicion-ilustrada-9788425360572-5\\\/#breadcrumblist\"},\"image\":{\"@type\":\"ImageObject\",\"url\":\"https:\\\/\\\/www.claret.cat\\\/wp-content\\\/uploads\\\/.\\\/9788425360572-2.jpg\",\"@id\":\"https:\\\/\\\/www.claret.cat\\\/es\\\/libro\\\/el-monje-que-vendio-su-ferrari-edicion-ilustrada-9788425360572-5\\\/#mainImage\",\"width\":250,\"height\":352,\"caption\":\"9788425360572.jpg\"},\"primaryImageOfPage\":{\"@id\":\"https:\\\/\\\/www.claret.cat\\\/es\\\/libro\\\/el-monje-que-vendio-su-ferrari-edicion-ilustrada-9788425360572-5\\\/#mainImage\"},\"datePublished\":\"2025-11-10T14:14:44+01:00\",\"dateModified\":\"2025-11-10T14:17:39+01:00\"},{\"@type\":\"Organization\",\"@id\":\"https:\\\/\\\/www.claret.cat\\\/es\\\/#organization\",\"name\":\"Llibreria Claret\",\"description\":\"Llibreria religiosa a Barcelona\",\"url\":\"https:\\\/\\\/www.claret.cat\\\/es\\\/\",\"email\":\"comunicacio@claret.cat\",\"telephone\":\"+34933010887\",\"logo\":{\"@type\":\"ImageObject\",\"url\":\"https:\\\/\\\/www.claret.cat\\\/wp-content\\\/uploads\\\/.\\\/logo-claret-es.png\",\"@id\":\"https:\\\/\\\/www.claret.cat\\\/es\\\/libro\\\/el-monje-que-vendio-su-ferrari-edicion-ilustrada-9788425360572-5\\\/#organizationLogo\",\"width\":195,\"height\":79},\"image\":{\"@id\":\"https:\\\/\\\/www.claret.cat\\\/es\\\/libro\\\/el-monje-que-vendio-su-ferrari-edicion-ilustrada-9788425360572-5\\\/#organizationLogo\"},\"sameAs\":[\"https:\\\/\\\/www.facebook.com\\\/LlibreriaClaret\",\"https:\\\/\\\/twitter.com\\\/LlibreriaClaret\",\"https:\\\/\\\/www.instagram.com\\\/llibreriaclaret\\\/\",\"https:\\\/\\\/www.tiktok.com\\\/@llibreriaclaret\",\"https:\\\/\\\/www.youtube.com\\\/@llibreriaclaret\",\"https:\\\/\\\/ca.wikipedia.org\\\/wiki\\\/Editorial_Claret\"]},{\"@type\":\"WebPage\",\"@id\":\"https:\\\/\\\/www.claret.cat\\\/es\\\/libro\\\/el-monje-que-vendio-su-ferrari-edicion-ilustrada-9788425360572-5\\\/#webpage\",\"url\":\"https:\\\/\\\/www.claret.cat\\\/es\\\/libro\\\/el-monje-que-vendio-su-ferrari-edicion-ilustrada-9788425360572-5\\\/\",\"name\":\"EL MONJE QUE VENDI\\u00d3 SU FERRARI (EDICI\\u00d3N ILUSTRADA) - SHARMA, ROBIN 9788425360572 | Llibreria Claret\",\"description\":\"EL MONJE QUE VENDI\\u00d3 SU FERRARI (EDICI\\u00d3N ILUSTRADA) de SHARMA, ROBIN disponible a\\\/en Llibreria Claret.\",\"inLanguage\":\"es-ES\",\"isPartOf\":{\"@id\":\"https:\\\/\\\/www.claret.cat\\\/es\\\/#website\"},\"breadcrumb\":{\"@id\":\"https:\\\/\\\/www.claret.cat\\\/es\\\/libro\\\/el-monje-que-vendio-su-ferrari-edicion-ilustrada-9788425360572-5\\\/#breadcrumblist\"},\"image\":{\"@type\":\"ImageObject\",\"url\":\"https:\\\/\\\/www.claret.cat\\\/wp-content\\\/uploads\\\/.\\\/9788425360572-2.jpg\",\"@id\":\"https:\\\/\\\/www.claret.cat\\\/es\\\/libro\\\/el-monje-que-vendio-su-ferrari-edicion-ilustrada-9788425360572-5\\\/#mainImage\",\"width\":250,\"height\":352,\"caption\":\"9788425360572.jpg\"},\"primaryImageOfPage\":{\"@id\":\"https:\\\/\\\/www.claret.cat\\\/es\\\/libro\\\/el-monje-que-vendio-su-ferrari-edicion-ilustrada-9788425360572-5\\\/#mainImage\"},\"datePublished\":\"2025-11-10T14:14:44+01:00\",\"dateModified\":\"2025-11-10T14:17:39+01:00\"},{\"@type\":\"WebSite\",\"@id\":\"https:\\\/\\\/www.claret.cat\\\/es\\\/#website\",\"url\":\"https:\\\/\\\/www.claret.cat\\\/es\\\/\",\"name\":\"Llibreria Claret Barcelona\",\"alternateName\":\"Llibreria Claret\",\"description\":\"Llibreria religiosa a Barcelona\",\"inLanguage\":\"es-ES\",\"publisher\":{\"@id\":\"https:\\\/\\\/www.claret.cat\\\/es\\\/#organization\"}}]}\n\t\t<\/script>\n\t\t<!-- All in One SEO Pro -->\r\n\t\t<title>EL MONJE QUE VENDI\u00d3 SU FERRARI (EDICI\u00d3N ILUSTRADA) - SHARMA, ROBIN 9788425360572 | Llibreria Claret<\/title>\n\n","aioseo_head_json":{"title":"EL MONJE QUE VENDI\u00d3 SU FERRARI (EDICI\u00d3N ILUSTRADA) - SHARMA, ROBIN 9788425360572 | Llibreria Claret","description":"EL MONJE QUE VENDI\u00d3 SU FERRARI (EDICI\u00d3N ILUSTRADA) de SHARMA, ROBIN disponible a\/en Llibreria Claret.","canonical_url":"https:\/\/www.claret.cat\/es\/libro\/el-monje-que-vendio-su-ferrari-edicion-ilustrada-9788425360572-5\/","robots":"max-image-preview:large","keywords":"","webmasterTools":{"google-site-verification":"xVtlFxJ-TfkIu-D-lt7XeLobefg5EIQiXTuqcSf8Rf0","miscellaneous":""},"schema":{"@context":"https:\/\/schema.org","@graph":[{"@type":"BreadcrumbList","@id":"https:\/\/www.claret.cat\/es\/libro\/el-monje-que-vendio-su-ferrari-edicion-ilustrada-9788425360572-5\/#breadcrumblist","itemListElement":[{"@type":"ListItem","@id":"https:\/\/www.claret.cat\/es\/#listItem","position":1,"name":"Home","item":"https:\/\/www.claret.cat\/es\/","nextItem":{"@type":"ListItem","@id":"https:\/\/www.claret.cat\/?page_id=16#listItem","name":"Botiga"}},{"@type":"ListItem","@id":"https:\/\/www.claret.cat\/?page_id=16#listItem","position":2,"name":"Botiga","item":"https:\/\/www.claret.cat\/?page_id=16","nextItem":{"@type":"ListItem","@id":"https:\/\/www.claret.cat\/categoria-producto\/cat\/#listItem","name":"CAT"},"previousItem":{"@type":"ListItem","@id":"https:\/\/www.claret.cat\/es\/#listItem","name":"Home"}},{"@type":"ListItem","@id":"https:\/\/www.claret.cat\/categoria-producto\/cat\/#listItem","position":3,"name":"CAT","item":"https:\/\/www.claret.cat\/categoria-producto\/cat\/","nextItem":{"@type":"ListItem","@id":"https:\/\/www.claret.cat\/categoria-producto\/cat\/2_humanitats\/#listItem","name":"Humanitats"},"previousItem":{"@type":"ListItem","@id":"https:\/\/www.claret.cat\/?page_id=16#listItem","name":"Botiga"}},{"@type":"ListItem","@id":"https:\/\/www.claret.cat\/categoria-producto\/cat\/2_humanitats\/#listItem","position":4,"name":"Humanitats","item":"https:\/\/www.claret.cat\/categoria-producto\/cat\/2_humanitats\/","nextItem":{"@type":"ListItem","@id":"https:\/\/www.claret.cat\/categoria-producto\/cat\/2_humanitats\/literatura\/#listItem","name":"Literatura"},"previousItem":{"@type":"ListItem","@id":"https:\/\/www.claret.cat\/categoria-producto\/cat\/#listItem","name":"CAT"}},{"@type":"ListItem","@id":"https:\/\/www.claret.cat\/categoria-producto\/cat\/2_humanitats\/literatura\/#listItem","position":5,"name":"Literatura","item":"https:\/\/www.claret.cat\/categoria-producto\/cat\/2_humanitats\/literatura\/","nextItem":{"@type":"ListItem","@id":"https:\/\/www.claret.cat\/categoria-producto\/cat\/2_humanitats\/literatura\/novella-contemporania\/#listItem","name":"Novel\u00b7la contempor\u00e0nia"},"previousItem":{"@type":"ListItem","@id":"https:\/\/www.claret.cat\/categoria-producto\/cat\/2_humanitats\/#listItem","name":"Humanitats"}},{"@type":"ListItem","@id":"https:\/\/www.claret.cat\/categoria-producto\/cat\/2_humanitats\/literatura\/novella-contemporania\/#listItem","position":6,"name":"Novel\u00b7la contempor\u00e0nia","item":"https:\/\/www.claret.cat\/categoria-producto\/cat\/2_humanitats\/literatura\/novella-contemporania\/","nextItem":{"@type":"ListItem","@id":"https:\/\/www.claret.cat\/es\/libro\/el-monje-que-vendio-su-ferrari-edicion-ilustrada-9788425360572-5\/#listItem","name":"EL MONJE QUE VENDI\u00d3 SU FERRARI (EDICI\u00d3N ILUSTRADA)"},"previousItem":{"@type":"ListItem","@id":"https:\/\/www.claret.cat\/categoria-producto\/cat\/2_humanitats\/literatura\/#listItem","name":"Literatura"}},{"@type":"ListItem","@id":"https:\/\/www.claret.cat\/es\/libro\/el-monje-que-vendio-su-ferrari-edicion-ilustrada-9788425360572-5\/#listItem","position":7,"name":"EL MONJE QUE VENDI\u00d3 SU FERRARI (EDICI\u00d3N ILUSTRADA)","previousItem":{"@type":"ListItem","@id":"https:\/\/www.claret.cat\/categoria-producto\/cat\/2_humanitats\/literatura\/novella-contemporania\/#listItem","name":"Novel\u00b7la contempor\u00e0nia"}}]},{"@type":"ItemPage","@id":"https:\/\/www.claret.cat\/es\/libro\/el-monje-que-vendio-su-ferrari-edicion-ilustrada-9788425360572-5\/#itempage","url":"https:\/\/www.claret.cat\/es\/libro\/el-monje-que-vendio-su-ferrari-edicion-ilustrada-9788425360572-5\/","name":"EL MONJE QUE VENDI\u00d3 SU FERRARI (EDICI\u00d3N ILUSTRADA) - SHARMA, ROBIN 9788425360572 | Llibreria Claret","description":"EL MONJE QUE VENDI\u00d3 SU FERRARI (EDICI\u00d3N ILUSTRADA) de SHARMA, ROBIN disponible a\/en Llibreria Claret.","inLanguage":"es-ES","isPartOf":{"@id":"https:\/\/www.claret.cat\/es\/#website"},"breadcrumb":{"@id":"https:\/\/www.claret.cat\/es\/libro\/el-monje-que-vendio-su-ferrari-edicion-ilustrada-9788425360572-5\/#breadcrumblist"},"image":{"@type":"ImageObject","url":"https:\/\/www.claret.cat\/wp-content\/uploads\/.\/9788425360572-2.jpg","@id":"https:\/\/www.claret.cat\/es\/libro\/el-monje-que-vendio-su-ferrari-edicion-ilustrada-9788425360572-5\/#mainImage","width":250,"height":352,"caption":"9788425360572.jpg"},"primaryImageOfPage":{"@id":"https:\/\/www.claret.cat\/es\/libro\/el-monje-que-vendio-su-ferrari-edicion-ilustrada-9788425360572-5\/#mainImage"},"datePublished":"2025-11-10T14:14:44+01:00","dateModified":"2025-11-10T14:17:39+01:00"},{"@type":"Organization","@id":"https:\/\/www.claret.cat\/es\/#organization","name":"Llibreria Claret","description":"Llibreria religiosa a Barcelona","url":"https:\/\/www.claret.cat\/es\/","email":"comunicacio@claret.cat","telephone":"+34933010887","logo":{"@type":"ImageObject","url":"https:\/\/www.claret.cat\/wp-content\/uploads\/.\/logo-claret-es.png","@id":"https:\/\/www.claret.cat\/es\/libro\/el-monje-que-vendio-su-ferrari-edicion-ilustrada-9788425360572-5\/#organizationLogo","width":195,"height":79},"image":{"@id":"https:\/\/www.claret.cat\/es\/libro\/el-monje-que-vendio-su-ferrari-edicion-ilustrada-9788425360572-5\/#organizationLogo"},"sameAs":["https:\/\/www.facebook.com\/LlibreriaClaret","https:\/\/twitter.com\/LlibreriaClaret","https:\/\/www.instagram.com\/llibreriaclaret\/","https:\/\/www.tiktok.com\/@llibreriaclaret","https:\/\/www.youtube.com\/@llibreriaclaret","https:\/\/ca.wikipedia.org\/wiki\/Editorial_Claret"]},{"@type":"WebPage","@id":"https:\/\/www.claret.cat\/es\/libro\/el-monje-que-vendio-su-ferrari-edicion-ilustrada-9788425360572-5\/#webpage","url":"https:\/\/www.claret.cat\/es\/libro\/el-monje-que-vendio-su-ferrari-edicion-ilustrada-9788425360572-5\/","name":"EL MONJE QUE VENDI\u00d3 SU FERRARI (EDICI\u00d3N ILUSTRADA) - SHARMA, ROBIN 9788425360572 | Llibreria Claret","description":"EL MONJE QUE VENDI\u00d3 SU FERRARI (EDICI\u00d3N ILUSTRADA) de SHARMA, ROBIN disponible a\/en Llibreria Claret.","inLanguage":"es-ES","isPartOf":{"@id":"https:\/\/www.claret.cat\/es\/#website"},"breadcrumb":{"@id":"https:\/\/www.claret.cat\/es\/libro\/el-monje-que-vendio-su-ferrari-edicion-ilustrada-9788425360572-5\/#breadcrumblist"},"image":{"@type":"ImageObject","url":"https:\/\/www.claret.cat\/wp-content\/uploads\/.\/9788425360572-2.jpg","@id":"https:\/\/www.claret.cat\/es\/libro\/el-monje-que-vendio-su-ferrari-edicion-ilustrada-9788425360572-5\/#mainImage","width":250,"height":352,"caption":"9788425360572.jpg"},"primaryImageOfPage":{"@id":"https:\/\/www.claret.cat\/es\/libro\/el-monje-que-vendio-su-ferrari-edicion-ilustrada-9788425360572-5\/#mainImage"},"datePublished":"2025-11-10T14:14:44+01:00","dateModified":"2025-11-10T14:17:39+01:00"},{"@type":"WebSite","@id":"https:\/\/www.claret.cat\/es\/#website","url":"https:\/\/www.claret.cat\/es\/","name":"Llibreria Claret Barcelona","alternateName":"Llibreria Claret","description":"Llibreria religiosa a Barcelona","inLanguage":"es-ES","publisher":{"@id":"https:\/\/www.claret.cat\/es\/#organization"}}]},"og:locale":"es_ES","og:site_name":"Llibreria Claret - Llibreria religiosa a Barcelona","og:type":"article","og:title":"EL MONJE QUE VENDI\u00d3 SU FERRARI (EDICI\u00d3N ILUSTRADA) - SHARMA, ROBIN 9788425360572 | Llibreria Claret","og:description":"EL MONJE QUE VENDI\u00d3 SU FERRARI (EDICI\u00d3N ILUSTRADA) de SHARMA, ROBIN disponible a\/en Llibreria Claret.","og:url":"https:\/\/www.claret.cat\/es\/libro\/el-monje-que-vendio-su-ferrari-edicion-ilustrada-9788425360572-5\/","og:image":"https:\/\/dev.claret.cat\/wp-content\/uploads\/logo-claret.svg","og:image:secure_url":"https:\/\/dev.claret.cat\/wp-content\/uploads\/logo-claret.svg","article:published_time":"2025-11-10T13:14:44+00:00","article:modified_time":"2025-11-10T13:17:39+00:00","article:publisher":"https:\/\/www.facebook.com\/LlibreriaClaret","twitter:card":"summary_large_image","twitter:site":"@LlibreriaClaret","twitter:title":"EL MONJE QUE VENDI\u00d3 SU FERRARI (EDICI\u00d3N ILUSTRADA) - SHARMA, ROBIN 9788425360572 | Llibreria Claret","twitter:description":"EL MONJE QUE VENDI\u00d3 SU FERRARI (EDICI\u00d3N ILUSTRADA) de SHARMA, ROBIN disponible a\/en Llibreria Claret.","twitter:image":"http:\/\/dev.claret.cat\/wp-content\/uploads\/logo-claret.svg"},"aioseo_meta_data":{"post_id":"1065042","title":null,"description":null,"keywords":null,"keyphrases":null,"primary_term":null,"canonical_url":null,"og_title":null,"og_description":null,"og_object_type":"default","og_image_type":"default","og_image_url":null,"og_image_width":null,"og_image_height":null,"og_image_custom_url":null,"og_image_custom_fields":null,"og_video":null,"og_custom_url":null,"og_article_section":null,"og_article_tags":null,"twitter_use_og":false,"twitter_card":"default","twitter_image_type":"default","twitter_image_url":null,"twitter_image_custom_url":null,"twitter_image_custom_fields":null,"twitter_title":null,"twitter_description":null,"schema":{"blockGraphs":[],"customGraphs":[],"default":{"data":{"Article":[],"Course":[],"Dataset":[],"FAQPage":[],"Movie":[],"Person":[],"Product":[],"ProductReview":[],"Car":[],"Recipe":[],"Service":[],"SoftwareApplication":[],"WebPage":[]},"graphName":"","isEnabled":true},"graphs":[]},"schema_type":"default","schema_type_options":null,"pillar_content":false,"robots_default":true,"robots_noindex":false,"robots_noarchive":false,"robots_nosnippet":false,"robots_nofollow":false,"robots_noimageindex":false,"robots_noodp":false,"robots_notranslate":false,"robots_max_snippet":null,"robots_max_videopreview":null,"robots_max_imagepreview":"large","priority":null,"frequency":null,"local_seo":null,"seo_analyzer_scan_date":"2026-06-08 16:52:52","breadcrumb_settings":null,"limit_modified_date":false,"open_ai":null,"ai":null,"created":"2025-11-10 13:14:45","updated":"2026-06-08 16:52:52","focus_keyword":null,"additional_keywords":null,"truseo_locale":null},"aioseo_breadcrumb":"<div class=\"aioseo-breadcrumbs\"><span class=\"aioseo-breadcrumb\">\n\t<a href=\"https:\/\/www.claret.cat\/es\/\" title=\"Home\">Home<\/a>\n<\/span><span class=\"aioseo-breadcrumb-separator\">&raquo;<\/span><span class=\"aioseo-breadcrumb\">\n\t<a href=\"https:\/\/www.claret.cat\/?page_id=16\" title=\"Botiga\">Botiga<\/a>\n<\/span><span class=\"aioseo-breadcrumb-separator\">&raquo;<\/span><span class=\"aioseo-breadcrumb\">\n\t<a href=\"https:\/\/www.claret.cat\/categoria-producto\/cat\/\" title=\"CAT\">CAT<\/a>\n<\/span><span class=\"aioseo-breadcrumb-separator\">&raquo;<\/span><span class=\"aioseo-breadcrumb\">\n\t<a href=\"https:\/\/www.claret.cat\/categoria-producto\/cat\/2_humanitats\/\" title=\"Humanitats\">Humanitats<\/a>\n<\/span><span class=\"aioseo-breadcrumb-separator\">&raquo;<\/span><span class=\"aioseo-breadcrumb\">\n\t<a href=\"https:\/\/www.claret.cat\/categoria-producto\/cat\/2_humanitats\/literatura\/\" title=\"Literatura\">Literatura<\/a>\n<\/span><span class=\"aioseo-breadcrumb-separator\">&raquo;<\/span><span class=\"aioseo-breadcrumb\">\n\t<a href=\"https:\/\/www.claret.cat\/categoria-producto\/cat\/2_humanitats\/literatura\/novella-contemporania\/\" title=\"Novel\u00b7la contempor\u00e0nia\">Novel\u00b7la contempor\u00e0nia<\/a>\n<\/span><span class=\"aioseo-breadcrumb-separator\">&raquo;<\/span><span class=\"aioseo-breadcrumb\">\n\tEL MONJE QUE VENDI\u00d3 SU FERRARI (EDICI\u00d3N ILUSTRADA)\n<\/span><\/div>","aioseo_breadcrumb_json":[{"label":"Home","link":"https:\/\/www.claret.cat\/es\/"},{"label":"Botiga","link":"https:\/\/www.claret.cat\/?page_id=16"},{"label":"CAT","link":"https:\/\/www.claret.cat\/categoria-producto\/cat\/"},{"label":"Humanitats","link":"https:\/\/www.claret.cat\/categoria-producto\/cat\/2_humanitats\/"},{"label":"Literatura","link":"https:\/\/www.claret.cat\/categoria-producto\/cat\/2_humanitats\/literatura\/"},{"label":"Novel\u00b7la contempor\u00e0nia","link":"https:\/\/www.claret.cat\/categoria-producto\/cat\/2_humanitats\/literatura\/novella-contemporania\/"},{"label":"EL MONJE QUE VENDI\u00d3 SU FERRARI (EDICI\u00d3N ILUSTRADA)","link":"https:\/\/www.claret.cat\/es\/libro\/el-monje-que-vendio-su-ferrari-edicion-ilustrada-9788425360572-5\/"}],"_links":{"self":[{"href":"https:\/\/www.claret.cat\/es\/wp-json\/wp\/v2\/product\/1065042","targetHints":{"allow":["GET"]}}],"collection":[{"href":"https:\/\/www.claret.cat\/es\/wp-json\/wp\/v2\/product"}],"about":[{"href":"https:\/\/www.claret.cat\/es\/wp-json\/wp\/v2\/types\/product"}],"wp:featuredmedia":[{"embeddable":true,"href":"https:\/\/www.claret.cat\/es\/wp-json\/wp\/v2\/media\/1065043"}],"wp:attachment":[{"href":"https:\/\/www.claret.cat\/es\/wp-json\/wp\/v2\/media?parent=1065042"}],"wp:term":[{"taxonomy":"product_brand","embeddable":true,"href":"https:\/\/www.claret.cat\/es\/wp-json\/wp\/v2\/product_brand?post=1065042"},{"taxonomy":"product_cat","embeddable":true,"href":"https:\/\/www.claret.cat\/es\/wp-json\/wp\/v2\/product_cat?post=1065042"},{"taxonomy":"product_tag","embeddable":true,"href":"https:\/\/www.claret.cat\/es\/wp-json\/wp\/v2\/product_tag?post=1065042"}],"curies":[{"name":"wp","href":"https:\/\/api.w.org\/{rel}","templated":true}]}}