{"id":1073087,"date":"2026-01-08T10:05:06","date_gmt":"2026-01-08T09:05:06","guid":{"rendered":"https:\/\/www.claret.cat\/llibre\/dulce-nombre-de-maria-9791388067068\/"},"modified":"2026-02-19T13:45:55","modified_gmt":"2026-02-19T12:45:55","slug":"dulce-nombre-de-maria-9791388067068","status":"publish","type":"product","link":"https:\/\/www.claret.cat\/es\/libro\/dulce-nombre-de-maria-9791388067068\/","title":{"rendered":"DULCE NOMBRE DE MAR\u00cdA"},"content":{"rendered":"<p>Dulce nombre de Mar\u00eda.Algunas advocaciones marianas a lo largo del calendario Jes\u00fas, en la Cruz, poco antes de morir, nos concede a su Madre como nuestra Madre, y Ella permanece con nosotros a lo largo de nuestra vida y nos brinda su ayuda.<\/p>\n<p>Todav\u00eda en este mundo, se aparece a Santiago Ap\u00f3stol a orillas del Ebro, para darle \u00e1nimos en sus conversiones. Se aparece, despu\u00e9s, en distintos lugares del universo y a distintas personas para guiar nuestro camino; nos da todo su Amor, para conducirnos hasta su Hijo que nos espera, con los brazos abiertos, en su Reino. Los creyentes celebramos cada aparici\u00f3n, cada advocaci\u00f3n, con fiestas, romer\u00edas, himnos y canciones y nos sentimos felices de contar con nuestra Madre en este peregrinar hasta el Cielo.<\/p>\n","protected":false},"excerpt":{"rendered":"<p>MART\u00cdN ABAD, MAR\u00cdA DEL SAGRARIO<\/p>\n","protected":false},"featured_media":1084960,"template":"","meta":{"_acf_changed":false,"om_disable_all_campaigns":false,"rs_blank_template":"","rs_page_bg_color":"","slide_template_v7":"","inline_featured_image":false,"_monsterinsights_skip_tracking":false,"_monsterinsights_sitenote_active":false,"_monsterinsights_sitenote_note":"","_monsterinsights_sitenote_category":0},"product_brand":[],"product_cat":[235,393],"product_tag":[],"class_list":{"0":"post-1073087","1":"product","2":"type-product","3":"status-publish","4":"has-post-thumbnail","6":"product_cat-mariana","7":"product_cat-mariana-espiritualidad-1_espiritualidad","9":"first","10":"instock","11":"taxable","12":"shipping-taxable","13":"purchasable","14":"product-type-simple"},"acf":{"autor":"MART\u00cdN ABAD, MAR\u00cdA DEL SAGRARIO","codart":"138806706","libros-coleccion":"LA FONTE","ediciones":"1","encuadernacion":"R\u00fastica","fecha_de_publicacion":"08\/01\/2026","novedad":"0","paginas":"132","subtitulo":"","orden":"999","portada":"0","idioma":"spa","booktrailer":"","resenas":"","editorial":[{"ID":6309,"post_author":"3","post_date":"2022-07-28 17:49:25","post_date_gmt":"2022-07-28 15:49:25","post_content":"","post_title":"Monte Carmelo","post_excerpt":"","post_status":"publish","comment_status":"closed","ping_status":"closed","post_password":"","post_name":"monte-carmelo","to_ping":"","pinged":"","post_modified":"2022-07-28 17:49:25","post_modified_gmt":"2022-07-28 15:49:25","post_content_filtered":"","post_parent":0,"guid":"http:\/\/dev.claret.cat\/editorial\/monte-carmelo\/","menu_order":0,"post_type":"editorial","post_mime_type":"","comment_count":"0","filter":"raw"}]},"aioseo_notices":[],"_links":{"self":[{"href":"https:\/\/www.claret.cat\/es\/wp-json\/wp\/v2\/product\/1073087","targetHints":{"allow":["GET"]}}],"collection":[{"href":"https:\/\/www.claret.cat\/es\/wp-json\/wp\/v2\/product"}],"about":[{"href":"https:\/\/www.claret.cat\/es\/wp-json\/wp\/v2\/types\/product"}],"wp:featuredmedia":[{"embeddable":true,"href":"https:\/\/www.claret.cat\/es\/wp-json\/wp\/v2\/media\/1084960"}],"wp:attachment":[{"href":"https:\/\/www.claret.cat\/es\/wp-json\/wp\/v2\/media?parent=1073087"}],"wp:term":[{"taxonomy":"product_brand","embeddable":true,"href":"https:\/\/www.claret.cat\/es\/wp-json\/wp\/v2\/product_brand?post=1073087"},{"taxonomy":"product_cat","embeddable":true,"href":"https:\/\/www.claret.cat\/es\/wp-json\/wp\/v2\/product_cat?post=1073087"},{"taxonomy":"product_tag","embeddable":true,"href":"https:\/\/www.claret.cat\/es\/wp-json\/wp\/v2\/product_tag?post=1073087"}],"curies":[{"name":"wp","href":"https:\/\/api.w.org\/{rel}","templated":true}]}}