{"id":1074102,"date":"2026-01-16T16:45:02","date_gmt":"2026-01-16T15:45:02","guid":{"rendered":"https:\/\/www.claret.cat\/llibre\/carnaval-en-el-jardin-9788498455267\/"},"modified":"2026-01-16T16:45:46","modified_gmt":"2026-01-16T15:45:46","slug":"carnaval-en-el-jardin-9788498455267","status":"publish","type":"product","link":"https:\/\/www.claret.cat\/es\/libro\/carnaval-en-el-jardin-9788498455267\/","title":{"rendered":"CARNAVAL EN EL JARD\u00cdN"},"content":{"rendered":"<p>\u00a1Es Carnaval! Para celebrarlo, todos los animales del jard\u00edn se intercambian las tareas durante un d\u00eda y, en alg\u00fan caso, las cosas salen un poco al rev\u00e9s. Claro, \u00a1no es nada f\u00e1cil hacer de peluquera o de panadera por primera vez!<\/p>\n","protected":false},"excerpt":{"rendered":"<p>GEMMA ARMENGOL, \u00d2SCAR JULVE<\/p>\n","protected":false},"featured_media":1074103,"template":"","meta":{"_acf_changed":false,"om_disable_all_campaigns":false,"rs_blank_template":"","rs_page_bg_color":"","slide_template_v7":"","inline_featured_image":false,"_monsterinsights_skip_tracking":false},"product_brand":[],"product_cat":[131,361],"product_tag":[],"class_list":["post-1074102","product","type-product","status-publish","has-post-thumbnail","product_cat-contes-per-infants-0-6-anys","product_cat-cuentos-para-ninos-0-6-anos","first","instock","taxable","shipping-taxable","purchasable","product-type-simple"],"acf":{"autor":"GEMMA ARMENGOL, \u00d2SCAR JULVE","codart":"849845526","libros-coleccion":"FORA DE COL.LECCI\u00d3","ediciones":"1","encuadernacion":"R\u00fastica","fecha_de_publicacion":"01\/01\/2013","novedad":"1","paginas":"32","subtitulo":"","orden":"0","portada":"0","idioma":"cat","booktrailer":"","resenas":"","editorial":[{"ID":147395,"post_author":"3","post_date":"2022-10-14 11:50:15","post_date_gmt":"2022-10-14 09:50:15","post_content":"","post_title":"ALGAR EDITORIAL","post_excerpt":"","post_status":"publish","comment_status":"closed","ping_status":"closed","post_password":"","post_name":"algar-editorial","to_ping":"","pinged":"","post_modified":"2022-10-14 11:50:15","post_modified_gmt":"2022-10-14 09:50:15","post_content_filtered":"","post_parent":0,"guid":"http:\/\/dev.claret.cat\/editorial\/algar-editorial\/","menu_order":0,"post_type":"editorial","post_mime_type":"","comment_count":"0","filter":"raw"}]},"aioseo_notices":[],"aioseo_head":"\n\t\t<!-- All in One SEO Pro 5.0.1.1 - aioseo.com -->\n\t<meta name=\"description\" content=\"CARNAVAL EN EL JARD\u00cdN de GEMMA ARMENGOL, \u00d2SCAR JULVE disponible a\/en Llibreria Claret.\" \/>\n\t<meta name=\"robots\" content=\"max-image-preview:large\" \/>\n\t<meta name=\"google-site-verification\" content=\"xVtlFxJ-TfkIu-D-lt7XeLobefg5EIQiXTuqcSf8Rf0\" \/>\n\t<link rel=\"canonical\" href=\"https:\/\/www.claret.cat\/es\/libro\/carnaval-en-el-jardin-9788498455267\/\" \/>\n\t<meta name=\"generator\" content=\"All in One SEO Pro (AIOSEO) 5.0.1.1\" \/>\n\t\t<meta property=\"og:locale\" content=\"es_ES\" \/>\n\t\t<meta property=\"og:site_name\" content=\"Llibreria Claret - Llibreria religiosa a Barcelona\" \/>\n\t\t<meta property=\"og:type\" content=\"article\" \/>\n\t\t<meta property=\"og:title\" content=\"CARNAVAL EN EL JARD\u00cdN - GEMMA ARMENGOL, \u00d2SCAR JULVE 9788498455267 | Llibreria Claret\" \/>\n\t\t<meta property=\"og:description\" content=\"CARNAVAL EN EL JARD\u00cdN de GEMMA ARMENGOL, \u00d2SCAR JULVE disponible a\/en Llibreria Claret.\" \/>\n\t\t<meta property=\"og:url\" content=\"https:\/\/www.claret.cat\/es\/libro\/carnaval-en-el-jardin-9788498455267\/\" \/>\n\t\t<meta property=\"og:image\" content=\"https:\/\/dev.claret.cat\/wp-content\/uploads\/logo-claret.svg\" \/>\n\t\t<meta property=\"og:image:secure_url\" content=\"https:\/\/dev.claret.cat\/wp-content\/uploads\/logo-claret.svg\" \/>\n\t\t<meta property=\"article:published_time\" content=\"2026-01-16T15:45:02+00:00\" \/>\n\t\t<meta property=\"article:modified_time\" content=\"2026-01-16T15:45:46+00:00\" \/>\n\t\t<meta property=\"article:publisher\" content=\"https:\/\/www.facebook.com\/LlibreriaClaret\" \/>\n\t\t<meta name=\"twitter:card\" content=\"summary_large_image\" \/>\n\t\t<meta name=\"twitter:site\" content=\"@LlibreriaClaret\" \/>\n\t\t<meta name=\"twitter:title\" content=\"CARNAVAL EN EL JARD\u00cdN - GEMMA ARMENGOL, \u00d2SCAR JULVE 9788498455267 | Llibreria Claret\" \/>\n\t\t<meta name=\"twitter:description\" content=\"CARNAVAL EN EL JARD\u00cdN de GEMMA ARMENGOL, \u00d2SCAR JULVE disponible a\/en Llibreria Claret.\" \/>\n\t\t<meta name=\"twitter:image\" content=\"http:\/\/dev.claret.cat\/wp-content\/uploads\/logo-claret.svg\" \/>\n\t\t<script type=\"application\/ld+json\" class=\"aioseo-schema\">\n\t\t\t{\"@context\":\"https:\\\/\\\/schema.org\",\"@graph\":[{\"@type\":\"BreadcrumbList\",\"@id\":\"https:\\\/\\\/www.claret.cat\\\/es\\\/libro\\\/carnaval-en-el-jardin-9788498455267\\\/#breadcrumblist\",\"itemListElement\":[{\"@type\":\"ListItem\",\"@id\":\"https:\\\/\\\/www.claret.cat\\\/es\\\/#listItem\",\"position\":1,\"name\":\"Home\",\"item\":\"https:\\\/\\\/www.claret.cat\\\/es\\\/\",\"nextItem\":{\"@type\":\"ListItem\",\"@id\":\"https:\\\/\\\/www.claret.cat\\\/?page_id=16#listItem\",\"name\":\"Botiga\"}},{\"@type\":\"ListItem\",\"@id\":\"https:\\\/\\\/www.claret.cat\\\/?page_id=16#listItem\",\"position\":2,\"name\":\"Botiga\",\"item\":\"https:\\\/\\\/www.claret.cat\\\/?page_id=16\",\"nextItem\":{\"@type\":\"ListItem\",\"@id\":\"https:\\\/\\\/www.claret.cat\\\/categoria-producto\\\/cat\\\/#listItem\",\"name\":\"CAT\"},\"previousItem\":{\"@type\":\"ListItem\",\"@id\":\"https:\\\/\\\/www.claret.cat\\\/es\\\/#listItem\",\"name\":\"Home\"}},{\"@type\":\"ListItem\",\"@id\":\"https:\\\/\\\/www.claret.cat\\\/categoria-producto\\\/cat\\\/#listItem\",\"position\":3,\"name\":\"CAT\",\"item\":\"https:\\\/\\\/www.claret.cat\\\/categoria-producto\\\/cat\\\/\",\"nextItem\":{\"@type\":\"ListItem\",\"@id\":\"https:\\\/\\\/www.claret.cat\\\/categoria-producto\\\/cat\\\/3_infantil-juvenil\\\/#listItem\",\"name\":\"Infantil \\\/ Juvenil\"},\"previousItem\":{\"@type\":\"ListItem\",\"@id\":\"https:\\\/\\\/www.claret.cat\\\/?page_id=16#listItem\",\"name\":\"Botiga\"}},{\"@type\":\"ListItem\",\"@id\":\"https:\\\/\\\/www.claret.cat\\\/categoria-producto\\\/cat\\\/3_infantil-juvenil\\\/#listItem\",\"position\":4,\"name\":\"Infantil \\\/ Juvenil\",\"item\":\"https:\\\/\\\/www.claret.cat\\\/categoria-producto\\\/cat\\\/3_infantil-juvenil\\\/\",\"nextItem\":{\"@type\":\"ListItem\",\"@id\":\"https:\\\/\\\/www.claret.cat\\\/categoria-producto\\\/cat\\\/3_infantil-juvenil\\\/infantil\\\/#listItem\",\"name\":\"Infantil\"},\"previousItem\":{\"@type\":\"ListItem\",\"@id\":\"https:\\\/\\\/www.claret.cat\\\/categoria-producto\\\/cat\\\/#listItem\",\"name\":\"CAT\"}},{\"@type\":\"ListItem\",\"@id\":\"https:\\\/\\\/www.claret.cat\\\/categoria-producto\\\/cat\\\/3_infantil-juvenil\\\/infantil\\\/#listItem\",\"position\":5,\"name\":\"Infantil\",\"item\":\"https:\\\/\\\/www.claret.cat\\\/categoria-producto\\\/cat\\\/3_infantil-juvenil\\\/infantil\\\/\",\"nextItem\":{\"@type\":\"ListItem\",\"@id\":\"https:\\\/\\\/www.claret.cat\\\/categoria-producto\\\/cat\\\/3_infantil-juvenil\\\/infantil\\\/contes-per-infants-0-6-anys\\\/#listItem\",\"name\":\"0 - 6 anys\"},\"previousItem\":{\"@type\":\"ListItem\",\"@id\":\"https:\\\/\\\/www.claret.cat\\\/categoria-producto\\\/cat\\\/3_infantil-juvenil\\\/#listItem\",\"name\":\"Infantil \\\/ Juvenil\"}},{\"@type\":\"ListItem\",\"@id\":\"https:\\\/\\\/www.claret.cat\\\/categoria-producto\\\/cat\\\/3_infantil-juvenil\\\/infantil\\\/contes-per-infants-0-6-anys\\\/#listItem\",\"position\":6,\"name\":\"0 - 6 anys\",\"item\":\"https:\\\/\\\/www.claret.cat\\\/categoria-producto\\\/cat\\\/3_infantil-juvenil\\\/infantil\\\/contes-per-infants-0-6-anys\\\/\",\"nextItem\":{\"@type\":\"ListItem\",\"@id\":\"https:\\\/\\\/www.claret.cat\\\/es\\\/libro\\\/carnaval-en-el-jardin-9788498455267\\\/#listItem\",\"name\":\"CARNAVAL EN EL JARD\\u00cdN\"},\"previousItem\":{\"@type\":\"ListItem\",\"@id\":\"https:\\\/\\\/www.claret.cat\\\/categoria-producto\\\/cat\\\/3_infantil-juvenil\\\/infantil\\\/#listItem\",\"name\":\"Infantil\"}},{\"@type\":\"ListItem\",\"@id\":\"https:\\\/\\\/www.claret.cat\\\/es\\\/libro\\\/carnaval-en-el-jardin-9788498455267\\\/#listItem\",\"position\":7,\"name\":\"CARNAVAL EN EL JARD\\u00cdN\",\"previousItem\":{\"@type\":\"ListItem\",\"@id\":\"https:\\\/\\\/www.claret.cat\\\/categoria-producto\\\/cat\\\/3_infantil-juvenil\\\/infantil\\\/contes-per-infants-0-6-anys\\\/#listItem\",\"name\":\"0 - 6 anys\"}}]},{\"@type\":\"ItemPage\",\"@id\":\"https:\\\/\\\/www.claret.cat\\\/es\\\/libro\\\/carnaval-en-el-jardin-9788498455267\\\/#itempage\",\"url\":\"https:\\\/\\\/www.claret.cat\\\/es\\\/libro\\\/carnaval-en-el-jardin-9788498455267\\\/\",\"name\":\"CARNAVAL EN EL JARD\\u00cdN - GEMMA ARMENGOL, \\u00d2SCAR JULVE 9788498455267 | Llibreria Claret\",\"description\":\"CARNAVAL EN EL JARD\\u00cdN de GEMMA ARMENGOL, \\u00d2SCAR JULVE disponible a\\\/en Llibreria Claret.\",\"inLanguage\":\"es-ES\",\"isPartOf\":{\"@id\":\"https:\\\/\\\/www.claret.cat\\\/es\\\/#website\"},\"breadcrumb\":{\"@id\":\"https:\\\/\\\/www.claret.cat\\\/es\\\/libro\\\/carnaval-en-el-jardin-9788498455267\\\/#breadcrumblist\"},\"image\":{\"@type\":\"ImageObject\",\"url\":\"https:\\\/\\\/www.claret.cat\\\/wp-content\\\/uploads\\\/.\\\/9788498455267.jpg\",\"@id\":\"https:\\\/\\\/www.claret.cat\\\/es\\\/libro\\\/carnaval-en-el-jardin-9788498455267\\\/#mainImage\",\"width\":250,\"height\":287,\"caption\":\"9788498455267.jpg\"},\"primaryImageOfPage\":{\"@id\":\"https:\\\/\\\/www.claret.cat\\\/es\\\/libro\\\/carnaval-en-el-jardin-9788498455267\\\/#mainImage\"},\"datePublished\":\"2026-01-16T16:45:02+01:00\",\"dateModified\":\"2026-01-16T16:45:46+01:00\"},{\"@type\":\"Organization\",\"@id\":\"https:\\\/\\\/www.claret.cat\\\/es\\\/#organization\",\"name\":\"Llibreria Claret\",\"description\":\"Llibreria religiosa a Barcelona\",\"url\":\"https:\\\/\\\/www.claret.cat\\\/es\\\/\",\"email\":\"comunicacio@claret.cat\",\"telephone\":\"+34933010887\",\"logo\":{\"@type\":\"ImageObject\",\"url\":\"https:\\\/\\\/www.claret.cat\\\/wp-content\\\/uploads\\\/.\\\/logo-claret-es.png\",\"@id\":\"https:\\\/\\\/www.claret.cat\\\/es\\\/libro\\\/carnaval-en-el-jardin-9788498455267\\\/#organizationLogo\",\"width\":195,\"height\":79},\"image\":{\"@id\":\"https:\\\/\\\/www.claret.cat\\\/es\\\/libro\\\/carnaval-en-el-jardin-9788498455267\\\/#organizationLogo\"},\"sameAs\":[\"https:\\\/\\\/www.facebook.com\\\/LlibreriaClaret\",\"https:\\\/\\\/twitter.com\\\/LlibreriaClaret\",\"https:\\\/\\\/www.instagram.com\\\/llibreriaclaret\\\/\",\"https:\\\/\\\/www.tiktok.com\\\/@llibreriaclaret\",\"https:\\\/\\\/www.youtube.com\\\/@llibreriaclaret\",\"https:\\\/\\\/ca.wikipedia.org\\\/wiki\\\/Editorial_Claret\"]},{\"@type\":\"WebPage\",\"@id\":\"https:\\\/\\\/www.claret.cat\\\/es\\\/libro\\\/carnaval-en-el-jardin-9788498455267\\\/#webpage\",\"url\":\"https:\\\/\\\/www.claret.cat\\\/es\\\/libro\\\/carnaval-en-el-jardin-9788498455267\\\/\",\"name\":\"CARNAVAL EN EL JARD\\u00cdN - GEMMA ARMENGOL, \\u00d2SCAR JULVE 9788498455267 | Llibreria Claret\",\"description\":\"CARNAVAL EN EL JARD\\u00cdN de GEMMA ARMENGOL, \\u00d2SCAR JULVE disponible a\\\/en Llibreria Claret.\",\"inLanguage\":\"es-ES\",\"isPartOf\":{\"@id\":\"https:\\\/\\\/www.claret.cat\\\/es\\\/#website\"},\"breadcrumb\":{\"@id\":\"https:\\\/\\\/www.claret.cat\\\/es\\\/libro\\\/carnaval-en-el-jardin-9788498455267\\\/#breadcrumblist\"},\"image\":{\"@type\":\"ImageObject\",\"url\":\"https:\\\/\\\/www.claret.cat\\\/wp-content\\\/uploads\\\/.\\\/9788498455267.jpg\",\"@id\":\"https:\\\/\\\/www.claret.cat\\\/es\\\/libro\\\/carnaval-en-el-jardin-9788498455267\\\/#mainImage\",\"width\":250,\"height\":287,\"caption\":\"9788498455267.jpg\"},\"primaryImageOfPage\":{\"@id\":\"https:\\\/\\\/www.claret.cat\\\/es\\\/libro\\\/carnaval-en-el-jardin-9788498455267\\\/#mainImage\"},\"datePublished\":\"2026-01-16T16:45:02+01:00\",\"dateModified\":\"2026-01-16T16:45:46+01:00\"},{\"@type\":\"WebSite\",\"@id\":\"https:\\\/\\\/www.claret.cat\\\/es\\\/#website\",\"url\":\"https:\\\/\\\/www.claret.cat\\\/es\\\/\",\"name\":\"Llibreria Claret Barcelona\",\"alternateName\":\"Llibreria Claret\",\"description\":\"Llibreria religiosa a Barcelona\",\"inLanguage\":\"es-ES\",\"publisher\":{\"@id\":\"https:\\\/\\\/www.claret.cat\\\/es\\\/#organization\"}}]}\n\t\t<\/script>\n\t\t<!-- All in One SEO Pro -->\r\n\t\t<title>CARNAVAL EN EL JARD\u00cdN - GEMMA ARMENGOL, \u00d2SCAR JULVE 9788498455267 | Llibreria Claret<\/title>\n\n","aioseo_head_json":{"title":"CARNAVAL EN EL JARD\u00cdN - GEMMA ARMENGOL, \u00d2SCAR JULVE 9788498455267 | Llibreria Claret","description":"CARNAVAL EN EL JARD\u00cdN de GEMMA ARMENGOL, \u00d2SCAR JULVE disponible a\/en Llibreria Claret.","canonical_url":"https:\/\/www.claret.cat\/es\/libro\/carnaval-en-el-jardin-9788498455267\/","robots":"max-image-preview:large","keywords":"","webmasterTools":{"google-site-verification":"xVtlFxJ-TfkIu-D-lt7XeLobefg5EIQiXTuqcSf8Rf0","miscellaneous":""},"schema":{"@context":"https:\/\/schema.org","@graph":[{"@type":"BreadcrumbList","@id":"https:\/\/www.claret.cat\/es\/libro\/carnaval-en-el-jardin-9788498455267\/#breadcrumblist","itemListElement":[{"@type":"ListItem","@id":"https:\/\/www.claret.cat\/es\/#listItem","position":1,"name":"Home","item":"https:\/\/www.claret.cat\/es\/","nextItem":{"@type":"ListItem","@id":"https:\/\/www.claret.cat\/?page_id=16#listItem","name":"Botiga"}},{"@type":"ListItem","@id":"https:\/\/www.claret.cat\/?page_id=16#listItem","position":2,"name":"Botiga","item":"https:\/\/www.claret.cat\/?page_id=16","nextItem":{"@type":"ListItem","@id":"https:\/\/www.claret.cat\/categoria-producto\/cat\/#listItem","name":"CAT"},"previousItem":{"@type":"ListItem","@id":"https:\/\/www.claret.cat\/es\/#listItem","name":"Home"}},{"@type":"ListItem","@id":"https:\/\/www.claret.cat\/categoria-producto\/cat\/#listItem","position":3,"name":"CAT","item":"https:\/\/www.claret.cat\/categoria-producto\/cat\/","nextItem":{"@type":"ListItem","@id":"https:\/\/www.claret.cat\/categoria-producto\/cat\/3_infantil-juvenil\/#listItem","name":"Infantil \/ Juvenil"},"previousItem":{"@type":"ListItem","@id":"https:\/\/www.claret.cat\/?page_id=16#listItem","name":"Botiga"}},{"@type":"ListItem","@id":"https:\/\/www.claret.cat\/categoria-producto\/cat\/3_infantil-juvenil\/#listItem","position":4,"name":"Infantil \/ Juvenil","item":"https:\/\/www.claret.cat\/categoria-producto\/cat\/3_infantil-juvenil\/","nextItem":{"@type":"ListItem","@id":"https:\/\/www.claret.cat\/categoria-producto\/cat\/3_infantil-juvenil\/infantil\/#listItem","name":"Infantil"},"previousItem":{"@type":"ListItem","@id":"https:\/\/www.claret.cat\/categoria-producto\/cat\/#listItem","name":"CAT"}},{"@type":"ListItem","@id":"https:\/\/www.claret.cat\/categoria-producto\/cat\/3_infantil-juvenil\/infantil\/#listItem","position":5,"name":"Infantil","item":"https:\/\/www.claret.cat\/categoria-producto\/cat\/3_infantil-juvenil\/infantil\/","nextItem":{"@type":"ListItem","@id":"https:\/\/www.claret.cat\/categoria-producto\/cat\/3_infantil-juvenil\/infantil\/contes-per-infants-0-6-anys\/#listItem","name":"0 - 6 anys"},"previousItem":{"@type":"ListItem","@id":"https:\/\/www.claret.cat\/categoria-producto\/cat\/3_infantil-juvenil\/#listItem","name":"Infantil \/ Juvenil"}},{"@type":"ListItem","@id":"https:\/\/www.claret.cat\/categoria-producto\/cat\/3_infantil-juvenil\/infantil\/contes-per-infants-0-6-anys\/#listItem","position":6,"name":"0 - 6 anys","item":"https:\/\/www.claret.cat\/categoria-producto\/cat\/3_infantil-juvenil\/infantil\/contes-per-infants-0-6-anys\/","nextItem":{"@type":"ListItem","@id":"https:\/\/www.claret.cat\/es\/libro\/carnaval-en-el-jardin-9788498455267\/#listItem","name":"CARNAVAL EN EL JARD\u00cdN"},"previousItem":{"@type":"ListItem","@id":"https:\/\/www.claret.cat\/categoria-producto\/cat\/3_infantil-juvenil\/infantil\/#listItem","name":"Infantil"}},{"@type":"ListItem","@id":"https:\/\/www.claret.cat\/es\/libro\/carnaval-en-el-jardin-9788498455267\/#listItem","position":7,"name":"CARNAVAL EN EL JARD\u00cdN","previousItem":{"@type":"ListItem","@id":"https:\/\/www.claret.cat\/categoria-producto\/cat\/3_infantil-juvenil\/infantil\/contes-per-infants-0-6-anys\/#listItem","name":"0 - 6 anys"}}]},{"@type":"ItemPage","@id":"https:\/\/www.claret.cat\/es\/libro\/carnaval-en-el-jardin-9788498455267\/#itempage","url":"https:\/\/www.claret.cat\/es\/libro\/carnaval-en-el-jardin-9788498455267\/","name":"CARNAVAL EN EL JARD\u00cdN - GEMMA ARMENGOL, \u00d2SCAR JULVE 9788498455267 | Llibreria Claret","description":"CARNAVAL EN EL JARD\u00cdN de GEMMA ARMENGOL, \u00d2SCAR JULVE disponible a\/en Llibreria Claret.","inLanguage":"es-ES","isPartOf":{"@id":"https:\/\/www.claret.cat\/es\/#website"},"breadcrumb":{"@id":"https:\/\/www.claret.cat\/es\/libro\/carnaval-en-el-jardin-9788498455267\/#breadcrumblist"},"image":{"@type":"ImageObject","url":"https:\/\/www.claret.cat\/wp-content\/uploads\/.\/9788498455267.jpg","@id":"https:\/\/www.claret.cat\/es\/libro\/carnaval-en-el-jardin-9788498455267\/#mainImage","width":250,"height":287,"caption":"9788498455267.jpg"},"primaryImageOfPage":{"@id":"https:\/\/www.claret.cat\/es\/libro\/carnaval-en-el-jardin-9788498455267\/#mainImage"},"datePublished":"2026-01-16T16:45:02+01:00","dateModified":"2026-01-16T16:45:46+01:00"},{"@type":"Organization","@id":"https:\/\/www.claret.cat\/es\/#organization","name":"Llibreria Claret","description":"Llibreria religiosa a Barcelona","url":"https:\/\/www.claret.cat\/es\/","email":"comunicacio@claret.cat","telephone":"+34933010887","logo":{"@type":"ImageObject","url":"https:\/\/www.claret.cat\/wp-content\/uploads\/.\/logo-claret-es.png","@id":"https:\/\/www.claret.cat\/es\/libro\/carnaval-en-el-jardin-9788498455267\/#organizationLogo","width":195,"height":79},"image":{"@id":"https:\/\/www.claret.cat\/es\/libro\/carnaval-en-el-jardin-9788498455267\/#organizationLogo"},"sameAs":["https:\/\/www.facebook.com\/LlibreriaClaret","https:\/\/twitter.com\/LlibreriaClaret","https:\/\/www.instagram.com\/llibreriaclaret\/","https:\/\/www.tiktok.com\/@llibreriaclaret","https:\/\/www.youtube.com\/@llibreriaclaret","https:\/\/ca.wikipedia.org\/wiki\/Editorial_Claret"]},{"@type":"WebPage","@id":"https:\/\/www.claret.cat\/es\/libro\/carnaval-en-el-jardin-9788498455267\/#webpage","url":"https:\/\/www.claret.cat\/es\/libro\/carnaval-en-el-jardin-9788498455267\/","name":"CARNAVAL EN EL JARD\u00cdN - GEMMA ARMENGOL, \u00d2SCAR JULVE 9788498455267 | Llibreria Claret","description":"CARNAVAL EN EL JARD\u00cdN de GEMMA ARMENGOL, \u00d2SCAR JULVE disponible a\/en Llibreria Claret.","inLanguage":"es-ES","isPartOf":{"@id":"https:\/\/www.claret.cat\/es\/#website"},"breadcrumb":{"@id":"https:\/\/www.claret.cat\/es\/libro\/carnaval-en-el-jardin-9788498455267\/#breadcrumblist"},"image":{"@type":"ImageObject","url":"https:\/\/www.claret.cat\/wp-content\/uploads\/.\/9788498455267.jpg","@id":"https:\/\/www.claret.cat\/es\/libro\/carnaval-en-el-jardin-9788498455267\/#mainImage","width":250,"height":287,"caption":"9788498455267.jpg"},"primaryImageOfPage":{"@id":"https:\/\/www.claret.cat\/es\/libro\/carnaval-en-el-jardin-9788498455267\/#mainImage"},"datePublished":"2026-01-16T16:45:02+01:00","dateModified":"2026-01-16T16:45:46+01:00"},{"@type":"WebSite","@id":"https:\/\/www.claret.cat\/es\/#website","url":"https:\/\/www.claret.cat\/es\/","name":"Llibreria Claret Barcelona","alternateName":"Llibreria Claret","description":"Llibreria religiosa a Barcelona","inLanguage":"es-ES","publisher":{"@id":"https:\/\/www.claret.cat\/es\/#organization"}}]},"og:locale":"es_ES","og:site_name":"Llibreria Claret - Llibreria religiosa a Barcelona","og:type":"article","og:title":"CARNAVAL EN EL JARD\u00cdN - GEMMA ARMENGOL, \u00d2SCAR JULVE 9788498455267 | Llibreria Claret","og:description":"CARNAVAL EN EL JARD\u00cdN de GEMMA ARMENGOL, \u00d2SCAR JULVE disponible a\/en Llibreria Claret.","og:url":"https:\/\/www.claret.cat\/es\/libro\/carnaval-en-el-jardin-9788498455267\/","og:image":"https:\/\/dev.claret.cat\/wp-content\/uploads\/logo-claret.svg","og:image:secure_url":"https:\/\/dev.claret.cat\/wp-content\/uploads\/logo-claret.svg","article:published_time":"2026-01-16T15:45:02+00:00","article:modified_time":"2026-01-16T15:45:46+00:00","article:publisher":"https:\/\/www.facebook.com\/LlibreriaClaret","twitter:card":"summary_large_image","twitter:site":"@LlibreriaClaret","twitter:title":"CARNAVAL EN EL JARD\u00cdN - GEMMA ARMENGOL, \u00d2SCAR JULVE 9788498455267 | Llibreria Claret","twitter:description":"CARNAVAL EN EL JARD\u00cdN de GEMMA ARMENGOL, \u00d2SCAR JULVE disponible a\/en Llibreria Claret.","twitter:image":"http:\/\/dev.claret.cat\/wp-content\/uploads\/logo-claret.svg"},"aioseo_meta_data":{"post_id":"1074102","title":null,"description":null,"keywords":null,"keyphrases":null,"primary_term":null,"canonical_url":null,"og_title":null,"og_description":null,"og_object_type":"default","og_image_type":"default","og_image_url":null,"og_image_width":null,"og_image_height":null,"og_image_custom_url":null,"og_image_custom_fields":null,"og_video":null,"og_custom_url":null,"og_article_section":null,"og_article_tags":null,"twitter_use_og":false,"twitter_card":"default","twitter_image_type":"default","twitter_image_url":null,"twitter_image_custom_url":null,"twitter_image_custom_fields":null,"twitter_title":null,"twitter_description":null,"schema":{"blockGraphs":[],"customGraphs":[],"default":{"data":{"Article":[],"Course":[],"Dataset":[],"FAQPage":[],"Movie":[],"Person":[],"Product":[],"ProductReview":[],"Car":[],"Recipe":[],"Service":[],"SoftwareApplication":[],"WebPage":[]},"graphName":"","isEnabled":true},"graphs":[]},"schema_type":"default","schema_type_options":null,"pillar_content":false,"robots_default":true,"robots_noindex":false,"robots_noarchive":false,"robots_nosnippet":false,"robots_nofollow":false,"robots_noimageindex":false,"robots_noodp":false,"robots_notranslate":false,"robots_max_snippet":null,"robots_max_videopreview":null,"robots_max_imagepreview":"large","priority":null,"frequency":null,"local_seo":null,"seo_analyzer_scan_date":"2026-02-19 13:20:14","breadcrumb_settings":null,"limit_modified_date":false,"open_ai":null,"ai":null,"created":"2026-01-16 15:45:04","updated":"2026-04-04 04:38:03","focus_keyword":null,"additional_keywords":null,"truseo_locale":null},"aioseo_breadcrumb":"<div class=\"aioseo-breadcrumbs\"><span class=\"aioseo-breadcrumb\">\n\t<a href=\"https:\/\/www.claret.cat\/es\/\" title=\"Home\">Home<\/a>\n<\/span><span class=\"aioseo-breadcrumb-separator\">&raquo;<\/span><span class=\"aioseo-breadcrumb\">\n\t<a href=\"https:\/\/www.claret.cat\/?page_id=16\" title=\"Botiga\">Botiga<\/a>\n<\/span><span class=\"aioseo-breadcrumb-separator\">&raquo;<\/span><span class=\"aioseo-breadcrumb\">\n\t<a href=\"https:\/\/www.claret.cat\/categoria-producto\/cat\/\" title=\"CAT\">CAT<\/a>\n<\/span><span class=\"aioseo-breadcrumb-separator\">&raquo;<\/span><span class=\"aioseo-breadcrumb\">\n\t<a href=\"https:\/\/www.claret.cat\/categoria-producto\/cat\/3_infantil-juvenil\/\" title=\"Infantil \/ Juvenil\">Infantil \/ Juvenil<\/a>\n<\/span><span class=\"aioseo-breadcrumb-separator\">&raquo;<\/span><span class=\"aioseo-breadcrumb\">\n\t<a href=\"https:\/\/www.claret.cat\/categoria-producto\/cat\/3_infantil-juvenil\/infantil\/\" title=\"Infantil\">Infantil<\/a>\n<\/span><span class=\"aioseo-breadcrumb-separator\">&raquo;<\/span><span class=\"aioseo-breadcrumb\">\n\t<a href=\"https:\/\/www.claret.cat\/categoria-producto\/cat\/3_infantil-juvenil\/infantil\/contes-per-infants-0-6-anys\/\" title=\"0 - 6 anys\">0 - 6 anys<\/a>\n<\/span><span class=\"aioseo-breadcrumb-separator\">&raquo;<\/span><span class=\"aioseo-breadcrumb\">\n\tCARNAVAL EN EL JARD\u00cdN\n<\/span><\/div>","aioseo_breadcrumb_json":[{"label":"Home","link":"https:\/\/www.claret.cat\/es\/"},{"label":"Botiga","link":"https:\/\/www.claret.cat\/?page_id=16"},{"label":"CAT","link":"https:\/\/www.claret.cat\/categoria-producto\/cat\/"},{"label":"Infantil \/ Juvenil","link":"https:\/\/www.claret.cat\/categoria-producto\/cat\/3_infantil-juvenil\/"},{"label":"Infantil","link":"https:\/\/www.claret.cat\/categoria-producto\/cat\/3_infantil-juvenil\/infantil\/"},{"label":"0 - 6 anys","link":"https:\/\/www.claret.cat\/categoria-producto\/cat\/3_infantil-juvenil\/infantil\/contes-per-infants-0-6-anys\/"},{"label":"CARNAVAL EN EL JARD\u00cdN","link":"https:\/\/www.claret.cat\/es\/libro\/carnaval-en-el-jardin-9788498455267\/"}],"_links":{"self":[{"href":"https:\/\/www.claret.cat\/es\/wp-json\/wp\/v2\/product\/1074102","targetHints":{"allow":["GET"]}}],"collection":[{"href":"https:\/\/www.claret.cat\/es\/wp-json\/wp\/v2\/product"}],"about":[{"href":"https:\/\/www.claret.cat\/es\/wp-json\/wp\/v2\/types\/product"}],"wp:featuredmedia":[{"embeddable":true,"href":"https:\/\/www.claret.cat\/es\/wp-json\/wp\/v2\/media\/1074103"}],"wp:attachment":[{"href":"https:\/\/www.claret.cat\/es\/wp-json\/wp\/v2\/media?parent=1074102"}],"wp:term":[{"taxonomy":"product_brand","embeddable":true,"href":"https:\/\/www.claret.cat\/es\/wp-json\/wp\/v2\/product_brand?post=1074102"},{"taxonomy":"product_cat","embeddable":true,"href":"https:\/\/www.claret.cat\/es\/wp-json\/wp\/v2\/product_cat?post=1074102"},{"taxonomy":"product_tag","embeddable":true,"href":"https:\/\/www.claret.cat\/es\/wp-json\/wp\/v2\/product_tag?post=1074102"}],"curies":[{"name":"wp","href":"https:\/\/api.w.org\/{rel}","templated":true}]}}