{"id":107421,"date":"2022-10-12T09:31:37","date_gmt":"2022-10-12T07:31:37","guid":{"rendered":"http:\/\/dev.claret.cat\/producte\/liderazgo-centrado-en-la-persona\/"},"modified":"2026-01-19T12:02:42","modified_gmt":"2026-01-19T11:02:42","slug":"liderazgo-centrado-en-la-persona-9788431334703","status":"publish","type":"product","link":"https:\/\/www.claret.cat\/es\/libro\/liderazgo-centrado-en-la-persona-9788431334703\/","title":{"rendered":"LIDERAZGO CENTRADO EN LA PERSONA"},"content":{"rendered":"<p>La tarea de dirigir tiene un lugar preponderante en la empresa. Carlos Llano fue pionero en el estudio de la acci\u00f3n directiva, en un contexto que ya buscaba una renovaci\u00f3n en las teor\u00edas del management. Para Llano, la direcci\u00f3n de empresas ?y, por lo tanto, de las personas que en ellas laboran? no puede reducirse a un sistema, sino que debe respetar la naturaleza f\u00edsica, espiritual, racional y libre de todo ser humano. Con robustas bases antropol\u00f3gicas, Llano plantea un nuevo modelo de gesti\u00f3n basado en la flexibilidad y la participaci\u00f3n, que hace de la empresa un lugar de desarrollo de la persona que contribuye a la construcci\u00f3n de una mejor sociedad. Llano vislumbr\u00f3 que este nuevo paradigma requiere un nuevo estilo de liderazgo, uno que ?centrado en la persona? concibe la direcci\u00f3n como un servicio. Este libro rastrea los fundamentos te\u00f3ricos de su propuesta.<br \/> Carlos Llano ha sido el pensador que mejor ha sabido integrar filosof\u00eda y management. A trav\u00e9s de los conceptos perennes de la filosof\u00eda, nos ofreci\u00f3 una perspectiva \u00fanica y genuina de la direcci\u00f3n de empresas. En este libro, Ricardo Murcio nos desmenuza el pensamiento de su profesor y maestro, y nos vuelve a recordar que el centro de la actividad empresarial y de la toma de decisiones deben ser las personas (Joan Fontrodona, IESE Business School).<\/p>\n","protected":false},"excerpt":{"rendered":"<p>MURCIO RODR\u00cdGUEZ, RICARDO<\/p>\n","protected":false},"featured_media":107422,"template":"","meta":{"_acf_changed":false,"om_disable_all_campaigns":false,"rs_blank_template":"","rs_page_bg_color":"","slide_template_v7":"","inline_featured_image":false,"_monsterinsights_skip_tracking":false},"product_brand":[],"product_cat":[373,166],"product_tag":[],"class_list":["post-107421","product","type-product","status-publish","has-post-thumbnail","product_cat-autores","product_cat-autors-filosofia","first","instock","taxable","shipping-taxable","purchasable","product-type-simple"],"acf":{"editorial":[{"ID":6251,"post_author":"3","post_date":"2022-07-28 17:48:11","post_date_gmt":"2022-07-28 15:48:11","post_content":"","post_title":"EUNSA. EDICIONES UNIVERSIDAD DE NAVARRA","post_excerpt":"","post_status":"publish","comment_status":"closed","ping_status":"closed","post_password":"","post_name":"eunsa-ediciones-universidad-de-navarra","to_ping":"","pinged":"","post_modified":"2022-07-28 17:48:11","post_modified_gmt":"2022-07-28 15:48:11","post_content_filtered":"","post_parent":0,"guid":"http:\/\/dev.claret.cat\/editorial\/eunsa-ediciones-universidad-de-navarra\/","menu_order":0,"post_type":"editorial","post_mime_type":"","comment_count":"0","filter":"raw"}],"autor":"MURCIO RODR\u00cdGUEZ, RICARDO","codart":"843133470","libros-coleccion":"Astrolabio Econom\u00eda y Empresa","ediciones":"1","encuadernacion":"R\u00fastica","fecha_de_publicacion":"01\/07\/2020","novedad":"1","paginas":"0","subtitulo":"","orden":"0","portada":"0","idioma":"spa","autores-libros":[{"ID":168060,"post_author":"3","post_date":"2022-10-14 18:16:12","post_date_gmt":"2022-10-14 16:16:12","post_content":"","post_title":"RICARDO MURCIO RODR\u00cdGUEZ","post_excerpt":"","post_status":"publish","comment_status":"closed","ping_status":"closed","post_password":"","post_name":"ricardo-murcio-rodriguez","to_ping":"","pinged":"","post_modified":"2022-10-14 18:16:12","post_modified_gmt":"2022-10-14 16:16:12","post_content_filtered":"","post_parent":0,"guid":"http:\/\/dev.claret.cat\/autor\/ricardo-murcio-rodriguez\/","menu_order":0,"post_type":"autor","post_mime_type":"","comment_count":"0","filter":"raw"}],"booktrailer":"","resenas":""},"aioseo_notices":[],"aioseo_head":"\n\t\t<!-- All in One SEO Pro 5.0.1.1 - aioseo.com -->\n\t<meta name=\"description\" content=\"LIDERAZGO CENTRADO EN LA PERSONA de MURCIO RODR\u00cdGUEZ, RICARDO disponible a\/en Llibreria Claret.\" \/>\n\t<meta name=\"robots\" content=\"max-image-preview:large\" \/>\n\t<meta name=\"google-site-verification\" content=\"xVtlFxJ-TfkIu-D-lt7XeLobefg5EIQiXTuqcSf8Rf0\" \/>\n\t<link rel=\"canonical\" href=\"https:\/\/www.claret.cat\/es\/libro\/liderazgo-centrado-en-la-persona-9788431334703\/\" \/>\n\t<meta name=\"generator\" content=\"All in One SEO Pro (AIOSEO) 5.0.1.1\" \/>\n\t\t<meta property=\"og:locale\" content=\"es_ES\" \/>\n\t\t<meta property=\"og:site_name\" content=\"Llibreria Claret - Llibreria religiosa a Barcelona\" \/>\n\t\t<meta property=\"og:type\" content=\"article\" \/>\n\t\t<meta property=\"og:title\" content=\"LIDERAZGO CENTRADO EN LA PERSONA - MURCIO RODR\u00cdGUEZ, RICARDO 9788431334703 | Llibreria Claret\" \/>\n\t\t<meta property=\"og:description\" content=\"LIDERAZGO CENTRADO EN LA PERSONA de MURCIO RODR\u00cdGUEZ, RICARDO disponible a\/en Llibreria Claret.\" \/>\n\t\t<meta property=\"og:url\" content=\"https:\/\/www.claret.cat\/es\/libro\/liderazgo-centrado-en-la-persona-9788431334703\/\" \/>\n\t\t<meta property=\"og:image\" content=\"https:\/\/dev.claret.cat\/wp-content\/uploads\/logo-claret.svg\" \/>\n\t\t<meta property=\"og:image:secure_url\" content=\"https:\/\/dev.claret.cat\/wp-content\/uploads\/logo-claret.svg\" \/>\n\t\t<meta property=\"article:published_time\" content=\"2022-10-12T07:31:37+00:00\" \/>\n\t\t<meta property=\"article:modified_time\" content=\"2026-01-19T11:02:42+00:00\" \/>\n\t\t<meta property=\"article:publisher\" content=\"https:\/\/www.facebook.com\/LlibreriaClaret\" \/>\n\t\t<meta name=\"twitter:card\" content=\"summary_large_image\" \/>\n\t\t<meta name=\"twitter:site\" content=\"@LlibreriaClaret\" \/>\n\t\t<meta name=\"twitter:title\" content=\"LIDERAZGO CENTRADO EN LA PERSONA - MURCIO RODR\u00cdGUEZ, RICARDO 9788431334703 | Llibreria Claret\" \/>\n\t\t<meta name=\"twitter:description\" content=\"LIDERAZGO CENTRADO EN LA PERSONA de MURCIO RODR\u00cdGUEZ, RICARDO disponible a\/en Llibreria Claret.\" \/>\n\t\t<meta name=\"twitter:image\" content=\"http:\/\/dev.claret.cat\/wp-content\/uploads\/logo-claret.svg\" \/>\n\t\t<script type=\"application\/ld+json\" class=\"aioseo-schema\">\n\t\t\t{\"@context\":\"https:\\\/\\\/schema.org\",\"@graph\":[{\"@type\":\"BreadcrumbList\",\"@id\":\"https:\\\/\\\/www.claret.cat\\\/es\\\/libro\\\/liderazgo-centrado-en-la-persona-9788431334703\\\/#breadcrumblist\",\"itemListElement\":[{\"@type\":\"ListItem\",\"@id\":\"https:\\\/\\\/www.claret.cat\\\/es\\\/#listItem\",\"position\":1,\"name\":\"Home\",\"item\":\"https:\\\/\\\/www.claret.cat\\\/es\\\/\",\"nextItem\":{\"@type\":\"ListItem\",\"@id\":\"https:\\\/\\\/www.claret.cat\\\/?page_id=16#listItem\",\"name\":\"Botiga\"}},{\"@type\":\"ListItem\",\"@id\":\"https:\\\/\\\/www.claret.cat\\\/?page_id=16#listItem\",\"position\":2,\"name\":\"Botiga\",\"item\":\"https:\\\/\\\/www.claret.cat\\\/?page_id=16\",\"nextItem\":{\"@type\":\"ListItem\",\"@id\":\"https:\\\/\\\/www.claret.cat\\\/categoria-producto\\\/cat\\\/#listItem\",\"name\":\"CAT\"},\"previousItem\":{\"@type\":\"ListItem\",\"@id\":\"https:\\\/\\\/www.claret.cat\\\/es\\\/#listItem\",\"name\":\"Home\"}},{\"@type\":\"ListItem\",\"@id\":\"https:\\\/\\\/www.claret.cat\\\/categoria-producto\\\/cat\\\/#listItem\",\"position\":3,\"name\":\"CAT\",\"item\":\"https:\\\/\\\/www.claret.cat\\\/categoria-producto\\\/cat\\\/\",\"nextItem\":{\"@type\":\"ListItem\",\"@id\":\"https:\\\/\\\/www.claret.cat\\\/categoria-producto\\\/cat\\\/2_humanitats\\\/#listItem\",\"name\":\"Humanitats\"},\"previousItem\":{\"@type\":\"ListItem\",\"@id\":\"https:\\\/\\\/www.claret.cat\\\/?page_id=16#listItem\",\"name\":\"Botiga\"}},{\"@type\":\"ListItem\",\"@id\":\"https:\\\/\\\/www.claret.cat\\\/categoria-producto\\\/cat\\\/2_humanitats\\\/#listItem\",\"position\":4,\"name\":\"Humanitats\",\"item\":\"https:\\\/\\\/www.claret.cat\\\/categoria-producto\\\/cat\\\/2_humanitats\\\/\",\"nextItem\":{\"@type\":\"ListItem\",\"@id\":\"https:\\\/\\\/www.claret.cat\\\/categoria-producto\\\/cat\\\/2_humanitats\\\/filosofia\\\/#listItem\",\"name\":\"Filosofia\"},\"previousItem\":{\"@type\":\"ListItem\",\"@id\":\"https:\\\/\\\/www.claret.cat\\\/categoria-producto\\\/cat\\\/#listItem\",\"name\":\"CAT\"}},{\"@type\":\"ListItem\",\"@id\":\"https:\\\/\\\/www.claret.cat\\\/categoria-producto\\\/cat\\\/2_humanitats\\\/filosofia\\\/#listItem\",\"position\":5,\"name\":\"Filosofia\",\"item\":\"https:\\\/\\\/www.claret.cat\\\/categoria-producto\\\/cat\\\/2_humanitats\\\/filosofia\\\/\",\"nextItem\":{\"@type\":\"ListItem\",\"@id\":\"https:\\\/\\\/www.claret.cat\\\/categoria-producto\\\/cat\\\/2_humanitats\\\/filosofia\\\/autors-filosofia\\\/#listItem\",\"name\":\"Autors\"},\"previousItem\":{\"@type\":\"ListItem\",\"@id\":\"https:\\\/\\\/www.claret.cat\\\/categoria-producto\\\/cat\\\/2_humanitats\\\/#listItem\",\"name\":\"Humanitats\"}},{\"@type\":\"ListItem\",\"@id\":\"https:\\\/\\\/www.claret.cat\\\/categoria-producto\\\/cat\\\/2_humanitats\\\/filosofia\\\/autors-filosofia\\\/#listItem\",\"position\":6,\"name\":\"Autors\",\"item\":\"https:\\\/\\\/www.claret.cat\\\/categoria-producto\\\/cat\\\/2_humanitats\\\/filosofia\\\/autors-filosofia\\\/\",\"nextItem\":{\"@type\":\"ListItem\",\"@id\":\"https:\\\/\\\/www.claret.cat\\\/es\\\/libro\\\/liderazgo-centrado-en-la-persona-9788431334703\\\/#listItem\",\"name\":\"LIDERAZGO CENTRADO EN LA PERSONA\"},\"previousItem\":{\"@type\":\"ListItem\",\"@id\":\"https:\\\/\\\/www.claret.cat\\\/categoria-producto\\\/cat\\\/2_humanitats\\\/filosofia\\\/#listItem\",\"name\":\"Filosofia\"}},{\"@type\":\"ListItem\",\"@id\":\"https:\\\/\\\/www.claret.cat\\\/es\\\/libro\\\/liderazgo-centrado-en-la-persona-9788431334703\\\/#listItem\",\"position\":7,\"name\":\"LIDERAZGO CENTRADO EN LA PERSONA\",\"previousItem\":{\"@type\":\"ListItem\",\"@id\":\"https:\\\/\\\/www.claret.cat\\\/categoria-producto\\\/cat\\\/2_humanitats\\\/filosofia\\\/autors-filosofia\\\/#listItem\",\"name\":\"Autors\"}}]},{\"@type\":\"ItemPage\",\"@id\":\"https:\\\/\\\/www.claret.cat\\\/es\\\/libro\\\/liderazgo-centrado-en-la-persona-9788431334703\\\/#itempage\",\"url\":\"https:\\\/\\\/www.claret.cat\\\/es\\\/libro\\\/liderazgo-centrado-en-la-persona-9788431334703\\\/\",\"name\":\"LIDERAZGO CENTRADO EN LA PERSONA - MURCIO RODR\\u00cdGUEZ, RICARDO 9788431334703 | Llibreria Claret\",\"description\":\"LIDERAZGO CENTRADO EN LA PERSONA de MURCIO RODR\\u00cdGUEZ, RICARDO disponible a\\\/en Llibreria Claret.\",\"inLanguage\":\"es-ES\",\"isPartOf\":{\"@id\":\"https:\\\/\\\/www.claret.cat\\\/es\\\/#website\"},\"breadcrumb\":{\"@id\":\"https:\\\/\\\/www.claret.cat\\\/es\\\/libro\\\/liderazgo-centrado-en-la-persona-9788431334703\\\/#breadcrumblist\"},\"image\":{\"@type\":\"ImageObject\",\"url\":\"https:\\\/\\\/www.claret.cat\\\/wp-content\\\/uploads\\\/.\\\/9788431334703.jpg\",\"@id\":\"https:\\\/\\\/www.claret.cat\\\/es\\\/libro\\\/liderazgo-centrado-en-la-persona-9788431334703\\\/#mainImage\",\"width\":225,\"height\":329,\"caption\":\"9788431334703.jpg\"},\"primaryImageOfPage\":{\"@id\":\"https:\\\/\\\/www.claret.cat\\\/es\\\/libro\\\/liderazgo-centrado-en-la-persona-9788431334703\\\/#mainImage\"},\"datePublished\":\"2022-10-12T09:31:37+02:00\",\"dateModified\":\"2026-01-19T12:02:42+01:00\"},{\"@type\":\"Organization\",\"@id\":\"https:\\\/\\\/www.claret.cat\\\/es\\\/#organization\",\"name\":\"Llibreria Claret\",\"description\":\"Llibreria religiosa a Barcelona\",\"url\":\"https:\\\/\\\/www.claret.cat\\\/es\\\/\",\"email\":\"comunicacio@claret.cat\",\"telephone\":\"+34933010887\",\"logo\":{\"@type\":\"ImageObject\",\"url\":\"https:\\\/\\\/www.claret.cat\\\/wp-content\\\/uploads\\\/.\\\/logo-claret-es.png\",\"@id\":\"https:\\\/\\\/www.claret.cat\\\/es\\\/libro\\\/liderazgo-centrado-en-la-persona-9788431334703\\\/#organizationLogo\",\"width\":195,\"height\":79},\"image\":{\"@id\":\"https:\\\/\\\/www.claret.cat\\\/es\\\/libro\\\/liderazgo-centrado-en-la-persona-9788431334703\\\/#organizationLogo\"},\"sameAs\":[\"https:\\\/\\\/www.facebook.com\\\/LlibreriaClaret\",\"https:\\\/\\\/twitter.com\\\/LlibreriaClaret\",\"https:\\\/\\\/www.instagram.com\\\/llibreriaclaret\\\/\",\"https:\\\/\\\/www.tiktok.com\\\/@llibreriaclaret\",\"https:\\\/\\\/www.youtube.com\\\/@llibreriaclaret\",\"https:\\\/\\\/ca.wikipedia.org\\\/wiki\\\/Editorial_Claret\"]},{\"@type\":\"WebPage\",\"@id\":\"https:\\\/\\\/www.claret.cat\\\/es\\\/libro\\\/liderazgo-centrado-en-la-persona-9788431334703\\\/#webpage\",\"url\":\"https:\\\/\\\/www.claret.cat\\\/es\\\/libro\\\/liderazgo-centrado-en-la-persona-9788431334703\\\/\",\"name\":\"LIDERAZGO CENTRADO EN LA PERSONA - MURCIO RODR\\u00cdGUEZ, RICARDO 9788431334703 | Llibreria Claret\",\"description\":\"LIDERAZGO CENTRADO EN LA PERSONA de MURCIO RODR\\u00cdGUEZ, RICARDO disponible a\\\/en Llibreria Claret.\",\"inLanguage\":\"es-ES\",\"isPartOf\":{\"@id\":\"https:\\\/\\\/www.claret.cat\\\/es\\\/#website\"},\"breadcrumb\":{\"@id\":\"https:\\\/\\\/www.claret.cat\\\/es\\\/libro\\\/liderazgo-centrado-en-la-persona-9788431334703\\\/#breadcrumblist\"},\"image\":{\"@type\":\"ImageObject\",\"url\":\"https:\\\/\\\/www.claret.cat\\\/wp-content\\\/uploads\\\/.\\\/9788431334703.jpg\",\"@id\":\"https:\\\/\\\/www.claret.cat\\\/es\\\/libro\\\/liderazgo-centrado-en-la-persona-9788431334703\\\/#mainImage\",\"width\":225,\"height\":329,\"caption\":\"9788431334703.jpg\"},\"primaryImageOfPage\":{\"@id\":\"https:\\\/\\\/www.claret.cat\\\/es\\\/libro\\\/liderazgo-centrado-en-la-persona-9788431334703\\\/#mainImage\"},\"datePublished\":\"2022-10-12T09:31:37+02:00\",\"dateModified\":\"2026-01-19T12:02:42+01:00\"},{\"@type\":\"WebSite\",\"@id\":\"https:\\\/\\\/www.claret.cat\\\/es\\\/#website\",\"url\":\"https:\\\/\\\/www.claret.cat\\\/es\\\/\",\"name\":\"Llibreria Claret Barcelona\",\"alternateName\":\"Llibreria Claret\",\"description\":\"Llibreria religiosa a Barcelona\",\"inLanguage\":\"es-ES\",\"publisher\":{\"@id\":\"https:\\\/\\\/www.claret.cat\\\/es\\\/#organization\"}}]}\n\t\t<\/script>\n\t\t<!-- All in One SEO Pro -->\r\n\t\t<title>LIDERAZGO CENTRADO EN LA PERSONA - MURCIO RODR\u00cdGUEZ, RICARDO 9788431334703 | Llibreria Claret<\/title>\n\n","aioseo_head_json":{"title":"LIDERAZGO CENTRADO EN LA PERSONA - MURCIO RODR\u00cdGUEZ, RICARDO 9788431334703 | Llibreria Claret","description":"LIDERAZGO CENTRADO EN LA PERSONA de MURCIO RODR\u00cdGUEZ, RICARDO disponible a\/en Llibreria Claret.","canonical_url":"https:\/\/www.claret.cat\/es\/libro\/liderazgo-centrado-en-la-persona-9788431334703\/","robots":"max-image-preview:large","keywords":"","webmasterTools":{"google-site-verification":"xVtlFxJ-TfkIu-D-lt7XeLobefg5EIQiXTuqcSf8Rf0","miscellaneous":""},"schema":{"@context":"https:\/\/schema.org","@graph":[{"@type":"BreadcrumbList","@id":"https:\/\/www.claret.cat\/es\/libro\/liderazgo-centrado-en-la-persona-9788431334703\/#breadcrumblist","itemListElement":[{"@type":"ListItem","@id":"https:\/\/www.claret.cat\/es\/#listItem","position":1,"name":"Home","item":"https:\/\/www.claret.cat\/es\/","nextItem":{"@type":"ListItem","@id":"https:\/\/www.claret.cat\/?page_id=16#listItem","name":"Botiga"}},{"@type":"ListItem","@id":"https:\/\/www.claret.cat\/?page_id=16#listItem","position":2,"name":"Botiga","item":"https:\/\/www.claret.cat\/?page_id=16","nextItem":{"@type":"ListItem","@id":"https:\/\/www.claret.cat\/categoria-producto\/cat\/#listItem","name":"CAT"},"previousItem":{"@type":"ListItem","@id":"https:\/\/www.claret.cat\/es\/#listItem","name":"Home"}},{"@type":"ListItem","@id":"https:\/\/www.claret.cat\/categoria-producto\/cat\/#listItem","position":3,"name":"CAT","item":"https:\/\/www.claret.cat\/categoria-producto\/cat\/","nextItem":{"@type":"ListItem","@id":"https:\/\/www.claret.cat\/categoria-producto\/cat\/2_humanitats\/#listItem","name":"Humanitats"},"previousItem":{"@type":"ListItem","@id":"https:\/\/www.claret.cat\/?page_id=16#listItem","name":"Botiga"}},{"@type":"ListItem","@id":"https:\/\/www.claret.cat\/categoria-producto\/cat\/2_humanitats\/#listItem","position":4,"name":"Humanitats","item":"https:\/\/www.claret.cat\/categoria-producto\/cat\/2_humanitats\/","nextItem":{"@type":"ListItem","@id":"https:\/\/www.claret.cat\/categoria-producto\/cat\/2_humanitats\/filosofia\/#listItem","name":"Filosofia"},"previousItem":{"@type":"ListItem","@id":"https:\/\/www.claret.cat\/categoria-producto\/cat\/#listItem","name":"CAT"}},{"@type":"ListItem","@id":"https:\/\/www.claret.cat\/categoria-producto\/cat\/2_humanitats\/filosofia\/#listItem","position":5,"name":"Filosofia","item":"https:\/\/www.claret.cat\/categoria-producto\/cat\/2_humanitats\/filosofia\/","nextItem":{"@type":"ListItem","@id":"https:\/\/www.claret.cat\/categoria-producto\/cat\/2_humanitats\/filosofia\/autors-filosofia\/#listItem","name":"Autors"},"previousItem":{"@type":"ListItem","@id":"https:\/\/www.claret.cat\/categoria-producto\/cat\/2_humanitats\/#listItem","name":"Humanitats"}},{"@type":"ListItem","@id":"https:\/\/www.claret.cat\/categoria-producto\/cat\/2_humanitats\/filosofia\/autors-filosofia\/#listItem","position":6,"name":"Autors","item":"https:\/\/www.claret.cat\/categoria-producto\/cat\/2_humanitats\/filosofia\/autors-filosofia\/","nextItem":{"@type":"ListItem","@id":"https:\/\/www.claret.cat\/es\/libro\/liderazgo-centrado-en-la-persona-9788431334703\/#listItem","name":"LIDERAZGO CENTRADO EN LA PERSONA"},"previousItem":{"@type":"ListItem","@id":"https:\/\/www.claret.cat\/categoria-producto\/cat\/2_humanitats\/filosofia\/#listItem","name":"Filosofia"}},{"@type":"ListItem","@id":"https:\/\/www.claret.cat\/es\/libro\/liderazgo-centrado-en-la-persona-9788431334703\/#listItem","position":7,"name":"LIDERAZGO CENTRADO EN LA PERSONA","previousItem":{"@type":"ListItem","@id":"https:\/\/www.claret.cat\/categoria-producto\/cat\/2_humanitats\/filosofia\/autors-filosofia\/#listItem","name":"Autors"}}]},{"@type":"ItemPage","@id":"https:\/\/www.claret.cat\/es\/libro\/liderazgo-centrado-en-la-persona-9788431334703\/#itempage","url":"https:\/\/www.claret.cat\/es\/libro\/liderazgo-centrado-en-la-persona-9788431334703\/","name":"LIDERAZGO CENTRADO EN LA PERSONA - MURCIO RODR\u00cdGUEZ, RICARDO 9788431334703 | Llibreria Claret","description":"LIDERAZGO CENTRADO EN LA PERSONA de MURCIO RODR\u00cdGUEZ, RICARDO disponible a\/en Llibreria Claret.","inLanguage":"es-ES","isPartOf":{"@id":"https:\/\/www.claret.cat\/es\/#website"},"breadcrumb":{"@id":"https:\/\/www.claret.cat\/es\/libro\/liderazgo-centrado-en-la-persona-9788431334703\/#breadcrumblist"},"image":{"@type":"ImageObject","url":"https:\/\/www.claret.cat\/wp-content\/uploads\/.\/9788431334703.jpg","@id":"https:\/\/www.claret.cat\/es\/libro\/liderazgo-centrado-en-la-persona-9788431334703\/#mainImage","width":225,"height":329,"caption":"9788431334703.jpg"},"primaryImageOfPage":{"@id":"https:\/\/www.claret.cat\/es\/libro\/liderazgo-centrado-en-la-persona-9788431334703\/#mainImage"},"datePublished":"2022-10-12T09:31:37+02:00","dateModified":"2026-01-19T12:02:42+01:00"},{"@type":"Organization","@id":"https:\/\/www.claret.cat\/es\/#organization","name":"Llibreria Claret","description":"Llibreria religiosa a Barcelona","url":"https:\/\/www.claret.cat\/es\/","email":"comunicacio@claret.cat","telephone":"+34933010887","logo":{"@type":"ImageObject","url":"https:\/\/www.claret.cat\/wp-content\/uploads\/.\/logo-claret-es.png","@id":"https:\/\/www.claret.cat\/es\/libro\/liderazgo-centrado-en-la-persona-9788431334703\/#organizationLogo","width":195,"height":79},"image":{"@id":"https:\/\/www.claret.cat\/es\/libro\/liderazgo-centrado-en-la-persona-9788431334703\/#organizationLogo"},"sameAs":["https:\/\/www.facebook.com\/LlibreriaClaret","https:\/\/twitter.com\/LlibreriaClaret","https:\/\/www.instagram.com\/llibreriaclaret\/","https:\/\/www.tiktok.com\/@llibreriaclaret","https:\/\/www.youtube.com\/@llibreriaclaret","https:\/\/ca.wikipedia.org\/wiki\/Editorial_Claret"]},{"@type":"WebPage","@id":"https:\/\/www.claret.cat\/es\/libro\/liderazgo-centrado-en-la-persona-9788431334703\/#webpage","url":"https:\/\/www.claret.cat\/es\/libro\/liderazgo-centrado-en-la-persona-9788431334703\/","name":"LIDERAZGO CENTRADO EN LA PERSONA - MURCIO RODR\u00cdGUEZ, RICARDO 9788431334703 | Llibreria Claret","description":"LIDERAZGO CENTRADO EN LA PERSONA de MURCIO RODR\u00cdGUEZ, RICARDO disponible a\/en Llibreria Claret.","inLanguage":"es-ES","isPartOf":{"@id":"https:\/\/www.claret.cat\/es\/#website"},"breadcrumb":{"@id":"https:\/\/www.claret.cat\/es\/libro\/liderazgo-centrado-en-la-persona-9788431334703\/#breadcrumblist"},"image":{"@type":"ImageObject","url":"https:\/\/www.claret.cat\/wp-content\/uploads\/.\/9788431334703.jpg","@id":"https:\/\/www.claret.cat\/es\/libro\/liderazgo-centrado-en-la-persona-9788431334703\/#mainImage","width":225,"height":329,"caption":"9788431334703.jpg"},"primaryImageOfPage":{"@id":"https:\/\/www.claret.cat\/es\/libro\/liderazgo-centrado-en-la-persona-9788431334703\/#mainImage"},"datePublished":"2022-10-12T09:31:37+02:00","dateModified":"2026-01-19T12:02:42+01:00"},{"@type":"WebSite","@id":"https:\/\/www.claret.cat\/es\/#website","url":"https:\/\/www.claret.cat\/es\/","name":"Llibreria Claret Barcelona","alternateName":"Llibreria Claret","description":"Llibreria religiosa a Barcelona","inLanguage":"es-ES","publisher":{"@id":"https:\/\/www.claret.cat\/es\/#organization"}}]},"og:locale":"es_ES","og:site_name":"Llibreria Claret - Llibreria religiosa a Barcelona","og:type":"article","og:title":"LIDERAZGO CENTRADO EN LA PERSONA - MURCIO RODR\u00cdGUEZ, RICARDO 9788431334703 | Llibreria Claret","og:description":"LIDERAZGO CENTRADO EN LA PERSONA de MURCIO RODR\u00cdGUEZ, RICARDO disponible a\/en Llibreria Claret.","og:url":"https:\/\/www.claret.cat\/es\/libro\/liderazgo-centrado-en-la-persona-9788431334703\/","og:image":"https:\/\/dev.claret.cat\/wp-content\/uploads\/logo-claret.svg","og:image:secure_url":"https:\/\/dev.claret.cat\/wp-content\/uploads\/logo-claret.svg","article:published_time":"2022-10-12T07:31:37+00:00","article:modified_time":"2026-01-19T11:02:42+00:00","article:publisher":"https:\/\/www.facebook.com\/LlibreriaClaret","twitter:card":"summary_large_image","twitter:site":"@LlibreriaClaret","twitter:title":"LIDERAZGO CENTRADO EN LA PERSONA - MURCIO RODR\u00cdGUEZ, RICARDO 9788431334703 | Llibreria Claret","twitter:description":"LIDERAZGO CENTRADO EN LA PERSONA de MURCIO RODR\u00cdGUEZ, RICARDO disponible a\/en Llibreria Claret.","twitter:image":"http:\/\/dev.claret.cat\/wp-content\/uploads\/logo-claret.svg"},"aioseo_meta_data":{"post_id":"107421","title":null,"description":null,"keywords":null,"keyphrases":null,"primary_term":null,"canonical_url":null,"og_title":null,"og_description":null,"og_object_type":"default","og_image_type":"default","og_image_url":null,"og_image_width":null,"og_image_height":null,"og_image_custom_url":null,"og_image_custom_fields":null,"og_video":null,"og_custom_url":null,"og_article_section":null,"og_article_tags":null,"twitter_use_og":false,"twitter_card":"default","twitter_image_type":"default","twitter_image_url":null,"twitter_image_custom_url":null,"twitter_image_custom_fields":null,"twitter_title":null,"twitter_description":null,"schema":{"blockGraphs":[],"customGraphs":[],"default":{"data":{"Article":[],"Course":[],"Dataset":[],"FAQPage":[],"Movie":[],"Person":[],"Product":[],"ProductReview":[],"Car":[],"Recipe":[],"Service":[],"SoftwareApplication":[],"WebPage":[]},"graphName":"","isEnabled":true},"graphs":[]},"schema_type":"default","schema_type_options":null,"pillar_content":false,"robots_default":true,"robots_noindex":false,"robots_noarchive":false,"robots_nosnippet":false,"robots_nofollow":false,"robots_noimageindex":false,"robots_noodp":false,"robots_notranslate":false,"robots_max_snippet":null,"robots_max_videopreview":null,"robots_max_imagepreview":"large","priority":null,"frequency":null,"local_seo":null,"seo_analyzer_scan_date":"2026-01-19 12:22:15","breadcrumb_settings":null,"limit_modified_date":false,"open_ai":null,"ai":null,"created":"2022-12-19 12:50:40","updated":"2026-01-19 12:22:15","focus_keyword":null,"additional_keywords":null,"truseo_locale":null},"aioseo_breadcrumb":"<div class=\"aioseo-breadcrumbs\"><span class=\"aioseo-breadcrumb\">\n\t<a href=\"https:\/\/www.claret.cat\/es\/\" title=\"Home\">Home<\/a>\n<\/span><span class=\"aioseo-breadcrumb-separator\">&raquo;<\/span><span class=\"aioseo-breadcrumb\">\n\t<a href=\"https:\/\/www.claret.cat\/?page_id=16\" title=\"Botiga\">Botiga<\/a>\n<\/span><span class=\"aioseo-breadcrumb-separator\">&raquo;<\/span><span class=\"aioseo-breadcrumb\">\n\t<a href=\"https:\/\/www.claret.cat\/categoria-producto\/cat\/\" title=\"CAT\">CAT<\/a>\n<\/span><span class=\"aioseo-breadcrumb-separator\">&raquo;<\/span><span class=\"aioseo-breadcrumb\">\n\t<a href=\"https:\/\/www.claret.cat\/categoria-producto\/cat\/2_humanitats\/\" title=\"Humanitats\">Humanitats<\/a>\n<\/span><span class=\"aioseo-breadcrumb-separator\">&raquo;<\/span><span class=\"aioseo-breadcrumb\">\n\t<a href=\"https:\/\/www.claret.cat\/categoria-producto\/cat\/2_humanitats\/filosofia\/\" title=\"Filosofia\">Filosofia<\/a>\n<\/span><span class=\"aioseo-breadcrumb-separator\">&raquo;<\/span><span class=\"aioseo-breadcrumb\">\n\t<a href=\"https:\/\/www.claret.cat\/categoria-producto\/cat\/2_humanitats\/filosofia\/autors-filosofia\/\" title=\"Autors\">Autors<\/a>\n<\/span><span class=\"aioseo-breadcrumb-separator\">&raquo;<\/span><span class=\"aioseo-breadcrumb\">\n\tLIDERAZGO CENTRADO EN LA PERSONA\n<\/span><\/div>","aioseo_breadcrumb_json":[{"label":"Home","link":"https:\/\/www.claret.cat\/es\/"},{"label":"Botiga","link":"https:\/\/www.claret.cat\/?page_id=16"},{"label":"CAT","link":"https:\/\/www.claret.cat\/categoria-producto\/cat\/"},{"label":"Humanitats","link":"https:\/\/www.claret.cat\/categoria-producto\/cat\/2_humanitats\/"},{"label":"Filosofia","link":"https:\/\/www.claret.cat\/categoria-producto\/cat\/2_humanitats\/filosofia\/"},{"label":"Autors","link":"https:\/\/www.claret.cat\/categoria-producto\/cat\/2_humanitats\/filosofia\/autors-filosofia\/"},{"label":"LIDERAZGO CENTRADO EN LA PERSONA","link":"https:\/\/www.claret.cat\/es\/libro\/liderazgo-centrado-en-la-persona-9788431334703\/"}],"_links":{"self":[{"href":"https:\/\/www.claret.cat\/es\/wp-json\/wp\/v2\/product\/107421","targetHints":{"allow":["GET"]}}],"collection":[{"href":"https:\/\/www.claret.cat\/es\/wp-json\/wp\/v2\/product"}],"about":[{"href":"https:\/\/www.claret.cat\/es\/wp-json\/wp\/v2\/types\/product"}],"wp:featuredmedia":[{"embeddable":true,"href":"https:\/\/www.claret.cat\/es\/wp-json\/wp\/v2\/media\/107422"}],"wp:attachment":[{"href":"https:\/\/www.claret.cat\/es\/wp-json\/wp\/v2\/media?parent=107421"}],"wp:term":[{"taxonomy":"product_brand","embeddable":true,"href":"https:\/\/www.claret.cat\/es\/wp-json\/wp\/v2\/product_brand?post=107421"},{"taxonomy":"product_cat","embeddable":true,"href":"https:\/\/www.claret.cat\/es\/wp-json\/wp\/v2\/product_cat?post=107421"},{"taxonomy":"product_tag","embeddable":true,"href":"https:\/\/www.claret.cat\/es\/wp-json\/wp\/v2\/product_tag?post=107421"}],"curies":[{"name":"wp","href":"https:\/\/api.w.org\/{rel}","templated":true}]}}