{"id":107864,"date":"2022-10-12T09:37:55","date_gmt":"2022-10-12T07:37:55","guid":{"rendered":"http:\/\/dev.claret.cat\/producte\/quienes-son-y-que-sienten-las-plantas-carnivoras\/"},"modified":"2023-01-28T18:40:50","modified_gmt":"2023-01-28T17:40:50","slug":"quienes-son-y-que-sienten-las-plantas-carnivoras-9788418245534","status":"publish","type":"product","link":"https:\/\/www.claret.cat\/es\/libro\/quienes-son-y-que-sienten-las-plantas-carnivoras-9788418245534\/","title":{"rendered":"QUI\u00c9NES SON Y QU\u00c9 SIENTEN LAS PLANTAS CARN\u00cdVORAS"},"content":{"rendered":"<p>\u00abCada uno de los cuarenta y dos cuentos de este volumen ;provocador e intrigante crisol de ciencia, humor y filosof\u00eda; pone en jaque a la entrop\u00eda con la l\u00f3gica perfecta del mecanismo de un aut\u00f3mata\u00bb. <\/p>\n<p> The Smithsonian Society Review of Books<\/p>\n<p> \u00abDa la impresi\u00f3n de que Alicia Schr\u00f6dinger aborda una suerte de combinaci\u00f3n de dos formas de re\u00edr ;la que produce el repentino conocimiento y el tambi\u00e9n repentino descubrimiento de la ignorancia; y aplicarla a otros muchos asuntos que parecen ocupar su campo de inter\u00e9s [&#8230;]. \u00bfNos ense\u00f1a Alicia Schr\u00f6dinger a ver el zen como lo har\u00eda un ni\u00f1o, o es preciso ser ni\u00f1o y re\u00edr como un ni\u00f1o para entender el zen? Es esta una colecci\u00f3n de cuentos atmosf\u00e9ricos, en los que se agitan felizmente el pasado y el futuro, o en los que el futuro viene al rescate del pasado, y cuya clave humor\u00edstica nos espera casi siempre al final, como conclusi\u00f3n de un misterio que en realidad nunca ser\u00e1 resuelto. No podemos ni debemos desvelar aqu\u00ed las m\u00faltiples sorpresas y electrizantes hallazgos que nos depara esta lectura\u00bb.<\/p>\n<p> Del pr\u00f3logo de MENCHU GUTI\u00c9RREZ<\/p>\n<p> Con humor infrarrojo, Alicia Schr\u00f6dinger nos presenta en este brillante debut una certera y original colecci\u00f3n de cuentos que abordan de manera ins\u00f3lita los temas m\u00e1s dispares: desde los sentimientos de las plantas carn\u00edvoras que dan t\u00edtulo al propio volumen hasta el feminismo, el cambio clim\u00e1tico, el mesmerismo, la vida mon\u00e1stica, la antropolog\u00eda o la m\u00fasica contempor\u00e1nea.<\/p>\n","protected":false},"excerpt":{"rendered":"<p>SCHR\u00d6DINGER, ALICIA<\/p>\n","protected":false},"featured_media":107865,"template":"","meta":{"_acf_changed":false,"om_disable_all_campaigns":false,"rs_blank_template":"","rs_page_bg_color":"","slide_template_v7":"","inline_featured_image":false,"_monsterinsights_skip_tracking":false},"product_brand":[],"product_cat":[127],"product_tag":[],"class_list":["post-107864","product","type-product","status-publish","has-post-thumbnail","product_cat-novella-contemporania","first","instock","taxable","shipping-taxable","purchasable","product-type-simple"],"acf":{"editorial":[{"ID":6365,"post_author":"3","post_date":"2022-07-28 17:50:37","post_date_gmt":"2022-07-28 15:50:37","post_content":"","post_title":"Siruela","post_excerpt":"","post_status":"publish","comment_status":"closed","ping_status":"closed","post_password":"","post_name":"siruela","to_ping":"","pinged":"","post_modified":"2022-07-28 17:50:37","post_modified_gmt":"2022-07-28 15:50:37","post_content_filtered":"","post_parent":0,"guid":"http:\/\/dev.claret.cat\/editorial\/siruela\/","menu_order":0,"post_type":"editorial","post_mime_type":"","comment_count":"0","filter":"raw"}],"autor":"SCHR\u00d6DINGER, ALICIA","codart":"841824553","libros-coleccion":"Nuevos Tiempos","ediciones":"1","encuadernacion":"R\u00fastica","fecha_de_publicacion":"01\/07\/2020","novedad":"1","paginas":"166","subtitulo":"","orden":"0","portada":"0","idioma":"spa","autores-libros":[{"ID":149853,"post_author":"3","post_date":"2022-10-14 14:28:13","post_date_gmt":"2022-10-14 12:28:13","post_content":"","post_title":"ALICIA SCHR\u00d6DINGER","post_excerpt":"","post_status":"publish","comment_status":"closed","ping_status":"closed","post_password":"","post_name":"alicia-schrodinger","to_ping":"","pinged":"","post_modified":"2022-10-14 14:28:13","post_modified_gmt":"2022-10-14 12:28:13","post_content_filtered":"","post_parent":0,"guid":"http:\/\/dev.claret.cat\/autor\/alicia-schrodinger\/","menu_order":0,"post_type":"autor","post_mime_type":"","comment_count":"0","filter":"raw"}]},"aioseo_notices":[],"aioseo_head":"\n\t\t<!-- All in One SEO Pro 5.0.1.1 - aioseo.com -->\n\t<meta name=\"description\" content=\"QUI\u00c9NES SON Y QU\u00c9 SIENTEN LAS PLANTAS CARN\u00cdVORAS de SCHR\u00d6DINGER, ALICIA disponible a\/en Llibreria Claret.\" \/>\n\t<meta name=\"robots\" content=\"max-image-preview:large\" \/>\n\t<meta name=\"google-site-verification\" content=\"xVtlFxJ-TfkIu-D-lt7XeLobefg5EIQiXTuqcSf8Rf0\" \/>\n\t<link rel=\"canonical\" href=\"https:\/\/www.claret.cat\/es\/libro\/quienes-son-y-que-sienten-las-plantas-carnivoras-9788418245534\/\" \/>\n\t<meta name=\"generator\" content=\"All in One SEO Pro (AIOSEO) 5.0.1.1\" \/>\n\t\t<meta property=\"og:locale\" content=\"es_ES\" \/>\n\t\t<meta property=\"og:site_name\" content=\"Llibreria Claret - Llibreria religiosa a Barcelona\" \/>\n\t\t<meta property=\"og:type\" content=\"article\" \/>\n\t\t<meta property=\"og:title\" content=\"QUI\u00c9NES SON Y QU\u00c9 SIENTEN LAS PLANTAS CARN\u00cdVORAS - SCHR\u00d6DINGER, ALICIA 9788418245534 | Llibreria Claret\" \/>\n\t\t<meta property=\"og:description\" content=\"QUI\u00c9NES SON Y QU\u00c9 SIENTEN LAS PLANTAS CARN\u00cdVORAS de SCHR\u00d6DINGER, ALICIA disponible a\/en Llibreria Claret.\" \/>\n\t\t<meta property=\"og:url\" content=\"https:\/\/www.claret.cat\/es\/libro\/quienes-son-y-que-sienten-las-plantas-carnivoras-9788418245534\/\" \/>\n\t\t<meta property=\"og:image\" content=\"https:\/\/dev.claret.cat\/wp-content\/uploads\/logo-claret.svg\" \/>\n\t\t<meta property=\"og:image:secure_url\" content=\"https:\/\/dev.claret.cat\/wp-content\/uploads\/logo-claret.svg\" \/>\n\t\t<meta property=\"article:published_time\" content=\"2022-10-12T07:37:55+00:00\" \/>\n\t\t<meta property=\"article:modified_time\" content=\"2023-01-28T17:40:50+00:00\" \/>\n\t\t<meta property=\"article:publisher\" content=\"https:\/\/www.facebook.com\/LlibreriaClaret\" \/>\n\t\t<meta name=\"twitter:card\" content=\"summary_large_image\" \/>\n\t\t<meta name=\"twitter:site\" content=\"@LlibreriaClaret\" \/>\n\t\t<meta name=\"twitter:title\" content=\"QUI\u00c9NES SON Y QU\u00c9 SIENTEN LAS PLANTAS CARN\u00cdVORAS - SCHR\u00d6DINGER, ALICIA 9788418245534 | Llibreria Claret\" \/>\n\t\t<meta name=\"twitter:description\" content=\"QUI\u00c9NES SON Y QU\u00c9 SIENTEN LAS PLANTAS CARN\u00cdVORAS de SCHR\u00d6DINGER, ALICIA disponible a\/en Llibreria Claret.\" \/>\n\t\t<meta name=\"twitter:image\" content=\"http:\/\/dev.claret.cat\/wp-content\/uploads\/logo-claret.svg\" \/>\n\t\t<script type=\"application\/ld+json\" class=\"aioseo-schema\">\n\t\t\t{\"@context\":\"https:\\\/\\\/schema.org\",\"@graph\":[{\"@type\":\"BreadcrumbList\",\"@id\":\"https:\\\/\\\/www.claret.cat\\\/es\\\/libro\\\/quienes-son-y-que-sienten-las-plantas-carnivoras-9788418245534\\\/#breadcrumblist\",\"itemListElement\":[{\"@type\":\"ListItem\",\"@id\":\"https:\\\/\\\/www.claret.cat\\\/es\\\/#listItem\",\"position\":1,\"name\":\"Home\",\"item\":\"https:\\\/\\\/www.claret.cat\\\/es\\\/\",\"nextItem\":{\"@type\":\"ListItem\",\"@id\":\"https:\\\/\\\/www.claret.cat\\\/?page_id=16#listItem\",\"name\":\"Botiga\"}},{\"@type\":\"ListItem\",\"@id\":\"https:\\\/\\\/www.claret.cat\\\/?page_id=16#listItem\",\"position\":2,\"name\":\"Botiga\",\"item\":\"https:\\\/\\\/www.claret.cat\\\/?page_id=16\",\"nextItem\":{\"@type\":\"ListItem\",\"@id\":\"https:\\\/\\\/www.claret.cat\\\/categoria-producto\\\/cat\\\/#listItem\",\"name\":\"CAT\"},\"previousItem\":{\"@type\":\"ListItem\",\"@id\":\"https:\\\/\\\/www.claret.cat\\\/es\\\/#listItem\",\"name\":\"Home\"}},{\"@type\":\"ListItem\",\"@id\":\"https:\\\/\\\/www.claret.cat\\\/categoria-producto\\\/cat\\\/#listItem\",\"position\":3,\"name\":\"CAT\",\"item\":\"https:\\\/\\\/www.claret.cat\\\/categoria-producto\\\/cat\\\/\",\"nextItem\":{\"@type\":\"ListItem\",\"@id\":\"https:\\\/\\\/www.claret.cat\\\/categoria-producto\\\/cat\\\/2_humanitats\\\/#listItem\",\"name\":\"Humanitats\"},\"previousItem\":{\"@type\":\"ListItem\",\"@id\":\"https:\\\/\\\/www.claret.cat\\\/?page_id=16#listItem\",\"name\":\"Botiga\"}},{\"@type\":\"ListItem\",\"@id\":\"https:\\\/\\\/www.claret.cat\\\/categoria-producto\\\/cat\\\/2_humanitats\\\/#listItem\",\"position\":4,\"name\":\"Humanitats\",\"item\":\"https:\\\/\\\/www.claret.cat\\\/categoria-producto\\\/cat\\\/2_humanitats\\\/\",\"nextItem\":{\"@type\":\"ListItem\",\"@id\":\"https:\\\/\\\/www.claret.cat\\\/categoria-producto\\\/cat\\\/2_humanitats\\\/literatura\\\/#listItem\",\"name\":\"Literatura\"},\"previousItem\":{\"@type\":\"ListItem\",\"@id\":\"https:\\\/\\\/www.claret.cat\\\/categoria-producto\\\/cat\\\/#listItem\",\"name\":\"CAT\"}},{\"@type\":\"ListItem\",\"@id\":\"https:\\\/\\\/www.claret.cat\\\/categoria-producto\\\/cat\\\/2_humanitats\\\/literatura\\\/#listItem\",\"position\":5,\"name\":\"Literatura\",\"item\":\"https:\\\/\\\/www.claret.cat\\\/categoria-producto\\\/cat\\\/2_humanitats\\\/literatura\\\/\",\"nextItem\":{\"@type\":\"ListItem\",\"@id\":\"https:\\\/\\\/www.claret.cat\\\/categoria-producto\\\/cat\\\/2_humanitats\\\/literatura\\\/novella-contemporania\\\/#listItem\",\"name\":\"Novel\\u00b7la contempor\\u00e0nia\"},\"previousItem\":{\"@type\":\"ListItem\",\"@id\":\"https:\\\/\\\/www.claret.cat\\\/categoria-producto\\\/cat\\\/2_humanitats\\\/#listItem\",\"name\":\"Humanitats\"}},{\"@type\":\"ListItem\",\"@id\":\"https:\\\/\\\/www.claret.cat\\\/categoria-producto\\\/cat\\\/2_humanitats\\\/literatura\\\/novella-contemporania\\\/#listItem\",\"position\":6,\"name\":\"Novel\\u00b7la contempor\\u00e0nia\",\"item\":\"https:\\\/\\\/www.claret.cat\\\/categoria-producto\\\/cat\\\/2_humanitats\\\/literatura\\\/novella-contemporania\\\/\",\"nextItem\":{\"@type\":\"ListItem\",\"@id\":\"https:\\\/\\\/www.claret.cat\\\/es\\\/libro\\\/quienes-son-y-que-sienten-las-plantas-carnivoras-9788418245534\\\/#listItem\",\"name\":\"QUI\\u00c9NES SON Y QU\\u00c9 SIENTEN LAS PLANTAS CARN\\u00cdVORAS\"},\"previousItem\":{\"@type\":\"ListItem\",\"@id\":\"https:\\\/\\\/www.claret.cat\\\/categoria-producto\\\/cat\\\/2_humanitats\\\/literatura\\\/#listItem\",\"name\":\"Literatura\"}},{\"@type\":\"ListItem\",\"@id\":\"https:\\\/\\\/www.claret.cat\\\/es\\\/libro\\\/quienes-son-y-que-sienten-las-plantas-carnivoras-9788418245534\\\/#listItem\",\"position\":7,\"name\":\"QUI\\u00c9NES SON Y QU\\u00c9 SIENTEN LAS PLANTAS CARN\\u00cdVORAS\",\"previousItem\":{\"@type\":\"ListItem\",\"@id\":\"https:\\\/\\\/www.claret.cat\\\/categoria-producto\\\/cat\\\/2_humanitats\\\/literatura\\\/novella-contemporania\\\/#listItem\",\"name\":\"Novel\\u00b7la contempor\\u00e0nia\"}}]},{\"@type\":\"ItemPage\",\"@id\":\"https:\\\/\\\/www.claret.cat\\\/es\\\/libro\\\/quienes-son-y-que-sienten-las-plantas-carnivoras-9788418245534\\\/#itempage\",\"url\":\"https:\\\/\\\/www.claret.cat\\\/es\\\/libro\\\/quienes-son-y-que-sienten-las-plantas-carnivoras-9788418245534\\\/\",\"name\":\"QUI\\u00c9NES SON Y QU\\u00c9 SIENTEN LAS PLANTAS CARN\\u00cdVORAS - SCHR\\u00d6DINGER, ALICIA 9788418245534 | Llibreria Claret\",\"description\":\"QUI\\u00c9NES SON Y QU\\u00c9 SIENTEN LAS PLANTAS CARN\\u00cdVORAS de SCHR\\u00d6DINGER, ALICIA disponible a\\\/en Llibreria Claret.\",\"inLanguage\":\"es-ES\",\"isPartOf\":{\"@id\":\"https:\\\/\\\/www.claret.cat\\\/es\\\/#website\"},\"breadcrumb\":{\"@id\":\"https:\\\/\\\/www.claret.cat\\\/es\\\/libro\\\/quienes-son-y-que-sienten-las-plantas-carnivoras-9788418245534\\\/#breadcrumblist\"},\"image\":{\"@type\":\"ImageObject\",\"url\":\"https:\\\/\\\/www.claret.cat\\\/wp-content\\\/uploads\\\/.\\\/9788418245534.jpg\",\"@id\":\"https:\\\/\\\/www.claret.cat\\\/es\\\/libro\\\/quienes-son-y-que-sienten-las-plantas-carnivoras-9788418245534\\\/#mainImage\",\"width\":225,\"height\":329,\"caption\":\"9788418245534.jpg\"},\"primaryImageOfPage\":{\"@id\":\"https:\\\/\\\/www.claret.cat\\\/es\\\/libro\\\/quienes-son-y-que-sienten-las-plantas-carnivoras-9788418245534\\\/#mainImage\"},\"datePublished\":\"2022-10-12T09:37:55+02:00\",\"dateModified\":\"2023-01-28T18:40:50+01:00\"},{\"@type\":\"Organization\",\"@id\":\"https:\\\/\\\/www.claret.cat\\\/es\\\/#organization\",\"name\":\"Llibreria Claret\",\"description\":\"Llibreria religiosa a Barcelona\",\"url\":\"https:\\\/\\\/www.claret.cat\\\/es\\\/\",\"email\":\"comunicacio@claret.cat\",\"telephone\":\"+34933010887\",\"logo\":{\"@type\":\"ImageObject\",\"url\":\"https:\\\/\\\/www.claret.cat\\\/wp-content\\\/uploads\\\/.\\\/logo-claret-es.png\",\"@id\":\"https:\\\/\\\/www.claret.cat\\\/es\\\/libro\\\/quienes-son-y-que-sienten-las-plantas-carnivoras-9788418245534\\\/#organizationLogo\",\"width\":195,\"height\":79},\"image\":{\"@id\":\"https:\\\/\\\/www.claret.cat\\\/es\\\/libro\\\/quienes-son-y-que-sienten-las-plantas-carnivoras-9788418245534\\\/#organizationLogo\"},\"sameAs\":[\"https:\\\/\\\/www.facebook.com\\\/LlibreriaClaret\",\"https:\\\/\\\/twitter.com\\\/LlibreriaClaret\",\"https:\\\/\\\/www.instagram.com\\\/llibreriaclaret\\\/\",\"https:\\\/\\\/www.tiktok.com\\\/@llibreriaclaret\",\"https:\\\/\\\/www.youtube.com\\\/@llibreriaclaret\",\"https:\\\/\\\/ca.wikipedia.org\\\/wiki\\\/Editorial_Claret\"]},{\"@type\":\"WebPage\",\"@id\":\"https:\\\/\\\/www.claret.cat\\\/es\\\/libro\\\/quienes-son-y-que-sienten-las-plantas-carnivoras-9788418245534\\\/#webpage\",\"url\":\"https:\\\/\\\/www.claret.cat\\\/es\\\/libro\\\/quienes-son-y-que-sienten-las-plantas-carnivoras-9788418245534\\\/\",\"name\":\"QUI\\u00c9NES SON Y QU\\u00c9 SIENTEN LAS PLANTAS CARN\\u00cdVORAS - SCHR\\u00d6DINGER, ALICIA 9788418245534 | Llibreria Claret\",\"description\":\"QUI\\u00c9NES SON Y QU\\u00c9 SIENTEN LAS PLANTAS CARN\\u00cdVORAS de SCHR\\u00d6DINGER, ALICIA disponible a\\\/en Llibreria Claret.\",\"inLanguage\":\"es-ES\",\"isPartOf\":{\"@id\":\"https:\\\/\\\/www.claret.cat\\\/es\\\/#website\"},\"breadcrumb\":{\"@id\":\"https:\\\/\\\/www.claret.cat\\\/es\\\/libro\\\/quienes-son-y-que-sienten-las-plantas-carnivoras-9788418245534\\\/#breadcrumblist\"},\"image\":{\"@type\":\"ImageObject\",\"url\":\"https:\\\/\\\/www.claret.cat\\\/wp-content\\\/uploads\\\/.\\\/9788418245534.jpg\",\"@id\":\"https:\\\/\\\/www.claret.cat\\\/es\\\/libro\\\/quienes-son-y-que-sienten-las-plantas-carnivoras-9788418245534\\\/#mainImage\",\"width\":225,\"height\":329,\"caption\":\"9788418245534.jpg\"},\"primaryImageOfPage\":{\"@id\":\"https:\\\/\\\/www.claret.cat\\\/es\\\/libro\\\/quienes-son-y-que-sienten-las-plantas-carnivoras-9788418245534\\\/#mainImage\"},\"datePublished\":\"2022-10-12T09:37:55+02:00\",\"dateModified\":\"2023-01-28T18:40:50+01:00\"},{\"@type\":\"WebSite\",\"@id\":\"https:\\\/\\\/www.claret.cat\\\/es\\\/#website\",\"url\":\"https:\\\/\\\/www.claret.cat\\\/es\\\/\",\"name\":\"Llibreria Claret Barcelona\",\"alternateName\":\"Llibreria Claret\",\"description\":\"Llibreria religiosa a Barcelona\",\"inLanguage\":\"es-ES\",\"publisher\":{\"@id\":\"https:\\\/\\\/www.claret.cat\\\/es\\\/#organization\"}}]}\n\t\t<\/script>\n\t\t<!-- All in One SEO Pro -->\r\n\t\t<title>QUI\u00c9NES SON Y QU\u00c9 SIENTEN LAS PLANTAS CARN\u00cdVORAS - SCHR\u00d6DINGER, ALICIA 9788418245534 | Llibreria Claret<\/title>\n\n","aioseo_head_json":{"title":"QUI\u00c9NES SON Y QU\u00c9 SIENTEN LAS PLANTAS CARN\u00cdVORAS - SCHR\u00d6DINGER, ALICIA 9788418245534 | Llibreria Claret","description":"QUI\u00c9NES SON Y QU\u00c9 SIENTEN LAS PLANTAS CARN\u00cdVORAS de SCHR\u00d6DINGER, ALICIA disponible a\/en Llibreria Claret.","canonical_url":"https:\/\/www.claret.cat\/es\/libro\/quienes-son-y-que-sienten-las-plantas-carnivoras-9788418245534\/","robots":"max-image-preview:large","keywords":"","webmasterTools":{"google-site-verification":"xVtlFxJ-TfkIu-D-lt7XeLobefg5EIQiXTuqcSf8Rf0","miscellaneous":""},"schema":{"@context":"https:\/\/schema.org","@graph":[{"@type":"BreadcrumbList","@id":"https:\/\/www.claret.cat\/es\/libro\/quienes-son-y-que-sienten-las-plantas-carnivoras-9788418245534\/#breadcrumblist","itemListElement":[{"@type":"ListItem","@id":"https:\/\/www.claret.cat\/es\/#listItem","position":1,"name":"Home","item":"https:\/\/www.claret.cat\/es\/","nextItem":{"@type":"ListItem","@id":"https:\/\/www.claret.cat\/?page_id=16#listItem","name":"Botiga"}},{"@type":"ListItem","@id":"https:\/\/www.claret.cat\/?page_id=16#listItem","position":2,"name":"Botiga","item":"https:\/\/www.claret.cat\/?page_id=16","nextItem":{"@type":"ListItem","@id":"https:\/\/www.claret.cat\/categoria-producto\/cat\/#listItem","name":"CAT"},"previousItem":{"@type":"ListItem","@id":"https:\/\/www.claret.cat\/es\/#listItem","name":"Home"}},{"@type":"ListItem","@id":"https:\/\/www.claret.cat\/categoria-producto\/cat\/#listItem","position":3,"name":"CAT","item":"https:\/\/www.claret.cat\/categoria-producto\/cat\/","nextItem":{"@type":"ListItem","@id":"https:\/\/www.claret.cat\/categoria-producto\/cat\/2_humanitats\/#listItem","name":"Humanitats"},"previousItem":{"@type":"ListItem","@id":"https:\/\/www.claret.cat\/?page_id=16#listItem","name":"Botiga"}},{"@type":"ListItem","@id":"https:\/\/www.claret.cat\/categoria-producto\/cat\/2_humanitats\/#listItem","position":4,"name":"Humanitats","item":"https:\/\/www.claret.cat\/categoria-producto\/cat\/2_humanitats\/","nextItem":{"@type":"ListItem","@id":"https:\/\/www.claret.cat\/categoria-producto\/cat\/2_humanitats\/literatura\/#listItem","name":"Literatura"},"previousItem":{"@type":"ListItem","@id":"https:\/\/www.claret.cat\/categoria-producto\/cat\/#listItem","name":"CAT"}},{"@type":"ListItem","@id":"https:\/\/www.claret.cat\/categoria-producto\/cat\/2_humanitats\/literatura\/#listItem","position":5,"name":"Literatura","item":"https:\/\/www.claret.cat\/categoria-producto\/cat\/2_humanitats\/literatura\/","nextItem":{"@type":"ListItem","@id":"https:\/\/www.claret.cat\/categoria-producto\/cat\/2_humanitats\/literatura\/novella-contemporania\/#listItem","name":"Novel\u00b7la contempor\u00e0nia"},"previousItem":{"@type":"ListItem","@id":"https:\/\/www.claret.cat\/categoria-producto\/cat\/2_humanitats\/#listItem","name":"Humanitats"}},{"@type":"ListItem","@id":"https:\/\/www.claret.cat\/categoria-producto\/cat\/2_humanitats\/literatura\/novella-contemporania\/#listItem","position":6,"name":"Novel\u00b7la contempor\u00e0nia","item":"https:\/\/www.claret.cat\/categoria-producto\/cat\/2_humanitats\/literatura\/novella-contemporania\/","nextItem":{"@type":"ListItem","@id":"https:\/\/www.claret.cat\/es\/libro\/quienes-son-y-que-sienten-las-plantas-carnivoras-9788418245534\/#listItem","name":"QUI\u00c9NES SON Y QU\u00c9 SIENTEN LAS PLANTAS CARN\u00cdVORAS"},"previousItem":{"@type":"ListItem","@id":"https:\/\/www.claret.cat\/categoria-producto\/cat\/2_humanitats\/literatura\/#listItem","name":"Literatura"}},{"@type":"ListItem","@id":"https:\/\/www.claret.cat\/es\/libro\/quienes-son-y-que-sienten-las-plantas-carnivoras-9788418245534\/#listItem","position":7,"name":"QUI\u00c9NES SON Y QU\u00c9 SIENTEN LAS PLANTAS CARN\u00cdVORAS","previousItem":{"@type":"ListItem","@id":"https:\/\/www.claret.cat\/categoria-producto\/cat\/2_humanitats\/literatura\/novella-contemporania\/#listItem","name":"Novel\u00b7la contempor\u00e0nia"}}]},{"@type":"ItemPage","@id":"https:\/\/www.claret.cat\/es\/libro\/quienes-son-y-que-sienten-las-plantas-carnivoras-9788418245534\/#itempage","url":"https:\/\/www.claret.cat\/es\/libro\/quienes-son-y-que-sienten-las-plantas-carnivoras-9788418245534\/","name":"QUI\u00c9NES SON Y QU\u00c9 SIENTEN LAS PLANTAS CARN\u00cdVORAS - SCHR\u00d6DINGER, ALICIA 9788418245534 | Llibreria Claret","description":"QUI\u00c9NES SON Y QU\u00c9 SIENTEN LAS PLANTAS CARN\u00cdVORAS de SCHR\u00d6DINGER, ALICIA disponible a\/en Llibreria Claret.","inLanguage":"es-ES","isPartOf":{"@id":"https:\/\/www.claret.cat\/es\/#website"},"breadcrumb":{"@id":"https:\/\/www.claret.cat\/es\/libro\/quienes-son-y-que-sienten-las-plantas-carnivoras-9788418245534\/#breadcrumblist"},"image":{"@type":"ImageObject","url":"https:\/\/www.claret.cat\/wp-content\/uploads\/.\/9788418245534.jpg","@id":"https:\/\/www.claret.cat\/es\/libro\/quienes-son-y-que-sienten-las-plantas-carnivoras-9788418245534\/#mainImage","width":225,"height":329,"caption":"9788418245534.jpg"},"primaryImageOfPage":{"@id":"https:\/\/www.claret.cat\/es\/libro\/quienes-son-y-que-sienten-las-plantas-carnivoras-9788418245534\/#mainImage"},"datePublished":"2022-10-12T09:37:55+02:00","dateModified":"2023-01-28T18:40:50+01:00"},{"@type":"Organization","@id":"https:\/\/www.claret.cat\/es\/#organization","name":"Llibreria Claret","description":"Llibreria religiosa a Barcelona","url":"https:\/\/www.claret.cat\/es\/","email":"comunicacio@claret.cat","telephone":"+34933010887","logo":{"@type":"ImageObject","url":"https:\/\/www.claret.cat\/wp-content\/uploads\/.\/logo-claret-es.png","@id":"https:\/\/www.claret.cat\/es\/libro\/quienes-son-y-que-sienten-las-plantas-carnivoras-9788418245534\/#organizationLogo","width":195,"height":79},"image":{"@id":"https:\/\/www.claret.cat\/es\/libro\/quienes-son-y-que-sienten-las-plantas-carnivoras-9788418245534\/#organizationLogo"},"sameAs":["https:\/\/www.facebook.com\/LlibreriaClaret","https:\/\/twitter.com\/LlibreriaClaret","https:\/\/www.instagram.com\/llibreriaclaret\/","https:\/\/www.tiktok.com\/@llibreriaclaret","https:\/\/www.youtube.com\/@llibreriaclaret","https:\/\/ca.wikipedia.org\/wiki\/Editorial_Claret"]},{"@type":"WebPage","@id":"https:\/\/www.claret.cat\/es\/libro\/quienes-son-y-que-sienten-las-plantas-carnivoras-9788418245534\/#webpage","url":"https:\/\/www.claret.cat\/es\/libro\/quienes-son-y-que-sienten-las-plantas-carnivoras-9788418245534\/","name":"QUI\u00c9NES SON Y QU\u00c9 SIENTEN LAS PLANTAS CARN\u00cdVORAS - SCHR\u00d6DINGER, ALICIA 9788418245534 | Llibreria Claret","description":"QUI\u00c9NES SON Y QU\u00c9 SIENTEN LAS PLANTAS CARN\u00cdVORAS de SCHR\u00d6DINGER, ALICIA disponible a\/en Llibreria Claret.","inLanguage":"es-ES","isPartOf":{"@id":"https:\/\/www.claret.cat\/es\/#website"},"breadcrumb":{"@id":"https:\/\/www.claret.cat\/es\/libro\/quienes-son-y-que-sienten-las-plantas-carnivoras-9788418245534\/#breadcrumblist"},"image":{"@type":"ImageObject","url":"https:\/\/www.claret.cat\/wp-content\/uploads\/.\/9788418245534.jpg","@id":"https:\/\/www.claret.cat\/es\/libro\/quienes-son-y-que-sienten-las-plantas-carnivoras-9788418245534\/#mainImage","width":225,"height":329,"caption":"9788418245534.jpg"},"primaryImageOfPage":{"@id":"https:\/\/www.claret.cat\/es\/libro\/quienes-son-y-que-sienten-las-plantas-carnivoras-9788418245534\/#mainImage"},"datePublished":"2022-10-12T09:37:55+02:00","dateModified":"2023-01-28T18:40:50+01:00"},{"@type":"WebSite","@id":"https:\/\/www.claret.cat\/es\/#website","url":"https:\/\/www.claret.cat\/es\/","name":"Llibreria Claret Barcelona","alternateName":"Llibreria Claret","description":"Llibreria religiosa a Barcelona","inLanguage":"es-ES","publisher":{"@id":"https:\/\/www.claret.cat\/es\/#organization"}}]},"og:locale":"es_ES","og:site_name":"Llibreria Claret - Llibreria religiosa a Barcelona","og:type":"article","og:title":"QUI\u00c9NES SON Y QU\u00c9 SIENTEN LAS PLANTAS CARN\u00cdVORAS - SCHR\u00d6DINGER, ALICIA 9788418245534 | Llibreria Claret","og:description":"QUI\u00c9NES SON Y QU\u00c9 SIENTEN LAS PLANTAS CARN\u00cdVORAS de SCHR\u00d6DINGER, ALICIA disponible a\/en Llibreria Claret.","og:url":"https:\/\/www.claret.cat\/es\/libro\/quienes-son-y-que-sienten-las-plantas-carnivoras-9788418245534\/","og:image":"https:\/\/dev.claret.cat\/wp-content\/uploads\/logo-claret.svg","og:image:secure_url":"https:\/\/dev.claret.cat\/wp-content\/uploads\/logo-claret.svg","article:published_time":"2022-10-12T07:37:55+00:00","article:modified_time":"2023-01-28T17:40:50+00:00","article:publisher":"https:\/\/www.facebook.com\/LlibreriaClaret","twitter:card":"summary_large_image","twitter:site":"@LlibreriaClaret","twitter:title":"QUI\u00c9NES SON Y QU\u00c9 SIENTEN LAS PLANTAS CARN\u00cdVORAS - SCHR\u00d6DINGER, ALICIA 9788418245534 | Llibreria Claret","twitter:description":"QUI\u00c9NES SON Y QU\u00c9 SIENTEN LAS PLANTAS CARN\u00cdVORAS de SCHR\u00d6DINGER, ALICIA disponible a\/en Llibreria Claret.","twitter:image":"http:\/\/dev.claret.cat\/wp-content\/uploads\/logo-claret.svg"},"aioseo_meta_data":{"post_id":"107864","title":null,"description":null,"keywords":null,"keyphrases":null,"primary_term":null,"canonical_url":null,"og_title":null,"og_description":null,"og_object_type":"default","og_image_type":"default","og_image_url":null,"og_image_width":null,"og_image_height":null,"og_image_custom_url":null,"og_image_custom_fields":null,"og_video":null,"og_custom_url":null,"og_article_section":null,"og_article_tags":null,"twitter_use_og":false,"twitter_card":"default","twitter_image_type":"default","twitter_image_url":null,"twitter_image_custom_url":null,"twitter_image_custom_fields":null,"twitter_title":null,"twitter_description":null,"schema":{"blockGraphs":[],"customGraphs":[],"default":{"data":{"Article":[],"Course":[],"Dataset":[],"FAQPage":[],"Movie":[],"Person":[],"Product":[],"ProductReview":[],"Car":[],"Recipe":[],"Service":[],"SoftwareApplication":[],"WebPage":[]},"graphName":"","isEnabled":true},"graphs":[]},"schema_type":"default","schema_type_options":null,"pillar_content":false,"robots_default":true,"robots_noindex":false,"robots_noarchive":false,"robots_nosnippet":false,"robots_nofollow":false,"robots_noimageindex":false,"robots_noodp":false,"robots_notranslate":false,"robots_max_snippet":null,"robots_max_videopreview":null,"robots_max_imagepreview":"large","priority":null,"frequency":null,"local_seo":null,"seo_analyzer_scan_date":"2025-11-28 10:34:09","breadcrumb_settings":null,"limit_modified_date":false,"open_ai":null,"ai":null,"created":"2022-12-19 13:05:40","updated":"2025-11-28 10:34:09","focus_keyword":null,"additional_keywords":null,"truseo_locale":null},"aioseo_breadcrumb":"<div class=\"aioseo-breadcrumbs\"><span class=\"aioseo-breadcrumb\">\n\t<a href=\"https:\/\/www.claret.cat\/es\/\" title=\"Home\">Home<\/a>\n<\/span><span class=\"aioseo-breadcrumb-separator\">&raquo;<\/span><span class=\"aioseo-breadcrumb\">\n\t<a href=\"https:\/\/www.claret.cat\/?page_id=16\" title=\"Botiga\">Botiga<\/a>\n<\/span><span class=\"aioseo-breadcrumb-separator\">&raquo;<\/span><span class=\"aioseo-breadcrumb\">\n\t<a href=\"https:\/\/www.claret.cat\/categoria-producto\/cat\/\" title=\"CAT\">CAT<\/a>\n<\/span><span class=\"aioseo-breadcrumb-separator\">&raquo;<\/span><span class=\"aioseo-breadcrumb\">\n\t<a href=\"https:\/\/www.claret.cat\/categoria-producto\/cat\/2_humanitats\/\" title=\"Humanitats\">Humanitats<\/a>\n<\/span><span class=\"aioseo-breadcrumb-separator\">&raquo;<\/span><span class=\"aioseo-breadcrumb\">\n\t<a href=\"https:\/\/www.claret.cat\/categoria-producto\/cat\/2_humanitats\/literatura\/\" title=\"Literatura\">Literatura<\/a>\n<\/span><span class=\"aioseo-breadcrumb-separator\">&raquo;<\/span><span class=\"aioseo-breadcrumb\">\n\t<a href=\"https:\/\/www.claret.cat\/categoria-producto\/cat\/2_humanitats\/literatura\/novella-contemporania\/\" title=\"Novel\u00b7la contempor\u00e0nia\">Novel\u00b7la contempor\u00e0nia<\/a>\n<\/span><span class=\"aioseo-breadcrumb-separator\">&raquo;<\/span><span class=\"aioseo-breadcrumb\">\n\tQUI\u00c9NES SON Y QU\u00c9 SIENTEN LAS PLANTAS CARN\u00cdVORAS\n<\/span><\/div>","aioseo_breadcrumb_json":[{"label":"Home","link":"https:\/\/www.claret.cat\/es\/"},{"label":"Botiga","link":"https:\/\/www.claret.cat\/?page_id=16"},{"label":"CAT","link":"https:\/\/www.claret.cat\/categoria-producto\/cat\/"},{"label":"Humanitats","link":"https:\/\/www.claret.cat\/categoria-producto\/cat\/2_humanitats\/"},{"label":"Literatura","link":"https:\/\/www.claret.cat\/categoria-producto\/cat\/2_humanitats\/literatura\/"},{"label":"Novel\u00b7la contempor\u00e0nia","link":"https:\/\/www.claret.cat\/categoria-producto\/cat\/2_humanitats\/literatura\/novella-contemporania\/"},{"label":"QUI\u00c9NES SON Y QU\u00c9 SIENTEN LAS PLANTAS CARN\u00cdVORAS","link":"https:\/\/www.claret.cat\/es\/libro\/quienes-son-y-que-sienten-las-plantas-carnivoras-9788418245534\/"}],"_links":{"self":[{"href":"https:\/\/www.claret.cat\/es\/wp-json\/wp\/v2\/product\/107864","targetHints":{"allow":["GET"]}}],"collection":[{"href":"https:\/\/www.claret.cat\/es\/wp-json\/wp\/v2\/product"}],"about":[{"href":"https:\/\/www.claret.cat\/es\/wp-json\/wp\/v2\/types\/product"}],"wp:featuredmedia":[{"embeddable":true,"href":"https:\/\/www.claret.cat\/es\/wp-json\/wp\/v2\/media\/107865"}],"wp:attachment":[{"href":"https:\/\/www.claret.cat\/es\/wp-json\/wp\/v2\/media?parent=107864"}],"wp:term":[{"taxonomy":"product_brand","embeddable":true,"href":"https:\/\/www.claret.cat\/es\/wp-json\/wp\/v2\/product_brand?post=107864"},{"taxonomy":"product_cat","embeddable":true,"href":"https:\/\/www.claret.cat\/es\/wp-json\/wp\/v2\/product_cat?post=107864"},{"taxonomy":"product_tag","embeddable":true,"href":"https:\/\/www.claret.cat\/es\/wp-json\/wp\/v2\/product_tag?post=107864"}],"curies":[{"name":"wp","href":"https:\/\/api.w.org\/{rel}","templated":true}]}}