{"id":1085716,"date":"2026-02-24T11:20:03","date_gmt":"2026-02-24T10:20:03","guid":{"rendered":"https:\/\/www.claret.cat\/llibre\/la-salud-mental-no-existe-la-salud-si-9791387598587\/"},"modified":"2026-04-14T13:15:19","modified_gmt":"2026-04-14T11:15:19","slug":"la-salud-mental-no-existe-la-salud-si-9791387598587","status":"publish","type":"product","link":"https:\/\/www.claret.cat\/es\/libro\/la-salud-mental-no-existe-la-salud-si-9791387598587\/","title":{"rendered":"LA SALUD MENTAL NO EXISTE. LA SALUD, S\u00cd"},"content":{"rendered":"<p>No hay lugar para un cerebro l\u00facido en un cuerpo agotado ni para una vida en calma en una sociedad enferma. Durante d\u00e9cadas hemos separado la mente del cuerpo como si fueran piezas separadas. M\u00e9dicos y psic\u00f3logos suelen tratar s\u00edntomas aislados sin atender al cuadro general ni indagar en las verdaderas causas de nuestro malestar. Jos\u00e9 Luis Mar\u00edn, uno de los m\u00e9dicos psicoterapeutas m\u00e1s respetados de nuestro pa\u00eds, desaf\u00eda la visi\u00f3n dominante: no hay salud mental; solo hay una salud, donde la biolog\u00eda, las emociones y el contexto social est\u00e1n profundamente entrelazados. Partiendo de su dilatada experiencia, el doctor Mar\u00edn recorre la historia de la psiquiatr\u00eda desde el auge cientificista de los a\u00f1os setenta y la fiebre de la serotonina que \u00e9l mismo secund\u00f3 en sus inicios, pasando por la \u00abinvenci\u00f3n\u00bb de trastornos mentales, hasta la progresiva psiquiatrizaci\u00f3n de la vida cotidiana. Con lucidez, valent\u00eda y esperanza, propone un cambio de paradigma radical: dejar de tratar los s\u00edntomas y empezar a cuidar a las personas. Un libro imprescindible para comprender por qu\u00e9 nos sentimos mal y qu\u00e9 necesitamos para vivir mejor. \u00abNo hay enfermedades, solo enfermos. Y cada enfermo es una historia que une el cuerpo con la emoci\u00f3n, la biograf\u00eda y el mundo. Cuando olvidamos eso, la medicina deja de curar para empezar a reparar piezas\u00bb.<br \/>Dr. Jos\u00e9 Luis Mar\u00edn<\/p>\n","protected":false},"excerpt":{"rendered":"<p>DR. JOS\u00c9 LUIS MAR\u00cdN<\/p>\n","protected":false},"featured_media":1085717,"template":"","meta":{"_acf_changed":false,"om_disable_all_campaigns":false,"rs_blank_template":"","rs_page_bg_color":"","slide_template_v7":"","inline_featured_image":false,"_monsterinsights_skip_tracking":false,"_monsterinsights_sitenote_active":false,"_monsterinsights_sitenote_note":"","_monsterinsights_sitenote_category":0},"product_brand":[],"product_cat":[179,377,376,178,180,448],"product_tag":[],"class_list":{"0":"post-1085716","1":"product","2":"type-product","3":"status-publish","4":"has-post-thumbnail","6":"product_cat-autoajuda-i-salut-mental","7":"product_cat-autoayuda-y-salud-mental","8":"product_cat-autores-psicologia-2_humanidades","9":"product_cat-autors-psicologia","10":"product_cat-psiquiatria-i-psicoterapia","11":"product_cat-psiquiatria-y-psicoterapia","13":"first","14":"instock","15":"taxable","16":"shipping-taxable","17":"purchasable","18":"product-type-simple"},"acf":{"autor":"DR. JOS\u00c9 LUIS MAR\u00cdN","codart":"138759858","libros-coleccion":"FORA DE COL.LECCI\u00d3","ediciones":"1","encuadernacion":"R\u00fastica","fecha_de_publicacion":"01\/02\/2026","novedad":"1","paginas":"240","subtitulo":"C\u00d3MO INTEGRAR CUERPO Y MENTE PARA VIVIR MEJOR","orden":"0","portada":"0","idioma":"spa","booktrailer":"","resenas":"","editorial":[{"ID":1068054,"post_author":"3","post_date":"2025-11-24 16:55:01","post_date_gmt":"2025-11-24 15:55:01","post_content":"","post_title":"8MONTENA","post_excerpt":"","post_status":"publish","comment_status":"closed","ping_status":"closed","post_password":"","post_name":"8montena","to_ping":"","pinged":"","post_modified":"2025-11-24 16:55:01","post_modified_gmt":"2025-11-24 15:55:01","post_content_filtered":"","post_parent":0,"guid":"https:\/\/www.claret.cat\/editorial\/8montena\/","menu_order":0,"post_type":"editorial","post_mime_type":"","comment_count":"0","filter":"raw"}]},"aioseo_notices":[],"_links":{"self":[{"href":"https:\/\/www.claret.cat\/es\/wp-json\/wp\/v2\/product\/1085716","targetHints":{"allow":["GET"]}}],"collection":[{"href":"https:\/\/www.claret.cat\/es\/wp-json\/wp\/v2\/product"}],"about":[{"href":"https:\/\/www.claret.cat\/es\/wp-json\/wp\/v2\/types\/product"}],"wp:featuredmedia":[{"embeddable":true,"href":"https:\/\/www.claret.cat\/es\/wp-json\/wp\/v2\/media\/1085717"}],"wp:attachment":[{"href":"https:\/\/www.claret.cat\/es\/wp-json\/wp\/v2\/media?parent=1085716"}],"wp:term":[{"taxonomy":"product_brand","embeddable":true,"href":"https:\/\/www.claret.cat\/es\/wp-json\/wp\/v2\/product_brand?post=1085716"},{"taxonomy":"product_cat","embeddable":true,"href":"https:\/\/www.claret.cat\/es\/wp-json\/wp\/v2\/product_cat?post=1085716"},{"taxonomy":"product_tag","embeddable":true,"href":"https:\/\/www.claret.cat\/es\/wp-json\/wp\/v2\/product_tag?post=1085716"}],"curies":[{"name":"wp","href":"https:\/\/api.w.org\/{rel}","templated":true}]}}