{"id":1091012,"date":"2026-03-18T14:31:00","date_gmt":"2026-03-18T13:31:00","guid":{"rendered":"https:\/\/www.claret.cat\/llibre\/setembre-negre-9791387726263\/"},"modified":"2026-03-19T11:36:00","modified_gmt":"2026-03-19T10:36:00","slug":"setembre-negre-9791387726263","status":"publish","type":"product","link":"https:\/\/www.claret.cat\/es\/libro\/setembre-negre-9791387726263\/","title":{"rendered":"SETEMBRE NEGRE"},"content":{"rendered":"<p>Per a en Gigio, l\u2019estiu del 1972 va ser especial. Tant, que avui encara t\u00e9 gravats a la mem\u00f2ria els colors, els sons i les olors d\u2019aquells mesos. Ara, amb seixanta anys, evoca aquells dies en els quals va descobrir el poder seductor de la paraula, el plaer per la m\u00fasica i la lectura, i tamb\u00e9 l\u2019amor. La mare i el pare, la germana, un oncle carism\u00e0tic i, sobretot, l\u2019Astel, una noia de trenes negres, reviuen amb els records d\u2019aquell estiu, que transcorria pl\u00e0cidament fins que tot es va ensorrar.<\/p>\n<p> Setembre negre \u00e9s un text sobre l\u2019adveniment de la vida adulta despr\u00e9s d\u2019un succ\u00e9s inesperat. Veronesi ens transporta als bells paisatges mar\u00edtims de la Toscana en una hist\u00f2ria v\u00edvida, explicada per un heroi quotidi\u00e0, que retrata la gran aventura de l\u2019exist\u00e8ncia.<\/p>\n","protected":false},"excerpt":{"rendered":"<p>SANDRO VERONESI<\/p>\n","protected":false},"featured_media":1091274,"template":"","meta":{"_acf_changed":false,"om_disable_all_campaigns":false,"rs_blank_template":"","rs_page_bg_color":"","slide_template_v7":"","inline_featured_image":false,"_monsterinsights_skip_tracking":false},"product_brand":[],"product_cat":[127,357],"product_tag":[],"class_list":["post-1091012","product","type-product","status-publish","has-post-thumbnail","product_cat-novella-contemporania","product_cat-novela-contemporanea","first","instock","taxable","shipping-taxable","purchasable","product-type-simple"],"acf":{"autor":"SANDRO VERONESI","codart":"138772626","libros-coleccion":"","ediciones":"1","encuadernacion":"R\u00fastica","fecha_de_publicacion":"01\/03\/2026","novedad":"1","paginas":"291","subtitulo":"","orden":"0","portada":"0","idioma":"cat","booktrailer":"","resenas":"","editorial":[{"ID":6213,"post_author":"3","post_date":"2022-07-28 17:47:17","post_date_gmt":"2022-07-28 15:47:17","post_content":"","post_title":"EDICIONS DEL PERISCOPI","post_excerpt":"","post_status":"publish","comment_status":"closed","ping_status":"closed","post_password":"","post_name":"edicions-del-periscopi","to_ping":"","pinged":"","post_modified":"2022-07-28 17:47:17","post_modified_gmt":"2022-07-28 15:47:17","post_content_filtered":"","post_parent":0,"guid":"http:\/\/dev.claret.cat\/editorial\/edicions-del-periscopi\/","menu_order":0,"post_type":"editorial","post_mime_type":"","comment_count":"0","filter":"raw"}]},"_links":{"self":[{"href":"https:\/\/www.claret.cat\/es\/wp-json\/wp\/v2\/product\/1091012","targetHints":{"allow":["GET"]}}],"collection":[{"href":"https:\/\/www.claret.cat\/es\/wp-json\/wp\/v2\/product"}],"about":[{"href":"https:\/\/www.claret.cat\/es\/wp-json\/wp\/v2\/types\/product"}],"wp:featuredmedia":[{"embeddable":true,"href":"https:\/\/www.claret.cat\/es\/wp-json\/wp\/v2\/media\/1091274"}],"wp:attachment":[{"href":"https:\/\/www.claret.cat\/es\/wp-json\/wp\/v2\/media?parent=1091012"}],"wp:term":[{"taxonomy":"product_brand","embeddable":true,"href":"https:\/\/www.claret.cat\/es\/wp-json\/wp\/v2\/product_brand?post=1091012"},{"taxonomy":"product_cat","embeddable":true,"href":"https:\/\/www.claret.cat\/es\/wp-json\/wp\/v2\/product_cat?post=1091012"},{"taxonomy":"product_tag","embeddable":true,"href":"https:\/\/www.claret.cat\/es\/wp-json\/wp\/v2\/product_tag?post=1091012"}],"curies":[{"name":"wp","href":"https:\/\/api.w.org\/{rel}","templated":true}]}}