{"id":1091459,"date":"2026-03-20T13:55:02","date_gmt":"2026-03-20T12:55:02","guid":{"rendered":"https:\/\/www.claret.cat\/llibre\/antisemita-9791387969189\/"},"modified":"2026-03-20T14:31:48","modified_gmt":"2026-03-20T13:31:48","slug":"antisemita-9791387969189","status":"publish","type":"product","link":"https:\/\/www.claret.cat\/es\/libro\/antisemita-9791387969189\/","title":{"rendered":"ANTISEMITA"},"content":{"rendered":"<p>La viol\u00e8ncia i els discursos d\u2019odi contra el poble jueu tenen una hist\u00f2ria dram\u00e0tica i centen\u00e0ria que no va acabar amb l\u2019Holocaust. En les primeres d\u00e8cades del segle XXI, va sorgir una nova i insidiosa definici\u00f3 d\u2019antisemitisme, que va canviar l\u2019\u00e8mfasi de les formes m\u00e9s tradicionals de prejudici antijueu a l\u2019hostilitat envers Israel. A partir d\u2019aqu\u00ed, tot es barreja perillosament. Arran dels atemptats del 7 d\u2019octubre de 2023, el debat pol\u00edtic i cultural ha estat ostatge de la militaritzaci\u00f3, i la noci\u00f3 d\u2019antisemitisme s\u2019ha banalitzat greument. La semi\u00f2loga Valentina Pisanty ha estat estudiant el discurs p\u00fablic al voltant d\u2019aquests temes durant anys, i aborda el quid de la q\u00fcesti\u00f3 amb claredat contundent, exposant l\u2019\u00fas pol\u00edtic de les paraules per justificar interessos partidistes. Aquesta \u00e9s una contribuci\u00f3 essencial al debat en curs, m\u00e9s enll\u00e0 de les frases fetes i el pensament autom\u00e0tic.<br \/>&#8230;&#8230;&#8230;&#8230;&#8230;&#8230;&#8230;&#8230;&#8230;.<br \/>\u00abMentre aplanen el cam\u00ed a les dretes en auge, els usos instrumentals de la paraula antisemita afebleixen la posici\u00f3 de qui est\u00e0 preocupat de deb\u00f2 pel ressorgiment de l&#8217;antisemitisme en el context contemporani\u00bb<\/p>\n","protected":false},"excerpt":{"rendered":"<p>PISANTY, VALENTINA<\/p>\n","protected":false},"featured_media":1091460,"template":"","meta":{"_acf_changed":false,"om_disable_all_campaigns":false,"rs_blank_template":"","rs_page_bg_color":"","slide_template_v7":"","inline_featured_image":false,"_monsterinsights_skip_tracking":false,"_monsterinsights_sitenote_active":false,"_monsterinsights_sitenote_note":"","_monsterinsights_sitenote_category":0},"product_brand":[],"product_cat":[158,433],"product_tag":[],"class_list":{"0":"post-1091459","1":"product","2":"type-product","3":"status-publish","4":"has-post-thumbnail","6":"product_cat-historia-i-corrents","7":"product_cat-historia-y-corrientes-sociologia-2_humanidades","9":"first","10":"instock","11":"taxable","12":"shipping-taxable","13":"purchasable","14":"product-type-simple"},"acf":{"autor":"PISANTY, VALENTINA","codart":"138796918","libros-coleccion":"","ediciones":"1","encuadernacion":"R\u00fastica","fecha_de_publicacion":"01\/02\/2026","novedad":"1","paginas":"172","subtitulo":"UNA PARAULA SEGRESTADA","orden":"0","portada":"0","idioma":"cat","booktrailer":"","resenas":"","editorial":[{"ID":6222,"post_author":"3","post_date":"2022-07-28 17:47:31","post_date_gmt":"2022-07-28 15:47:31","post_content":"","post_title":"Editorial Comanegra","post_excerpt":"","post_status":"publish","comment_status":"closed","ping_status":"closed","post_password":"","post_name":"editorial-comanegra","to_ping":"","pinged":"","post_modified":"2022-07-28 17:47:31","post_modified_gmt":"2022-07-28 15:47:31","post_content_filtered":"","post_parent":0,"guid":"http:\/\/dev.claret.cat\/editorial\/editorial-comanegra\/","menu_order":0,"post_type":"editorial","post_mime_type":"","comment_count":"0","filter":"raw"}]},"aioseo_notices":[],"_links":{"self":[{"href":"https:\/\/www.claret.cat\/es\/wp-json\/wp\/v2\/product\/1091459","targetHints":{"allow":["GET"]}}],"collection":[{"href":"https:\/\/www.claret.cat\/es\/wp-json\/wp\/v2\/product"}],"about":[{"href":"https:\/\/www.claret.cat\/es\/wp-json\/wp\/v2\/types\/product"}],"wp:featuredmedia":[{"embeddable":true,"href":"https:\/\/www.claret.cat\/es\/wp-json\/wp\/v2\/media\/1091460"}],"wp:attachment":[{"href":"https:\/\/www.claret.cat\/es\/wp-json\/wp\/v2\/media?parent=1091459"}],"wp:term":[{"taxonomy":"product_brand","embeddable":true,"href":"https:\/\/www.claret.cat\/es\/wp-json\/wp\/v2\/product_brand?post=1091459"},{"taxonomy":"product_cat","embeddable":true,"href":"https:\/\/www.claret.cat\/es\/wp-json\/wp\/v2\/product_cat?post=1091459"},{"taxonomy":"product_tag","embeddable":true,"href":"https:\/\/www.claret.cat\/es\/wp-json\/wp\/v2\/product_tag?post=1091459"}],"curies":[{"name":"wp","href":"https:\/\/api.w.org\/{rel}","templated":true}]}}