{"id":1092503,"date":"2026-03-25T13:10:02","date_gmt":"2026-03-25T12:10:02","guid":{"rendered":"https:\/\/www.claret.cat\/llibre\/a-lest-de-leden-9788419515322\/"},"modified":"2026-03-25T14:11:19","modified_gmt":"2026-03-25T13:11:19","slug":"a-lest-de-leden-9788419515322","status":"publish","type":"product","link":"https:\/\/www.claret.cat\/es\/libro\/a-lest-de-leden-9788419515322\/","title":{"rendered":"A L&#8217;EST DE L&#8217;ED\u00c8N"},"content":{"rendered":"<p>La novel\u00b7la m\u00e9s ambiciosa de Steinbeck, A l\u2019est de l\u2019Ed\u00e8n segueix els destins entrella\u00e7ats de dues fam\u00edlies des de la Guerra de Secessi\u00f3 fi ns a la Primera Guerra Mundial.<br \/>Adam Trask arriba a Calif\u00f2rnia des de l\u2019Est per conrear i fundar una fam\u00edlia a la nova terra. Per\u00f2 el naixement dels bessons Cal i Aron porta la seva dona al llindar dela bogeria, i l\u2019Adam es queda sol amb el seu criat Lee perpujar els fills. Un dels nois creix nodrit per l\u2019amor de tots els que l\u2019envolten; l\u2019altre creix en la solitud, envoltat d\u2019unafoscor misteriosa. Quan en Cal se sent atret per la misteriosa Kate Albey, que regenta el bordell m\u00e9s fam\u00f3s de la contrada, la maledicci\u00f3 caur\u00e0 sobre el jove, condemnat a romandre a l\u2019est d\u2019un Ed\u00e8n fugisser. La novel\u00b7la, extensa i sovint brutal, ressegueix la hist\u00f2ria de tres generacions que recreen la caiguda d\u2019Adam i Eva i la rivalitat verinosa entre Ca\u00edn i Abel.<br \/>Publicada el 1952, A l\u2019est de l\u2019Ed\u00e8n \u00e9s l\u2019obra en qu\u00e8 Steinbeck va crear els seus personatges m\u00e9s fascinants i va explorar els seus temes m\u00e9s persistents: el misteri de la identitat, el lliure albir, la inexplicabilitat de l\u2019amor i les conseq\u00fc\u00e8ncies fatals de no ser estimat.<\/p>\n","protected":false},"excerpt":{"rendered":"<p>JOHN STEINBECK<\/p>\n","protected":false},"featured_media":1092597,"template":"","meta":{"_acf_changed":false,"om_disable_all_campaigns":false,"rs_blank_template":"","rs_page_bg_color":"","slide_template_v7":"","inline_featured_image":false,"_monsterinsights_skip_tracking":false,"_monsterinsights_sitenote_active":false,"_monsterinsights_sitenote_note":"","_monsterinsights_sitenote_category":0},"product_brand":[],"product_cat":[354,123,127,357],"product_tag":[],"class_list":{"0":"post-1092503","1":"product","2":"type-product","3":"status-publish","4":"has-post-thumbnail","6":"product_cat-clasica","7":"product_cat-classica","8":"product_cat-novella-contemporania","9":"product_cat-novela-contemporanea","11":"first","12":"instock","13":"taxable","14":"shipping-taxable","15":"purchasable","16":"product-type-simple"},"acf":{"autor":"JOHN STEINBECK","codart":"841951532","libros-coleccion":"","ediciones":"1","encuadernacion":"R\u00fastica","fecha_de_publicacion":"01\/02\/2026","novedad":"1","paginas":"715","subtitulo":"","orden":"0","portada":"0","idioma":"cat","booktrailer":"","resenas":"","editorial":[{"ID":147380,"post_author":"3","post_date":"2022-10-14 11:50:08","post_date_gmt":"2022-10-14 09:50:08","post_content":"","post_title":"AGULLA DAURADA, L'","post_excerpt":"","post_status":"publish","comment_status":"closed","ping_status":"closed","post_password":"","post_name":"agulla-daurada-l","to_ping":"","pinged":"","post_modified":"2022-10-14 11:50:08","post_modified_gmt":"2022-10-14 09:50:08","post_content_filtered":"","post_parent":0,"guid":"http:\/\/dev.claret.cat\/editorial\/agulla-daurada-l\/","menu_order":0,"post_type":"editorial","post_mime_type":"","comment_count":"0","filter":"raw"}]},"aioseo_notices":[],"_links":{"self":[{"href":"https:\/\/www.claret.cat\/es\/wp-json\/wp\/v2\/product\/1092503","targetHints":{"allow":["GET"]}}],"collection":[{"href":"https:\/\/www.claret.cat\/es\/wp-json\/wp\/v2\/product"}],"about":[{"href":"https:\/\/www.claret.cat\/es\/wp-json\/wp\/v2\/types\/product"}],"wp:featuredmedia":[{"embeddable":true,"href":"https:\/\/www.claret.cat\/es\/wp-json\/wp\/v2\/media\/1092597"}],"wp:attachment":[{"href":"https:\/\/www.claret.cat\/es\/wp-json\/wp\/v2\/media?parent=1092503"}],"wp:term":[{"taxonomy":"product_brand","embeddable":true,"href":"https:\/\/www.claret.cat\/es\/wp-json\/wp\/v2\/product_brand?post=1092503"},{"taxonomy":"product_cat","embeddable":true,"href":"https:\/\/www.claret.cat\/es\/wp-json\/wp\/v2\/product_cat?post=1092503"},{"taxonomy":"product_tag","embeddable":true,"href":"https:\/\/www.claret.cat\/es\/wp-json\/wp\/v2\/product_tag?post=1092503"}],"curies":[{"name":"wp","href":"https:\/\/api.w.org\/{rel}","templated":true}]}}