{"id":1093873,"date":"2026-03-31T17:52:39","date_gmt":"2026-03-31T15:52:39","guid":{"rendered":"https:\/\/www.claret.cat\/llibre\/el-messies-de-dune-9788412968767\/"},"modified":"2026-04-01T17:27:28","modified_gmt":"2026-04-01T15:27:28","slug":"el-messies-de-dune-9788412968767","status":"publish","type":"product","link":"https:\/\/www.claret.cat\/es\/libro\/el-messies-de-dune-9788412968767\/","title":{"rendered":"EL MESSIES DE DUNE"},"content":{"rendered":"<p>Dotze anys despr\u00e9s dels fets descrits a Dune, Paul \u201cMuad\u2019Dib\u201d Atreides governa com a emperador. Despr\u00e9s de ser nomenat messies pels fremen, es desencaden\u00e0 una gihad que va conquerir la major part de l\u2019univers. Paul \u00e9s l\u2019emperador m\u00e9s poder\u00f3s que s\u2019hagi conegut mai, per\u00f2 es veu impotent per aturar els excessos letals del gegant religi\u00f3s que ha creat. Tot i el gran nombre de morts d\u2019aquesta guerra santa, les visions predictives de Paul alerten que tot ser\u00e0 molt pitjor. Motivat per aquest coneixement, Paul desitja reconduir la humanitat en un cam\u00ed que no la porti a la destrucci\u00f3, alhora que actua com a governant de l\u2019imperi i l\u00edder religi\u00f3s dels fremen.<\/p>\n<p>Reprenent el cam\u00ed que havia comen\u00e7at a Dune, Herbert continua explorant q\u00fcestions sobre l\u2019ecologisme, la teologia, la pol\u00edtica o el poder. El messies de Dune \u00e9s el segon llibre de la trilogia de les Cr\u00f2niques de Dune, una de les sagues de ci\u00e8ncia-ficci\u00f3 m\u00e9s importants de la hist\u00f2ria del g\u00e8nere.<\/p>\n","protected":false},"excerpt":{"rendered":"<p>HERBERT, FRANK<\/p>\n","protected":false},"featured_media":1094105,"template":"","meta":{"_acf_changed":false,"om_disable_all_campaigns":false,"rs_blank_template":"","rs_page_bg_color":"","slide_template_v7":"","inline_featured_image":false,"_monsterinsights_skip_tracking":false,"_monsterinsights_sitenote_active":false,"_monsterinsights_sitenote_note":"","_monsterinsights_sitenote_category":0},"product_brand":[],"product_cat":[127,357],"product_tag":[],"class_list":{"0":"post-1093873","1":"product","2":"type-product","3":"status-publish","4":"has-post-thumbnail","6":"product_cat-novella-contemporania","7":"product_cat-novela-contemporanea","9":"first","10":"instock","11":"taxable","12":"shipping-taxable","13":"purchasable","14":"product-type-simple"},"acf":{"autor":"HERBERT, FRANK","codart":"841296876","libros-coleccion":"","ediciones":"1","encuadernacion":"R\u00fastica","fecha_de_publicacion":"01\/03\/2026","novedad":"1","paginas":"310","subtitulo":"","orden":"0","portada":"0","idioma":"cat","booktrailer":"","resenas":"","editorial":[{"ID":1009365,"post_author":"3","post_date":"2025-03-05 13:31:14","post_date_gmt":"2025-03-05 12:31:14","post_content":"","post_title":"DUNA","post_excerpt":"","post_status":"publish","comment_status":"closed","ping_status":"closed","post_password":"","post_name":"duna","to_ping":"","pinged":"","post_modified":"2025-03-05 13:31:14","post_modified_gmt":"2025-03-05 12:31:14","post_content_filtered":"","post_parent":0,"guid":"https:\/\/www.claret.cat\/editorial\/duna\/","menu_order":0,"post_type":"editorial","post_mime_type":"","comment_count":"0","filter":"raw"}]},"aioseo_notices":[],"_links":{"self":[{"href":"https:\/\/www.claret.cat\/es\/wp-json\/wp\/v2\/product\/1093873","targetHints":{"allow":["GET"]}}],"collection":[{"href":"https:\/\/www.claret.cat\/es\/wp-json\/wp\/v2\/product"}],"about":[{"href":"https:\/\/www.claret.cat\/es\/wp-json\/wp\/v2\/types\/product"}],"wp:featuredmedia":[{"embeddable":true,"href":"https:\/\/www.claret.cat\/es\/wp-json\/wp\/v2\/media\/1094105"}],"wp:attachment":[{"href":"https:\/\/www.claret.cat\/es\/wp-json\/wp\/v2\/media?parent=1093873"}],"wp:term":[{"taxonomy":"product_brand","embeddable":true,"href":"https:\/\/www.claret.cat\/es\/wp-json\/wp\/v2\/product_brand?post=1093873"},{"taxonomy":"product_cat","embeddable":true,"href":"https:\/\/www.claret.cat\/es\/wp-json\/wp\/v2\/product_cat?post=1093873"},{"taxonomy":"product_tag","embeddable":true,"href":"https:\/\/www.claret.cat\/es\/wp-json\/wp\/v2\/product_tag?post=1093873"}],"curies":[{"name":"wp","href":"https:\/\/api.w.org\/{rel}","templated":true}]}}