{"id":1093930,"date":"2026-03-31T18:29:42","date_gmt":"2026-03-31T16:29:42","guid":{"rendered":"https:\/\/www.claret.cat\/llibre\/trinxera-didees-9791387645267\/"},"modified":"2026-04-13T17:50:19","modified_gmt":"2026-04-13T15:50:19","slug":"trinxera-didees-9791387645267","status":"publish","type":"product","link":"https:\/\/www.claret.cat\/es\/libro\/trinxera-didees-9791387645267\/","title":{"rendered":"TRINXERA D&#8217;IDEES"},"content":{"rendered":"<p>Fidel Castro \u00e9s una de les figures pol\u00edtiques m\u00e9s rellevants del segle XX i continua sent un referent per les esquerres d?arreu del m\u00f3n.   Aquest llibre vol ser una aproximaci\u00f3 a la traject\u00f2ria intel\u00b7lectual i pol\u00edtica del l\u00edder de la Revoluci\u00f3 Cubana a trav\u00e9s dels seus discursos, tot situant-los en el context pol\u00edtic de Cuba, d?Am\u00e8rica Llatina i del m\u00f3n.   Fidel encarna el prototip de revolucionari: la combinaci\u00f3 de la teoria amb la pr\u00e0ctica pol\u00edtica. Episodis com l?assalt fallit a la caserna Moncada i la seva autodefensa en el judici, la guerra de guerrilles culminada amb el triomf de la Revoluci\u00f3, la vict\u00f2ria en la invasi\u00f3 a la badia de Cochinos, la rivalitat amb els Estats Units, l?amistat amb figures com el Che Guevara, Salvador Allende o Nelson Mandela, o el fet d?erigir-se en una de les veus m\u00e9s representatives del Tercer M\u00f3n, conformen una biografia apassionant i clau per entendre el nostre temps.   Entre els m\u00e9s de mil discursos que va pronunciar, aquesta \u00e9s l?antologia definitiva en catal\u00e0. Hi apareixen q\u00fcestions com la defensa de la sobirania nacional, l?antiimperialisme, la den\u00fancia del deute extern i el neoliberalisme, el comprom\u00eds amb el socialisme i l?internacionalisme o la defensa de la Terra i la dignitat humana.  Una trinxera d?idees per a tots aquells que lluiten per un m\u00f3n millor.<\/p>\n","protected":false},"excerpt":{"rendered":"<p>FIDEL CASTRO<\/p>\n","protected":false},"featured_media":1093960,"template":"","meta":{"_acf_changed":false,"om_disable_all_campaigns":false,"rs_blank_template":"","rs_page_bg_color":"","slide_template_v7":"","inline_featured_image":false,"_monsterinsights_skip_tracking":false,"_monsterinsights_sitenote_active":false,"_monsterinsights_sitenote_note":"","_monsterinsights_sitenote_category":0},"product_brand":[],"product_cat":[162,436],"product_tag":[],"class_list":{"0":"post-1093930","1":"product","2":"type-product","3":"status-publish","4":"has-post-thumbnail","6":"product_cat-economica-i-politica","7":"product_cat-economica-y-politica","9":"first","10":"instock","11":"taxable","12":"shipping-taxable","13":"purchasable","14":"product-type-simple"},"acf":{"autor":"FIDEL CASTRO","codart":"138764526","libros-coleccion":"","ediciones":"1","encuadernacion":"R\u00fastica","fecha_de_publicacion":"01\/03\/2026","novedad":"1","paginas":"404","subtitulo":"DISCURSOS I CONFER\u00c8NCIES","orden":"0","portada":"0","idioma":"spa","booktrailer":"","resenas":"","editorial":[{"ID":148876,"post_author":"3","post_date":"2022-10-14 12:01:41","post_date_gmt":"2022-10-14 10:01:41","post_content":"","post_title":"TIGRE DE PAPER","post_excerpt":"","post_status":"publish","comment_status":"closed","ping_status":"closed","post_password":"","post_name":"tigre-de-paper","to_ping":"","pinged":"","post_modified":"2022-10-14 12:01:41","post_modified_gmt":"2022-10-14 10:01:41","post_content_filtered":"","post_parent":0,"guid":"http:\/\/dev.claret.cat\/editorial\/tigre-de-paper\/","menu_order":0,"post_type":"editorial","post_mime_type":"","comment_count":"0","filter":"raw"}]},"aioseo_notices":[],"_links":{"self":[{"href":"https:\/\/www.claret.cat\/es\/wp-json\/wp\/v2\/product\/1093930","targetHints":{"allow":["GET"]}}],"collection":[{"href":"https:\/\/www.claret.cat\/es\/wp-json\/wp\/v2\/product"}],"about":[{"href":"https:\/\/www.claret.cat\/es\/wp-json\/wp\/v2\/types\/product"}],"wp:featuredmedia":[{"embeddable":true,"href":"https:\/\/www.claret.cat\/es\/wp-json\/wp\/v2\/media\/1093960"}],"wp:attachment":[{"href":"https:\/\/www.claret.cat\/es\/wp-json\/wp\/v2\/media?parent=1093930"}],"wp:term":[{"taxonomy":"product_brand","embeddable":true,"href":"https:\/\/www.claret.cat\/es\/wp-json\/wp\/v2\/product_brand?post=1093930"},{"taxonomy":"product_cat","embeddable":true,"href":"https:\/\/www.claret.cat\/es\/wp-json\/wp\/v2\/product_cat?post=1093930"},{"taxonomy":"product_tag","embeddable":true,"href":"https:\/\/www.claret.cat\/es\/wp-json\/wp\/v2\/product_tag?post=1093930"}],"curies":[{"name":"wp","href":"https:\/\/api.w.org\/{rel}","templated":true}]}}