{"id":1094069,"date":"2026-04-01T14:59:07","date_gmt":"2026-04-01T12:59:07","guid":{"rendered":"https:\/\/www.claret.cat\/llibre\/josep-i-els-seus-germans-iv-9791387969233\/"},"modified":"2026-04-30T11:55:06","modified_gmt":"2026-04-30T09:55:06","slug":"josep-i-els-seus-germans-iv-9791387969233","status":"publish","type":"product","link":"https:\/\/www.claret.cat\/es\/libro\/josep-i-els-seus-germans-iv-9791387969233\/","title":{"rendered":"JOSEP I ELS SEUS GERMANS IV"},"content":{"rendered":"<p>S\u00ed, \u00e9s ell. L\u2019home amb qui visitem la mil\u00b7len\u00e0ria ciutat dels ulls parpellejants ha canviat molt, des d\u2019aquell vespre que va fer esparverar Jaacob amb el seu lasciu galanteig lunar al caire del pou. Per\u00f2, per molt que port\u00e9ssim anys sense veure\u2019l i se\u2019ns present\u00e9s com la Veu Suprema del Fara\u00f3, encimbellat com un semideu i envoltat d\u2019un ex\u00e8rcit d\u2019escribes, haur\u00edem de ser beneits per no recon\u00e8ixer-lo. Nosaltres, que no nom\u00e9s sabem aquesta hist\u00f2ria sin\u00f3 que hi hem estat sempre presents, ens mirarem amb un somriure d\u2019elegits el retrobament de Josep i els fills d\u2019Israel, i els turments de la seva nova condici\u00f3, tan prenyada de llic\u00e8ncies. Ara no podem amagar el compungiment davant la fi d\u2019aquesta bella hist\u00f2ria de D\u00e9u, aquesta \u00abfenomenal broma divina\u00bb, per\u00f2 no ens mourem de lloc, perqu\u00e8 hem de veure com la tribu riu, plora i allarga les mans cap al Prove\u00efdor per una provisional \u00faltima vegada. S\u00ed, la tribu som nosaltres.<\/p>\n","protected":false},"excerpt":{"rendered":"<p>THOMAS MANN<\/p>\n","protected":false},"featured_media":1094207,"template":"","meta":{"_acf_changed":false,"om_disable_all_campaigns":false,"rs_blank_template":"","rs_page_bg_color":"","slide_template_v7":"","inline_featured_image":false,"_monsterinsights_skip_tracking":false,"_monsterinsights_sitenote_active":false,"_monsterinsights_sitenote_note":"","_monsterinsights_sitenote_category":0},"product_brand":[],"product_cat":[354,123],"product_tag":[],"class_list":{"0":"post-1094069","1":"product","2":"type-product","3":"status-publish","4":"has-post-thumbnail","6":"product_cat-clasica","7":"product_cat-classica","9":"first","10":"instock","11":"taxable","12":"shipping-taxable","13":"purchasable","14":"product-type-simple"},"acf":{"autor":"THOMAS MANN","codart":"138796923","libros-coleccion":"","ediciones":"1","encuadernacion":"Carton\u00e9","fecha_de_publicacion":"01\/03\/2026","novedad":"1","paginas":"633","subtitulo":"JOSEP EL PROVE\u00cfDOR","orden":"0","portada":"0","idioma":"cat","booktrailer":"","resenas":"","editorial":[{"ID":6222,"post_author":"3","post_date":"2022-07-28 17:47:31","post_date_gmt":"2022-07-28 15:47:31","post_content":"","post_title":"Editorial Comanegra","post_excerpt":"","post_status":"publish","comment_status":"closed","ping_status":"closed","post_password":"","post_name":"editorial-comanegra","to_ping":"","pinged":"","post_modified":"2022-07-28 17:47:31","post_modified_gmt":"2022-07-28 15:47:31","post_content_filtered":"","post_parent":0,"guid":"http:\/\/dev.claret.cat\/editorial\/editorial-comanegra\/","menu_order":0,"post_type":"editorial","post_mime_type":"","comment_count":"0","filter":"raw"}]},"aioseo_notices":[],"_links":{"self":[{"href":"https:\/\/www.claret.cat\/es\/wp-json\/wp\/v2\/product\/1094069","targetHints":{"allow":["GET"]}}],"collection":[{"href":"https:\/\/www.claret.cat\/es\/wp-json\/wp\/v2\/product"}],"about":[{"href":"https:\/\/www.claret.cat\/es\/wp-json\/wp\/v2\/types\/product"}],"wp:featuredmedia":[{"embeddable":true,"href":"https:\/\/www.claret.cat\/es\/wp-json\/wp\/v2\/media\/1094207"}],"wp:attachment":[{"href":"https:\/\/www.claret.cat\/es\/wp-json\/wp\/v2\/media?parent=1094069"}],"wp:term":[{"taxonomy":"product_brand","embeddable":true,"href":"https:\/\/www.claret.cat\/es\/wp-json\/wp\/v2\/product_brand?post=1094069"},{"taxonomy":"product_cat","embeddable":true,"href":"https:\/\/www.claret.cat\/es\/wp-json\/wp\/v2\/product_cat?post=1094069"},{"taxonomy":"product_tag","embeddable":true,"href":"https:\/\/www.claret.cat\/es\/wp-json\/wp\/v2\/product_tag?post=1094069"}],"curies":[{"name":"wp","href":"https:\/\/api.w.org\/{rel}","templated":true}]}}