{"id":1094304,"date":"2026-04-01T22:58:41","date_gmt":"2026-04-01T20:58:41","guid":{"rendered":"https:\/\/www.claret.cat\/llibre\/gaudi-es-de-reus-gaudi-es-de-riudoms-9788412499797\/"},"modified":"2026-04-01T22:59:05","modified_gmt":"2026-04-01T20:59:05","slug":"gaudi-es-de-reus-gaudi-es-de-riudoms-9788412499797","status":"publish","type":"product","link":"https:\/\/www.claret.cat\/es\/libro\/gaudi-es-de-reus-gaudi-es-de-riudoms-9788412499797\/","title":{"rendered":"GAUD\u00cd \u00c9S DE REUS \/ GAUD\u00cd \u00c9S DE RIUDOMS"},"content":{"rendered":"<p>2026 Any Gaud\u00ed (centenari de la mort de l\u00c6arquitecte). Gaud\u00ed \u00e9s de Reus. Gaud\u00ed \u00e9s de Riudoms no s\u00f3n dos lli bres. \u00c8s un llibre amb dues cobertes que es pot llegir pels dos cantons. Els periodistes Miquel Bonet (Reus, 1977) i Elena Domingo (Riudoms, 1988)<\/p>\n","protected":false},"excerpt":{"rendered":"<p>MIQUEL BONET PINYOL<\/p>\n","protected":false},"featured_media":1094305,"template":"","meta":{"_acf_changed":false,"om_disable_all_campaigns":false,"rs_blank_template":"","rs_page_bg_color":"","slide_template_v7":"","inline_featured_image":false,"_monsterinsights_skip_tracking":false,"_monsterinsights_sitenote_active":false,"_monsterinsights_sitenote_note":"","_monsterinsights_sitenote_category":0},"product_brand":[],"product_cat":[549,99],"product_tag":[],"class_list":{"0":"post-1094304","1":"product","2":"type-product","3":"status-publish","4":"has-post-thumbnail","6":"product_cat-biografias","7":"product_cat-biografies","9":"first","10":"instock","11":"taxable","12":"shipping-taxable","13":"purchasable","14":"product-type-simple"},"acf":{"autor":"MIQUEL BONET PINYOL","codart":"841249979","libros-coleccion":"","ediciones":"1","encuadernacion":"R\u00fastica","fecha_de_publicacion":"01\/03\/2026","novedad":"1","paginas":"128","subtitulo":"2026, ANY GAUD\u00cd (CENTENARI DE LA MORT DE L\u00c6ARQUITECTE)","orden":"0","portada":"0","idioma":"cat","booktrailer":"","resenas":"","editorial":[{"ID":6328,"post_author":"3","post_date":"2022-07-28 17:49:50","post_date_gmt":"2022-07-28 15:49:50","post_content":"","post_title":"Peu de Mosca","post_excerpt":"","post_status":"publish","comment_status":"closed","ping_status":"closed","post_password":"","post_name":"peu-de-mosca","to_ping":"","pinged":"","post_modified":"2022-07-28 17:49:50","post_modified_gmt":"2022-07-28 15:49:50","post_content_filtered":"","post_parent":0,"guid":"http:\/\/dev.claret.cat\/editorial\/peu-de-mosca\/","menu_order":0,"post_type":"editorial","post_mime_type":"","comment_count":"0","filter":"raw"}]},"aioseo_notices":[],"_links":{"self":[{"href":"https:\/\/www.claret.cat\/es\/wp-json\/wp\/v2\/product\/1094304","targetHints":{"allow":["GET"]}}],"collection":[{"href":"https:\/\/www.claret.cat\/es\/wp-json\/wp\/v2\/product"}],"about":[{"href":"https:\/\/www.claret.cat\/es\/wp-json\/wp\/v2\/types\/product"}],"wp:featuredmedia":[{"embeddable":true,"href":"https:\/\/www.claret.cat\/es\/wp-json\/wp\/v2\/media\/1094305"}],"wp:attachment":[{"href":"https:\/\/www.claret.cat\/es\/wp-json\/wp\/v2\/media?parent=1094304"}],"wp:term":[{"taxonomy":"product_brand","embeddable":true,"href":"https:\/\/www.claret.cat\/es\/wp-json\/wp\/v2\/product_brand?post=1094304"},{"taxonomy":"product_cat","embeddable":true,"href":"https:\/\/www.claret.cat\/es\/wp-json\/wp\/v2\/product_cat?post=1094304"},{"taxonomy":"product_tag","embeddable":true,"href":"https:\/\/www.claret.cat\/es\/wp-json\/wp\/v2\/product_tag?post=1094304"}],"curies":[{"name":"wp","href":"https:\/\/api.w.org\/{rel}","templated":true}]}}