{"id":1094307,"date":"2026-04-01T22:59:12","date_gmt":"2026-04-01T20:59:12","guid":{"rendered":"https:\/\/www.claret.cat\/llibre\/las-raices-del-caos-estuche-con-el-dia-que-se-abrio-el-cielo-el-priorato-del-9788419498601\/"},"modified":"2026-04-01T23:00:15","modified_gmt":"2026-04-01T21:00:15","slug":"las-raices-del-caos-estuche-con-el-dia-que-se-abrio-el-cielo-el-priorato-del-9788419498601","status":"publish","type":"product","link":"https:\/\/www.claret.cat\/es\/libro\/las-raices-del-caos-estuche-con-el-dia-que-se-abrio-el-cielo-el-priorato-del-9788419498601\/","title":{"rendered":"LAS RA\u00cdCES DEL CAOS (ESTUCHE CON: EL D\u00cdA QUE SE ABRI\u00d3 EL CIELO | EL PRIORATO DEL"},"content":{"rendered":"<p>Magn\u00edfica edici\u00f3n estuche que re\u00fane el best seller de Samantha Shannon, El priorato del naranjo, con su precuela, El d\u00eda que se abri\u00f3 el cielo. El d\u00eda que se abri\u00f3 el cielo Tunuva Melim es una de las hermanas del Priorato. Se ha pasado cincuenta a\u00f1os entrenando para combatir a los wyrms, pero no ha aparecido ninguno desde que vencieran al Innombrable, y las hermanas m\u00e1s j\u00f3venes empiezan a cuestionarse el motivo de ser del Priorato. Al norte, en el reino de Inys, Sabran la Ambiciosa se ha casado con el nuevo rey de Hr\u00f3th, reconduciendo el destino de ambos reinos. Su hija, Gloria, la sigue fielmente, en la sombra, que es justo donde quiere estar. Los dragones del Este llevan siglos dormidos. Dumai se ha pasado la vida en un templo en las monta\u00f1as de Seiiki, intentando despertar a los dioses de su largo letargo. Pero de pronto aparece alguien del pasado de su madre para cambiar el rumbo de su destino. Cuando el monte Pavor entra en erupci\u00f3n, desencadenando una era de terror y violencia, estas mujeres tendr\u00e1n que encontrar la fuerza necesaria para salvar a la humanidad de una amenaza devastadora. _________________ El priorato del naranjo La Casa de Berethnet ha gobernado Inys durante mil a\u00f1os. A\u00fan sin casar, la reina Sabran IX debe concebir una hija para proteger a su reino de la destrucci\u00f3n. Pero los asesinos cada vez est\u00e1n m\u00e1s cerca. Ead Duryan es una intrusa en la corte. A pesar de que se ha posicionado como dama de compa\u00f1\u00eda, es leal a una sociedad oculta de magos. Ead vigila a Sabran, protegi\u00e9ndola en secreto con magia prohibida. Al otro lado del mar oscuro, Tane ha entrenado toda su vida para ser una jinete de drag\u00f3n, pero se ve obligada a tomar una decisi\u00f3n que podr\u00eda romper su vida en a\u00f1icos. Mientras tanto, el Este y el Oeste siguen pididos. Cada regi\u00f3n tiene una religi\u00f3n diferente basada en los sucesos acaecidos mucho tiempo atr\u00e1s. Los que adoran a los dragones, los que los detestan y quienes adoran al Sin Nombre aparentemente nunca se pondr\u00e1n de acuerdo. Y las fuerzas del caos se despiertan de su letargo y parecen estar a punto de llegar. _________________Rese\u00f1as:<br \/>\u00abUna epopeya magn\u00edfica y arrolladora. Shannon ha creado un mundo rico en mitolog\u00eda intrincada, bellamente realizado y complejo, y colocado en su coraz\u00f3n personajes audaces y v\u00edvidos. Altamente recomendado para esconderse del mundo real y perderse en este en su lugar.\u00bb<br \/>Jennifer Saint \u00abSamantha Shannon ha construido un mundo milagrosamente r\u00e1pido, dada su escala contundente, esta es otra epopeya hermosa y brillante.\u00bb<br \/>Daily Mail \u00abSamantha Shannon una vez m\u00e1s nos sorprende mientras nos sumergimos en su complejo y hermoso mundo. Este es el libro del a\u00f1o para los amantes de la fantas\u00eda.\u00bb<br \/>Metro \u00abEn esta impactante fantas\u00eda \u00e9pica, Shannon teje la historia de tres mujeres poderosas que se cruzan de las formas m\u00e1s emocionantes. Simplemente una obra maestra del g\u00e9nero.\u00bb<br \/>C.S. Pacat<\/p>\n","protected":false},"excerpt":{"rendered":"<p>SAMANTHA SHANNON<\/p>\n","protected":false},"featured_media":1094308,"template":"","meta":{"_acf_changed":false,"om_disable_all_campaigns":false,"rs_blank_template":"","rs_page_bg_color":"","slide_template_v7":"","inline_featured_image":false,"_monsterinsights_skip_tracking":false,"_monsterinsights_sitenote_active":false,"_monsterinsights_sitenote_note":"","_monsterinsights_sitenote_category":0},"product_brand":[],"product_cat":[127,357],"product_tag":[],"class_list":{"0":"post-1094307","1":"product","2":"type-product","3":"status-publish","4":"has-post-thumbnail","6":"product_cat-novella-contemporania","7":"product_cat-novela-contemporanea","9":"first","10":"instock","11":"taxable","12":"shipping-taxable","13":"purchasable","14":"product-type-simple"},"acf":{"autor":"SAMANTHA SHANNON","codart":"841949860","libros-coleccion":"FORA DE COL.LECCI\u00d3","ediciones":"1","encuadernacion":"R\u00fastica","fecha_de_publicacion":"01\/10\/2024","novedad":"1","paginas":"0","subtitulo":"CONTIENE EL PRIORATO DEL NARANJO Y LAS FLORES EN LLAMAS","orden":"0","portada":"0","idioma":"spa","booktrailer":"","resenas":"","editorial":[{"ID":6349,"post_author":"3","post_date":"2022-07-28 17:50:17","post_date_gmt":"2022-07-28 15:50:17","post_content":"","post_title":"Roca Bolsillo","post_excerpt":"","post_status":"publish","comment_status":"closed","ping_status":"closed","post_password":"","post_name":"roca-bolsillo","to_ping":"","pinged":"","post_modified":"2022-07-28 17:50:17","post_modified_gmt":"2022-07-28 15:50:17","post_content_filtered":"","post_parent":0,"guid":"http:\/\/dev.claret.cat\/editorial\/roca-bolsillo\/","menu_order":0,"post_type":"editorial","post_mime_type":"","comment_count":"0","filter":"raw"}]},"aioseo_notices":[],"_links":{"self":[{"href":"https:\/\/www.claret.cat\/es\/wp-json\/wp\/v2\/product\/1094307","targetHints":{"allow":["GET"]}}],"collection":[{"href":"https:\/\/www.claret.cat\/es\/wp-json\/wp\/v2\/product"}],"about":[{"href":"https:\/\/www.claret.cat\/es\/wp-json\/wp\/v2\/types\/product"}],"wp:featuredmedia":[{"embeddable":true,"href":"https:\/\/www.claret.cat\/es\/wp-json\/wp\/v2\/media\/1094308"}],"wp:attachment":[{"href":"https:\/\/www.claret.cat\/es\/wp-json\/wp\/v2\/media?parent=1094307"}],"wp:term":[{"taxonomy":"product_brand","embeddable":true,"href":"https:\/\/www.claret.cat\/es\/wp-json\/wp\/v2\/product_brand?post=1094307"},{"taxonomy":"product_cat","embeddable":true,"href":"https:\/\/www.claret.cat\/es\/wp-json\/wp\/v2\/product_cat?post=1094307"},{"taxonomy":"product_tag","embeddable":true,"href":"https:\/\/www.claret.cat\/es\/wp-json\/wp\/v2\/product_tag?post=1094307"}],"curies":[{"name":"wp","href":"https:\/\/api.w.org\/{rel}","templated":true}]}}