{"id":1094386,"date":"2026-04-02T13:30:20","date_gmt":"2026-04-02T11:30:20","guid":{"rendered":"https:\/\/www.claret.cat\/llibre\/1622-el-barco-de-las-ratas-9788409602780\/"},"modified":"2026-04-02T16:10:34","modified_gmt":"2026-04-02T14:10:34","slug":"1622-el-barco-de-las-ratas-9788409602780","status":"publish","type":"product","link":"https:\/\/www.claret.cat\/es\/libro\/1622-el-barco-de-las-ratas-9788409602780\/","title":{"rendered":"1622. EL BARCO DE LAS RATAS"},"content":{"rendered":"<p>Un hecho hist\u00f3rico, acaecido en aguas del Atl\u00e1ntico hace m\u00e1s de 400 a\u00f1os, y del que a\u00fan existen misterios no resueltos 1622. El barco de las ratas es un libro en el que se relatan una serie de hechos reales, que han sido objeto de an\u00e1lisis y de investigaci\u00f3n hist\u00f3rica, como figura en la segunda parte de la obra. Esta informaci\u00f3n, bien documentada, ha aportado un conjunto de datos de gran inter\u00e9s, fundamento sobre el que Alberto V\u00e1zquez-Figueroa ha escrito la novela de este t\u00edtulo, haciendo gala de la gran maestr\u00eda narrativa a la que nos tiene acostumbrados este creador en su ya larga carrera, como autor de m\u00e1s de cien libros, considerado por ello uno de los novelistas contempor\u00e1neos m\u00e1s le\u00eddos en Espa\u00f1a y en el mundo. La obra est\u00e1 dividida en dos partes, bien diferenciadas por el color y el tipo de papel en cada una de ellas. Se complementa, adem\u00e1s, con numerosas ilustraciones. Para conocer los entresijos de la expedici\u00f3n de 1622 de la Flota de las Indias, se han consultado las valiosas referencias del cronista carmelita Antonio V\u00e1zquez de Espinosa, quien nos relata en su texto una serie de escenas de gran impacto, llenas de crudeza y peligrosidad, producidas por la devastaci\u00f3n que sufrieron las embarcaciones, debido al embate de varios temporales, pero, sobre todo, por la invasi\u00f3n de una pavorosa plaga de ratas que aparecieron en las naves. Ratas hambrientas que atacaron a los marinos, a las aves y a otros animales que llevaban a bordo, e incluso a los mismos gatos. Se matar\u00edan m\u00e1s de tres mil. La armada sali\u00f3 de los puertos andaluces en 1621, compuesta por treinta y tres embarcaciones. Hizo escala en las Islas Canarias, como era usual, mientras que a la Pen\u00ednsula solo regresar\u00edan, a finales de 1622, siete embarcaciones. La mala fortuna persigui\u00f3 a los supervivientes, ya que cuando se encontraban en las cercan\u00edas del puerto de C\u00e1diz fueron asaltados por piratas holandeses que merodeaban por aquellas aguas. De la citada expedici\u00f3n a las Indias quedan a\u00fan muchos enigmas por resolver, entre ellos, las razones que inducir\u00edan al general Fernando de Sosa, que iba al mando de la Flota, a haberse aventurado a zarpar de La Habana con destino a Espa\u00f1a en una fecha que coincid\u00eda con la temporada de grandes tormentas, comunes en esa \u00e9poca del a\u00f1o. Quedan a\u00fan por valorar, adem\u00e1s, las p\u00e9rdidas del cargamento de oro, plata y otras materias primas con las que ven\u00edan cargadas las naves. Otros muchos enigmas de esa Flota maldita de Indias continuar\u00e1n enterrados a\u00fan por mucho tiempo en las aguas del Atl\u00e1ntico.<\/p>\n","protected":false},"excerpt":{"rendered":"<p>V\u00c1ZQUEZ-FIGUEROA, ALBERTO<\/p>\n","protected":false},"featured_media":1094414,"template":"","meta":{"_acf_changed":false,"om_disable_all_campaigns":false,"rs_blank_template":"","rs_page_bg_color":"","slide_template_v7":"","inline_featured_image":false,"_monsterinsights_skip_tracking":false,"_monsterinsights_sitenote_active":false,"_monsterinsights_sitenote_note":"","_monsterinsights_sitenote_category":0},"product_brand":[],"product_cat":[150,428],"product_tag":[],"class_list":{"0":"post-1094386","1":"product","2":"type-product","3":"status-publish","4":"has-post-thumbnail","6":"product_cat-moderna","7":"product_cat-moderna-historia-2_humanidades","9":"first","10":"instock","11":"taxable","12":"shipping-taxable","13":"purchasable","14":"product-type-simple"},"acf":{"autor":"V\u00c1ZQUEZ-FIGUEROA, ALBERTO","codart":"840960278","libros-coleccion":"HIST\u00d3RICA","ediciones":"1","encuadernacion":"R\u00fastica","fecha_de_publicacion":"01\/08\/2024","novedad":"1","paginas":"239","subtitulo":"P\u00c1NICO EN LA FLOTA DE INDIAS","orden":"0","portada":"0","idioma":"spa","booktrailer":"","resenas":"","editorial":[{"ID":6167,"post_author":"3","post_date":"2022-07-28 17:46:20","post_date_gmt":"2022-07-28 15:46:20","post_content":"","post_title":"COMISSI\u00d3 AGENDA LLATINOAMERICANA","post_excerpt":"","post_status":"publish","comment_status":"closed","ping_status":"closed","post_password":"","post_name":"comissio-agenda-llatinoamericana","to_ping":"","pinged":"","post_modified":"2022-07-28 17:46:20","post_modified_gmt":"2022-07-28 15:46:20","post_content_filtered":"","post_parent":0,"guid":"http:\/\/dev.claret.cat\/editorial\/comissio-agenda-llatinoamericana\/","menu_order":0,"post_type":"editorial","post_mime_type":"","comment_count":"0","filter":"raw"}]},"aioseo_notices":[],"_links":{"self":[{"href":"https:\/\/www.claret.cat\/es\/wp-json\/wp\/v2\/product\/1094386","targetHints":{"allow":["GET"]}}],"collection":[{"href":"https:\/\/www.claret.cat\/es\/wp-json\/wp\/v2\/product"}],"about":[{"href":"https:\/\/www.claret.cat\/es\/wp-json\/wp\/v2\/types\/product"}],"wp:featuredmedia":[{"embeddable":true,"href":"https:\/\/www.claret.cat\/es\/wp-json\/wp\/v2\/media\/1094414"}],"wp:attachment":[{"href":"https:\/\/www.claret.cat\/es\/wp-json\/wp\/v2\/media?parent=1094386"}],"wp:term":[{"taxonomy":"product_brand","embeddable":true,"href":"https:\/\/www.claret.cat\/es\/wp-json\/wp\/v2\/product_brand?post=1094386"},{"taxonomy":"product_cat","embeddable":true,"href":"https:\/\/www.claret.cat\/es\/wp-json\/wp\/v2\/product_cat?post=1094386"},{"taxonomy":"product_tag","embeddable":true,"href":"https:\/\/www.claret.cat\/es\/wp-json\/wp\/v2\/product_tag?post=1094386"}],"curies":[{"name":"wp","href":"https:\/\/api.w.org\/{rel}","templated":true}]}}