{"id":1094516,"date":"2026-04-02T17:10:54","date_gmt":"2026-04-02T15:10:54","guid":{"rendered":"https:\/\/www.claret.cat\/llibre\/socrates-platon-aristoteles-9788410981218\/"},"modified":"2026-04-02T18:45:28","modified_gmt":"2026-04-02T16:45:28","slug":"socrates-platon-aristoteles-9788410981218","status":"publish","type":"product","link":"https:\/\/www.claret.cat\/es\/libro\/socrates-platon-aristoteles-9788410981218\/","title":{"rendered":"S\u00d3CRATES, PLAT\u00d3N, ARIST\u00d3TELES"},"content":{"rendered":"<p>Los pilares de la filosof\u00eda: tres maestros que forjaron el pensamiento occidentalS\u00f3crates, Plat\u00f3n y Arist\u00f3teles establecieron en apenas un siglo las preguntas fundamentales de la filosof\u00eda y las principales v\u00edas para abordarlos. S\u00f3crates fue un fil\u00f3sofo callejero. No escribi\u00f3 una sola l\u00ednea pero convirti\u00f3 las plazas de Atenas en aulas de pensamiento cr\u00edtico. Muri\u00f3 bebiendo la cicuta antes que traicionar sus principios. Plat\u00f3n, su disc\u00edpulo m\u00e1s c\u00e9lebre, fund\u00f3 la Academia. Inmortaliz\u00f3 a su maestro en di\u00e1logos filos\u00f3ficos que son tambi\u00e9n obras maestras literarias. Su teor\u00eda de las Ideas marcar\u00eda para siempre nuestra aspiraci\u00f3n a encontrar verdades trascendentes. Arist\u00f3teles, el m\u00e1s enciclop\u00e9dico de los antiguos, sistematiz\u00f3 todo el conocimiento de su \u00e9poca \u2014de la l\u00f3gica hasta la \u00e9tica, pasando por la pol\u00edtica y la metaf\u00edsica\u2014. Su osad\u00eda en esta empresa intelectual lo convertir\u00eda durante siglos en \u00abel Fil\u00f3sofo\u00bb por antonomasia.Este libro ofrece una introducci\u00f3n accesible y rigurosa a estos tres gigantes que representan el nacimiento de la filosof\u00eda occidental, acercando al lector a sus ideas esenciales y a su legado perdurable.<\/p>\n","protected":false},"excerpt":{"rendered":"<p>AUTORES VARIOS<\/p>\n","protected":false},"featured_media":1094646,"template":"","meta":{"_acf_changed":false,"om_disable_all_campaigns":false,"rs_blank_template":"","rs_page_bg_color":"","slide_template_v7":"","inline_featured_image":false,"_monsterinsights_skip_tracking":false,"_monsterinsights_sitenote_active":false,"_monsterinsights_sitenote_note":"","_monsterinsights_sitenote_category":0},"product_brand":[],"product_cat":[373,166,165,438],"product_tag":[],"class_list":{"0":"post-1094516","1":"product","2":"type-product","3":"status-publish","4":"has-post-thumbnail","6":"product_cat-autores","7":"product_cat-autors-filosofia","8":"product_cat-historia-i-corrents-filosofia-2_humanitats","9":"product_cat-historia-y-corrientes-filosofia-2_humanidades","11":"first","12":"instock","13":"taxable","14":"shipping-taxable","15":"purchasable","16":"product-type-simple"},"acf":{"autor":"AUTORES VARIOS","codart":"841098121","libros-coleccion":"","ediciones":"1","encuadernacion":"R\u00fastica","fecha_de_publicacion":"01\/04\/2026","novedad":"1","paginas":"395","subtitulo":"OMNIBUS FILOSOF\u00cdA","orden":"0","portada":"0","idioma":"spa","booktrailer":"","resenas":"","editorial":[{"ID":148737,"post_author":"3","post_date":"2022-10-14 12:00:35","post_date_gmt":"2022-10-14 10:00:35","post_content":"","post_title":"RBA Libros","post_excerpt":"","post_status":"publish","comment_status":"closed","ping_status":"closed","post_password":"","post_name":"rba-libros","to_ping":"","pinged":"","post_modified":"2022-10-14 12:00:35","post_modified_gmt":"2022-10-14 10:00:35","post_content_filtered":"","post_parent":0,"guid":"http:\/\/dev.claret.cat\/editorial\/rba-libros\/","menu_order":0,"post_type":"editorial","post_mime_type":"","comment_count":"0","filter":"raw"}]},"aioseo_notices":[],"_links":{"self":[{"href":"https:\/\/www.claret.cat\/es\/wp-json\/wp\/v2\/product\/1094516","targetHints":{"allow":["GET"]}}],"collection":[{"href":"https:\/\/www.claret.cat\/es\/wp-json\/wp\/v2\/product"}],"about":[{"href":"https:\/\/www.claret.cat\/es\/wp-json\/wp\/v2\/types\/product"}],"wp:featuredmedia":[{"embeddable":true,"href":"https:\/\/www.claret.cat\/es\/wp-json\/wp\/v2\/media\/1094646"}],"wp:attachment":[{"href":"https:\/\/www.claret.cat\/es\/wp-json\/wp\/v2\/media?parent=1094516"}],"wp:term":[{"taxonomy":"product_brand","embeddable":true,"href":"https:\/\/www.claret.cat\/es\/wp-json\/wp\/v2\/product_brand?post=1094516"},{"taxonomy":"product_cat","embeddable":true,"href":"https:\/\/www.claret.cat\/es\/wp-json\/wp\/v2\/product_cat?post=1094516"},{"taxonomy":"product_tag","embeddable":true,"href":"https:\/\/www.claret.cat\/es\/wp-json\/wp\/v2\/product_tag?post=1094516"}],"curies":[{"name":"wp","href":"https:\/\/api.w.org\/{rel}","templated":true}]}}